{"id":26,"date":"2014-09-18T12:24:32","date_gmt":"2014-09-18T11:24:32","guid":{"rendered":"http:\/\/agora.xtec.cat\/ceipcastellciuro\/?page_id=26"},"modified":"2017-09-18T20:59:21","modified_gmt":"2017-09-18T18:59:21","slug":"historia","status":"publish","type":"page","link":"https:\/\/agora.xtec.cat\/ceipcastellciuro\/lescola\/historia\/","title":{"rendered":"Hist\u00f2ria"},"content":{"rendered":"<p>La nostra escola es va construir l&#8217;any 1975 a la zona alta de la vila de Molins de Rei, al peu de la Serra de Collserola, sota el Castell Ciur\u00f3. S&#8217;inaugur\u00e0 oficialment el dia 2 d&#8217;abril de 1976 amb el nom de C.P. Ram\u00f3n y Cajal.<\/p>\n<p>Es va crear en un moment hist\u00f2ric de grans canvis. Va n\u00e9ixer amb l&#8217;arribada de la democr\u00e0cia, la incorporaci\u00f3 massiva de la dona al m\u00f3n del treball, el creixement de la natalitat, l&#8217;assentament dels moviments migratoris, l&#8217;aplicaci\u00f3 de l&#8217;EGB, la incorporaci\u00f3 de les noves tecnologies, l&#8217;inici dels programes de normalitzaci\u00f3 ling\u00fc\u00edstica, la crisi econ\u00f2mica dels 70 i la posterior arribada de la societat del benestar i el consum,&#8230;<\/p>\n<p><a href=\"http:\/\/agora.xtec.cat\/ceipcastellciuro\/wp-content\/uploads\/usu890\/2014\/09\/Bicis-Fi-de-curs-del-1980.jpg\"><img loading=\"lazy\" decoding=\"async\" class=\"alignnone wp-image-409\" src=\"http:\/\/agora.xtec.cat\/ceipcastellciuro\/wp-content\/uploads\/usu890\/2014\/09\/Bicis-Fi-de-curs-del-1980-1024x659.jpg\" alt=\"Bicis Fi de curs del 1980\" width=\"343\" height=\"221\" srcset=\"https:\/\/agora.xtec.cat\/ceipcastellciuro\/wp-content\/uploads\/usu890\/2014\/09\/Bicis-Fi-de-curs-del-1980-1024x659.jpg 1024w, https:\/\/agora.xtec.cat\/ceipcastellciuro\/wp-content\/uploads\/usu890\/2014\/09\/Bicis-Fi-de-curs-del-1980-300x193.jpg 300w\" sizes=\"auto, (max-width: 343px) 100vw, 343px\" \/><\/a> <a href=\"http:\/\/agora.xtec.cat\/ceipcastellciuro\/wp-content\/uploads\/usu890\/2014\/09\/Edifici-conserge.jpg\"><img loading=\"lazy\" decoding=\"async\" class=\"alignnone wp-image-410\" src=\"http:\/\/agora.xtec.cat\/ceipcastellciuro\/wp-content\/uploads\/usu890\/2014\/09\/Edifici-conserge-1024x683.jpg\" alt=\"Edifici conserge\" width=\"326\" height=\"218\" srcset=\"https:\/\/agora.xtec.cat\/ceipcastellciuro\/wp-content\/uploads\/usu890\/2014\/09\/Edifici-conserge-1024x683.jpg 1024w, https:\/\/agora.xtec.cat\/ceipcastellciuro\/wp-content\/uploads\/usu890\/2014\/09\/Edifici-conserge-300x200.jpg 300w, https:\/\/agora.xtec.cat\/ceipcastellciuro\/wp-content\/uploads\/usu890\/2014\/09\/Edifici-conserge.jpg 1359w\" sizes=\"auto, (max-width: 326px) 100vw, 326px\" \/><\/a><\/p>\n<p>Des del primer moment, la hist\u00f2ria de l&#8217;escola ha estat estretament lligada a la de l&#8217;escola p\u00fablica catalana amb una evoluci\u00f3 constant de la qualitat i la innovaci\u00f3 pedag\u00f2giques i amb la incorporaci\u00f3 progressiva de tot tipus de recursos: humans, did\u00e0ctics i t\u00e8cnics.<\/p>\n<p>El curs 1996-97 es va implantar la Prim\u00e0ria de dins de la reforma LOGSE , que va\u00a0 coincidir amb el 20\u00e8 aniversari del centre. L&#8217;escola, davant d&#8217;aquest nou repte, va fer un esfor\u00e7 d\u2019adaptaci\u00f3 a la nova realitat. Una manifestaci\u00f3 d&#8217;aquesta voluntat va ser el canvi de denominaci\u00f3 del centre per donar-li un nom m\u00e9s proper a la realitat dels nostres alumnes: CEIP Castell Ciur\u00f3.<\/p>\n<p>En aquell moment el centre es va consolidar com escola d\u2019una l\u00ednia amb la nova estructura educativa d\u2019educaci\u00f3 infantil i prim\u00e0ria, amb alumnes de 3 a 12 anys.<\/p>\n<p>Dins de l\u2019evoluci\u00f3 constant al llarg del temps, des de fa uns anys, l\u2019equip de mestres i tota la comunitat educativa en general, hem anat fent una aposta clara i decidida perqu\u00e8 l\u2019educaci\u00f3 mediambiental esdevingui un dels trets d\u2019identitat del Centre.<\/p>\n<p>L\u2019abril de 2006, coincidint amb la celebraci\u00f3 del 30\u00e8 aniversari de l\u2019escola, i amb l\u2019acreditaci\u00f3 de l\u2019escola com a Escola Verda, es va inaugurar un nou projecte mediambiental: La recreaci\u00f3 d\u2019un bosc mediterrani propi de la serra de Collserola, que va transformar un pati de grava en un petit bosc amb arbres i sotabosc mediterranis.\u00a0 En reconeixement per aquesta tasca, al juny de 2006, l\u2019escola va obtenir el premi Residu M\u00ednim\u00a0 de la Generalitat, en la categoria de centres educatius, i al mes del novembre,\u00a0 el distintiu d\u2019Escola Verda i el premi \u201cProyecto bosk\u201d, atorgat pel Ministerio del Medioambiente de Madrid.<\/p>\n<p>Amb la intenci\u00f3 de tenir en compte el pluriling\u00fcisme i la dimensi\u00f3 europea, entre els anys 2008 i 2010 vam participar al projecte europeu Comenius \u201cCaring for our world\u201d, amb 4 escoles europees de diferents pa\u00efsos, que va ser molt enriquidor i entusiasmador i va fer que la llengua anglesa s\u2019utilitz\u00e9s funcionalment.<\/p>\n<p>El treball conjunt de tota la comunitat educativa ens ha portat progressivament a la consolidaci\u00f3 d\u2019un projecte educatiu coherent, que s\u2019emmarca en la qualitat pedag\u00f2gica, la innovaci\u00f3 metodol\u00f2gica, l\u2019atenci\u00f3 a la diversitat i el respecte per l\u2019entorn social i natural .<\/p>\n<p>Durant els \u00faltims anys hem anat incorporant diferents reptes educatius que, d&#8217;acord amb els trets d&#8217;identitat que declara el nostre Projecte Educatiu de Centre, responen a l\u2019actitud permanent de treballar per situar-nos al capdavant de les noves tend\u00e8ncies educatives i continuem dissenyant projectes de futur, per aconseguir que la nostra sigui una escola p\u00fablica de qualitat.<\/p>\n<p>El curs 2015-2016 vam celebrar el 40\u00e8 aniversari de l&#8217;escola ampliant el nostre bosc amb la creaci\u00f3 d\u2019una bassa d\u2019amfibis i un cam\u00ed geol\u00f2gic.<\/p>\n<p><a href=\"http:\/\/agora.xtec.cat\/ceipcastellciuro\/wp-content\/uploads\/usu890\/2016\/01\/image.jpeg\"><img loading=\"lazy\" decoding=\"async\" class=\"alignnone size-large wp-image-192\" src=\"http:\/\/agora.xtec.cat\/ceipcastellciuro\/wp-content\/uploads\/usu890\/2016\/01\/image-1024x361.jpeg\" alt=\"image\" width=\"1024\" height=\"361\" srcset=\"https:\/\/agora.xtec.cat\/ceipcastellciuro\/wp-content\/uploads\/usu890\/2016\/01\/image-1024x361.jpeg 1024w, https:\/\/agora.xtec.cat\/ceipcastellciuro\/wp-content\/uploads\/usu890\/2016\/01\/image-300x106.jpeg 300w, https:\/\/agora.xtec.cat\/ceipcastellciuro\/wp-content\/uploads\/usu890\/2016\/01\/image.jpeg 1524w\" sizes=\"auto, (max-width: 1024px) 100vw, 1024px\" \/><\/a><\/p>\n","protected":false},"excerpt":{"rendered":"<p>La nostra escola es va construir l&#8217;any 1975 a la zona alta de la vila de Molins de Rei, al peu de la Serra de Collserola, sota el Castell Ciur\u00f3. S&#8217;inaugur\u00e0 oficialment el dia 2 d&#8217;abril de 1976 amb el nom de C.P. Ram\u00f3n y&hellip;  <a href=\"https:\/\/agora.xtec.cat\/ceipcastellciuro\/lescola\/historia\/\" title=\"Read Hist\u00f2ria\">Llegeix m\u00e9s\u00bb<\/a><\/p>\n","protected":false},"author":1,"featured_media":0,"parent":22,"menu_order":20,"comment_status":"closed","ping_status":"closed","template":"page-templates\/side-menu.php","meta":{"_bbp_topic_count":0,"_bbp_reply_count":0,"_bbp_total_topic_count":0,"_bbp_total_reply_count":0,"_bbp_voice_count":0,"_bbp_anonymous_reply_count":0,"_bbp_topic_count_hidden":0,"_bbp_reply_count_hidden":0,"_bbp_forum_subforum_count":0,"footnotes":""},"class_list":["post-26","page","type-page","status-publish","hentry"],"post_mailing_queue_ids":[],"_links":{"self":[{"href":"https:\/\/agora.xtec.cat\/ceipcastellciuro\/wp-json\/wp\/v2\/pages\/26","targetHints":{"allow":["GET"]}}],"collection":[{"href":"https:\/\/agora.xtec.cat\/ceipcastellciuro\/wp-json\/wp\/v2\/pages"}],"about":[{"href":"https:\/\/agora.xtec.cat\/ceipcastellciuro\/wp-json\/wp\/v2\/types\/page"}],"author":[{"embeddable":true,"href":"https:\/\/agora.xtec.cat\/ceipcastellciuro\/wp-json\/wp\/v2\/users\/1"}],"replies":[{"embeddable":true,"href":"https:\/\/agora.xtec.cat\/ceipcastellciuro\/wp-json\/wp\/v2\/comments?post=26"}],"version-history":[{"count":3,"href":"https:\/\/agora.xtec.cat\/ceipcastellciuro\/wp-json\/wp\/v2\/pages\/26\/revisions"}],"predecessor-version":[{"id":934,"href":"https:\/\/agora.xtec.cat\/ceipcastellciuro\/wp-json\/wp\/v2\/pages\/26\/revisions\/934"}],"up":[{"embeddable":true,"href":"https:\/\/agora.xtec.cat\/ceipcastellciuro\/wp-json\/wp\/v2\/pages\/22"}],"wp:attachment":[{"href":"https:\/\/agora.xtec.cat\/ceipcastellciuro\/wp-json\/wp\/v2\/media?parent=26"}],"curies":[{"name":"wp","href":"https:\/\/api.w.org\/{rel}","templated":true}]}}