{"id":243,"date":"2016-02-19T22:25:27","date_gmt":"2016-02-19T21:25:27","guid":{"rendered":"http:\/\/agora.xtec.cat\/ceipcastellciuro\/?page_id=243"},"modified":"2024-01-25T13:34:52","modified_gmt":"2024-01-25T12:34:52","slug":"festes","status":"publish","type":"page","link":"https:\/\/agora.xtec.cat\/ceipcastellciuro\/trets-d-identitat\/festes\/","title":{"rendered":"Festes"},"content":{"rendered":"<h1><strong>La Castanyada<\/strong><\/h1>\n<p>Durant l&#8217;\u00faltima setmana d&#8217;octubre l&#8217;alumnat de l&#8217;escola celebra la castanyada amb diferents tipus d&#8217;activitats:<\/p>\n<ol>\n<li><strong>Fem panellets: Els nens i nenes de P5 i 2n de Prim\u00e0ria s\u00f3n els encarregats de fer panellets.<\/strong><\/li>\n<li><strong>Aprenem danses i can\u00e7ons per la castanyera.<\/strong><\/li>\n<li><strong>Festa de la Castanyada.<\/strong><\/li>\n<\/ol>\n<p><a href=\"https:\/\/agora.xtec.cat\/ceipcastellciuro\/wp-content\/uploads\/usu890\/2021\/07\/IMG_5795.jpg\"><img loading=\"lazy\" decoding=\"async\" class=\"alignnone wp-image-17002\" src=\"https:\/\/agora.xtec.cat\/ceipcastellciuro\/wp-content\/uploads\/usu890\/2021\/07\/IMG_5795.jpg\" alt=\"\" width=\"333\" height=\"248\" \/> <\/a><a href=\"https:\/\/agora.xtec.cat\/ceipcastellciuro\/wp-content\/uploads\/usu890\/2021\/07\/IMG_20171031_155901.jpg\"><img loading=\"lazy\" decoding=\"async\" class=\"size-full wp-image-17001\" src=\"https:\/\/agora.xtec.cat\/ceipcastellciuro\/wp-content\/uploads\/usu890\/2021\/07\/IMG_20171031_155901.jpg\" alt=\"\" width=\"448\" height=\"252\" srcset=\"https:\/\/agora.xtec.cat\/ceipcastellciuro\/wp-content\/uploads\/usu890\/2021\/07\/IMG_20171031_155901.jpg 448w, https:\/\/agora.xtec.cat\/ceipcastellciuro\/wp-content\/uploads\/usu890\/2021\/07\/IMG_20171031_155901-300x169.jpg 300w\" sizes=\"auto, (max-width: 448px) 100vw, 448px\" \/><\/a><\/p>\n<p>&nbsp;<\/p>\n<h1><strong>Nadal<\/strong><\/h1>\n<p>Durant el mes de desembre anem preparant la celebraci\u00f3 de Nadal, i us demanem la vostra col\u00b7laboraci\u00f3:<\/p>\n<ol>\n<li><strong>Cantada de nadales i berenar:<\/strong><\/li>\n<\/ol>\n<p><span style=\"font-family: inherit; font-size: 1em;\"><a href=\"https:\/\/agora.xtec.cat\/ceipcastellciuro\/wp-content\/uploads\/usu890\/2021\/06\/5E.jpg\"><img loading=\"lazy\" decoding=\"async\" class=\"alignnone wp-image-16997\" src=\"https:\/\/agora.xtec.cat\/ceipcastellciuro\/wp-content\/uploads\/usu890\/2021\/06\/5E-1024x768.jpg\" alt=\"\" width=\"618\" height=\"514\" \/><\/a><\/span><\/p>\n<p><strong>2. Fem Cagar el Ti\u00f3 i l&#8217;amic invisible:<\/strong><\/p>\n<p><span style=\"font-family: inherit; font-size: 1em;\">Durant l&#8217;\u00faltima setmana del trimestre els Tions apareixen pel parvulari i cicle inicial. Els nens i nenes els donen molt menjar i el Ti\u00f3 cagar\u00e0 regalets! A cicle mitj\u00e0 i superior els nens i nenes fem l&#8217;amic invisible.<\/span><\/p>\n<p><a href=\"https:\/\/agora.xtec.cat\/ceipcastellciuro\/wp-content\/uploads\/usu890\/2021\/06\/Caga-Ti\u00f3-1.jpg\"><img loading=\"lazy\" decoding=\"async\" class=\"alignnone wp-image-16998\" src=\"https:\/\/agora.xtec.cat\/ceipcastellciuro\/wp-content\/uploads\/usu890\/2021\/06\/Caga-Ti\u00f3-1-1024x473.jpg\" alt=\"\" width=\"615\" height=\"298\" \/><\/a><\/p>\n<h1><strong>Sant Jordi<\/strong><\/h1>\n<p>Durant la setmana del 23 d&#8217;abril tota la comunitat escolar celebra Sant Jordi amb la implicaci\u00f3 de tots els seus membres. Cada any l&#8217;eix conductor de la festa se centra en un tema diferent per inspirar tots els participants.<\/p>\n<p>Es convoca a les fam\u00edlies a preparar la festa des de for\u00e7a temps abans, per participar en diferents convocat\u00f2ries:<\/p>\n<ul>\n<li>Voluntaris per explicar contes<\/li>\n<li>Concursos de pastissos, treballs pl\u00e0stics\u2026<\/li>\n<li>Fira del llibre usat<\/li>\n<\/ul>\n<p>Els nens i nenes de tots els cursos escolten un conte explicat per familiars voluntaris durant la tarda del conte:<\/p>\n<h4><a href=\"https:\/\/agora.xtec.cat\/ceipcastellciuro\/wp-content\/uploads\/usu890\/2021\/06\/IMG_20190424_153936_HDR.jpg\"><img loading=\"lazy\" decoding=\"async\" class=\"alignnone wp-image-16999\" src=\"https:\/\/agora.xtec.cat\/ceipcastellciuro\/wp-content\/uploads\/usu890\/2021\/06\/IMG_20190424_153936_HDR-1024x576.jpg\" alt=\"\" width=\"626\" height=\"325\" \/><\/a><\/h4>\n<p><strong>DIADA DE SANT JORDI:<\/strong><\/p>\n<p>Com cada any, la festa \u00e9s oberta a les fam\u00edlies i es fa la tarda del 23 d&#8217;abril.<\/p>\n<p><a href=\"https:\/\/agora.xtec.cat\/ceipcastellciuro\/wp-content\/uploads\/usu890\/2021\/06\/IMG_2691-e1625066524823.jpg\"><img loading=\"lazy\" decoding=\"async\" class=\"alignnone wp-image-17000\" src=\"https:\/\/agora.xtec.cat\/ceipcastellciuro\/wp-content\/uploads\/usu890\/2021\/06\/IMG_2691-e1625066524823-1024x665.jpg\" alt=\"\" width=\"624\" height=\"410\" \/><\/a><\/p>\n<p>Aqu\u00ed teniu el recull de poemes de l&#8217;edici\u00f3 del curs 20-21:<\/p>\n<div style=\"text-align: center;\">\n<div style=\"margin: 8px 0px 4px; text-align: left;\"><a href=\"https:\/\/www.calameo.com\/books\/005222672cbf2ffecae3b\" target=\"_blank\" rel=\"noopener noreferrer\">Revista Digital Sant Jordi 2021<\/a><\/div>\n<p style=\"text-align: left;\"><iframe loading=\"lazy\" src=\"\/\/v.calameo.com\/?bkcode=005222672cbf2ffecae3b&amp;mode=mini\" width=\"640\" height=\"400\" frameborder=\"0\"><\/iframe><\/p>\n<\/div>\n<p>&nbsp;<\/p>\n","protected":false},"excerpt":{"rendered":"<p>La Castanyada<br \/>\nDurant l&#8217;\u00faltima setmana d&#8217;octubre l&#8217;alumnat de l&#8217;escola celebra la castanyada amb diferents tipus d&#8217;activitats:<\/p>\n<ol>\n<li>Fem panellets: Els nens i nenes de P5 i 2n de Prim\u00e0ria s\u00f3n els encarregats de fer panellets.<\/li>\n<li>Aprenem danses i can\u00e7ons per la castanyera.<\/li>\n<li>Festa de la Castanyada.<\/li>\n<\/ol>\n<p><a href=\"https:\/\/agora.xtec.cat\/ceipcastellciuro\/wp-content\/uploads\/usu890\/2021\/07\/IMG_5795.jpg\"> <\/a><a href=\"https:\/\/agora.xtec.cat\/ceipcastellciuro\/wp-content\/uploads\/usu890\/2021\/07\/IMG_20171031_155901.jpg\"><\/a><br \/>\n&nbsp;<br \/>\nNadal<br \/>\nDurant el&hellip;  <a href=\"https:\/\/agora.xtec.cat\/ceipcastellciuro\/trets-d-identitat\/festes\/\" title=\"Read Festes\">Llegeix m\u00e9s\u00bb<\/a><\/p>\n","protected":false},"author":1,"featured_media":0,"parent":64,"menu_order":7,"comment_status":"closed","ping_status":"closed","template":"page-templates\/side-menu.php","meta":{"_bbp_topic_count":0,"_bbp_reply_count":0,"_bbp_total_topic_count":0,"_bbp_total_reply_count":0,"_bbp_voice_count":0,"_bbp_anonymous_reply_count":0,"_bbp_topic_count_hidden":0,"_bbp_reply_count_hidden":0,"_bbp_forum_subforum_count":0,"footnotes":""},"class_list":["post-243","page","type-page","status-publish","hentry"],"post_mailing_queue_ids":[],"_links":{"self":[{"href":"https:\/\/agora.xtec.cat\/ceipcastellciuro\/wp-json\/wp\/v2\/pages\/243","targetHints":{"allow":["GET"]}}],"collection":[{"href":"https:\/\/agora.xtec.cat\/ceipcastellciuro\/wp-json\/wp\/v2\/pages"}],"about":[{"href":"https:\/\/agora.xtec.cat\/ceipcastellciuro\/wp-json\/wp\/v2\/types\/page"}],"author":[{"embeddable":true,"href":"https:\/\/agora.xtec.cat\/ceipcastellciuro\/wp-json\/wp\/v2\/users\/1"}],"replies":[{"embeddable":true,"href":"https:\/\/agora.xtec.cat\/ceipcastellciuro\/wp-json\/wp\/v2\/comments?post=243"}],"version-history":[{"count":6,"href":"https:\/\/agora.xtec.cat\/ceipcastellciuro\/wp-json\/wp\/v2\/pages\/243\/revisions"}],"predecessor-version":[{"id":17580,"href":"https:\/\/agora.xtec.cat\/ceipcastellciuro\/wp-json\/wp\/v2\/pages\/243\/revisions\/17580"}],"up":[{"embeddable":true,"href":"https:\/\/agora.xtec.cat\/ceipcastellciuro\/wp-json\/wp\/v2\/pages\/64"}],"wp:attachment":[{"href":"https:\/\/agora.xtec.cat\/ceipcastellciuro\/wp-json\/wp\/v2\/media?parent=243"}],"curies":[{"name":"wp","href":"https:\/\/api.w.org\/{rel}","templated":true}]}}