{"id":17119,"date":"2022-03-04T12:41:04","date_gmt":"2022-03-04T11:41:04","guid":{"rendered":"https:\/\/agora.xtec.cat\/ceipcastellciuro\/?page_id=17119"},"modified":"2022-03-09T15:36:21","modified_gmt":"2022-03-09T14:36:21","slug":"informacio-preinscripcio-2022-23","status":"publish","type":"page","link":"https:\/\/agora.xtec.cat\/ceipcastellciuro\/informacio-preinscripcio-2022-23\/","title":{"rendered":"Informaci\u00f3 preinscripci\u00f3 2022-23"},"content":{"rendered":"<h3><strong><span style=\"color: #339966;\">PREINSCRIPCI\u00d3 CURS 22-23: DEL 7 AL 21 DE\u00a0 MAR\u00c7 2022<a href=\"https:\/\/preinscripcio.gencat.cat\/ca\/inici\/\" target=\"_blank\" rel=\"noopener noreferrer\"><img loading=\"lazy\" decoding=\"async\" class=\"size-thumbnail wp-image-17122 alignright\" src=\"https:\/\/agora.xtec.cat\/ceipcastellciuro\/wp-content\/uploads\/usu890\/2022\/03\/19-cartell-preins-obligatoria-150x150.png\" alt=\"\" width=\"150\" height=\"150\" \/><\/a><\/span><\/strong><\/h3>\n<h3><strong><span style=\"color: #339966;\">OFERTA DE PLACES CURS 22-23<\/span><\/strong><\/h3>\n<p><a href=\"https:\/\/agora.xtec.cat\/ceipcastellciuro\/wp-content\/uploads\/usu890\/2022\/03\/places-vacants-22-23-per-web.png\"><img loading=\"lazy\" decoding=\"async\" class=\"size-full wp-image-17121 alignleft\" src=\"https:\/\/agora.xtec.cat\/ceipcastellciuro\/wp-content\/uploads\/usu890\/2022\/03\/places-vacants-22-23-per-web.png\" alt=\"\" width=\"343\" height=\"379\" srcset=\"https:\/\/agora.xtec.cat\/ceipcastellciuro\/wp-content\/uploads\/usu890\/2022\/03\/places-vacants-22-23-per-web.png 343w, https:\/\/agora.xtec.cat\/ceipcastellciuro\/wp-content\/uploads\/usu890\/2022\/03\/places-vacants-22-23-per-web-272x300.png 272w\" sizes=\"auto, (max-width: 343px) 100vw, 343px\" \/><\/a><\/p>\n<p>&nbsp;<\/p>\n<p>&nbsp;<\/p>\n<p>&nbsp;<\/p>\n<p>&nbsp;<\/p>\n<p>&nbsp;<\/p>\n<p>&nbsp;<\/p>\n<p>&nbsp;<\/p>\n<p>&nbsp;<\/p>\n<p>&nbsp;<\/p>\n<ul>\n<li><strong>El codi de centre de l&#8217;escola Castell Ciur\u00f3 \u00e9s: 08021442<\/strong><\/li>\n<\/ul>\n<h3><strong><span style=\"color: #339966;\">DATES CLAU DEL CALENDARI<\/span><\/strong><\/h3>\n<p><img loading=\"lazy\" decoding=\"async\" class=\"alignleft size-full wp-image-17123\" src=\"https:\/\/agora.xtec.cat\/ceipcastellciuro\/wp-content\/uploads\/usu890\/2022\/03\/Calendari-del-proces.png\" alt=\"\" width=\"805\" height=\"328\" srcset=\"https:\/\/agora.xtec.cat\/ceipcastellciuro\/wp-content\/uploads\/usu890\/2022\/03\/Calendari-del-proces.png 805w, https:\/\/agora.xtec.cat\/ceipcastellciuro\/wp-content\/uploads\/usu890\/2022\/03\/Calendari-del-proces-300x122.png 300w, https:\/\/agora.xtec.cat\/ceipcastellciuro\/wp-content\/uploads\/usu890\/2022\/03\/Calendari-del-proces-768x313.png 768w\" sizes=\"auto, (max-width: 805px) 100vw, 805px\" \/><\/p>\n<p>&nbsp;<\/p>\n<p>&nbsp;<\/p>\n<p>&nbsp;<\/p>\n<p>&nbsp;<\/p>\n<p>&nbsp;<\/p>\n<p>&nbsp;<\/p>\n<p>&nbsp;<\/p>\n<p><strong style=\"font-size: 1.6875em;\"><span style=\"color: #339966;\"><br \/>\nTIPUS DE SOL\u00b7LICITUD<\/span><\/strong><\/p>\n<ul>\n<li>Totes les sol\u00b7licituds s\u00f3n en format telem\u00e0tic, per tant, no hi ha la possibilitat de full de preinscripci\u00f3 en paper.<\/li>\n<li>No cal lliurar cap documentaci\u00f3 presencialment al centre educatiu que indiqueu en primera opci\u00f3.<\/li>\n<li>Hi ha dos tipus de sol\u00b7licitud:<br \/>\n&#8211; Electr\u00f2nica: cal identificaci\u00f3 digital.<br \/>\n&#8211; Suport inform\u00e0tic: sense identificaci\u00f3 digital.<\/li>\n<\/ul>\n<h3><strong><span style=\"color: #339966;\">SOL\u00b7LICITUD ELECTR\u00d2NICA<\/span><\/strong><\/h3>\n<p>Mitjan\u00e7ant certificat digital, com DNI electr\u00f2nic, Cl@ve, idCat, etc. Si no es disposa de cap certificat, us en podeu generar un de forma f\u00e0cil, l\u2019idCat M\u00f2bil, us expliquem com:<br \/>\nCal complir els requisits seg\u00fcents:<a href=\"https:\/\/www.youtube.com\/watch?v=qqiw3Jv9lHE\" target=\"_blank\" rel=\"noopener noreferrer\"><img loading=\"lazy\" decoding=\"async\" class=\"size-full wp-image-16878 alignright\" src=\"https:\/\/agora.xtec.cat\/ceipcastellciuro\/wp-content\/uploads\/usu890\/2021\/03\/idcatMobil.jpg\" alt=\"\" width=\"300\" height=\"160\" \/><\/a><br \/>\n\u2022 Ser major de 16 anys.<br \/>\n\u2022 Disposar de DNI\/NIE\/Passaport\/Doc identificador d\u2019un pa\u00eds de la UE o targeta de resid\u00e8ncia comunit\u00e0ria.<br \/>\n\u2022 Disposar d\u2019adre\u00e7a de correu electr\u00f2nic i un tel\u00e8fon m\u00f2bil a efectes d\u2019identificaci\u00f3 i contacte.<br \/>\n\u2022 Targeta sanit\u00e0ria per la teva identificaci\u00f3.<br \/>\nInstruccions pas a pas de com fer-ho:<br \/>\nPer utilitzar l\u2019idCAT M\u00f2bil nom\u00e9s cal introduir el n\u00famero de document d\u2019identitat i el n\u00famero de tel\u00e8fon m\u00f2bil en el web on calgui identificar-se electr\u00f2nicament per fer un tr\u00e0mit.<\/p>\n<h3><strong><span style=\"color: #339966;\">SOL\u00b7LICITUD EN SUPORT INFORM\u00c0TIC<\/span><\/strong><\/h3>\n<p>Caldr\u00e0 omplir el formulari que trobareu a <strong><a href=\"https:\/\/preinscripcio.gencat.cat\/ca\/inici\/\" target=\"_blank\" rel=\"noopener noreferrer\">https:\/\/preinscripcio.gencat.cat\/ca\/<\/a><\/strong><br \/>\nEn enviar-ho es far\u00e0 l\u2019intercanvi de dades amb les administracions implicades i adjuntar escanejada o fotografiada la documentaci\u00f3 d\u2019identificaci\u00f3 i filiaci\u00f3 (DNI, llibre de fam\u00edlia, etc), juntament amb la que al\u00b7legueu a efectes de barems i que no s\u2019hagi pogut validar.<\/p>\n<h3><strong><span style=\"color: #339966;\">IDENTIFICADOR DE L&#8217;ALUMNE\/A (IDALU)<\/span><\/strong><\/h3>\n<p>&#8211; \u00a0En emplenar la sol\u00b7licitud amb suport inform\u00e0tic trobareu un espai que cal omplir amb l\u2019<strong>identificador<\/strong>\u00a0de l\u2019alumne o alumna.<\/p>\n<ul>\n<li>Els infants que es preinscriuen a I3 que no han anat a escola bressol el curs 21-22 o els que s\u00f3n nous en el sistema educatiu de Catalunya encara no en tenen; se\u2019ls assignar\u00e0 quan formalitzin la sol\u00b7licitud.<\/li>\n<li>Per als alumnes matriculats des del curs 2015-2016 en centres educatius de qualsevol titularitat \u00e9s una dada obligat\u00f2ria que ha de facilitar la direcci\u00f3 dels centres on estan escolaritzats<\/li>\n<li>A l\u2019alumnat de 6\u00e8 tamb\u00e9 se\u2019ls pot facilitar des del centre.<\/li>\n<li>Tamb\u00e9 es pot consultar l\u2019identificador de l\u2019alumne a trav\u00e9s del web del <a href=\"https:\/\/educacio.gencat.cat\/ca\/tramits\/tramits-temes\/identificador-alumne\">Departament d\u2019Educaci\u00f3.<\/a><\/li>\n<\/ul>\n<h3><strong><span style=\"color: #339966;\">DOCUMENTACI\u00d3<\/span><\/strong><\/h3>\n<p>La documentaci\u00f3 <strong>s\u2019ha d\u2019adjuntar a la sol\u00b7licitud, fotografiada o escanejada<\/strong>. \u00c9s convenient tenir-ne una <strong>c\u00f2pia preparada al dispositiu que s\u2019utilitzar\u00e0 per fer la preinscripci\u00f3<\/strong>.<\/p>\n<p><strong>DOCUMENTACI\u00d3 IDENTIFICATIVA:<\/strong><\/p>\n<p>S<strong>ol\u00b7licitud mitjan\u00e7ant FORMULARI ELECTR\u00d2NIC<\/strong>:<\/p>\n<ol>\n<li style=\"list-style-type: none;\">\n<ol>\n<li>Si s\u2019ha indicat l\u2019IDALU<strong>, no cal <\/strong>adjuntar cap documentaci\u00f3 identificativa.<\/li>\n<li>Si l\u2019alumne\/a no t\u00e9 identificador (IDALU), cal adjuntar el llibre de fam\u00edlia o altres documents relatius a la filiaci\u00f3 o si est\u00e0 en situaci\u00f3 d\u2019acolliment en fam\u00edlia o instituci\u00f3, la resoluci\u00f3 d\u2019acolliment del Departament de Treball, Afers Socials i Fam\u00edlies.<\/li>\n<li>Tamb\u00e9 cal adjuntar el document d\u2019identitat de l\u2019alumne\/a i\/o dels progenitors o tutors, si s\u2019han identificat amb el passaport o el document d\u2019identitat d\u2019un pa\u00eds membre de la Uni\u00f3 Europea. Si s\u2019han identificat amb el DNI o el NIE nom\u00e9s cal adjuntar-lo si no s\u2019han pogut validar les dades per consulta interadministrativa i aix\u00ed ho indica el resguard de presentaci\u00f3 de la sol\u00b7licitud.<\/li>\n<\/ol>\n<\/li>\n<\/ol>\n<p>S<strong>ol\u00b7licitud mitjan\u00e7ant FORMULARI EN SUPORT INFORM\u00c0TIC<\/strong><\/p>\n<ol>\n<li style=\"list-style-type: none;\">\n<ol>\n<li>El DNI, el NIE, el passaport o el document d\u2019identitat d\u2019un pa\u00eds membre de la UE de la persona sol\u00b7licitant (progenitors o tutor\/a o guardador\/a de fet).<\/li>\n<li>Si l\u2019alumne t\u00e9 document d\u2019identitat (DNI, el passaport o el document d\u2019identitat d\u2019un pa\u00eds membre de la UE), si s\u2019ha identificat amb aquest document, nom\u00e9s cal adjuntar-lo si no s\u2019han pogut validar les dades per consulta interadministrativa i aix\u00ed ho indica el resguard de presentaci\u00f3 de la sol\u00b7licitud.<\/li>\n<li>El llibre de fam\u00edlia o altres documents relatius a la filiaci\u00f3. Si est\u00e0 en situaci\u00f3 d\u2019acolliment en fam\u00edlia o instituci\u00f3, la resoluci\u00f3 d\u2019acolliment del Departament de Treball, Afers Socials i Fam\u00edlies.<\/li>\n<\/ol>\n<\/li>\n<\/ol>\n<p><strong>DOCUMENTACI\u00d3 ACREDITATIVA:<\/strong><\/p>\n<p>Les persones que a la sol\u00b7licitud han al\u00b7legat el compliment d\u2019un o m\u00e9s <a href=\"https:\/\/preinscripcio.gencat.cat\/ca\/estudis\/infantil-3-6\/informat\/criteris-assignacio\/\">criteris de prioritat<\/a> han de presentar la <a href=\"https:\/\/preinscripcio.gencat.cat\/ca\/estudis\/infantil-3-6\/informat\/prepara-documentacio\/\">documentaci\u00f3<\/a> que els acredita, escanejada o fotografiada.<\/p>\n<h3><strong><span style=\"color: #339966;\">CRITERIS DE PRIORITAT<\/span><\/strong><\/h3>\n<p><strong><u>Criteris generals:<\/u><\/strong><\/p>\n<ul>\n<li>Si t\u00e9\u00a0<strong>germanes o germans<\/strong>\u00a0que ja estan\u00a0<strong>escolaritzats en el mateix centre<\/strong> (tamb\u00e9 infant en acolliment familiar):\u00a0<strong>50 punts.<\/strong><\/li>\n<li style=\"font-weight: 400;\">Segons la\u00a0<strong style=\"font-family: inherit; font-size: 1em;\">proximitat <span style=\"font-family: inherit; font-size: 1em;\">al centre educatiu <\/span><\/strong>del<strong style=\"font-family: inherit; font-size: 1em;\"> domicili habitual<\/strong><span style=\"font-family: inherit; font-size: 1em;\"><strong> o<\/strong> del <strong>lloc de treball d&#8217;algun progenitor<\/strong>\u00a0(criteris excloents; nom\u00e9s un dels 2)<\/span>\n<ul>\n<li style=\"list-style-type: none;\">\n<ul style=\"list-style-type: circle;\">\n<li style=\"font-weight: 400;\"><span style=\"font-family: inherit; font-size: 1em;\">Domicili a l&#8217;\u00e0rea de proximitat del centre (tothom empadronat a Molins de Rei): <\/span><strong style=\"font-family: inherit; font-size: 1em;\">30 punts.<\/strong><\/li>\n<li style=\"font-weight: 400;\">Adre\u00e7a del lloc de treball del pare, la mare, el tutor o tutora, o el guardador o guardadora de fet, i aquest \u00e9s dins l&#8217;\u00e0rea d&#8217;influ\u00e8ncia del centre:\u00a0<strong style=\"font-family: inherit; font-size: 1em;\">20 punts<\/strong><span style=\"font-family: inherit; font-size: 1em;\">.<\/span><\/li>\n<\/ul>\n<\/li>\n<\/ul>\n<\/li>\n<li style=\"font-weight: 400;\">Si la fam\u00edlia percep\u00a0<strong style=\"font-family: inherit; font-size: 1em;\">la renda garantida de ciutadania<\/strong><span style=\"font-family: inherit; font-size: 1em;\">:\u00a0<\/span><strong style=\"font-family: inherit; font-size: 1em;\">15 punts.<\/strong><\/li>\n<\/ul>\n<p><strong><u>Criteris complementaris<\/u> <\/strong>(per casos d&#8217;empat en els criteris generals)<strong><u>:<\/u><\/strong><\/p>\n<ul>\n<li style=\"font-weight: 400;\">Per\u00a0<strong style=\"font-family: inherit; font-size: 1em;\">discapacitat<\/strong><strong style=\"font-family: inherit; font-size: 1em;\">\u00a0<\/strong><span style=\"font-family: inherit; font-size: 1em;\">(igual o superior al 33%) de l&#8217;alumne o alumna, el pare o mare, o el germ\u00e0 o germana:\u00a0<\/span><strong style=\"font-family: inherit; font-size: 1em;\">15 punts<\/strong><\/li>\n<li>Si el pare o la mare <strong>treballa al centre<\/strong> triat en primera opci\u00f3: <strong style=\"font-family: inherit; font-size: 1em;\">10 punts<\/strong><\/li>\n<li style=\"font-weight: 400;\">L&#8217;alumne o alumna forma part d&#8217;una <strong>fam\u00edlia nombrosa<\/strong>\u00a0o\u00a0<strong>monoparental<\/strong>:\u00a0<strong>10 punts<\/strong><\/li>\n<li>L&#8217;alumne o alumna t\u00e9 germans\/es <strong>bessons<\/strong>:<strong>10 punts<\/strong><\/li>\n<li>L&#8217;alumne o alumna es troba en <strong>acolliment familiar<\/strong> (no m\u00e9s fills al centre):<strong>10 punts<\/strong><\/li>\n<li>L&#8217;alumne o alumna t\u00e9 condici\u00f3 de <strong>v\u00edctima de g\u00e8nere o terrorisme<\/strong>:<strong>10 punts<\/strong><\/li>\n<\/ul>\n<p>&nbsp;<\/p>\n<h3><strong><span style=\"color: #339966;\">RECOMANACIONS<\/span><\/strong><\/h3>\n<ul>\n<li>Tenir fotografiada o escanejada la documentaci\u00f3 en el mateix dispositiu des d\u2019on es fa la sol\u00b7licitud.<\/li>\n<li>Cenyiu-vos al calendari establert, lliurar la sol\u00b7licitud o la documentaci\u00f3 fora de termini us fa perdre tots els drets d\u2019adscripci\u00f3 amb el risc que aix\u00f2 comporta de quedar-se sense pla\u00e7a al centre.<\/li>\n<li>Si teniu dificultats amb els mitjans inform\u00e0tics,\u00a0 podeu demanar suport en el tr\u00e0mit, contactant per demanar <strong>CITA PR\u00c8VIA:<\/strong>\n<ul>\n<li style=\"list-style-type: none;\">\n<ul style=\"list-style-type: circle;\">\n<li><span style=\"font-family: inherit; font-size: 1em;\">Oficina Municipal d\u2019Escolaritzaci\u00f3 \u2013 936803731<\/span><\/li>\n<li>Escola: 936683529<strong><br \/>\n<\/strong><\/li>\n<\/ul>\n<\/li>\n<\/ul>\n<\/li>\n<\/ul>\n<p>&nbsp;<\/p>\n<h3><strong><span style=\"color: #339966;\">V\u00cdDEO TUTORIAL D&#8217;AJUDA I M\u00c9S INFORMACI\u00d3<\/span><\/strong><\/h3>\n<p>COM OBTENIR L&#8217;idCAT M\u00d2BIL:<br \/>\n<iframe loading=\"lazy\" src=\"https:\/\/www.youtube.com\/embed\/qqiw3Jv9lHE\" width=\"560\" height=\"315\" frameborder=\"0\" data-mce-fragment=\"1\"><\/iframe><\/p>\n<p>&nbsp;<\/p>\n<p>Per a m\u00e9s informaci\u00f3 podeu consultar:<\/p>\n<ul style=\"list-style-type: disc;\">\n<li><a href=\"https:\/\/portaldogc.gencat.cat\/utilsEADOP\/PDF\/8344\/1836750.pdf\">DECRET 11\/2021, de 16 de febrer, de la programaci\u00f3 de l\u2019oferta educativa i del procediment d\u2019admissi\u00f3 en centres del Servei Educatiu de Catalunya\u00a0 (DOGC\u00a0 n\u00fam.\u00a0 8344 \u00a0publicat el \u00a018\/02\/2021)<\/a><\/li>\n<li><a href=\"https:\/\/portaldogc.gencat.cat\/utilsEADOP\/PDF\/8615\/1892833.pdf\">RESOLUCI\u00d3 EDU\/464\/2022, de 24 de febrer, per la qual s\u2019aproven les normes de preinscripci\u00f3 i matr\u00edcula d\u2019alumnes als centres del Servei Educatiu de Catalunya [\u2026] sostinguts amb fons p\u00fablics per al 2022-23.<\/a><\/li>\n<li><a href=\"https:\/\/preinscripcio.gencat.cat\/ca\/inici\/\" target=\"_blank\" rel=\"noopener\">https:\/\/preinscripcio.gencat.cat\/ca\/inici\/<\/a> &#8211; <strong>Web de refer\u00e8ncia de la Generalitat per fer la sol\u00b7licitud de preinscripci\u00f3<\/strong><\/li>\n<li><a href=\"https:\/\/preinscripcio.gencat.cat\/ca\/estudis\/infantil-3-6\/preinscriute\/sollicitud\/\">https:\/\/preinscripcio.gencat.cat\/ca\/estudis\/infantil-3-6\/preinscriute\/sollicitud\/<\/a> <strong>v\u00eddeo explicatiu de com fer la sol\u00b7licitud <\/strong><\/li>\n<li><a style=\"font-family: inherit; font-size: 1em;\" href=\"https:\/\/www.molinsderei.cat\/preinscripcio\">https:\/\/www.molinsderei.cat\/preinscripcio<\/a><span style=\"font-family: inherit; font-size: 1em;\">\u00a0 &#8211; Oficina Municipal d\u2019Escolaritzaci\u00f3 \u2013 web de l\u2019ajuntament<\/span><\/li>\n<\/ul>\n<p>&nbsp;<\/p>\n<ul style=\"list-style-type: disc;\">\n<li><span style=\"color: #000000;\"><a style=\"color: #000000;\" href=\"https:\/\/preinscripcio.gencat.cat\/ca\/inici\/\" target=\"_blank\" rel=\"noopener noreferrer\">P\u00e0gina web del Departament d&#8217;Educaci\u00f3<\/a><\/span><\/li>\n<li><a href=\"https:\/\/twitter.com\/educaciocat?ref_src=twsrc%5Egoogle%7Ctwcamp%5Eserp%7Ctwgr%5Eauthor\" target=\"_blank\" rel=\"noopener noreferrer\">Twitter del Departament d&#8217;Educaci\u00f3<\/a><\/li>\n<li><a href=\"https:\/\/www.instagram.com\/educaciocat\/\" target=\"_blank\" rel=\"noopener noreferrer\">Instagram del Departament d&#8217;Educaci\u00f3<\/a><\/li>\n<li><a href=\"https:\/\/www.facebook.com\/educaciocat\/\" target=\"_blank\" rel=\"noopener noreferrer\">Facebook del Departament d&#8217;Educaci\u00f3<br \/>\n<\/a><\/li>\n<\/ul>\n","protected":false},"excerpt":{"rendered":"<p>PREINSCRIPCI\u00d3 CURS 22-23: DEL 7 AL 21 DE\u00a0 MAR\u00c7 2022<a href=\"https:\/\/preinscripcio.gencat.cat\/ca\/inici\/\" target=\"_blank\" rel=\"noopener noreferrer\"><\/a><br \/>\nOFERTA DE PLACES CURS 22-23<br \/>\n<a href=\"https:\/\/agora.xtec.cat\/ceipcastellciuro\/wp-content\/uploads\/usu890\/2022\/03\/places-vacants-22-23-per-web.png\"><\/a><br \/>\n&nbsp;<br \/>\n&nbsp;<br \/>\n&nbsp;<br \/>\n&nbsp;<br \/>\n&nbsp;<br \/>\n&nbsp;<br \/>\n&nbsp;<br \/>\n&nbsp;<br \/>\n&nbsp;<\/p>\n<ul>\n<li>El codi de centre de l&#8217;escola Castell Ciur\u00f3 \u00e9s: 08021442<\/li>\n<\/ul>\n<p>DATES CLAU DEL CALENDARI<\/p>\n<p>&nbsp;<br \/>\n&nbsp;<br \/>\n&nbsp;<br \/>\n&nbsp;<br \/>\n&nbsp;<br \/>\n&nbsp;<br \/>\n&nbsp;<\/p>\n<p>TIPUS DE SOL\u00b7LICITUD<\/p>\n<ul>\n<li>Totes les sol\u00b7licituds s\u00f3n en format telem\u00e0tic, per tant, no hi ha la&hellip;  <a href=\"https:\/\/agora.xtec.cat\/ceipcastellciuro\/informacio-preinscripcio-2022-23\/\" title=\"Read Informaci\u00f3 preinscripci\u00f3 2022-23\">Llegeix m\u00e9s\u00bb<\/a><br \/>\n","protected":false},"author":1,"featured_media":0,"parent":0,"menu_order":0,"comment_status":"closed","ping_status":"closed","template":"","meta":{"_bbp_topic_count":0,"_bbp_reply_count":0,"_bbp_total_topic_count":0,"_bbp_total_reply_count":0,"_bbp_voice_count":0,"_bbp_anonymous_reply_count":0,"_bbp_topic_count_hidden":0,"_bbp_reply_count_hidden":0,"_bbp_forum_subforum_count":0,"footnotes":""},"class_list":["post-17119","page","type-page","status-publish","hentry"],"post_mailing_queue_ids":[],"_links":{"self":[{"href":"https:\/\/agora.xtec.cat\/ceipcastellciuro\/wp-json\/wp\/v2\/pages\/17119","targetHints":{"allow":["GET"]}}],"collection":[{"href":"https:\/\/agora.xtec.cat\/ceipcastellciuro\/wp-json\/wp\/v2\/pages"}],"about":[{"href":"https:\/\/agora.xtec.cat\/ceipcastellciuro\/wp-json\/wp\/v2\/types\/page"}],"author":[{"embeddable":true,"href":"https:\/\/agora.xtec.cat\/ceipcastellciuro\/wp-json\/wp\/v2\/users\/1"}],"replies":[{"embeddable":true,"href":"https:\/\/agora.xtec.cat\/ceipcastellciuro\/wp-json\/wp\/v2\/comments?post=17119"}],"version-history":[{"count":3,"href":"https:\/\/agora.xtec.cat\/ceipcastellciuro\/wp-json\/wp\/v2\/pages\/17119\/revisions"}],"predecessor-version":[{"id":17144,"href":"https:\/\/agora.xtec.cat\/ceipcastellciuro\/wp-json\/wp\/v2\/pages\/17119\/revisions\/17144"}],"wp:attachment":[{"href":"https:\/\/agora.xtec.cat\/ceipcastellciuro\/wp-json\/wp\/v2\/media?parent=17119"}],"curies":[{"name":"wp","href":"https:\/\/api.w.org\/{rel}","templated":true}]}}