{"id":16213,"date":"2019-09-23T17:56:04","date_gmt":"2019-09-23T15:56:04","guid":{"rendered":"http:\/\/agora.xtec.cat\/ceipcastellciuro\/?page_id=16213"},"modified":"2022-09-14T11:11:27","modified_gmt":"2022-09-14T09:11:27","slug":"projecte-apadrinem-el-nostre-territori","status":"publish","type":"page","link":"https:\/\/agora.xtec.cat\/ceipcastellciuro\/projectes-dinnovacio\/projecte-apadrinem-el-nostre-territori\/","title":{"rendered":"Projecte Apadrinem el nostre Patrimoni"},"content":{"rendered":"<p><a href=\"https:\/\/agora.xtec.cat\/ceipcastellciuro\/wp-content\/uploads\/usu890\/2019\/09\/apadrinem_blanc_460x260.png\"><img loading=\"lazy\" decoding=\"async\" class=\"wp-image-16228 alignright\" src=\"https:\/\/agora.xtec.cat\/ceipcastellciuro\/wp-content\/uploads\/usu890\/2019\/09\/apadrinem_blanc_460x260.png\" alt=\"\" width=\"304\" height=\"186\" \/><\/a>El curs 2018-2019 iniciem el projecte d&#8217;innovaci\u00f3 pedag\u00f2gica &#8220;Apadrinem el nostre patrimoni&#8221; que es basa en la idea de l\u2019apadrinament d\u2019un element patrimonial per part de l&#8217;escola, la qual cosa comporta donar-li valor i aprofundir en el seu coneixement des del punt de vista cultural i, alhora, fer que aquest coneixement sigui socialment rellevant, \u00e9s a dir, que arribi a la pr\u00f2pia comunitat i a l\u2019entorn de l\u2019escola. I quin \u00e9s l&#8217;element patrimonial que podr\u00edem apadrinar nosaltres? Doncs el Castell Ciur\u00f3, ja que d\u00f3na nom a la nostra escola.<\/p>\n<p>Els projectes d\u2019apadrinament\u00a0<strong>promouen la dimensi\u00f3 significativa, comunicativa, d\u2019acci\u00f3 i de projecci\u00f3 de l\u2019aprenentatge<\/strong>. Aquestes quatre dimensions <strong>permeten situar l\u2019alumne com a subjecte actiu del seu aprenentatge<\/strong>, promovent la seva implicaci\u00f3 en el territori i la societat a trav\u00e9s d\u2019un concepte de ciutadania cr\u00edtica i responsable.<\/p>\n\r\n\t<div class=\"slideshow_container slideshow_container_style-light\" style=\"height: 300px; \" data-slideshow-id=\"16817\" data-style-name=\"style-light\" data-style-version=\"2.3.1\" >\r\n\r\n\t\t\t\t\t<div class=\"slideshow_loading_icon\"><\/div>\r\n\t\t\r\n\t\t<div class=\"slideshow_content\" style=\"display: none;\">\r\n\r\n\t\t\t<div class=\"slideshow_view\">\r\n\t\t\t\t<div class=\"slideshow_slide slideshow_slide_image\">\r\n\t\t\t\t\t\t\t\t\t\t\t<img src=\"https:\/\/agora.xtec.cat\/ceipcastellciuro\/wp-content\/uploads\/usu890\/2021\/02\/D0Ak-YsWwAAyQud.jpg\" alt=\"D0Ak-YsWwAAyQud\" width=\"800\" height=\"600\" \/>\r\n\t\t\t\t\t\t\t\t\t\t<div class=\"slideshow_description_box slideshow_transparent\">\r\n\t\t\t\t\t\t<div class=\"slideshow_title\">D0Ak-YsWwAAyQud<\/div>\t\t\t\t\t\t\t\t\t\t\t<\/div>\r\n\t\t\t\t<\/div>\r\n\r\n\t\t\t\t\t\t<div style=\"clear: both;\"><\/div><\/div><div class=\"slideshow_view\">\r\n\t\t\t\t<div class=\"slideshow_slide slideshow_slide_image\">\r\n\t\t\t\t\t\t\t\t\t\t\t<img src=\"https:\/\/agora.xtec.cat\/ceipcastellciuro\/wp-content\/uploads\/usu890\/2021\/02\/EtKihJEXYAM591r.jpg\" alt=\"EtKihJEXYAM591r\" width=\"1024\" height=\"768\" \/>\r\n\t\t\t\t\t\t\t\t\t\t<div class=\"slideshow_description_box slideshow_transparent\">\r\n\t\t\t\t\t\t<div class=\"slideshow_title\">EtKihJEXYAM591r<\/div>\t\t\t\t\t\t\t\t\t\t\t<\/div>\r\n\t\t\t\t<\/div>\r\n\r\n\t\t\t\t\t\t<div style=\"clear: both;\"><\/div><\/div><div class=\"slideshow_view\">\r\n\t\t\t\t<div class=\"slideshow_slide slideshow_slide_image\">\r\n\t\t\t\t\t\t\t\t\t\t\t<img src=\"https:\/\/agora.xtec.cat\/ceipcastellciuro\/wp-content\/uploads\/usu890\/2021\/02\/D0Ak91jWwAAFAxI.jpg\" alt=\"D0Ak91jWwAAFAxI\" width=\"1024\" height=\"768\" \/>\r\n\t\t\t\t\t\t\t\t\t\t<div class=\"slideshow_description_box slideshow_transparent\">\r\n\t\t\t\t\t\t<div class=\"slideshow_title\">D0Ak91jWwAAFAxI<\/div>\t\t\t\t\t\t\t\t\t\t\t<\/div>\r\n\t\t\t\t<\/div>\r\n\r\n\t\t\t\t\t\t<div style=\"clear: both;\"><\/div><\/div><div class=\"slideshow_view\">\r\n\t\t\t\t<div class=\"slideshow_slide slideshow_slide_image\">\r\n\t\t\t\t\t\t\t\t\t\t\t<img src=\"https:\/\/agora.xtec.cat\/ceipcastellciuro\/wp-content\/uploads\/usu890\/2021\/02\/EtKig6lW4AILvR9.jpg\" alt=\"EtKig6lW4AILvR9\" width=\"1024\" height=\"768\" \/>\r\n\t\t\t\t\t\t\t\t\t\t<div class=\"slideshow_description_box slideshow_transparent\">\r\n\t\t\t\t\t\t<div class=\"slideshow_title\">EtKig6lW4AILvR9<\/div>\t\t\t\t\t\t\t\t\t\t\t<\/div>\r\n\t\t\t\t<\/div>\r\n\r\n\t\t\t\t\t\t<div style=\"clear: both;\"><\/div><\/div><div class=\"slideshow_view\">\r\n\t\t\t\t<div class=\"slideshow_slide slideshow_slide_image\">\r\n\t\t\t\t\t\t\t\t\t\t\t<img src=\"https:\/\/agora.xtec.cat\/ceipcastellciuro\/wp-content\/uploads\/usu890\/2021\/02\/EtKigrwWMAA9-0b.jpg\" alt=\"EtKigrwWMAA9-0b\" width=\"1024\" height=\"768\" \/>\r\n\t\t\t\t\t\t\t\t\t\t<div class=\"slideshow_description_box slideshow_transparent\">\r\n\t\t\t\t\t\t<div class=\"slideshow_title\">EtKigrwWMAA9-0b<\/div>\t\t\t\t\t\t\t\t\t\t\t<\/div>\r\n\t\t\t\t<\/div>\r\n\r\n\t\t\t\t\t\t<div style=\"clear: both;\"><\/div><\/div>\r\n\t\t<\/div>\r\n\r\n\t\t<div class=\"slideshow_controlPanel slideshow_transparent\" style=\"display: none;\"><ul><li class=\"slideshow_togglePlay\" data-play-text=\"Visualitza\" data-pause-text=\"Pausa\"><\/li><\/ul><\/div>\r\n\r\n\t\t<div class=\"slideshow_button slideshow_previous slideshow_transparent\" role=\"button\" data-previous-text=\"Anterior\" style=\"display: none;\"><\/div>\r\n\t\t<div class=\"slideshow_button slideshow_next slideshow_transparent\" role=\"button\" data-next-text=\"Seg\u00fcent\" style=\"display: none;\"><\/div>\r\n\r\n\t\t<div class=\"slideshow_pagination\" style=\"display: none;\" data-go-to-text=\"V\u00e9s a la diapositiva\"><div class=\"slideshow_pagination_center\"><\/div><\/div>\r\n\r\n\t\t<!-- WordPress Slideshow Version 2.3.1 -->\r\n\r\n\t\t\t<\/div>\r\n\r\n\n<p>Consulteu la web del Departament d&#8217;Educaci\u00f3 del projecte: <a href=\"http:\/\/educacio.gencat.cat\/portal\/page\/portal\/Educacio\/PCentrePrivat\/PCPInici\/PCPInnovacioPedagogica\/ApadrinemPatrimoni\" target=\"_blank\" rel=\"noopener noreferrer\"><strong>Projecte Apadrinem el nostre patrimoni<\/strong><\/a><\/p>\n<p>&nbsp;<\/p>\n<p>Hem elaborat un projecte que involucra tota l&#8217;escola\u00a0 amb activitats que al llarg de tots els anys d&#8217;escolaritat van constru\u00efn un coneixement acumulatiu de l&#8217;element apadrinat,\u00a0 el Castell Ciur\u00f3, i tamb\u00e9 una consci\u00e8ncia de conservaci\u00f3 que es vol transmetre a tota la comunitat.<\/p>\n<p>Despr\u00e9s de completar els anys de projecte, us oferim a continuaci\u00f3 una presentaci\u00f3 amb les evid\u00e8ncies del nostre treball:<\/p>\n<p><a href=\"https:\/\/docs.google.com\/presentation\/d\/e\/2PACX-1vQqLmsckUpLYuNwk8CK1c_WiY1o-mzi6NcYm9R2efFK2Z8XdcqPP8v1fb_opmohiNyalk0uXtr-5104\/pub?start=false&amp;loop=false&amp;delayms=5000\" target=\"_blank\" rel=\"noopener\"><img loading=\"lazy\" decoding=\"async\" class=\"aligncenter wp-image-17236\" src=\"https:\/\/agora.xtec.cat\/ceipcastellciuro\/wp-content\/uploads\/usu890\/2022\/07\/portada-presentacio-apadrinem.png\" alt=\"\" width=\"773\" height=\"437\" srcset=\"https:\/\/agora.xtec.cat\/ceipcastellciuro\/wp-content\/uploads\/usu890\/2022\/07\/portada-presentacio-apadrinem.png 1301w, https:\/\/agora.xtec.cat\/ceipcastellciuro\/wp-content\/uploads\/usu890\/2022\/07\/portada-presentacio-apadrinem-300x169.png 300w, https:\/\/agora.xtec.cat\/ceipcastellciuro\/wp-content\/uploads\/usu890\/2022\/07\/portada-presentacio-apadrinem-1024x579.png 1024w, https:\/\/agora.xtec.cat\/ceipcastellciuro\/wp-content\/uploads\/usu890\/2022\/07\/portada-presentacio-apadrinem-768x434.png 768w\" sizes=\"auto, (max-width: 773px) 100vw, 773px\" \/><\/a><\/p>\n<p>&nbsp;<\/p>\n<p>Els nois i noies de 6\u00e8 expliquen\u00a0 el que hem fet:<\/p>\n<div style=\"padding: 56.25% 0 0 0; position: relative;\"><iframe style=\"position: absolute; top: 0; left: 0; width: 100%; height: 100%;\" title=\"Apadrinem\" src=\"https:\/\/player.vimeo.com\/video\/733370319?h=971d47ad90&amp;badge=0&amp;autopause=0&amp;player_id=0&amp;app_id=58479\" frameborder=\"0\" allowfullscreen=\"allowfullscreen\"><\/iframe><\/div>\n<p><script src=\"https:\/\/player.vimeo.com\/api\/player.js\"><\/script><\/p>\n","protected":false},"excerpt":{"rendered":"<p><a href=\"https:\/\/agora.xtec.cat\/ceipcastellciuro\/wp-content\/uploads\/usu890\/2019\/09\/apadrinem_blanc_460x260.png\"><\/a>El curs 2018-2019 iniciem el projecte d&#8217;innovaci\u00f3 pedag\u00f2gica &#8220;Apadrinem el nostre patrimoni&#8221; que es basa en la idea de l\u2019apadrinament d\u2019un element patrimonial per part de l&#8217;escola, la qual cosa comporta donar-li valor i aprofundir en el seu coneixement des del punt de vista&hellip;  <a href=\"https:\/\/agora.xtec.cat\/ceipcastellciuro\/projectes-dinnovacio\/projecte-apadrinem-el-nostre-territori\/\" title=\"Read Projecte Apadrinem el nostre Patrimoni\">Llegeix m\u00e9s\u00bb<\/a><\/p>\n","protected":false},"author":1,"featured_media":0,"parent":16202,"menu_order":4,"comment_status":"closed","ping_status":"closed","template":"","meta":{"_bbp_topic_count":0,"_bbp_reply_count":0,"_bbp_total_topic_count":0,"_bbp_total_reply_count":0,"_bbp_voice_count":0,"_bbp_anonymous_reply_count":0,"_bbp_topic_count_hidden":0,"_bbp_reply_count_hidden":0,"_bbp_forum_subforum_count":0,"footnotes":""},"class_list":["post-16213","page","type-page","status-publish","hentry"],"post_mailing_queue_ids":[],"_links":{"self":[{"href":"https:\/\/agora.xtec.cat\/ceipcastellciuro\/wp-json\/wp\/v2\/pages\/16213","targetHints":{"allow":["GET"]}}],"collection":[{"href":"https:\/\/agora.xtec.cat\/ceipcastellciuro\/wp-json\/wp\/v2\/pages"}],"about":[{"href":"https:\/\/agora.xtec.cat\/ceipcastellciuro\/wp-json\/wp\/v2\/types\/page"}],"author":[{"embeddable":true,"href":"https:\/\/agora.xtec.cat\/ceipcastellciuro\/wp-json\/wp\/v2\/users\/1"}],"replies":[{"embeddable":true,"href":"https:\/\/agora.xtec.cat\/ceipcastellciuro\/wp-json\/wp\/v2\/comments?post=16213"}],"version-history":[{"count":3,"href":"https:\/\/agora.xtec.cat\/ceipcastellciuro\/wp-json\/wp\/v2\/pages\/16213\/revisions"}],"predecessor-version":[{"id":17250,"href":"https:\/\/agora.xtec.cat\/ceipcastellciuro\/wp-json\/wp\/v2\/pages\/16213\/revisions\/17250"}],"up":[{"embeddable":true,"href":"https:\/\/agora.xtec.cat\/ceipcastellciuro\/wp-json\/wp\/v2\/pages\/16202"}],"wp:attachment":[{"href":"https:\/\/agora.xtec.cat\/ceipcastellciuro\/wp-json\/wp\/v2\/media?parent=16213"}],"curies":[{"name":"wp","href":"https:\/\/api.w.org\/{rel}","templated":true}]}}