{"id":16211,"date":"2019-09-23T17:55:38","date_gmt":"2019-09-23T15:55:38","guid":{"rendered":"http:\/\/agora.xtec.cat\/ceipcastellciuro\/?page_id=16211"},"modified":"2022-09-14T11:05:59","modified_gmt":"2022-09-14T09:05:59","slug":"projecte-gep-generacio-plurilingue","status":"publish","type":"page","link":"https:\/\/agora.xtec.cat\/ceipcastellciuro\/projectes-dinnovacio\/projecte-gep-generacio-plurilingue\/","title":{"rendered":"Projecte GEP: Generaci\u00f3 Pluriling\u00fce"},"content":{"rendered":"<p>El curs 2019-2020 entrem a formar part del projecte d&#8217;innovaci\u00f3 pedag\u00f2gica <a href=\"http:\/\/educacio.gencat.cat\/portal\/page\/portal\/Educacio\/PCentrePrivat\/PCPInici\/PCPInnovacioPedagogica\/ProgramaGeneracioPlurilingue\" target=\"_blank\" rel=\"noopener noreferrer\"><strong>GEP (Generaci\u00f3 Pluril\u00edng\u00fce)<\/strong><\/a> que promou l\u2019increment del temps d\u2019exposici\u00f3 de l\u2019alumnat a les lleng\u00fces estrangeres curriculars i tamb\u00e9 acompanya els centres educatius en el proc\u00e9s de desplegament i consolidaci\u00f3 d\u2019un projecte ling\u00fc\u00edstic pluriling\u00fce propi. La durada del programa per als centres que hi participen \u00e9s de tres cursos escolars.<\/p>\n<p>&nbsp;<\/p>\n<p><a href=\"http:\/\/xtec.gencat.cat\/ca\/projectes\/plurilinguisme\/programes\/institucionals\/gep\/\" target=\"_blank\" rel=\"noopener noreferrer\"><img loading=\"lazy\" decoding=\"async\" class=\"size-full wp-image-16324 aligncenter\" src=\"https:\/\/agora.xtec.cat\/ceipcastellciuro\/wp-content\/uploads\/usu890\/2020\/01\/gep-1.jpg\" alt=\"\" width=\"373\" height=\"125\" srcset=\"https:\/\/agora.xtec.cat\/ceipcastellciuro\/wp-content\/uploads\/usu890\/2020\/01\/gep-1.jpg 373w, https:\/\/agora.xtec.cat\/ceipcastellciuro\/wp-content\/uploads\/usu890\/2020\/01\/gep-1-300x101.jpg 300w\" sizes=\"auto, (max-width: 373px) 100vw, 373px\" \/><\/a><\/p>\n<p>&nbsp;<\/p>\n<p>Tres mestres han fet formaci\u00f3 i tots els docents relacionats amb capacitaci\u00f3 den llengua anglesa ha format un equip que ha elaborat propostes did\u00e0ctiques per impartir \u00e0rees no ling\u00fc\u00edstiques en angl\u00e8s. S&#8217;augmenta el temps d&#8217;exposici\u00f3 per aprendre continguts i llengua estrangera alhora. \u00e9s el que s&#8217;anomena AICLE en catal\u00e0 (Aprenentatge Integrat de Contingut i Llengua Estrangera) o CLIL en angl\u00e8s.<\/p>\n<p>Les propostes que s&#8217;han elaborat s\u00f3n:<\/p>\n<p>Cicle Inicial : Arts and Crafts: WHAT CAN WE DO WITH SHAPES? (Gaud\u00ed) \/\/ HOW CAN WE REPRESENT NATURE? (Van Gogh)<\/p>\n<p>Cicle Mitj\u00e0: Arts and Crafts: LET&#8217;S BE T\u00c0PIES\u00a0 \/\/ CAN A BANANA BE ART? (Pop Art)<\/p>\n<p>Cicle Superior: Science: LET&#8217;S INVESTIGATE ABOUT LIVING THINGS\u00a0 \/\/\u00a0 WHAT HAPPENS WHEN WE GROW?<\/p>\n<p>Podeu veure algunes evid\u00e8ncies a continuaci\u00f3:<\/p>\n<p><a href=\"https:\/\/docs.google.com\/presentation\/d\/e\/2PACX-1vRezIiYoYdeiL-KZAs_xN1ekJHpXP926gYbfzsAlJcPjKZvMv6NfNBrE-vTFXYCBqx9bZs4fh-TiWPi\/pub?start=false&amp;loop=false&amp;delayms=5000\" target=\"_blank\" rel=\"noopener\"><img loading=\"lazy\" decoding=\"async\" class=\"aligncenter wp-image-17228\" src=\"https:\/\/agora.xtec.cat\/ceipcastellciuro\/wp-content\/uploads\/usu890\/2022\/07\/portada-evidencies-retallat.png\" alt=\"\" width=\"309\" height=\"312\" srcset=\"https:\/\/agora.xtec.cat\/ceipcastellciuro\/wp-content\/uploads\/usu890\/2022\/07\/portada-evidencies-retallat.png 756w, https:\/\/agora.xtec.cat\/ceipcastellciuro\/wp-content\/uploads\/usu890\/2022\/07\/portada-evidencies-retallat-296x300.png 296w, https:\/\/agora.xtec.cat\/ceipcastellciuro\/wp-content\/uploads\/usu890\/2022\/07\/portada-evidencies-retallat-150x150.png 150w\" sizes=\"auto, (max-width: 309px) 100vw, 309px\" \/><\/a><\/p>\n<p>&nbsp;<\/p>\n<p>Al curs 21-22 hem gaudit d&#8217;una auxiliar de conversa a trav\u00e9s del Ministeri d&#8217;educaci\u00f3 i el Departament d&#8217;Educaci\u00f3. Feu clic a la imatge per veure algunes fotos de les activitats que s&#8217;han fet:<\/p>\n<p><img loading=\"lazy\" decoding=\"async\" class=\"aligncenter size-full wp-image-17229\" src=\"https:\/\/agora.xtec.cat\/ceipcastellciuro\/wp-content\/uploads\/usu890\/2022\/07\/auxiliars-de-conversa-2.png\" alt=\"\" width=\"599\" height=\"456\" srcset=\"https:\/\/agora.xtec.cat\/ceipcastellciuro\/wp-content\/uploads\/usu890\/2022\/07\/auxiliars-de-conversa-2.png 599w, https:\/\/agora.xtec.cat\/ceipcastellciuro\/wp-content\/uploads\/usu890\/2022\/07\/auxiliars-de-conversa-2-300x228.png 300w\" sizes=\"auto, (max-width: 599px) 100vw, 599px\" \/><\/p>\n<p>&nbsp;<\/p>\n","protected":false},"excerpt":{"rendered":"<p>El curs 2019-2020 entrem a formar part del projecte d&#8217;innovaci\u00f3 pedag\u00f2gica <a href=\"http:\/\/educacio.gencat.cat\/portal\/page\/portal\/Educacio\/PCentrePrivat\/PCPInici\/PCPInnovacioPedagogica\/ProgramaGeneracioPlurilingue\" target=\"_blank\" rel=\"noopener noreferrer\">GEP (Generaci\u00f3 Pluril\u00edng\u00fce)<\/a> que promou l\u2019increment del temps d\u2019exposici\u00f3 de l\u2019alumnat a les lleng\u00fces estrangeres curriculars i tamb\u00e9 acompanya els centres educatius en el proc\u00e9s de desplegament i consolidaci\u00f3 d\u2019un&hellip;  <a href=\"https:\/\/agora.xtec.cat\/ceipcastellciuro\/projectes-dinnovacio\/projecte-gep-generacio-plurilingue\/\" title=\"Read Projecte GEP: Generaci\u00f3 Pluriling\u00fce\">Llegeix m\u00e9s\u00bb<\/a><\/p>\n","protected":false},"author":1,"featured_media":0,"parent":16202,"menu_order":3,"comment_status":"closed","ping_status":"closed","template":"","meta":{"_bbp_topic_count":0,"_bbp_reply_count":0,"_bbp_total_topic_count":0,"_bbp_total_reply_count":0,"_bbp_voice_count":0,"_bbp_anonymous_reply_count":0,"_bbp_topic_count_hidden":0,"_bbp_reply_count_hidden":0,"_bbp_forum_subforum_count":0,"footnotes":""},"class_list":["post-16211","page","type-page","status-publish","hentry"],"post_mailing_queue_ids":[],"_links":{"self":[{"href":"https:\/\/agora.xtec.cat\/ceipcastellciuro\/wp-json\/wp\/v2\/pages\/16211","targetHints":{"allow":["GET"]}}],"collection":[{"href":"https:\/\/agora.xtec.cat\/ceipcastellciuro\/wp-json\/wp\/v2\/pages"}],"about":[{"href":"https:\/\/agora.xtec.cat\/ceipcastellciuro\/wp-json\/wp\/v2\/types\/page"}],"author":[{"embeddable":true,"href":"https:\/\/agora.xtec.cat\/ceipcastellciuro\/wp-json\/wp\/v2\/users\/1"}],"replies":[{"embeddable":true,"href":"https:\/\/agora.xtec.cat\/ceipcastellciuro\/wp-json\/wp\/v2\/comments?post=16211"}],"version-history":[{"count":3,"href":"https:\/\/agora.xtec.cat\/ceipcastellciuro\/wp-json\/wp\/v2\/pages\/16211\/revisions"}],"predecessor-version":[{"id":17249,"href":"https:\/\/agora.xtec.cat\/ceipcastellciuro\/wp-json\/wp\/v2\/pages\/16211\/revisions\/17249"}],"up":[{"embeddable":true,"href":"https:\/\/agora.xtec.cat\/ceipcastellciuro\/wp-json\/wp\/v2\/pages\/16202"}],"wp:attachment":[{"href":"https:\/\/agora.xtec.cat\/ceipcastellciuro\/wp-json\/wp\/v2\/media?parent=16211"}],"curies":[{"name":"wp","href":"https:\/\/api.w.org\/{rel}","templated":true}]}}