{"id":73,"date":"2014-09-18T14:01:51","date_gmt":"2014-09-18T13:01:51","guid":{"rendered":"http:\/\/agora.xtec.cat\/ceipcassiacostal\/?page_id=73"},"modified":"2025-09-24T17:00:16","modified_gmt":"2025-09-24T15:00:16","slug":"menjador-escolar","status":"publish","type":"page","link":"https:\/\/agora.xtec.cat\/ceipcassiacostal\/ampa\/menjador-escolar\/","title":{"rendered":"Menjador escolar"},"content":{"rendered":"<div class=\"titol_text\">\n<p>La gesti\u00f3 del servei de menjador escolar a la nostra escola correspon a l&#8217;AMPA. Aquest curs 2025-26, una empresa nova (<strong><span style=\"font-size: 14pt;\"><a href=\"https:\/\/tecaxerinola.wixsite.com\/tecaxerinola\/inici\" target=\"_blank\" rel=\"noopener\">Teca &amp; Xerinola<\/a><\/span><\/strong>) \u00e9s l&#8217;empresa encarregada de desenvolupar aquest servei, cuina i monitoratge. La informaci\u00f3 que teniu a continuaci\u00f3 \u00e9s provisional i s&#8217;anir\u00e0 actualitzant aquest mes de setembre.<\/p>\n<\/div>\n\n\t\t<style type=\"text\/css\">\n\t\t\t#gallery-1 {\n\t\t\t\tmargin: auto;\n\t\t\t}\n\t\t\t#gallery-1 .gallery-item {\n\t\t\t\tfloat: left;\n\t\t\t\tmargin-top: 10px;\n\t\t\t\ttext-align: center;\n\t\t\t\twidth: 33%;\n\t\t\t}\n\t\t\t#gallery-1 img {\n\t\t\t\tborder: 2px solid #cfcfcf;\n\t\t\t}\n\t\t\t#gallery-1 .gallery-caption {\n\t\t\t\tmargin-left: 0;\n\t\t\t}\n\t\t\t\/* see gallery_shortcode() in wp-includes\/media.php *\/\n\t\t<\/style>\n\t\t<div id='gallery-1' class='gallery galleryid-73 gallery-columns-3 gallery-size-full'><dl class='gallery-item'>\n\t\t\t<dt class='gallery-icon landscape'>\n\t\t\t\t<a href='https:\/\/agora.xtec.cat\/ceipcassiacostal\/general\/decoracio-del-menjador\/attachment\/img-20180320-wa0012\/'><img loading=\"lazy\" decoding=\"async\" width=\"1600\" height=\"898\" src=\"https:\/\/agora.xtec.cat\/ceipcassiacostal\/wp-content\/uploads\/usu719\/2018\/04\/IMG-20180320-WA0012.jpg\" class=\"attachment-full size-full\" alt=\"\" srcset=\"https:\/\/agora.xtec.cat\/ceipcassiacostal\/wp-content\/uploads\/usu719\/2018\/04\/IMG-20180320-WA0012.jpg 1600w, https:\/\/agora.xtec.cat\/ceipcassiacostal\/wp-content\/uploads\/usu719\/2018\/04\/IMG-20180320-WA0012-300x168.jpg 300w, https:\/\/agora.xtec.cat\/ceipcassiacostal\/wp-content\/uploads\/usu719\/2018\/04\/IMG-20180320-WA0012-768x431.jpg 768w, https:\/\/agora.xtec.cat\/ceipcassiacostal\/wp-content\/uploads\/usu719\/2018\/04\/IMG-20180320-WA0012-1024x575.jpg 1024w\" sizes=\"auto, (max-width: 1600px) 100vw, 1600px\" \/><\/a>\n\t\t\t<\/dt><\/dl><dl class='gallery-item'>\n\t\t\t<dt class='gallery-icon landscape'>\n\t\t\t\t<a href='https:\/\/agora.xtec.cat\/ceipcassiacostal\/general\/decoracio-del-menjador\/attachment\/img-20180320-wa0011\/'><img loading=\"lazy\" decoding=\"async\" width=\"1600\" height=\"898\" src=\"https:\/\/agora.xtec.cat\/ceipcassiacostal\/wp-content\/uploads\/usu719\/2018\/04\/IMG-20180320-WA0011.jpg\" class=\"attachment-full size-full\" alt=\"\" srcset=\"https:\/\/agora.xtec.cat\/ceipcassiacostal\/wp-content\/uploads\/usu719\/2018\/04\/IMG-20180320-WA0011.jpg 1600w, https:\/\/agora.xtec.cat\/ceipcassiacostal\/wp-content\/uploads\/usu719\/2018\/04\/IMG-20180320-WA0011-300x168.jpg 300w, https:\/\/agora.xtec.cat\/ceipcassiacostal\/wp-content\/uploads\/usu719\/2018\/04\/IMG-20180320-WA0011-768x431.jpg 768w, https:\/\/agora.xtec.cat\/ceipcassiacostal\/wp-content\/uploads\/usu719\/2018\/04\/IMG-20180320-WA0011-1024x575.jpg 1024w\" sizes=\"auto, (max-width: 1600px) 100vw, 1600px\" \/><\/a>\n\t\t\t<\/dt><\/dl><dl class='gallery-item'>\n\t\t\t<dt class='gallery-icon landscape'>\n\t\t\t\t<a href='https:\/\/agora.xtec.cat\/ceipcassiacostal\/general\/decoracio-del-menjador\/attachment\/img-20180320-wa0010\/'><img loading=\"lazy\" decoding=\"async\" width=\"1600\" height=\"898\" src=\"https:\/\/agora.xtec.cat\/ceipcassiacostal\/wp-content\/uploads\/usu719\/2018\/04\/IMG-20180320-WA0010.jpg\" class=\"attachment-full size-full\" alt=\"\" srcset=\"https:\/\/agora.xtec.cat\/ceipcassiacostal\/wp-content\/uploads\/usu719\/2018\/04\/IMG-20180320-WA0010.jpg 1600w, https:\/\/agora.xtec.cat\/ceipcassiacostal\/wp-content\/uploads\/usu719\/2018\/04\/IMG-20180320-WA0010-300x168.jpg 300w, https:\/\/agora.xtec.cat\/ceipcassiacostal\/wp-content\/uploads\/usu719\/2018\/04\/IMG-20180320-WA0010-768x431.jpg 768w, https:\/\/agora.xtec.cat\/ceipcassiacostal\/wp-content\/uploads\/usu719\/2018\/04\/IMG-20180320-WA0010-1024x575.jpg 1024w\" sizes=\"auto, (max-width: 1600px) 100vw, 1600px\" \/><\/a>\n\t\t\t<\/dt><\/dl><br style=\"clear: both\" \/>\n\t\t<\/div>\n\n<p style=\"text-align: center;\"><strong><a href=\"http:\/\/agora.xtec.cat\/ceipcassiacostal\/wp-content\/uploads\/usu719\/2018\/04\/IMG-20180320-WA0013.jpg\"><img loading=\"lazy\" decoding=\"async\" class=\"wp-image-8278 alignleft\" src=\"http:\/\/agora.xtec.cat\/ceipcassiacostal\/wp-content\/uploads\/usu719\/2018\/04\/IMG-20180320-WA0013-575x1024.jpg\" alt=\"\" width=\"129\" height=\"230\" srcset=\"https:\/\/agora.xtec.cat\/ceipcassiacostal\/wp-content\/uploads\/usu719\/2018\/04\/IMG-20180320-WA0013-575x1024.jpg 575w, https:\/\/agora.xtec.cat\/ceipcassiacostal\/wp-content\/uploads\/usu719\/2018\/04\/IMG-20180320-WA0013-168x300.jpg 168w, https:\/\/agora.xtec.cat\/ceipcassiacostal\/wp-content\/uploads\/usu719\/2018\/04\/IMG-20180320-WA0013-768x1368.jpg 768w, https:\/\/agora.xtec.cat\/ceipcassiacostal\/wp-content\/uploads\/usu719\/2018\/04\/IMG-20180320-WA0013.jpg 898w\" sizes=\"auto, (max-width: 129px) 100vw, 129px\" \/><\/a><img loading=\"lazy\" decoding=\"async\" class=\"wp-image-8274 alignright\" src=\"http:\/\/agora.xtec.cat\/ceipcassiacostal\/wp-content\/uploads\/usu719\/2018\/04\/IMG-20180320-WA0009-575x1024.jpg\" alt=\"\" width=\"132\" height=\"235\" srcset=\"https:\/\/agora.xtec.cat\/ceipcassiacostal\/wp-content\/uploads\/usu719\/2018\/04\/IMG-20180320-WA0009-575x1024.jpg 575w, https:\/\/agora.xtec.cat\/ceipcassiacostal\/wp-content\/uploads\/usu719\/2018\/04\/IMG-20180320-WA0009-168x300.jpg 168w, https:\/\/agora.xtec.cat\/ceipcassiacostal\/wp-content\/uploads\/usu719\/2018\/04\/IMG-20180320-WA0009-768x1368.jpg 768w, https:\/\/agora.xtec.cat\/ceipcassiacostal\/wp-content\/uploads\/usu719\/2018\/04\/IMG-20180320-WA0009.jpg 898w\" sizes=\"auto, (max-width: 132px) 100vw, 132px\" \/>CONTACTE I HORARI D&#8217;ATENCI\u00d3 A LES FAM\u00cdLIES 2025\/2026<\/strong><\/p>\n<p style=\"text-align: center;\"><span style=\"text-decoration: underline;\"><strong>HORARI D\u2019ATENCI\u00d3<\/strong><\/span><\/p>\n<p style=\"text-align: center;\"><span style=\"font-weight: 400;\"><strong>Matins: <span style=\"text-decoration: underline; font-size: 14pt; color: #0000ff;\">cada dia de 9:10\u202fh a 9:30 h<\/span><span style=\"font-size: 14pt; color: #0000ff;\"><span style=\"font-size: 12pt; color: #000000;\">, a l&#8217;entrada de l&#8217;edifici de prim\u00e0ria.<\/span><\/span><\/strong><\/span><\/p>\n<p style=\"text-align: center;\"><strong>Per qualsevol dubte us podeu comunicar amb la coordinadora de menjador.<\/strong><\/p>\n<p style=\"text-align: center;\"><span style=\"font-size: 18pt;\"><img loading=\"lazy\" decoding=\"async\" class=\"alignnone wp-image-39047\" src=\"https:\/\/agora.xtec.cat\/ceipcassiacostal\/wp-content\/uploads\/usu719\/2025\/09\/tel-wp.png\" alt=\"\" width=\"104\" height=\"48\" \/><span style=\"font-size: 24pt;\"><strong>681405060<\/strong><\/span><\/span><\/p>\n<p style=\"text-align: center;\"><span style=\"font-size: 18pt;\">Correu electr\u00f2nic: <span style=\"color: #0000ff;\">menjadorcassia@gmail.com<\/span><\/span><\/p>\n<p><img loading=\"lazy\" decoding=\"async\" class=\"wp-image-38980 aligncenter\" src=\"https:\/\/agora.xtec.cat\/ceipcassiacostal\/wp-content\/uploads\/usu719\/2025\/07\/Logo-teca-i-xerinola-menjador.jpg\" alt=\"\" width=\"147\" height=\"51\" srcset=\"https:\/\/agora.xtec.cat\/ceipcassiacostal\/wp-content\/uploads\/usu719\/2025\/07\/Logo-teca-i-xerinola-menjador.jpg 381w, https:\/\/agora.xtec.cat\/ceipcassiacostal\/wp-content\/uploads\/usu719\/2025\/07\/Logo-teca-i-xerinola-menjador-300x104.jpg 300w\" sizes=\"auto, (max-width: 147px) 100vw, 147px\" \/><\/p>\n<p style=\"text-align: center;\"><a href=\"https:\/\/tecaxerinola.wixsite.com\/tecaxerinola\" target=\"_blank\" rel=\"noopener\"><strong><span style=\"color: #000000;\">Enlla\u00e7 als men\u00fas:<\/span><\/strong> https:\/\/tecaxerinola.wixsite.com\/tecaxerinola<\/a><\/p>\n<p><img loading=\"lazy\" decoding=\"async\" class=\"alignnone wp-image-34880 \" src=\"https:\/\/agora.xtec.cat\/ceipcassiacostal\/wp-content\/uploads\/usu719\/2024\/06\/afa-logo-1020x1024.png\" alt=\"\" width=\"135\" height=\"135\" srcset=\"https:\/\/agora.xtec.cat\/ceipcassiacostal\/wp-content\/uploads\/usu719\/2024\/06\/afa-logo-1020x1024.png 1020w, https:\/\/agora.xtec.cat\/ceipcassiacostal\/wp-content\/uploads\/usu719\/2024\/06\/afa-logo-300x300.png 300w, https:\/\/agora.xtec.cat\/ceipcassiacostal\/wp-content\/uploads\/usu719\/2024\/06\/afa-logo-150x150.png 150w, https:\/\/agora.xtec.cat\/ceipcassiacostal\/wp-content\/uploads\/usu719\/2024\/06\/afa-logo-768x771.png 768w, https:\/\/agora.xtec.cat\/ceipcassiacostal\/wp-content\/uploads\/usu719\/2024\/06\/afa-logo.png 1413w\" sizes=\"auto, (max-width: 135px) 100vw, 135px\" \/> <a href=\"https:\/\/agora.xtec.cat\/ceipcassiacostal\/categoria\/noticies-afa\/\"><span style=\"font-size: 18pt; color: #ff0000;\"><strong><span style=\"font-size: 24pt;\">NOT\u00cdCIES AFA<\/span><\/strong><\/span><\/a><\/p>\n<p>_________________________________________________________________________________________________________________________________<\/p>\n<p><a href=\"http:\/\/www.girones.cat\/2020\/05\/sollicituds-dajut-de-menjador-20202021.html\" target=\"_blank\" rel=\"noopener noreferrer\"><img loading=\"lazy\" decoding=\"async\" class=\"wp-image-18409 alignleft\" src=\"https:\/\/agora.xtec.cat\/ceipcassiacostal\/wp-content\/uploads\/usu719\/2020\/06\/Logo-Consell-comarcal-giron\u00e8s.png\" alt=\"\" width=\"221\" height=\"94\" srcset=\"https:\/\/agora.xtec.cat\/ceipcassiacostal\/wp-content\/uploads\/usu719\/2020\/06\/Logo-Consell-comarcal-giron\u00e8s.png 531w, https:\/\/agora.xtec.cat\/ceipcassiacostal\/wp-content\/uploads\/usu719\/2020\/06\/Logo-Consell-comarcal-giron\u00e8s-300x127.png 300w\" sizes=\"auto, (max-width: 221px) 100vw, 221px\" \/><br \/>\n<\/a><span style=\"font-size: 14pt;\"><strong>Ajuts Menjador escolar 2025-2026<\/strong><\/span>:\u00a0 <a href=\"https:\/\/www.girones.cat\/arees\/ensenyament-cultura-turisme-catala-joventut-i-esports\/ensenyament\/ajuts-de-menjador\/\" target=\"_blank\" rel=\"noopener\">Sol\u00b7licituds d\u2019Ajut de menjador<\/a><\/p>\n<p>&nbsp;<\/p>\n<p style=\"text-align: right;\"><span style=\"color: #999999;\"><em>Darrera actualitzaci\u00f3:\u00a0 16 de setembre de 2025<\/em><\/span><\/p>\n","protected":false},"excerpt":{"rendered":"<p>La gesti\u00f3 del servei de menjador escolar a la nostra escola correspon a l&#8217;AMPA. Aquest curs 2025-26, una empresa nova (<a href=\"https:\/\/tecaxerinola.wixsite.com\/tecaxerinola\/inici\" target=\"_blank\" rel=\"noopener\">Teca &amp; Xerinola<\/a>) \u00e9s l&#8217;empresa encarregada de desenvolupar aquest servei, cuina i monitoratge. La informaci\u00f3 que teniu a continuaci\u00f3 \u00e9s provisional i&hellip;  <a href=\"https:\/\/agora.xtec.cat\/ceipcassiacostal\/ampa\/menjador-escolar\/\" title=\"Read Menjador escolar\">Llegeix m\u00e9s\u00bb<\/a><\/p>\n","protected":false},"author":1,"featured_media":0,"parent":405,"menu_order":50,"comment_status":"closed","ping_status":"closed","template":"page-templates\/side-menu.php","meta":{"_bbp_topic_count":0,"_bbp_reply_count":0,"_bbp_total_topic_count":0,"_bbp_total_reply_count":0,"_bbp_voice_count":0,"_bbp_anonymous_reply_count":0,"_bbp_topic_count_hidden":0,"_bbp_reply_count_hidden":0,"_bbp_forum_subforum_count":0,"footnotes":""},"class_list":["post-73","page","type-page","status-publish","hentry"],"post_mailing_queue_ids":[],"_links":{"self":[{"href":"https:\/\/agora.xtec.cat\/ceipcassiacostal\/wp-json\/wp\/v2\/pages\/73","targetHints":{"allow":["GET"]}}],"collection":[{"href":"https:\/\/agora.xtec.cat\/ceipcassiacostal\/wp-json\/wp\/v2\/pages"}],"about":[{"href":"https:\/\/agora.xtec.cat\/ceipcassiacostal\/wp-json\/wp\/v2\/types\/page"}],"author":[{"embeddable":true,"href":"https:\/\/agora.xtec.cat\/ceipcassiacostal\/wp-json\/wp\/v2\/users\/1"}],"replies":[{"embeddable":true,"href":"https:\/\/agora.xtec.cat\/ceipcassiacostal\/wp-json\/wp\/v2\/comments?post=73"}],"version-history":[{"count":6,"href":"https:\/\/agora.xtec.cat\/ceipcassiacostal\/wp-json\/wp\/v2\/pages\/73\/revisions"}],"predecessor-version":[{"id":39088,"href":"https:\/\/agora.xtec.cat\/ceipcassiacostal\/wp-json\/wp\/v2\/pages\/73\/revisions\/39088"}],"up":[{"embeddable":true,"href":"https:\/\/agora.xtec.cat\/ceipcassiacostal\/wp-json\/wp\/v2\/pages\/405"}],"wp:attachment":[{"href":"https:\/\/agora.xtec.cat\/ceipcassiacostal\/wp-json\/wp\/v2\/media?parent=73"}],"curies":[{"name":"wp","href":"https:\/\/api.w.org\/{rel}","templated":true}]}}