{"id":34991,"date":"2024-06-20T13:18:26","date_gmt":"2024-06-20T11:18:26","guid":{"rendered":"https:\/\/agora.xtec.cat\/ceipcassiacostal\/?page_id=34991"},"modified":"2024-06-20T22:32:45","modified_gmt":"2024-06-20T20:32:45","slug":"acollida-digital-a-les-families","status":"publish","type":"page","link":"https:\/\/agora.xtec.cat\/ceipcassiacostal\/serveis\/acollida-digital-a-les-families\/","title":{"rendered":"Acollida digital a les fam\u00edlies"},"content":{"rendered":"<p><span style=\"font-weight: 400;\">Quan una fam\u00edlia s\u2019incorpora en un centre se li proporcionen un seguit de dades i d\u2019informacions per poder-se integrar al centre i poder fer el seguiment de l\u2019aprenentatge del seu fill o filla, tant si es tracta d\u2019una incorporaci\u00f3 ordin\u00e0ria a inici de cicle, de curs, com de fam\u00edlies que s\u2019incorporen durant el curs.\u00a0<\/span><\/p>\n<p><span style=\"font-weight: 400;\">Vetllem\u00a0 perqu\u00e8 la fam\u00edlia comprengui la informaci\u00f3 i fem una tasca d\u2019atenci\u00f3 individualitzada en els casos en qu\u00e8 es presentin dificultats, ja sigui pel canvi cultural, social o idiom\u00e0tic, en el cas d\u2019alumnat amb NESE o qualsevol altra circumst\u00e0ncia\u00a0 en qu\u00e8 es necessiti.<\/span><\/p>\n<p><strong>L&#8217;administrativa, en el moment de la matr\u00edcula informa de:<\/strong><\/p>\n<ul>\n<li style=\"list-style-type: none;\">\n<ul>\n<li style=\"font-weight: 400;\" aria-level=\"1\"><span style=\"font-weight: 400;\"><em><strong>C<\/strong><\/em><strong style=\"font-weight: 400; font-style: italic;\">anals oficials de comunicaci\u00f3 de l\u2019escola<\/strong>:<\/span>\n<ul style=\"font-weight: 400;\">\n<li style=\"list-style-type: none;\">\n<ul style=\"font-weight: 400;\">\n<li style=\"font-weight: 400;\" aria-level=\"2\"><span style=\"font-weight: 400;\">Aplicatiu de comunicaci\u00f3 amb les fam\u00edlies (TokApp), on el mestre signa i posa el @ xtec o del domini @escolacassiacostal.cat<\/span><\/li>\n<\/ul>\n<\/li>\n<li style=\"font-weight: 400;\" aria-level=\"2\"><span style=\"font-weight: 400;\">Web de l\u2019escola<\/span><\/li>\n<\/ul>\n<\/li>\n<li style=\"font-weight: 400;\" aria-level=\"1\"><span style=\"font-weight: 400;\"><strong><em>L\u2019autoritzaci\u00f3 relativa al dret a la pr\u00f2pia imatge i la comunicaci\u00f3 sobre l&#8217;\u00fas de serveis i recursos digitals a Internet<\/em><\/strong>. Tamb\u00e9 es demana la signatura d&#8217;autoritzaci\u00f3\u00a0<\/span><\/li>\n<li style=\"font-weight: 400;\" aria-level=\"1\"><em><strong>La normativa d\u2019escola.<\/strong><\/em><\/li>\n<li style=\"font-weight: 400;\" aria-level=\"1\"><span style=\"font-weight: 400;\">Per ara fem acollida en format paper i despr\u00e9s l\u2019administrativa incorpora les dades a esfer@ i a l\u2019expedient de l\u2019alumne:\u00a0 dades de la fam\u00edlia, adreces de correu electr\u00f2nic, tel\u00e8fons\u2026\u00a0<\/span><\/li>\n<li style=\"font-weight: 400;\" aria-level=\"1\"><span style=\"font-weight: 400;\"><strong><em>Protocol de comunicaci\u00f3 amb el\/la tutor\/a, l\u2019AFA i la resta de la comunitat educativa<\/em><\/strong>. <\/span><\/li>\n<\/ul>\n<\/li>\n<\/ul>\n<p><strong style=\"font-family: inherit; font-size: 1em;\">Els mestres, a la reuni\u00f3 de principi de curs i en la sessi\u00f3 de formaci\u00f3 d&#8217;eines digitals amb fam\u00edlies (que es comen\u00e7ar\u00e0 a fer en 2024-25 amb cicle mitj\u00e0 i superior), informaran de:\u00a0<\/strong><\/p>\n<ul>\n<li style=\"list-style-type: none;\">\n<ul>\n<li style=\"font-weight: 400;\" aria-level=\"1\"><span style=\"font-weight: 400;\"><em><strong>Kit tecnol\u00f2gic\u00a0 Ordinador port\u00e0til.<\/strong><\/em>\u00a0<\/span>\n<ul>\n<li style=\"font-weight: 400;\" aria-level=\"2\"><span style=\"font-weight: 400;\">Casos en qu\u00e8 s\u2019ha de deixar a l\u2019alumnat un ordinador d\u2019escola per poder treballar des de casa, p.e. en cas de confinament o malaltia prolongada.\u00a0<\/span><\/li>\n<li style=\"font-weight: 400;\" aria-level=\"2\"><span style=\"font-weight: 400;\">Normativa d\u2019\u00fas dels dispositius digitals a l\u2019escola,<\/span><\/li>\n<\/ul>\n<\/li>\n<\/ul>\n<\/li>\n<\/ul>\n<p style=\"padding-left: 80px;\"><em><span style=\"font-weight: 400;\">En el cas que l\u2019alumne\/a estigui en un dels cursos on el centre disposa de port\u00e0tils del PEDC, se\u2019ls informar\u00e0 del protocol sobre la cessi\u00f3 d\u2019aquest port\u00e0til i es signar\u00e0 el full de cessi\u00f3. <\/span><span style=\"font-weight: 400;\">Queda reflectit a les NOFC.<\/span><\/em><\/p>\n<ul>\n<li style=\"list-style-type: none;\">\n<ul>\n<li style=\"font-weight: 400;\" aria-level=\"1\"><span style=\"font-weight: 400;\"><strong><em>Entorns de treball\u00a0 (Workspace) Web del centre.<\/em><\/strong>\u00a0<\/span>\n<ul>\n<li style=\"font-weight: 400;\" aria-level=\"2\"><span style=\"font-weight: 400;\">Part restringida destinada a les fam\u00edlies o alumnat en la p\u00e0gina web:\u00a0 es mostraran els continguts, el sistema d\u2019acc\u00e9s i es realitzar\u00e0 la configuraci\u00f3 de l\u2019usuari.\u00a0\u00a0<\/span><\/li>\n<li style=\"font-weight: 400;\" aria-level=\"2\"><span style=\"font-weight: 400;\">EVA del centre (Classroom). S\u2019 informar\u00e0 com s\u2019utilitza i quin \u00e9s el sistema d\u2019acc\u00e9s del seu fill\/a.\u00a0\u00a0\u00a0<\/span><\/li>\n<li style=\"font-weight: 400;\" aria-level=\"2\"><span style=\"font-weight: 400;\">Cultura digital del centre. Se\u2019ls informar\u00e0 la ubicaci\u00f3 al web i com poden accedir als documents que la integren.<\/span><\/li>\n<\/ul>\n<\/li>\n<\/ul>\n<\/li>\n<\/ul>\n<p style=\"padding-left: 40px;\"><span style=\"font-weight: 400;\"><strong><img loading=\"lazy\" decoding=\"async\" class=\"size-large wp-image-34993 aligncenter\" src=\"https:\/\/agora.xtec.cat\/ceipcassiacostal\/wp-content\/uploads\/usu719\/2024\/06\/Pla-dacollida-digital-families-410x1024.png\" alt=\"\" width=\"410\" height=\"1024\" srcset=\"https:\/\/agora.xtec.cat\/ceipcassiacostal\/wp-content\/uploads\/usu719\/2024\/06\/Pla-dacollida-digital-families-410x1024.png 410w, https:\/\/agora.xtec.cat\/ceipcassiacostal\/wp-content\/uploads\/usu719\/2024\/06\/Pla-dacollida-digital-families-120x300.png 120w, https:\/\/agora.xtec.cat\/ceipcassiacostal\/wp-content\/uploads\/usu719\/2024\/06\/Pla-dacollida-digital-families-768x1920.png 768w, https:\/\/agora.xtec.cat\/ceipcassiacostal\/wp-content\/uploads\/usu719\/2024\/06\/Pla-dacollida-digital-families.png 800w\" sizes=\"auto, (max-width: 410px) 100vw, 410px\" \/><\/strong><\/span><\/p>\n","protected":false},"excerpt":{"rendered":"<p>Quan una fam\u00edlia s\u2019incorpora en un centre se li proporcionen un seguit de dades i d\u2019informacions per poder-se integrar al centre i poder fer el seguiment de l\u2019aprenentatge del seu fill o filla, tant si es tracta d\u2019una incorporaci\u00f3 ordin\u00e0ria a inici de cicle, de&hellip;  <a href=\"https:\/\/agora.xtec.cat\/ceipcassiacostal\/serveis\/acollida-digital-a-les-families\/\" title=\"Read Acollida digital a les fam\u00edlies\">Llegeix m\u00e9s\u00bb<\/a><\/p>\n","protected":false},"author":1,"featured_media":0,"parent":66,"menu_order":60,"comment_status":"closed","ping_status":"closed","template":"page-templates\/side-menu.php","meta":{"_bbp_topic_count":0,"_bbp_reply_count":0,"_bbp_total_topic_count":0,"_bbp_total_reply_count":0,"_bbp_voice_count":0,"_bbp_anonymous_reply_count":0,"_bbp_topic_count_hidden":0,"_bbp_reply_count_hidden":0,"_bbp_forum_subforum_count":0,"footnotes":""},"class_list":["post-34991","page","type-page","status-publish","hentry"],"post_mailing_queue_ids":[],"_links":{"self":[{"href":"https:\/\/agora.xtec.cat\/ceipcassiacostal\/wp-json\/wp\/v2\/pages\/34991","targetHints":{"allow":["GET"]}}],"collection":[{"href":"https:\/\/agora.xtec.cat\/ceipcassiacostal\/wp-json\/wp\/v2\/pages"}],"about":[{"href":"https:\/\/agora.xtec.cat\/ceipcassiacostal\/wp-json\/wp\/v2\/types\/page"}],"author":[{"embeddable":true,"href":"https:\/\/agora.xtec.cat\/ceipcassiacostal\/wp-json\/wp\/v2\/users\/1"}],"replies":[{"embeddable":true,"href":"https:\/\/agora.xtec.cat\/ceipcassiacostal\/wp-json\/wp\/v2\/comments?post=34991"}],"version-history":[{"count":6,"href":"https:\/\/agora.xtec.cat\/ceipcassiacostal\/wp-json\/wp\/v2\/pages\/34991\/revisions"}],"predecessor-version":[{"id":35017,"href":"https:\/\/agora.xtec.cat\/ceipcassiacostal\/wp-json\/wp\/v2\/pages\/34991\/revisions\/35017"}],"up":[{"embeddable":true,"href":"https:\/\/agora.xtec.cat\/ceipcassiacostal\/wp-json\/wp\/v2\/pages\/66"}],"wp:attachment":[{"href":"https:\/\/agora.xtec.cat\/ceipcassiacostal\/wp-json\/wp\/v2\/media?parent=34991"}],"curies":[{"name":"wp","href":"https:\/\/api.w.org\/{rel}","templated":true}]}}