{"id":1590,"date":"2020-03-18T18:07:11","date_gmt":"2020-03-18T17:07:11","guid":{"rendered":"http:\/\/agora.xtec.cat\/ceipcascavell\/?page_id=1590"},"modified":"2024-02-11T12:17:57","modified_gmt":"2024-02-11T11:17:57","slug":"badasport","status":"publish","type":"page","link":"https:\/\/agora.xtec.cat\/ceipcascavell\/projecte-educatiu\/badasport\/","title":{"rendered":"Badasport"},"content":{"rendered":"<p style=\"text-align: justify;\"><span style=\"font-weight: 400;\">Fa m\u00e9s de vint anys es va crear a Badalona un grup de treball format <a href=\"https:\/\/agora.xtec.cat\/ceipcascavell\/wp-content\/uploads\/usu963\/2023\/11\/IMG-20231107-WA0011-2.jpg\"><img loading=\"lazy\" decoding=\"async\" class=\"alignright size-medium wp-image-3036\" src=\"https:\/\/agora.xtec.cat\/ceipcascavell\/wp-content\/uploads\/usu963\/2023\/11\/IMG-20231107-WA0011-2-300x226.jpg\" alt=\"\" width=\"300\" height=\"226\" srcset=\"https:\/\/agora.xtec.cat\/ceipcascavell\/wp-content\/uploads\/usu963\/2023\/11\/IMG-20231107-WA0011-2-300x226.jpg 300w, https:\/\/agora.xtec.cat\/ceipcascavell\/wp-content\/uploads\/usu963\/2023\/11\/IMG-20231107-WA0011-2-1024x771.jpg 1024w, https:\/\/agora.xtec.cat\/ceipcascavell\/wp-content\/uploads\/usu963\/2023\/11\/IMG-20231107-WA0011-2-768x578.jpg 768w, https:\/\/agora.xtec.cat\/ceipcascavell\/wp-content\/uploads\/usu963\/2023\/11\/IMG-20231107-WA0011-2-1536x1157.jpg 1536w, https:\/\/agora.xtec.cat\/ceipcascavell\/wp-content\/uploads\/usu963\/2023\/11\/IMG-20231107-WA0011-2-200x150.jpg 200w, https:\/\/agora.xtec.cat\/ceipcascavell\/wp-content\/uploads\/usu963\/2023\/11\/IMG-20231107-WA0011-2.jpg 2040w\" sizes=\"auto, (max-width: 300px) 100vw, 300px\" \/><\/a>per Mestres d\u2019Educaci\u00f3 F\u00edsica de les diferents escoles de la ciutat amb l\u2019objectiu de treballar per oferir sortides esportives de qualitat per als alumnes de prim\u00e0ria.\u00a0<\/span><\/p>\n<p style=\"text-align: justify;\"><span style=\"font-weight: 400;\">Tot i ser l\u2019Escola Cascavell una escola de Sant Adri\u00e0 de Bes\u00f2s, fa alguns anys, vam tenir l&#8217;oportunitat de sumar-nos a aquest grup de treball. Com a conseq\u00fc\u00e8ncia d\u2019aquest pas els nostres alumnes han vist augmentat el nombre de sortides anuals relacionades amb la pr\u00e0ctica esportiva. Un altre fet que valorem molt positivament d\u2019aquestes sortides \u00e9s que els permet socialitzar amb infants d\u2019altres escoles.<\/span><\/p>\n<p>Les activitats es reparteixen de la seg\u00fcent manera:<span style=\"font-weight: 400;\"><a href=\"https:\/\/agora.xtec.cat\/ceipcascavell\/wp-content\/uploads\/usu963\/2024\/02\/badasport2324.jpg\"><img loading=\"lazy\" decoding=\"async\" class=\"alignright wp-image-3147 \" src=\"https:\/\/agora.xtec.cat\/ceipcascavell\/wp-content\/uploads\/usu963\/2024\/02\/badasport2324-212x300.jpg\" alt=\"\" width=\"268\" height=\"379\" srcset=\"https:\/\/agora.xtec.cat\/ceipcascavell\/wp-content\/uploads\/usu963\/2024\/02\/badasport2324-212x300.jpg 212w, https:\/\/agora.xtec.cat\/ceipcascavell\/wp-content\/uploads\/usu963\/2024\/02\/badasport2324-724x1024.jpg 724w, https:\/\/agora.xtec.cat\/ceipcascavell\/wp-content\/uploads\/usu963\/2024\/02\/badasport2324-768x1086.jpg 768w, https:\/\/agora.xtec.cat\/ceipcascavell\/wp-content\/uploads\/usu963\/2024\/02\/badasport2324-1086x1536.jpg 1086w, https:\/\/agora.xtec.cat\/ceipcascavell\/wp-content\/uploads\/usu963\/2024\/02\/badasport2324-1448x2048.jpg 1448w, https:\/\/agora.xtec.cat\/ceipcascavell\/wp-content\/uploads\/usu963\/2024\/02\/badasport2324.jpg 1754w\" sizes=\"auto, (max-width: 268px) 100vw, 268px\" \/><\/a><\/span><\/p>\n<ul>\n<li><strong>1r<\/strong> de prim\u00e0ria: <a href=\"https:\/\/badasport.wordpress.com\/badamotricitat\/\">Badamotri<\/a><\/li>\n<li><strong>2n<\/strong> de prim\u00e0ria: <a href=\"https:\/\/badasport.wordpress.com\/activitats-a-la-platja\/\">Badaplatja<\/a><\/li>\n<li><strong>3r<\/strong> de prim\u00e0ria: <a href=\"https:\/\/badasport.wordpress.com\/badajoc\/\">Badajoc<\/a><\/li>\n<li><strong>4t<\/strong> de prim\u00e0ria: <a href=\"https:\/\/badasport.wordpress.com\/curses-dorientacio\/\">Badaorientaci\u00f3<\/a><\/li>\n<li><strong>5\u00e8<\/strong> de prim\u00e0ria: <a href=\"https:\/\/badasport.wordpress.com\/badasport1\/\">Badatletisme<\/a><\/li>\n<li><strong>6\u00e8<\/strong> de prim\u00e0ria: <a href=\"https:\/\/badasport.wordpress.com\/korbada\/\">Badakorfball<\/a><\/li>\n<\/ul>\n<p>&nbsp;<\/p>\n","protected":false},"excerpt":{"rendered":"<p>Fa m\u00e9s de vint anys es va crear a Badalona un grup de treball format per Mestres d\u2019Educaci\u00f3 F\u00edsica de les diferents escoles de la ciutat amb l\u2019objectiu de treballar per oferir sortides esportives de qualitat per als alumnes de prim\u00e0ria.\u00a0 Tot i ser l\u2019Escola Cascavell una escola de Sant Adri\u00e0 de Bes\u00f2s, fa alguns [&hellip;]<\/p>\n","protected":false},"author":1,"featured_media":0,"parent":64,"menu_order":1,"comment_status":"closed","ping_status":"closed","template":"page-templates\/side-menu.php","meta":{"_bbp_topic_count":0,"_bbp_reply_count":0,"_bbp_total_topic_count":0,"_bbp_total_reply_count":0,"_bbp_voice_count":0,"_bbp_anonymous_reply_count":0,"_bbp_topic_count_hidden":0,"_bbp_reply_count_hidden":0,"_bbp_forum_subforum_count":0,"site-sidebar-layout":"default","site-content-layout":"","ast-site-content-layout":"","site-content-style":"default","site-sidebar-style":"default","ast-global-header-display":"","ast-banner-title-visibility":"","ast-main-header-display":"","ast-hfb-above-header-display":"","ast-hfb-below-header-display":"","ast-hfb-mobile-header-display":"","site-post-title":"","ast-breadcrumbs-content":"","ast-featured-img":"","footer-sml-layout":"","theme-transparent-header-meta":"","adv-header-id-meta":"","stick-header-meta":"","header-above-stick-meta":"","header-main-stick-meta":"","header-below-stick-meta":"","astra-migrate-meta-layouts":"default","ast-page-background-enabled":"default","ast-page-background-meta":{"desktop":{"background-color":"var(--ast-global-color-4)","background-image":"","background-repeat":"repeat","background-position":"center center","background-size":"auto","background-attachment":"scroll","background-type":"","background-media":"","overlay-type":"","overlay-color":"","overlay-opacity":"","overlay-gradient":""},"tablet":{"background-color":"","background-image":"","background-repeat":"repeat","background-position":"center center","background-size":"auto","background-attachment":"scroll","background-type":"","background-media":"","overlay-type":"","overlay-color":"","overlay-opacity":"","overlay-gradient":""},"mobile":{"background-color":"","background-image":"","background-repeat":"repeat","background-position":"center center","background-size":"auto","background-attachment":"scroll","background-type":"","background-media":"","overlay-type":"","overlay-color":"","overlay-opacity":"","overlay-gradient":""}},"ast-content-background-meta":{"desktop":{"background-color":"var(--ast-global-color-5)","background-image":"","background-repeat":"repeat","background-position":"center center","background-size":"auto","background-attachment":"scroll","background-type":"","background-media":"","overlay-type":"","overlay-color":"","overlay-opacity":"","overlay-gradient":""},"tablet":{"background-color":"var(--ast-global-color-5)","background-image":"","background-repeat":"repeat","background-position":"center center","background-size":"auto","background-attachment":"scroll","background-type":"","background-media":"","overlay-type":"","overlay-color":"","overlay-opacity":"","overlay-gradient":""},"mobile":{"background-color":"var(--ast-global-color-5)","background-image":"","background-repeat":"repeat","background-position":"center center","background-size":"auto","background-attachment":"scroll","background-type":"","background-media":"","overlay-type":"","overlay-color":"","overlay-opacity":"","overlay-gradient":""}},"footnotes":""},"class_list":["post-1590","page","type-page","status-publish","hentry"],"post_mailing_queue_ids":[],"_links":{"self":[{"href":"https:\/\/agora.xtec.cat\/ceipcascavell\/wp-json\/wp\/v2\/pages\/1590","targetHints":{"allow":["GET"]}}],"collection":[{"href":"https:\/\/agora.xtec.cat\/ceipcascavell\/wp-json\/wp\/v2\/pages"}],"about":[{"href":"https:\/\/agora.xtec.cat\/ceipcascavell\/wp-json\/wp\/v2\/types\/page"}],"author":[{"embeddable":true,"href":"https:\/\/agora.xtec.cat\/ceipcascavell\/wp-json\/wp\/v2\/users\/1"}],"replies":[{"embeddable":true,"href":"https:\/\/agora.xtec.cat\/ceipcascavell\/wp-json\/wp\/v2\/comments?post=1590"}],"version-history":[{"count":7,"href":"https:\/\/agora.xtec.cat\/ceipcascavell\/wp-json\/wp\/v2\/pages\/1590\/revisions"}],"predecessor-version":[{"id":3149,"href":"https:\/\/agora.xtec.cat\/ceipcascavell\/wp-json\/wp\/v2\/pages\/1590\/revisions\/3149"}],"up":[{"embeddable":true,"href":"https:\/\/agora.xtec.cat\/ceipcascavell\/wp-json\/wp\/v2\/pages\/64"}],"wp:attachment":[{"href":"https:\/\/agora.xtec.cat\/ceipcascavell\/wp-json\/wp\/v2\/media?parent=1590"}],"curies":[{"name":"wp","href":"https:\/\/api.w.org\/{rel}","templated":true}]}}