{"id":1588,"date":"2020-03-18T18:06:26","date_gmt":"2020-03-18T17:06:26","guid":{"rendered":"http:\/\/agora.xtec.cat\/ceipcascavell\/?page_id=1588"},"modified":"2024-02-11T12:59:34","modified_gmt":"2024-02-11T11:59:34","slug":"piscina","status":"publish","type":"page","link":"https:\/\/agora.xtec.cat\/ceipcascavell\/projecte-educatiu\/piscina\/","title":{"rendered":"Piscina"},"content":{"rendered":"<p style=\"text-align: justify;\"><span style=\"font-weight: 400;\">Des de fa anys, l&#8217;escola durant els dos primers trimestres <a href=\"https:\/\/agora.xtec.cat\/ceipcascavell\/wp-content\/uploads\/usu963\/2024\/02\/piscina.jpg\"><img loading=\"lazy\" decoding=\"async\" class=\" wp-image-3160 alignright\" src=\"https:\/\/agora.xtec.cat\/ceipcascavell\/wp-content\/uploads\/usu963\/2024\/02\/piscina-300x212.jpg\" alt=\"\" width=\"283\" height=\"200\" srcset=\"https:\/\/agora.xtec.cat\/ceipcascavell\/wp-content\/uploads\/usu963\/2024\/02\/piscina-300x212.jpg 300w, https:\/\/agora.xtec.cat\/ceipcascavell\/wp-content\/uploads\/usu963\/2024\/02\/piscina-1024x723.jpg 1024w, https:\/\/agora.xtec.cat\/ceipcascavell\/wp-content\/uploads\/usu963\/2024\/02\/piscina-768x542.jpg 768w, https:\/\/agora.xtec.cat\/ceipcascavell\/wp-content\/uploads\/usu963\/2024\/02\/piscina-1536x1085.jpg 1536w, https:\/\/agora.xtec.cat\/ceipcascavell\/wp-content\/uploads\/usu963\/2024\/02\/piscina.jpg 1975w\" sizes=\"auto, (max-width: 283px) 100vw, 283px\" \/><\/a>integra l&#8217;activitat de piscina amb l&#8217;alumnat de cicle inicial i cicle mitj\u00e0.\u00a0<\/span><\/p>\n<p style=\"text-align: justify;\"><span style=\"font-weight: 400;\">Per\u00a0 poder dur a terme aquesta proposta l&#8217;escola es va posar en contacte amb l\u2019<a href=\"https:\/\/www.sant-adria.cat\/\">ajuntament de Sant Adri\u00e0 del Bes\u00f2s<\/a> i conjuntament amb <a href=\"https:\/\/www.cembesos.com\/\">CEM BES\u00d2S<\/a>\u00a0 podem gaudir de les seves instal\u00b7lacions.\u00a0<\/span><\/p>\n<p style=\"text-align: justify;\"><span style=\"font-weight: 400;\">Aquesta activitat es realitza els dimarts (un grup) i els dimecres (un altre grup) de 9:15 a 11:15h. En el primer trimestre comen\u00e7a el cicle mitj\u00e0 i al segon trimestre el cicle inicial. Aix\u00ed incorporem una activitat complement\u00e0ria dins l&#8217;\u00e0rea d&#8217;educaci\u00f3 f\u00edsica que els permet, per una banda, aprendre a nedar i desenvolupar l&#8217;aparell locomotor del nen\/a i per l\u2019altre el treball de l\u2019autonomia personal. Aquesta activitat aqu\u00e0tica ajuda els nostres alumnes a ampliar la varietat d&#8217;activitats f\u00edsiques que es duen a terme al llarg de la seva escolaritzaci\u00f3.<\/span><\/p>\n<p style=\"text-align: center;\"><span style=\"text-decoration: underline;\"><b>CALENDARI<\/b><\/span><\/p>\n<table class=\" aligncenter\" style=\"height: 268px;\" width=\"482\">\n<tbody>\n<tr style=\"height: 31px;\">\n<td style=\"width: 105px; height: 31px; border-style: solid; border-color: #000000; background-color: #a8a2a2; text-align: center; vertical-align: middle;\"><b>MES<\/b><\/td>\n<td style=\"width: 174px; height: 31px; background-color: #84afe0; border-style: solid; border-color: #000000;\"><b>DIMARTS 9:15 a 11:15h<\/b><\/td>\n<td style=\"width: 193px; height: 31px; background-color: #84afe0; border-style: solid; border-color: #000000;\"><b>DIMECRES 9:15 a 11:15h<\/b><\/td>\n<\/tr>\n<tr style=\"height: 31px;\">\n<td style=\"width: 105px; height: 31px; background-color: #f5a962; border-color: #000000; border-style: solid; text-align: center; vertical-align: middle;\"><b>OCTUBRE<\/b><\/td>\n<td style=\"width: 174px; height: 31px; text-align: center; vertical-align: middle; border-style: double; border-color: #000000;\"><b>3r<\/b><\/td>\n<td style=\"width: 193px; height: 31px; text-align: center; vertical-align: middle; border-style: double; border-color: #000000;\"><b>4t<\/b><\/td>\n<\/tr>\n<tr style=\"height: 31px;\">\n<td style=\"width: 105px; height: 31px; background-color: #f5a962; border-color: #000000; border-style: solid; text-align: center; vertical-align: middle;\"><b>NOVEMBRE\u00a0<\/b><\/td>\n<td style=\"width: 174px; height: 31px; text-align: center; vertical-align: middle; border-style: double; border-color: #000000;\"><b>3r<\/b><\/td>\n<td style=\"width: 193px; height: 31px; text-align: center; vertical-align: middle; border-style: double; border-color: #000000;\"><b>4t<\/b><\/td>\n<\/tr>\n<tr style=\"height: 31px;\">\n<td style=\"width: 105px; height: 31px; background-color: #f5a962; border-color: #000000; border-style: solid; text-align: center; vertical-align: middle;\"><b>DECEMBRE<\/b><\/td>\n<td style=\"width: 174px; height: 31px; text-align: center; vertical-align: middle; border-style: double; border-color: #000000;\"><b>3r<\/b><\/td>\n<td style=\"width: 193px; height: 31px; text-align: center; vertical-align: middle; border-style: double; border-color: #000000;\"><b>4t<\/b><\/td>\n<\/tr>\n<tr style=\"height: 31px;\">\n<td style=\"width: 105px; height: 31px; background-color: #f5a962; border-color: #000000; border-style: solid; text-align: center; vertical-align: middle;\"><b>GENER<\/b><\/td>\n<td style=\"width: 174px; height: 31px; text-align: center; vertical-align: middle; border-style: double; border-color: #000000;\"><b>3r<\/b><\/td>\n<td style=\"width: 193px; height: 31px; text-align: center; vertical-align: middle; border-style: double; border-color: #000000;\"><b>4t<\/b><\/td>\n<\/tr>\n<tr style=\"height: 31px;\">\n<td style=\"width: 105px; height: 31px; background-color: #f5a962; border-color: #000000; border-style: solid; text-align: center; vertical-align: middle;\"><b>FEBRER<\/b><\/td>\n<td style=\"width: 174px; height: 31px; text-align: center; vertical-align: middle; border-style: double; border-color: #000000;\"><b>2n<\/b><\/td>\n<td style=\"width: 193px; height: 31px; text-align: center; vertical-align: middle; border-style: double; border-color: #000000;\"><b>1r<\/b><\/td>\n<\/tr>\n<tr style=\"height: 31px;\">\n<td style=\"width: 105px; height: 31px; background-color: #f5a962; border-color: #000000; border-style: solid; text-align: center; vertical-align: middle;\"><b>MAR\u00c7<\/b><\/td>\n<td style=\"width: 174px; height: 31px; text-align: center; vertical-align: middle; border-style: double; border-color: #000000;\"><b>2n<\/b><\/td>\n<td style=\"width: 193px; height: 31px; text-align: center; vertical-align: middle; border-style: double; border-color: #000000;\"><b>1r<\/b><\/td>\n<\/tr>\n<tr style=\"height: 31px;\">\n<td style=\"width: 105px; height: 31px; background-color: #f5a962; border-color: #000000; border-style: solid; text-align: center; vertical-align: middle;\"><b>ABRIL<\/b><\/td>\n<td style=\"width: 174px; height: 31px; text-align: center; vertical-align: middle; border-style: double; border-color: #000000;\"><b>2n<\/b><\/td>\n<td style=\"width: 193px; height: 31px; text-align: center; vertical-align: middle; border-style: double; border-color: #000000;\"><b>1r<\/b><\/td>\n<\/tr>\n<\/tbody>\n<\/table>\n<p>&nbsp;<\/p>\n","protected":false},"excerpt":{"rendered":"<p>Des de fa anys, l&#8217;escola durant els dos primers trimestres integra l&#8217;activitat de piscina amb l&#8217;alumnat de cicle inicial i cicle mitj\u00e0.\u00a0 Per\u00a0 poder dur a terme aquesta proposta l&#8217;escola es va posar en contacte amb l\u2019ajuntament de Sant Adri\u00e0 del Bes\u00f2s i conjuntament amb CEM BES\u00d2S\u00a0 podem gaudir de les seves instal\u00b7lacions.\u00a0 Aquesta activitat [&hellip;]<\/p>\n","protected":false},"author":1,"featured_media":0,"parent":64,"menu_order":6,"comment_status":"closed","ping_status":"closed","template":"page-templates\/side-menu.php","meta":{"_bbp_topic_count":0,"_bbp_reply_count":0,"_bbp_total_topic_count":0,"_bbp_total_reply_count":0,"_bbp_voice_count":0,"_bbp_anonymous_reply_count":0,"_bbp_topic_count_hidden":0,"_bbp_reply_count_hidden":0,"_bbp_forum_subforum_count":0,"site-sidebar-layout":"default","site-content-layout":"","ast-site-content-layout":"","site-content-style":"default","site-sidebar-style":"default","ast-global-header-display":"","ast-banner-title-visibility":"","ast-main-header-display":"","ast-hfb-above-header-display":"","ast-hfb-below-header-display":"","ast-hfb-mobile-header-display":"","site-post-title":"","ast-breadcrumbs-content":"","ast-featured-img":"","footer-sml-layout":"","theme-transparent-header-meta":"","adv-header-id-meta":"","stick-header-meta":"","header-above-stick-meta":"","header-main-stick-meta":"","header-below-stick-meta":"","astra-migrate-meta-layouts":"default","ast-page-background-enabled":"default","ast-page-background-meta":{"desktop":{"background-color":"var(--ast-global-color-4)","background-image":"","background-repeat":"repeat","background-position":"center center","background-size":"auto","background-attachment":"scroll","background-type":"","background-media":"","overlay-type":"","overlay-color":"","overlay-opacity":"","overlay-gradient":""},"tablet":{"background-color":"","background-image":"","background-repeat":"repeat","background-position":"center center","background-size":"auto","background-attachment":"scroll","background-type":"","background-media":"","overlay-type":"","overlay-color":"","overlay-opacity":"","overlay-gradient":""},"mobile":{"background-color":"","background-image":"","background-repeat":"repeat","background-position":"center center","background-size":"auto","background-attachment":"scroll","background-type":"","background-media":"","overlay-type":"","overlay-color":"","overlay-opacity":"","overlay-gradient":""}},"ast-content-background-meta":{"desktop":{"background-color":"var(--ast-global-color-5)","background-image":"","background-repeat":"repeat","background-position":"center center","background-size":"auto","background-attachment":"scroll","background-type":"","background-media":"","overlay-type":"","overlay-color":"","overlay-opacity":"","overlay-gradient":""},"tablet":{"background-color":"var(--ast-global-color-5)","background-image":"","background-repeat":"repeat","background-position":"center center","background-size":"auto","background-attachment":"scroll","background-type":"","background-media":"","overlay-type":"","overlay-color":"","overlay-opacity":"","overlay-gradient":""},"mobile":{"background-color":"var(--ast-global-color-5)","background-image":"","background-repeat":"repeat","background-position":"center center","background-size":"auto","background-attachment":"scroll","background-type":"","background-media":"","overlay-type":"","overlay-color":"","overlay-opacity":"","overlay-gradient":""}},"footnotes":""},"class_list":["post-1588","page","type-page","status-publish","hentry"],"post_mailing_queue_ids":[],"_links":{"self":[{"href":"https:\/\/agora.xtec.cat\/ceipcascavell\/wp-json\/wp\/v2\/pages\/1588","targetHints":{"allow":["GET"]}}],"collection":[{"href":"https:\/\/agora.xtec.cat\/ceipcascavell\/wp-json\/wp\/v2\/pages"}],"about":[{"href":"https:\/\/agora.xtec.cat\/ceipcascavell\/wp-json\/wp\/v2\/types\/page"}],"author":[{"embeddable":true,"href":"https:\/\/agora.xtec.cat\/ceipcascavell\/wp-json\/wp\/v2\/users\/1"}],"replies":[{"embeddable":true,"href":"https:\/\/agora.xtec.cat\/ceipcascavell\/wp-json\/wp\/v2\/comments?post=1588"}],"version-history":[{"count":7,"href":"https:\/\/agora.xtec.cat\/ceipcascavell\/wp-json\/wp\/v2\/pages\/1588\/revisions"}],"predecessor-version":[{"id":3162,"href":"https:\/\/agora.xtec.cat\/ceipcascavell\/wp-json\/wp\/v2\/pages\/1588\/revisions\/3162"}],"up":[{"embeddable":true,"href":"https:\/\/agora.xtec.cat\/ceipcascavell\/wp-json\/wp\/v2\/pages\/64"}],"wp:attachment":[{"href":"https:\/\/agora.xtec.cat\/ceipcascavell\/wp-json\/wp\/v2\/media?parent=1588"}],"curies":[{"name":"wp","href":"https:\/\/api.w.org\/{rel}","templated":true}]}}