{"id":882,"date":"2018-02-01T21:29:10","date_gmt":"2018-02-01T20:29:10","guid":{"rendered":"http:\/\/agora.xtec.cat\/ceipcansalvi\/?page_id=882"},"modified":"2018-03-19T15:47:59","modified_gmt":"2018-03-19T14:47:59","slug":"habits-saludables-i-seguretat-i-riscos","status":"publish","type":"page","link":"https:\/\/agora.xtec.cat\/ceipcansalvi\/projecte-educatiu\/habits-saludables-i-seguretat-i-riscos\/","title":{"rendered":"H\u00e0bits saludables i seguretat"},"content":{"rendered":"<p style=\"text-align: justify;\">Des de l&#8217;escola i seguint les directrius del Departament d\u2019Enseyament i el Departament de Salut, estem conven\u00e7uts de la import\u00e0ncia de l\u2019educaci\u00f3 per a la salut dels infants. Per aquest motiu, al llarg del curs realitzem diferents activitats i tallers per a fomentar la promoci\u00f3 de la salut.<\/p>\n<h4>Objectius:<\/h4>\n<div id=\"bloc1\" class=\"panel-collapse collapse in\">\n<div class=\"col-xs-12\">\n<div class=\"cos_bloc basic_text_peq pd-15\">\n<ul style=\"list-style-type: square;\">\n<li>Facilitar la promoci\u00f3 d&#8217;actituds i h\u00e0bits saludables (factors protectors) amb actuacions d&#8217;educaci\u00f3 per a la salut.<\/li>\n<li>Reduir els comportaments que poden afectar negativament la salut (factors de risc).<\/li>\n<li>Detecci\u00f3 preco\u00e7 dels problemes de salut a fi d&#8217;intervenir al m\u00e9s aviat possible.<\/li>\n<\/ul>\n<\/div>\n<\/div>\n<\/div>\n<h4>Activitats:<\/h4>\n<ul style=\"list-style-type: square;\">\n<li><a href=\"http:\/\/agora.xtec.cat\/ceipcansalvi\/projecte-educatiu\/habits-saludables-i-seguretat-i-riscos\/diadelafruita\/\">Dia de la fruita<\/a>.<\/li>\n<li>Higiene bucal a 1r i 6\u00e8.<\/li>\n<li>Taller d\u2019esmorzars saludables a1r<\/li>\n<li>Taller <span class=\"m_4576277231149301726textbase1\">Saps com protegir-te del sol?&#8221; a 3r<\/span><\/li>\n<li><span class=\"m_4576277231149301726textbase1\">Taller d&#8217;h\u00e0bits nutricionals saludables a 4t.<\/span><\/li>\n<li><span class=\"m_4576277231149301726textbase1\">Taller <\/span>d\u2019autoprotecci\u00f3 b\u00e0sic: PAS (Protegir, Avisar, Soc\u00f3rrer) a 5\u00e8.<\/li>\n<li>Taller sobre els canvis en l&#8217;adolesc\u00e8ncia o prevenci\u00f3 del tabac a 6\u00e8.<\/li>\n<li>Educaci\u00f3 vial P5 i 6\u00e8.<\/li>\n<li><a href=\"https:\/\/www.youtube.com\/watch?v=hd6rWZMi770\">Activitats de Civisme vial en col\u00b7laboraci\u00f3 amb la Gu\u00e0rdia urbana del municipi 3r.<\/a><\/li>\n<li>Activitats de promoci\u00f3 de l&#8217;esport en col\u00b7laboraci\u00f3 amb el Patronat Municipal d&#8217;Esports.<\/li>\n<\/ul>\n","protected":false},"excerpt":{"rendered":"<p>Des de l&#8217;escola i seguint les directrius del Departament d\u2019Enseyament i el Departament de Salut, estem conven\u00e7uts de la import\u00e0ncia de l\u2019educaci\u00f3 per a la salut dels infants. Per aquest motiu, al llarg del curs realitzem diferents activitats i tallers per a fomentar la promoci\u00f3&hellip;  <a href=\"https:\/\/agora.xtec.cat\/ceipcansalvi\/projecte-educatiu\/habits-saludables-i-seguretat-i-riscos\/\" title=\"Read H\u00e0bits saludables i seguretat\">Llegeix m\u00e9s\u00bb<\/a><\/p>\n","protected":false},"author":1,"featured_media":0,"parent":64,"menu_order":7,"comment_status":"closed","ping_status":"closed","template":"page-templates\/side-menu.php","meta":{"_bbp_topic_count":0,"_bbp_reply_count":0,"_bbp_total_topic_count":0,"_bbp_total_reply_count":0,"_bbp_voice_count":0,"_bbp_anonymous_reply_count":0,"_bbp_topic_count_hidden":0,"_bbp_reply_count_hidden":0,"_bbp_forum_subforum_count":0,"footnotes":""},"class_list":["post-882","page","type-page","status-publish","hentry"],"post_mailing_queue_ids":[],"_links":{"self":[{"href":"https:\/\/agora.xtec.cat\/ceipcansalvi\/wp-json\/wp\/v2\/pages\/882","targetHints":{"allow":["GET"]}}],"collection":[{"href":"https:\/\/agora.xtec.cat\/ceipcansalvi\/wp-json\/wp\/v2\/pages"}],"about":[{"href":"https:\/\/agora.xtec.cat\/ceipcansalvi\/wp-json\/wp\/v2\/types\/page"}],"author":[{"embeddable":true,"href":"https:\/\/agora.xtec.cat\/ceipcansalvi\/wp-json\/wp\/v2\/users\/1"}],"replies":[{"embeddable":true,"href":"https:\/\/agora.xtec.cat\/ceipcansalvi\/wp-json\/wp\/v2\/comments?post=882"}],"version-history":[{"count":4,"href":"https:\/\/agora.xtec.cat\/ceipcansalvi\/wp-json\/wp\/v2\/pages\/882\/revisions"}],"predecessor-version":[{"id":1220,"href":"https:\/\/agora.xtec.cat\/ceipcansalvi\/wp-json\/wp\/v2\/pages\/882\/revisions\/1220"}],"up":[{"embeddable":true,"href":"https:\/\/agora.xtec.cat\/ceipcansalvi\/wp-json\/wp\/v2\/pages\/64"}],"wp:attachment":[{"href":"https:\/\/agora.xtec.cat\/ceipcansalvi\/wp-json\/wp\/v2\/media?parent=882"}],"curies":[{"name":"wp","href":"https:\/\/api.w.org\/{rel}","templated":true}]}}