{"id":789,"date":"2018-01-25T13:52:20","date_gmt":"2018-01-25T12:52:20","guid":{"rendered":"http:\/\/agora.xtec.cat\/ceipcansalvi\/?page_id=789"},"modified":"2024-11-14T16:08:26","modified_gmt":"2024-11-14T15:08:26","slug":"racons","status":"publish","type":"page","link":"https:\/\/agora.xtec.cat\/ceipcansalvi\/activitats\/racons\/","title":{"rendered":"Racons"},"content":{"rendered":"<p>A l&#8217;escola Can Salvi fem microespais i racons a Educaci\u00f3 Infantil i a Cicle Inicial i racons a tota prim\u00e0ria.<\/p>\n<h4><strong>RACONS<\/strong><\/h4>\n<p>Els racons tenen com a objectiu que l\u2019alumnat treballi de forma aut\u00f2noma, individual, en parelles o en petit grup, en diferents espais dins de l\u2019aula, amb material divers i respectant<br \/>\nels diversos ritmes de treball.<br \/>\nEls racons pretenen:<\/p>\n<ul>\n<li>Atendre la variabilitat de l\u2019alumnat.<\/li>\n<li>Fomentar la socialitzaci\u00f3, col\u00b7laboraci\u00f3, respecte i ajuda m\u00fatua de l\u2019alumnat dins el grup classe.<\/li>\n<li>Potenciar la responsabilitat i la iniciativa personal de l\u2019alumnat: escollint la tasca adequada, el material&#8230;<\/li>\n<li>Desenvolupar h\u00e0bits d\u2019autonomia i d\u2019organitzaci\u00f3 personal a partir d\u2019una proposta donada.<\/li>\n<li>Realitzar tasques creatives, l\u00fadiques, treball lliure, etc.<\/li>\n<li>Autoavaluar-se perqu\u00e8 l\u2019alumnat aprengui dels seus propis errors.<\/li>\n<li>Aprendre jugant tot gaudint de l\u2019activitat.<\/li>\n<\/ul>\n<h4 style=\"text-align: justify;\"><strong>MICROESPAIS<\/strong><\/h4>\n<p>Els microespais s\u00f3n una metodologia que es duu a terme a Educaci\u00f3 Infantil i a cicle inicial. Consisteixen en crear diferents espais dins de l\u2019aula. S\u00f3n propostes que estan relacionades amb el desenvolupament de les capacitats establertes en el curr\u00edculum. Aix\u00ed doncs, hi ha propostes relacionades amb la motricitat fina, amb la vessant art\u00edstica, iniciaci\u00f3 amb els nombres i les lletres, el joc simb\u00f2lic, l&#8217;\u00e0mbit matem\u00e0tic, etc.<\/p>\n<p>Aquesta metodologia de treball ens permet fer diferents propostes simult\u00e0nies a l\u2019aula oferint la possibilitat als infants de:<\/p>\n<ul>\n<li>Desenvolupar la seva autonomia, triant lliurement entre diferents propostes.<\/li>\n<li>Aprendre al seu ritme, ja que les propostes s\u00f3n obertes i contemplen diferents graus de dificultat.<\/li>\n<li>Desenvolupar la iniciativa, la recerca, la creativitat i l\u2019expressi\u00f3 a trav\u00e9s de diferents llenguatges.<\/li>\n<\/ul>\n<p>&nbsp;<\/p>\n<p style=\"text-align: justify;\">\n<p style=\"text-align: justify;\">\n<p style=\"text-align: justify;\">\n<p style=\"text-align: justify;\">\n<p style=\"text-align: justify;\">\n<p>&nbsp;<\/p>\n<p>&nbsp;<\/p>\n","protected":false},"excerpt":{"rendered":"<p>A l&#8217;escola Can Salvi fem microespais i racons a Educaci\u00f3 Infantil i a Cicle Inicial i racons a tota prim\u00e0ria.<br \/>\nRACONS<br \/>\nEls racons tenen com a objectiu que l\u2019alumnat treballi de forma aut\u00f2noma, individual, en parelles o en petit grup, en diferents espais dins de l\u2019aula, amb&hellip;  <a href=\"https:\/\/agora.xtec.cat\/ceipcansalvi\/activitats\/racons\/\" title=\"Read Racons\">Llegeix m\u00e9s\u00bb<\/a><\/p>\n","protected":false},"author":1,"featured_media":0,"parent":798,"menu_order":7,"comment_status":"closed","ping_status":"closed","template":"page-templates\/side-menu.php","meta":{"_bbp_topic_count":0,"_bbp_reply_count":0,"_bbp_total_topic_count":0,"_bbp_total_reply_count":0,"_bbp_voice_count":0,"_bbp_anonymous_reply_count":0,"_bbp_topic_count_hidden":0,"_bbp_reply_count_hidden":0,"_bbp_forum_subforum_count":0,"footnotes":""},"class_list":["post-789","page","type-page","status-publish","hentry"],"post_mailing_queue_ids":[],"_links":{"self":[{"href":"https:\/\/agora.xtec.cat\/ceipcansalvi\/wp-json\/wp\/v2\/pages\/789","targetHints":{"allow":["GET"]}}],"collection":[{"href":"https:\/\/agora.xtec.cat\/ceipcansalvi\/wp-json\/wp\/v2\/pages"}],"about":[{"href":"https:\/\/agora.xtec.cat\/ceipcansalvi\/wp-json\/wp\/v2\/types\/page"}],"author":[{"embeddable":true,"href":"https:\/\/agora.xtec.cat\/ceipcansalvi\/wp-json\/wp\/v2\/users\/1"}],"replies":[{"embeddable":true,"href":"https:\/\/agora.xtec.cat\/ceipcansalvi\/wp-json\/wp\/v2\/comments?post=789"}],"version-history":[{"count":5,"href":"https:\/\/agora.xtec.cat\/ceipcansalvi\/wp-json\/wp\/v2\/pages\/789\/revisions"}],"predecessor-version":[{"id":3146,"href":"https:\/\/agora.xtec.cat\/ceipcansalvi\/wp-json\/wp\/v2\/pages\/789\/revisions\/3146"}],"up":[{"embeddable":true,"href":"https:\/\/agora.xtec.cat\/ceipcansalvi\/wp-json\/wp\/v2\/pages\/798"}],"wp:attachment":[{"href":"https:\/\/agora.xtec.cat\/ceipcansalvi\/wp-json\/wp\/v2\/media?parent=789"}],"curies":[{"name":"wp","href":"https:\/\/api.w.org\/{rel}","templated":true}]}}