{"id":759,"date":"2018-01-15T16:25:33","date_gmt":"2018-01-15T15:25:33","guid":{"rendered":"http:\/\/agora.xtec.cat\/ceipcansalvi\/?page_id=759"},"modified":"2019-04-25T12:56:23","modified_gmt":"2019-04-25T10:56:23","slug":"projecte-ilec","status":"publish","type":"page","link":"https:\/\/agora.xtec.cat\/ceipcansalvi\/projecte-educatiu\/projecte-ilec\/","title":{"rendered":"Projecte Ling\u00fc\u00edstic del Centre"},"content":{"rendered":"<p style=\"text-align: justify;\">L&#8217;escola Can Salvi ha participat en el projecte ILEC (Impuls a la lectura) durant tres cursos acad\u00e8mics. Aquest projecte forma part del <strong>Pla Nacional de Lectura <\/strong>que impulsa el Departament d&#8217;Ensenyament amb l&#8217;objectiu estrat\u00e8gic la <strong>millora de l&#8217;\u00e8xit escolar<\/strong> de tots els alumnes.<\/p>\n<p style=\"text-align: justify;\">Amb aquest projecte es potencia la lectura sistem\u00e0tica en totes les \u00e0rees i mat\u00e8ries del curr\u00edculum al llarg de tota l&#8217;educaci\u00f3 b\u00e0sica per augmentar la compet\u00e8ncia comunicativa ling\u00fc\u00edstica i el desenvolupament de l&#8217;h\u00e0bit lector dels infants i joves, tenint present que la compet\u00e8ncia lectora \u00e9s a la base de molts dels\u00a0aprenentatges i un requisit per participar amb \u00e8xit en bona part dels \u00e0mbits de la vida adulta.<\/p>\n<p style=\"text-align: justify;\">Gr\u00e0cies a aquesta formaci\u00f3 el professorat de la nostra escola ha obtingut eines, orientacions, recursos, materials did\u00e0ctics i ha compartit bones pr\u00e0ctiques per treballar amb els alumnes la comprensi\u00f3 lectora, per tal que aquests vagin incorporant i sistematitzant estrat\u00e8gies lectores com a eix vertebrador dels aprenentatges.<\/p>\n<p style=\"text-align: justify;\"><img decoding=\"async\" class=\"aligncenter\" src=\"http:\/\/ensenyament.gencat.cat\/web\/.content\/home\/arees-actuacio\/centres-serveis-educatius\/projectes-educatius\/ambit-curricular\/impuls-lectura\/impulsm.jpg\" alt=\"http:\/\/ensenyament.gencat.cat\/web\/.content\/home\/arees-actuacio\/centres-serveis-educatius\/projectes-educatius\/ambit-curricular\/impuls-lectura\/impulsm.jpg\" \/><\/p>\n<p style=\"text-align: center;\"><a href=\"http:\/\/xtec.gencat.cat\/ca\/projectes\/lectura\/impulslectura\/\">Aqu\u00ed trobareu m\u00e9s informaci\u00f3<\/a>.<\/p>\n","protected":false},"excerpt":{"rendered":"<p>L&#8217;escola Can Salvi ha participat en el projecte ILEC (Impuls a la lectura) durant tres cursos acad\u00e8mics. Aquest projecte forma part del Pla Nacional de Lectura que impulsa el Departament d&#8217;Ensenyament amb l&#8217;objectiu estrat\u00e8gic la millora de l&#8217;\u00e8xit escolar de tots els alumnes.<br \/>\nAmb aquest projecte&hellip;  <a href=\"https:\/\/agora.xtec.cat\/ceipcansalvi\/projecte-educatiu\/projecte-ilec\/\" title=\"Read Projecte Ling\u00fc\u00edstic del Centre\">Llegeix m\u00e9s\u00bb<\/a><\/p>\n","protected":false},"author":1,"featured_media":0,"parent":64,"menu_order":3,"comment_status":"closed","ping_status":"closed","template":"page-templates\/side-menu.php","meta":{"_bbp_topic_count":0,"_bbp_reply_count":0,"_bbp_total_topic_count":0,"_bbp_total_reply_count":0,"_bbp_voice_count":0,"_bbp_anonymous_reply_count":0,"_bbp_topic_count_hidden":0,"_bbp_reply_count_hidden":0,"_bbp_forum_subforum_count":0,"footnotes":""},"class_list":["post-759","page","type-page","status-publish","hentry"],"post_mailing_queue_ids":[],"_links":{"self":[{"href":"https:\/\/agora.xtec.cat\/ceipcansalvi\/wp-json\/wp\/v2\/pages\/759","targetHints":{"allow":["GET"]}}],"collection":[{"href":"https:\/\/agora.xtec.cat\/ceipcansalvi\/wp-json\/wp\/v2\/pages"}],"about":[{"href":"https:\/\/agora.xtec.cat\/ceipcansalvi\/wp-json\/wp\/v2\/types\/page"}],"author":[{"embeddable":true,"href":"https:\/\/agora.xtec.cat\/ceipcansalvi\/wp-json\/wp\/v2\/users\/1"}],"replies":[{"embeddable":true,"href":"https:\/\/agora.xtec.cat\/ceipcansalvi\/wp-json\/wp\/v2\/comments?post=759"}],"version-history":[{"count":4,"href":"https:\/\/agora.xtec.cat\/ceipcansalvi\/wp-json\/wp\/v2\/pages\/759\/revisions"}],"predecessor-version":[{"id":1689,"href":"https:\/\/agora.xtec.cat\/ceipcansalvi\/wp-json\/wp\/v2\/pages\/759\/revisions\/1689"}],"up":[{"embeddable":true,"href":"https:\/\/agora.xtec.cat\/ceipcansalvi\/wp-json\/wp\/v2\/pages\/64"}],"wp:attachment":[{"href":"https:\/\/agora.xtec.cat\/ceipcansalvi\/wp-json\/wp\/v2\/media?parent=759"}],"curies":[{"name":"wp","href":"https:\/\/api.w.org\/{rel}","templated":true}]}}