{"id":755,"date":"2018-01-15T16:24:43","date_gmt":"2018-01-15T15:24:43","guid":{"rendered":"http:\/\/agora.xtec.cat\/ceipcansalvi\/?page_id=755"},"modified":"2018-02-05T15:21:02","modified_gmt":"2018-02-05T14:21:02","slug":"concurs-the-fonix","status":"publish","type":"page","link":"https:\/\/agora.xtec.cat\/ceipcansalvi\/activitats\/concurs-the-fonix\/","title":{"rendered":"Concurs The Fonix"},"content":{"rendered":"<p style=\"text-align: justify;\"><span style=\"color: #333333; font-family: Open\\ Sans, sans-serif;\">Aquest any l&#8217;escola Can Salvi tornar\u00e0 a participar en T<\/span>HE FONIX.<\/p>\n<p style=\"text-align: justify;\">THE FONIX \u00e9s un concurs escolar d\u2019angl\u00e8s dissenyat per afavorir l\u2019aprenentatge de la llengua anglesa dels alumnes de prim\u00e0ria, secund\u00e0ria i batxillerat i dels alumnes dels centres d\u2019educaci\u00f3 d\u2019adults. La participaci\u00f3 en el concurs es fa exclusivament a trav\u00e9s del centre on l\u2019alumne est\u00e0 matriculat.<\/p>\n<p style=\"text-align: justify;\"><span style=\"color: #333333; font-family: Open\\ Sans, sans-serif;\">Aquest any les bases del concurs han canviat i nom\u00e9s podem participar amb un grup de 3 alumnes de 6\u00e8 que presentaran un\u00a0<\/span>mini-projecte en format presentaci\u00f3 animada, mini-v\u00eddeo&#8230; Despr\u00e9s es publicaran els projectes a YouTube i el p\u00fablic far\u00e0 la votaci\u00f3 a YouTube\u00a0(15% de la puntuaci\u00f3) + votaci\u00f3 comit\u00e8 organitzador (85% de la puntuaci\u00f3).<\/p>\n<div style=\"text-align: justify;\">Desitgem molta sort als nostres alumnes representants!<\/div>\n<p>&nbsp;<\/p>\n<p><a href=\"http:\/\/the-fonix.org\/\" target=\"_blank\" rel=\"noopener noreferrer\">Aqu\u00ed podeu trobar m\u00e9s informaci\u00f3!<\/a><\/p>\n","protected":false},"excerpt":{"rendered":"<p>Aquest any l&#8217;escola Can Salvi tornar\u00e0 a participar en THE FONIX.<br \/>\nTHE FONIX \u00e9s un concurs escolar d\u2019angl\u00e8s dissenyat per afavorir l\u2019aprenentatge de la llengua anglesa dels alumnes de prim\u00e0ria, secund\u00e0ria i batxillerat i dels alumnes dels centres d\u2019educaci\u00f3 d\u2019adults. La participaci\u00f3 en el concurs es&hellip;  <a href=\"https:\/\/agora.xtec.cat\/ceipcansalvi\/activitats\/concurs-the-fonix\/\" title=\"Read Concurs The Fonix\">Llegeix m\u00e9s\u00bb<\/a><\/p>\n","protected":false},"author":1,"featured_media":0,"parent":798,"menu_order":4,"comment_status":"closed","ping_status":"closed","template":"page-templates\/side-menu.php","meta":{"_bbp_topic_count":0,"_bbp_reply_count":0,"_bbp_total_topic_count":0,"_bbp_total_reply_count":0,"_bbp_voice_count":0,"_bbp_anonymous_reply_count":0,"_bbp_topic_count_hidden":0,"_bbp_reply_count_hidden":0,"_bbp_forum_subforum_count":0,"footnotes":""},"class_list":["post-755","page","type-page","status-publish","hentry"],"post_mailing_queue_ids":[],"_links":{"self":[{"href":"https:\/\/agora.xtec.cat\/ceipcansalvi\/wp-json\/wp\/v2\/pages\/755","targetHints":{"allow":["GET"]}}],"collection":[{"href":"https:\/\/agora.xtec.cat\/ceipcansalvi\/wp-json\/wp\/v2\/pages"}],"about":[{"href":"https:\/\/agora.xtec.cat\/ceipcansalvi\/wp-json\/wp\/v2\/types\/page"}],"author":[{"embeddable":true,"href":"https:\/\/agora.xtec.cat\/ceipcansalvi\/wp-json\/wp\/v2\/users\/1"}],"replies":[{"embeddable":true,"href":"https:\/\/agora.xtec.cat\/ceipcansalvi\/wp-json\/wp\/v2\/comments?post=755"}],"version-history":[{"count":3,"href":"https:\/\/agora.xtec.cat\/ceipcansalvi\/wp-json\/wp\/v2\/pages\/755\/revisions"}],"predecessor-version":[{"id":838,"href":"https:\/\/agora.xtec.cat\/ceipcansalvi\/wp-json\/wp\/v2\/pages\/755\/revisions\/838"}],"up":[{"embeddable":true,"href":"https:\/\/agora.xtec.cat\/ceipcansalvi\/wp-json\/wp\/v2\/pages\/798"}],"wp:attachment":[{"href":"https:\/\/agora.xtec.cat\/ceipcansalvi\/wp-json\/wp\/v2\/media?parent=755"}],"curies":[{"name":"wp","href":"https:\/\/api.w.org\/{rel}","templated":true}]}}