{"id":602,"date":"2015-06-12T13:07:04","date_gmt":"2015-06-12T12:07:04","guid":{"rendered":"http:\/\/agora.xtec.cat\/ceipcanmanent\/?page_id=602"},"modified":"2019-12-05T15:38:46","modified_gmt":"2019-12-05T14:38:46","slug":"lhort-escolar-ecologic","status":"publish","type":"page","link":"https:\/\/agora.xtec.cat\/ceipcanmanent\/activitats\/lhort-escolar-ecologic\/","title":{"rendered":"L\u00b4Hort"},"content":{"rendered":"<p id=\"E236\"><span id=\"E238\"> <\/span><span id=\"E241\"><em><span id=\"E238\">TALLER:<\/span><span id=\"E239\"> \u201cHort Escolar \u201d<\/span> <\/em><\/span><\/p>\n<p id=\"E222\"><span id=\"E223\"><\/span><span id=\"E245\"> <\/span><strong><span id=\"E246\">INTRODUCCI\u00d3<\/span><\/strong><\/p>\n<p id=\"E247\"><span id=\"E248\">En el moment actual hi ha un tema d\u2019import\u00e0ncia vital que creiem que cal treballar: l\u2019\u00fas sostenible dels recursos naturals.<\/span><\/p>\n<p id=\"E249\"><span id=\"E250\">El convenciment que l\u2019escola \u00e9s un dels marcs idonis per a l\u2019adquisici\u00f3 de valors i per al desenvolupament d\u2019actituds responsables envers la natura ens va estimular a tirar endavant la idea d\u2019un hort ecol\u00f2gic escolar.<\/span><\/p>\n<table style=\"height: 130px; width: 803px;\">\n<tbody>\n<tr>\n<td style=\"width: 347px;\"><a href=\"http:\/\/agora.xtec.cat\/ceipcanmanent\/wp-content\/uploads\/usu153\/2015\/08\/miniIMG_20150329_000013.jpg\"><img loading=\"lazy\" decoding=\"async\" class=\"wp-image-1230 size-medium alignright\" src=\"http:\/\/agora.xtec.cat\/ceipcanmanent\/wp-content\/uploads\/usu153\/2015\/08\/miniIMG_20150329_000013-300x225.jpg\" alt=\"miniIMG_20150329_000013\" width=\"300\" height=\"225\" srcset=\"https:\/\/agora.xtec.cat\/ceipcanmanent\/wp-content\/uploads\/usu153\/2015\/08\/miniIMG_20150329_000013-300x225.jpg 300w, https:\/\/agora.xtec.cat\/ceipcanmanent\/wp-content\/uploads\/usu153\/2015\/08\/miniIMG_20150329_000013.jpg 1024w, https:\/\/agora.xtec.cat\/ceipcanmanent\/wp-content\/uploads\/usu153\/2015\/08\/miniIMG_20150329_000013-200x150.jpg 200w\" sizes=\"auto, (max-width: 300px) 100vw, 300px\" \/><\/a><\/td>\n<td style=\"width: 448px;\"><a href=\"http:\/\/agora.xtec.cat\/ceipcanmanent\/wp-content\/uploads\/usu153\/2017\/04\/carabassa3.jpg\"><img loading=\"lazy\" decoding=\"async\" class=\"aligncenter size-full wp-image-2596\" src=\"http:\/\/agora.xtec.cat\/ceipcanmanent\/wp-content\/uploads\/usu153\/2017\/04\/carabassa3.jpg\" alt=\"carabassa3\" width=\"4352\" height=\"2448\" srcset=\"https:\/\/agora.xtec.cat\/ceipcanmanent\/wp-content\/uploads\/usu153\/2017\/04\/carabassa3.jpg 4352w, https:\/\/agora.xtec.cat\/ceipcanmanent\/wp-content\/uploads\/usu153\/2017\/04\/carabassa3-300x169.jpg 300w, https:\/\/agora.xtec.cat\/ceipcanmanent\/wp-content\/uploads\/usu153\/2017\/04\/carabassa3-768x432.jpg 768w, https:\/\/agora.xtec.cat\/ceipcanmanent\/wp-content\/uploads\/usu153\/2017\/04\/carabassa3-1024x576.jpg 1024w\" sizes=\"auto, (max-width: 4352px) 100vw, 4352px\" \/><\/a><\/td>\n<\/tr>\n<\/tbody>\n<\/table>\n<div id=\"contentsContainer\">\n<div id=\"contents\">\n<p id=\"E280\"><strong><span id=\"E281\">CARACTER\u00cdSTIQUES DEL NOSTRE HORT <\/span><\/strong><\/p>\n<p id=\"E282\"><span id=\"E283\">Est\u00e0 situat en una zona per damunt de les grades de la pista esportiva que ja es va deixar sense cimentar en el seu moment. \u00c9s un triangle d\u2019uns <\/span><span id=\"E284\"> 66<\/span><span id=\"E285\"> m<\/span><span id=\"E286\">etres quadrats,<\/span><span id=\"E287\"> on s\u2019ha disposat tamb\u00e9 una zona de pas allargassada a base de plataformes de fusta tractada.<\/span><\/p>\n<p id=\"E288\"><span id=\"E289\">\u00a0 <span style=\"text-decoration: underline;\">Es tri\u00e0 aquesta ubicaci\u00f3 per diversos motius:<\/span><\/span><\/p>\n<ul>\n<li id=\"E290\"><span id=\"E291\">No hi ha altres espais del centre m\u00e9s adeq\u00fcats a l\u2019esco<\/span><span id=\"E292\">la: altres indrets o b\u00e9 tenen poca llum solar i <\/span><span id=\"E293\">el subs\u00f2l est\u00e0 ocupat per canonades<\/span><span id=\"E294\"> o tenen massa pendent per un tal\u00fas que el delimita.<\/span><\/li>\n<li id=\"E295\"><span id=\"E296\">Aquest espai ja es va deixar sense cimentar per ser aprofitat per aquests usos<\/span><span id=\"E297\">.<\/span><\/li>\n<li id=\"E298\" class=\"qowt-li-3_0 qowt-list\"><span id=\"E299\">El triangle est\u00e0 delimitat per un petit muret que el converteix en un gran bancal elevat.<\/span><\/li>\n<li id=\"E300\"><span id=\"E301\">La proximitat a la connexi\u00f3 del sistema de reg per <\/span><span id=\"E302\">de<\/span><span id=\"E303\">goteig de les zones enjardinades del pati.<\/span><\/li>\n<\/ul>\n<p id=\"E317\"><span id=\"E318\">Es preveu <\/span><span id=\"E319\"> tenir plan<\/span><span id=\"E320\">tes arom\u00e0tiques permanents que manten<\/span><span id=\"E321\"> l\u2019atractiu de l\u2019hort, fins<\/span><span id=\"E322\"> <\/span><span id=\"E323\">i tot en \u00e8poques de poca activitat.<\/span><\/p>\n<p id=\"E326\"><span id=\"E327\">Fora de les parades es plantaren aquelles varietats que no es renoven cada any (carxoferes,<\/span><span id=\"E328\"> <\/span><span id=\"E329\">maduixeres&#8230;), <\/span><span id=\"E330\">i <\/span><span id=\"E331\">plantes de flor per atraure insec<\/span><span id=\"E332\">tes beneficiosos.<\/span><\/p>\n<p id=\"E333\"><span id=\"E334\">En el mateix reci<\/span><span id=\"E335\">nte de l\u2019hort s\u2019instal\u00b7laren<\/span><span id=\"E336\"> compostadors, destinats a reciclar la mat\u00e8ria<\/span><span id=\"E337\"> <\/span><span id=\"E338\">org\u00e0nica procedent del mateix hort i la que hi aporten els alumnes.<\/span><\/p>\n<p>&nbsp;<\/p>\n<p id=\"E342\"><strong><span id=\"E343\">JUSTIFICACI\u00d3<\/span><\/strong><\/p>\n<p id=\"E344\"><span id=\"E345\">Per qu\u00e8 un hort escolar ecol\u00f2gic?<\/span><\/p>\n<p id=\"E346\"><span id=\"E347\">Tenir a la vora un hort ecol\u00f2gic i poder-lo treballar permet establir lligams amb la terra a un alumnat de proced\u00e8ncia diversa que <\/span><span id=\"E348\">normalment <\/span><span id=\"E349\">mant\u00e9 poc contacte amb la natura.<\/span><\/p>\n<\/div>\n<\/div>\n<div id=\"contentsContainer\">\n<div id=\"contents\">\n<p id=\"E352\"><span id=\"E353\">\u00c9s un laboratori natural per l\u2019\u00e0rea de Ci\u00e8ncies.<\/span><\/p>\n<p id=\"E354\"><span id=\"E355\">El fet d\u2019haver de tenir cura de l\u2019hort posa tot l\u2019alumnat en situaci\u00f3 d\u2019igualtat, ja que hi poden treballar amb possibilitats d\u2019\u00e8xit alumnes nouvinguts, disminu\u00efts, amb necessitats d\u2019educaci\u00f3 especial&#8230; I els nens i les nenes poden realitzar les mateixes feines, sense discriminaci\u00f3 per ra\u00f3 de g\u00e8nere.<\/span><\/p>\n<p id=\"E356\"><span id=\"E357\">A trav\u00e9s del contacte amb l\u2019hort i del treball que s\u2019hi realitza s\u2019afavoreix l\u2019adquisici\u00f3 de diferents valors: responsabilitat, cooperaci\u00f3, respecte pel medi ambient, biodiversitat, consum responsable, estalvi, alimentaci\u00f3 saludable<\/span><span id=\"E358\">&#8230;<\/span><\/p>\n<table>\n<tbody>\n<tr>\n<td><a href=\"http:\/\/agora.xtec.cat\/ceipcanmanent\/wp-content\/uploads\/usu153\/2017\/04\/tigre2mini.jpg\"><img loading=\"lazy\" decoding=\"async\" class=\"aligncenter wp-image-2599 size-large\" src=\"http:\/\/agora.xtec.cat\/ceipcanmanent\/wp-content\/uploads\/usu153\/2017\/04\/tigre2mini-1024x576.jpg\" alt=\"-tigre2mini\" width=\"1024\" height=\"576\" srcset=\"https:\/\/agora.xtec.cat\/ceipcanmanent\/wp-content\/uploads\/usu153\/2017\/04\/tigre2mini-1024x576.jpg 1024w, https:\/\/agora.xtec.cat\/ceipcanmanent\/wp-content\/uploads\/usu153\/2017\/04\/tigre2mini-300x169.jpg 300w, https:\/\/agora.xtec.cat\/ceipcanmanent\/wp-content\/uploads\/usu153\/2017\/04\/tigre2mini-768x432.jpg 768w, https:\/\/agora.xtec.cat\/ceipcanmanent\/wp-content\/uploads\/usu153\/2017\/04\/tigre2mini.jpg 1636w\" sizes=\"auto, (max-width: 1024px) 100vw, 1024px\" \/><\/a><\/td>\n<td><a href=\"http:\/\/agora.xtec.cat\/ceipcanmanent\/wp-content\/uploads\/usu153\/2017\/03\/DSC_0223.jpg\"><img loading=\"lazy\" decoding=\"async\" class=\"aligncenter wp-image-2541 size-large\" src=\"http:\/\/agora.xtec.cat\/ceipcanmanent\/wp-content\/uploads\/usu153\/2017\/03\/DSC_0223-614x1024.jpg\" alt=\"dsc_0223\" width=\"614\" height=\"1024\" srcset=\"https:\/\/agora.xtec.cat\/ceipcanmanent\/wp-content\/uploads\/usu153\/2017\/03\/DSC_0223-614x1024.jpg 614w, https:\/\/agora.xtec.cat\/ceipcanmanent\/wp-content\/uploads\/usu153\/2017\/03\/DSC_0223-180x300.jpg 180w, https:\/\/agora.xtec.cat\/ceipcanmanent\/wp-content\/uploads\/usu153\/2017\/03\/DSC_0223-768x1280.jpg 768w, https:\/\/agora.xtec.cat\/ceipcanmanent\/wp-content\/uploads\/usu153\/2017\/03\/DSC_0223.jpg 1080w\" sizes=\"auto, (max-width: 614px) 100vw, 614px\" \/><\/a><\/td>\n<td><a href=\"https:\/\/agora.xtec.cat\/ceipcanmanent\/wp-content\/uploads\/usu153\/2015\/08\/miniIMG_20150329_000005.jpg\"><img loading=\"lazy\" decoding=\"async\" class=\"aligncenter size-large wp-image-1225\" src=\"https:\/\/agora.xtec.cat\/ceipcanmanent\/wp-content\/uploads\/usu153\/2015\/08\/miniIMG_20150329_000005-1024x768.jpg\" alt=\"\" width=\"1024\" height=\"768\" srcset=\"https:\/\/agora.xtec.cat\/ceipcanmanent\/wp-content\/uploads\/usu153\/2015\/08\/miniIMG_20150329_000005.jpg 1024w, https:\/\/agora.xtec.cat\/ceipcanmanent\/wp-content\/uploads\/usu153\/2015\/08\/miniIMG_20150329_000005-300x225.jpg 300w, https:\/\/agora.xtec.cat\/ceipcanmanent\/wp-content\/uploads\/usu153\/2015\/08\/miniIMG_20150329_000005-200x150.jpg 200w\" sizes=\"auto, (max-width: 1024px) 100vw, 1024px\" \/><\/a><\/td>\n<\/tr>\n<\/tbody>\n<\/table>\n<p id=\"E360\"><span id=\"E361\">Per al desenvolupament del projecte es plantegen els seg\u00fcents <strong>Objectius generals:<\/strong><\/span><\/p>\n<ul style=\"list-style-type: circle;\">\n<li id=\"E362\">Afavorir la investigaci\u00f3 i els procediments propis del treball cient\u00edfic.<\/li>\n<li id=\"E366\"><span id=\"E367\">Promoure el coneixement del medi natural i l\u2019impacte de l\u2019actuaci\u00f3 humana <\/span><span id=\"E369\">sobre un ecosistema.<\/span><\/li>\n<li id=\"E370\"><span id=\"E371\">Fomentar valors relatius al medi ambient i a la salut.<\/span><\/li>\n<li id=\"E372\"><span id=\"E373\">Capacitar l\u2019alumnat per buscar solucions creatives i consensuades per resoldre <\/span><span id=\"E375\">problemes medi ambientals.<\/span><\/li>\n<li id=\"E376\"><span id=\"E377\">Afavorir la participaci\u00f3, la iniciativa i la responsabilitat en el treball i en la recerca <\/span><span id=\"E379\">de solucions.<\/span><\/li>\n<\/ul>\n<p id=\"E380\"><span id=\"E381\">\u00a0<\/span><\/p>\n<\/div>\n<\/div>\n<div id=\"pageBorders\"><\/div>\n<div id=\"contentsContainer\"><\/div>\n<div id=\"pageBorders\"><\/div>\n<div id=\"contentsContainer\"><\/div>\n<div data-canvas-width=\"272.695540346371\"><\/div>\n<p>&nbsp;<\/p>\n","protected":false},"excerpt":{"rendered":"<p>TALLER: \u201cHort Escolar \u201d INTRODUCCI\u00d3 En el moment actual hi ha un tema d\u2019import\u00e0ncia vital que creiem que cal treballar: l\u2019\u00fas sostenible dels recursos naturals. El convenciment que l\u2019escola \u00e9s un dels marcs idonis per a l\u2019adquisici\u00f3 de valors i per al desenvolupament d\u2019actituds responsables envers la natura ens va estimular a tirar endavant la [&hellip;]<\/p>\n","protected":false},"author":1,"featured_media":0,"parent":4466,"menu_order":6,"comment_status":"closed","ping_status":"closed","template":"page-templates\/side-menu.php","meta":{"_bbp_topic_count":0,"_bbp_reply_count":0,"_bbp_total_topic_count":0,"_bbp_total_reply_count":0,"_bbp_voice_count":0,"_bbp_anonymous_reply_count":0,"_bbp_topic_count_hidden":0,"_bbp_reply_count_hidden":0,"_bbp_forum_subforum_count":0,"site-sidebar-layout":"default","site-content-layout":"","ast-site-content-layout":"","site-content-style":"default","site-sidebar-style":"default","ast-global-header-display":"","ast-banner-title-visibility":"","ast-main-header-display":"","ast-hfb-above-header-display":"","ast-hfb-below-header-display":"","ast-hfb-mobile-header-display":"","site-post-title":"","ast-breadcrumbs-content":"","ast-featured-img":"","footer-sml-layout":"","theme-transparent-header-meta":"","adv-header-id-meta":"","stick-header-meta":"","header-above-stick-meta":"","header-main-stick-meta":"","header-below-stick-meta":"","astra-migrate-meta-layouts":"default","ast-page-background-enabled":"default","ast-page-background-meta":{"desktop":{"background-color":"var(--ast-global-color-4)","background-image":"","background-repeat":"repeat","background-position":"center center","background-size":"auto","background-attachment":"scroll","background-type":"","background-media":"","overlay-type":"","overlay-color":"","overlay-opacity":"","overlay-gradient":""},"tablet":{"background-color":"","background-image":"","background-repeat":"repeat","background-position":"center center","background-size":"auto","background-attachment":"scroll","background-type":"","background-media":"","overlay-type":"","overlay-color":"","overlay-opacity":"","overlay-gradient":""},"mobile":{"background-color":"","background-image":"","background-repeat":"repeat","background-position":"center center","background-size":"auto","background-attachment":"scroll","background-type":"","background-media":"","overlay-type":"","overlay-color":"","overlay-opacity":"","overlay-gradient":""}},"ast-content-background-meta":{"desktop":{"background-color":"var(--ast-global-color-5)","background-image":"","background-repeat":"repeat","background-position":"center center","background-size":"auto","background-attachment":"scroll","background-type":"","background-media":"","overlay-type":"","overlay-color":"","overlay-opacity":"","overlay-gradient":""},"tablet":{"background-color":"var(--ast-global-color-5)","background-image":"","background-repeat":"repeat","background-position":"center center","background-size":"auto","background-attachment":"scroll","background-type":"","background-media":"","overlay-type":"","overlay-color":"","overlay-opacity":"","overlay-gradient":""},"mobile":{"background-color":"var(--ast-global-color-5)","background-image":"","background-repeat":"repeat","background-position":"center center","background-size":"auto","background-attachment":"scroll","background-type":"","background-media":"","overlay-type":"","overlay-color":"","overlay-opacity":"","overlay-gradient":""}},"footnotes":""},"class_list":["post-602","page","type-page","status-publish","hentry"],"post_mailing_queue_ids":[],"_links":{"self":[{"href":"https:\/\/agora.xtec.cat\/ceipcanmanent\/wp-json\/wp\/v2\/pages\/602","targetHints":{"allow":["GET"]}}],"collection":[{"href":"https:\/\/agora.xtec.cat\/ceipcanmanent\/wp-json\/wp\/v2\/pages"}],"about":[{"href":"https:\/\/agora.xtec.cat\/ceipcanmanent\/wp-json\/wp\/v2\/types\/page"}],"author":[{"embeddable":true,"href":"https:\/\/agora.xtec.cat\/ceipcanmanent\/wp-json\/wp\/v2\/users\/1"}],"replies":[{"embeddable":true,"href":"https:\/\/agora.xtec.cat\/ceipcanmanent\/wp-json\/wp\/v2\/comments?post=602"}],"version-history":[{"count":4,"href":"https:\/\/agora.xtec.cat\/ceipcanmanent\/wp-json\/wp\/v2\/pages\/602\/revisions"}],"predecessor-version":[{"id":4796,"href":"https:\/\/agora.xtec.cat\/ceipcanmanent\/wp-json\/wp\/v2\/pages\/602\/revisions\/4796"}],"up":[{"embeddable":true,"href":"https:\/\/agora.xtec.cat\/ceipcanmanent\/wp-json\/wp\/v2\/pages\/4466"}],"wp:attachment":[{"href":"https:\/\/agora.xtec.cat\/ceipcanmanent\/wp-json\/wp\/v2\/media?parent=602"}],"curies":[{"name":"wp","href":"https:\/\/api.w.org\/{rel}","templated":true}]}}