{"id":4845,"date":"2019-12-09T14:11:25","date_gmt":"2019-12-09T13:11:25","guid":{"rendered":"https:\/\/agora.xtec.cat\/ceipcanmanent\/?page_id=4845"},"modified":"2022-07-19T14:02:40","modified_gmt":"2022-07-19T12:02:40","slug":"acords-consell-escolar","status":"publish","type":"page","link":"https:\/\/agora.xtec.cat\/ceipcanmanent\/lescola\/consell-escolar\/acords-consell-escolar\/","title":{"rendered":"Acords Consell Escolar 2021-22"},"content":{"rendered":"<table style=\"height: 153px; width: 70.1657%;\">\n<tbody>\n<tr style=\"height: 29px;\">\n<td style=\"height: 29px; width: 16.4286%;\">\n<h5><span style=\"color: #008000;\">N\u00famero de sessi\u00f3 i ordre del dia<\/span><\/h5>\n<\/td>\n<td style=\"height: 29px; width: 13.4286%;\">\n<h5><span style=\"color: #008000;\">Data<\/span><\/h5>\n<\/td>\n<td style=\"height: 29px; width: 13.8571%;\">\n<h5><span style=\"color: #008000;\">Membres assistents<\/span><\/h5>\n<\/td>\n<td style=\"height: 29px; width: 75.0904%;\">\n<h5><span style=\"color: #008000;\">Acords<\/span><\/h5>\n<\/td>\n<\/tr>\n<tr style=\"height: 31px;\">\n<td style=\"height: 31px; width: 16.4286%;\">1a sessi\u00f3<\/td>\n<td style=\"height: 31px; width: 13.4286%;\">07\/09\/2021<\/td>\n<td style=\"height: 31px; width: 13.8571%;\">12<\/td>\n<td style=\"height: 31px; width: 75.0904%;\">\n<ul>\n<li style=\"font-weight: 400;\">Aprovaci\u00f3 del Pla d&#8217;Obertura<\/li>\n<li style=\"font-weight: 400;\">Aprovaci\u00f3 del Pla de Funcionament de menjador<\/li>\n<li>Canvi d&#8217;empresa oficial CASOLEM &#8211; FRoca<\/li>\n<\/ul>\n<\/td>\n<\/tr>\n<tr style=\"height: 31px;\">\n<td style=\"height: 31px; width: 16.4286%;\">2a sessi\u00f3<\/td>\n<td style=\"height: 31px; width: 13.4286%;\"><span style=\"font-weight: 400;\">20\/10\/2021<\/span><\/td>\n<td style=\"height: 31px; width: 13.8571%;\">9<\/td>\n<td style=\"height: 31px; width: 75.0904%;\">\n<ul>\n<li style=\"font-weight: 400;\">Aprovaci\u00f3 del Pla de Funcionament de migdia<\/li>\n<li>Presentaci\u00f3 de la PGA i de la Mem\u00f2ria del curs<\/li>\n<li style=\"font-weight: 400;\">Presentaci\u00f3 del Pla de migdia (full de ruta) de FRoca per aquest curs<\/li>\n<\/ul>\n<\/td>\n<\/tr>\n<tr style=\"height: 31px;\">\n<td style=\"width: 16.4286%; height: 31px;\">3a sessi\u00f3<\/td>\n<td style=\"width: 13.4286%; height: 31px;\"><span style=\"font-weight: 400;\">16\/12\/2021<\/span><\/td>\n<td style=\"width: 13.8571%; height: 31px;\">10<\/td>\n<td style=\"width: 75.0904%; height: 31px;\">\n<ul>\n<li>Constituci\u00f3 Consell Escolar<\/li>\n<li>Col\u00f2nies escolars<\/li>\n<li>Modificacions pressupost<\/li>\n<\/ul>\n<\/td>\n<\/tr>\n<tr style=\"height: 31px;\">\n<td style=\"width: 16.4286%; height: 31px;\">4a sessi\u00f3<\/td>\n<td style=\"width: 13.4286%; height: 31px;\"><span style=\"font-weight: 400;\">\u00a001\/03\/2022<\/span><\/td>\n<td style=\"width: 13.8571%; height: 31px;\">13<\/td>\n<td style=\"width: 75.0904%; height: 31px;\">\n<ul>\n<li aria-level=\"1\">Constituci\u00f3 de les noves Comissions del Consell Escolar<\/li>\n<li aria-level=\"1\">Presentaci\u00f3 del <a href=\"https:\/\/drive.google.com\/file\/d\/1AiEnuqUYw-Z2hgegzOR1QlDglnvDKDsk\/view?usp=sharing\" target=\"_blank\" rel=\"noopener\">tancament de l\u2019exercici 2021<\/a><\/li>\n<li aria-level=\"1\">Presentaci\u00f3 i aprovaci\u00f3 del <a href=\"https:\/\/drive.google.com\/file\/d\/1XetO1xpfaSZeRxs7hkps1APchr3nLsSx\/view?usp=sharing\" target=\"_blank\" rel=\"noopener\">pressupost 2022<\/a><b><\/b><\/li>\n<li aria-level=\"1\">Comunicaci\u00f3 de noves mesures i novetats del Departament: mesures covid, nou decret curr\u00edculum LOMLOE, Pla d\u2019Estrat\u00e8gia Digital<\/li>\n<li aria-level=\"1\">Nou perfil estructural TIC<\/li>\n<li aria-level=\"1\">Novetats en l&#8217;equip<\/li>\n<\/ul>\n<\/td>\n<\/tr>\n<tr>\n<td style=\"width: 16.4286%;\">5a sessi\u00f3<\/td>\n<td style=\"width: 13.4286%;\"><span style=\"font-weight: 400;\">29\/06\/2022<\/span><\/td>\n<td style=\"width: 13.8571%;\">16<\/td>\n<td style=\"width: 75.0904%;\">\n<ul>\n<li>Informacions curs 2022-23:\n<ul>\n<li>Preinscripci\u00f3 i matr\u00edcula<\/li>\n<li>Reorganitzaci\u00f3 de grups (Comunitat de Petits passem de 7 grups a 6)<\/li>\n<li>Plantilla<\/li>\n<\/ul>\n<\/li>\n<li>S&#8217;aprova horari i Calendari escolar 2022-2023\n<ul>\n<li>Horari de <strong>9:00h a 12:30h i de 15:00h a 16:30<\/strong><\/li>\n<li>Setembre de 9:00h a 13:00h<\/li>\n<li><b>Jornada continuada <\/b>desembre (21\/12\/2022) i juny (del 5 al 22)<\/li>\n<li><strong>Festius:<\/strong> <span style=\"font-weight: 400;\">31\/10\/2022, 9\/12\/2022, 20\/02\/2023, 17\/03\/2023, 2\/05\/2023, 15\/05\/2023<\/span><\/li>\n<li><b>Vacances de N<\/b>adal del 22 de desembre al 8 de gener inclosos i Setmana Santa: 3 abril al 10 abril inclosos<\/li>\n<\/ul>\n<\/li>\n<li><b style=\"font-family: inherit; font-size: 1em;\">Aprovaci\u00f3 quotes curs 2022-2023: <\/b>180\u20ac (pagades en 3 quotes, 60\u20ac per trimestre)<\/li>\n<li>Aprovaci\u00f3 del <strong>Projecte Ling\u00fc\u00edstic\u00a0<\/strong><\/li>\n<\/ul>\n<\/td>\n<\/tr>\n<\/tbody>\n<\/table>\n","protected":false},"excerpt":{"rendered":"<p>N\u00famero de sessi\u00f3 i ordre del dia Data Membres assistents Acords 1a sessi\u00f3 07\/09\/2021 12 Aprovaci\u00f3 del Pla d&#8217;Obertura Aprovaci\u00f3 del Pla de Funcionament de menjador Canvi d&#8217;empresa oficial CASOLEM &#8211; FRoca 2a sessi\u00f3 20\/10\/2021 9 Aprovaci\u00f3 del Pla de Funcionament de migdia Presentaci\u00f3 de la PGA i de la Mem\u00f2ria del curs Presentaci\u00f3 del [&hellip;]<\/p>\n","protected":false},"author":1,"featured_media":0,"parent":28,"menu_order":1,"comment_status":"closed","ping_status":"closed","template":"page-templates\/side-menu.php","meta":{"_bbp_topic_count":0,"_bbp_reply_count":0,"_bbp_total_topic_count":0,"_bbp_total_reply_count":0,"_bbp_voice_count":0,"_bbp_anonymous_reply_count":0,"_bbp_topic_count_hidden":0,"_bbp_reply_count_hidden":0,"_bbp_forum_subforum_count":0,"site-sidebar-layout":"default","site-content-layout":"","ast-site-content-layout":"","site-content-style":"default","site-sidebar-style":"default","ast-global-header-display":"","ast-banner-title-visibility":"","ast-main-header-display":"","ast-hfb-above-header-display":"","ast-hfb-below-header-display":"","ast-hfb-mobile-header-display":"","site-post-title":"","ast-breadcrumbs-content":"","ast-featured-img":"","footer-sml-layout":"","theme-transparent-header-meta":"","adv-header-id-meta":"","stick-header-meta":"","header-above-stick-meta":"","header-main-stick-meta":"","header-below-stick-meta":"","astra-migrate-meta-layouts":"default","ast-page-background-enabled":"default","ast-page-background-meta":{"desktop":{"background-color":"var(--ast-global-color-4)","background-image":"","background-repeat":"repeat","background-position":"center center","background-size":"auto","background-attachment":"scroll","background-type":"","background-media":"","overlay-type":"","overlay-color":"","overlay-opacity":"","overlay-gradient":""},"tablet":{"background-color":"","background-image":"","background-repeat":"repeat","background-position":"center center","background-size":"auto","background-attachment":"scroll","background-type":"","background-media":"","overlay-type":"","overlay-color":"","overlay-opacity":"","overlay-gradient":""},"mobile":{"background-color":"","background-image":"","background-repeat":"repeat","background-position":"center center","background-size":"auto","background-attachment":"scroll","background-type":"","background-media":"","overlay-type":"","overlay-color":"","overlay-opacity":"","overlay-gradient":""}},"ast-content-background-meta":{"desktop":{"background-color":"var(--ast-global-color-5)","background-image":"","background-repeat":"repeat","background-position":"center center","background-size":"auto","background-attachment":"scroll","background-type":"","background-media":"","overlay-type":"","overlay-color":"","overlay-opacity":"","overlay-gradient":""},"tablet":{"background-color":"var(--ast-global-color-5)","background-image":"","background-repeat":"repeat","background-position":"center center","background-size":"auto","background-attachment":"scroll","background-type":"","background-media":"","overlay-type":"","overlay-color":"","overlay-opacity":"","overlay-gradient":""},"mobile":{"background-color":"var(--ast-global-color-5)","background-image":"","background-repeat":"repeat","background-position":"center center","background-size":"auto","background-attachment":"scroll","background-type":"","background-media":"","overlay-type":"","overlay-color":"","overlay-opacity":"","overlay-gradient":""}},"footnotes":""},"class_list":["post-4845","page","type-page","status-publish","hentry"],"post_mailing_queue_ids":[],"_links":{"self":[{"href":"https:\/\/agora.xtec.cat\/ceipcanmanent\/wp-json\/wp\/v2\/pages\/4845","targetHints":{"allow":["GET"]}}],"collection":[{"href":"https:\/\/agora.xtec.cat\/ceipcanmanent\/wp-json\/wp\/v2\/pages"}],"about":[{"href":"https:\/\/agora.xtec.cat\/ceipcanmanent\/wp-json\/wp\/v2\/types\/page"}],"author":[{"embeddable":true,"href":"https:\/\/agora.xtec.cat\/ceipcanmanent\/wp-json\/wp\/v2\/users\/1"}],"replies":[{"embeddable":true,"href":"https:\/\/agora.xtec.cat\/ceipcanmanent\/wp-json\/wp\/v2\/comments?post=4845"}],"version-history":[{"count":2,"href":"https:\/\/agora.xtec.cat\/ceipcanmanent\/wp-json\/wp\/v2\/pages\/4845\/revisions"}],"predecessor-version":[{"id":8841,"href":"https:\/\/agora.xtec.cat\/ceipcanmanent\/wp-json\/wp\/v2\/pages\/4845\/revisions\/8841"}],"up":[{"embeddable":true,"href":"https:\/\/agora.xtec.cat\/ceipcanmanent\/wp-json\/wp\/v2\/pages\/28"}],"wp:attachment":[{"href":"https:\/\/agora.xtec.cat\/ceipcanmanent\/wp-json\/wp\/v2\/media?parent=4845"}],"curies":[{"name":"wp","href":"https:\/\/api.w.org\/{rel}","templated":true}]}}