{"id":4838,"date":"2019-12-09T13:48:06","date_gmt":"2019-12-09T12:48:06","guid":{"rendered":"https:\/\/agora.xtec.cat\/ceipcanmanent\/?page_id=4838"},"modified":"2024-02-09T12:01:02","modified_gmt":"2024-02-09T11:01:02","slug":"composicio-consell-escolar","status":"publish","type":"page","link":"https:\/\/agora.xtec.cat\/ceipcanmanent\/lescola\/consell-escolar\/composicio-consell-escolar\/","title":{"rendered":"Composici\u00f3 Consell Escolar"},"content":{"rendered":"<table>\n<tbody>\n<tr>\n<td>\n<pre>Presidenta<\/pre>\n<\/td>\n<td>\n<pre>N\u00faria Freixas<\/pre>\n<\/td>\n<\/tr>\n<tr>\n<td>\n<pre>Secret\u00e0ria<\/pre>\n<\/td>\n<td>\n<pre>Alba Boix<\/pre>\n<\/td>\n<\/tr>\n<tr>\n<td>\n<pre>Cap d'estudis<\/pre>\n<\/td>\n<td>\n<pre>Vanessa Soro<\/pre>\n<\/td>\n<\/tr>\n<tr>\n<td>\n<pre>Representaci\u00f3 de l'Ajuntament<\/pre>\n<\/td>\n<td>\n<pre>Maria Andreu Duran<\/pre>\n<\/td>\n<\/tr>\n<tr>\n<td>\n<pre>Representaci\u00f3 electe del sector mestres<\/pre>\n<\/td>\n<td>\n<pre>Merc\u00e8 Ferr\u00e9\r\nEva Maturana \r\nPaula Solsona\r\nAinhoa Guerrero\r\nEdith Juan\r\nJoana Pujol<\/pre>\n<\/td>\n<\/tr>\n<tr>\n<td>\n<pre>Representaci\u00f3 electe del sector fam\u00edlies<\/pre>\n<\/td>\n<td>\n<pre>Silvana Montenegro\r\nSanti Garriga\r\nNicol\u00e0s Planterose\r\nAlba Farr\u00e9s\r\nRamon Gisbert<\/pre>\n<\/td>\n<\/tr>\n<tr>\n<td>\n<pre>Representat de l'associaci\u00f3 de fam\u00edlies dels i les alumnes<\/pre>\n<\/td>\n<td>\n<pre>Albert Gallego<\/pre>\n<\/td>\n<\/tr>\n<tr>\n<td>\n<pre>Representat del Personal d'administraci\u00f3 i serveis<\/pre>\n<\/td>\n<td>\n<pre>Gemma Nadal<\/pre>\n<\/td>\n<\/tr>\n<\/tbody>\n<\/table>\n<p>&nbsp;<\/p>\n","protected":false},"excerpt":{"rendered":"<p>Presidenta N\u00faria Freixas Secret\u00e0ria Alba Boix Cap d&#8217;estudis Vanessa Soro Representaci\u00f3 de l&#8217;Ajuntament Maria Andreu Duran Representaci\u00f3 electe del sector mestres Merc\u00e8 Ferr\u00e9 Eva Maturana Paula Solsona Ainhoa Guerrero Edith Juan Joana Pujol Representaci\u00f3 electe del sector fam\u00edlies Silvana Montenegro Santi Garriga Nicol\u00e0s Planterose Alba Farr\u00e9s Ramon Gisbert Representat de l&#8217;associaci\u00f3 de fam\u00edlies dels i [&hellip;]<\/p>\n","protected":false},"author":1,"featured_media":0,"parent":28,"menu_order":2,"comment_status":"closed","ping_status":"closed","template":"page-templates\/side-menu.php","meta":{"_bbp_topic_count":0,"_bbp_reply_count":0,"_bbp_total_topic_count":0,"_bbp_total_reply_count":0,"_bbp_voice_count":0,"_bbp_anonymous_reply_count":0,"_bbp_topic_count_hidden":0,"_bbp_reply_count_hidden":0,"_bbp_forum_subforum_count":0,"site-sidebar-layout":"default","site-content-layout":"","ast-site-content-layout":"","site-content-style":"default","site-sidebar-style":"default","ast-global-header-display":"","ast-banner-title-visibility":"","ast-main-header-display":"","ast-hfb-above-header-display":"","ast-hfb-below-header-display":"","ast-hfb-mobile-header-display":"","site-post-title":"","ast-breadcrumbs-content":"","ast-featured-img":"","footer-sml-layout":"","theme-transparent-header-meta":"","adv-header-id-meta":"","stick-header-meta":"","header-above-stick-meta":"","header-main-stick-meta":"","header-below-stick-meta":"","astra-migrate-meta-layouts":"default","ast-page-background-enabled":"default","ast-page-background-meta":{"desktop":{"background-color":"var(--ast-global-color-4)","background-image":"","background-repeat":"repeat","background-position":"center center","background-size":"auto","background-attachment":"scroll","background-type":"","background-media":"","overlay-type":"","overlay-color":"","overlay-opacity":"","overlay-gradient":""},"tablet":{"background-color":"","background-image":"","background-repeat":"repeat","background-position":"center center","background-size":"auto","background-attachment":"scroll","background-type":"","background-media":"","overlay-type":"","overlay-color":"","overlay-opacity":"","overlay-gradient":""},"mobile":{"background-color":"","background-image":"","background-repeat":"repeat","background-position":"center center","background-size":"auto","background-attachment":"scroll","background-type":"","background-media":"","overlay-type":"","overlay-color":"","overlay-opacity":"","overlay-gradient":""}},"ast-content-background-meta":{"desktop":{"background-color":"var(--ast-global-color-5)","background-image":"","background-repeat":"repeat","background-position":"center center","background-size":"auto","background-attachment":"scroll","background-type":"","background-media":"","overlay-type":"","overlay-color":"","overlay-opacity":"","overlay-gradient":""},"tablet":{"background-color":"var(--ast-global-color-5)","background-image":"","background-repeat":"repeat","background-position":"center center","background-size":"auto","background-attachment":"scroll","background-type":"","background-media":"","overlay-type":"","overlay-color":"","overlay-opacity":"","overlay-gradient":""},"mobile":{"background-color":"var(--ast-global-color-5)","background-image":"","background-repeat":"repeat","background-position":"center center","background-size":"auto","background-attachment":"scroll","background-type":"","background-media":"","overlay-type":"","overlay-color":"","overlay-opacity":"","overlay-gradient":""}},"footnotes":""},"class_list":["post-4838","page","type-page","status-publish","hentry"],"post_mailing_queue_ids":[],"_links":{"self":[{"href":"https:\/\/agora.xtec.cat\/ceipcanmanent\/wp-json\/wp\/v2\/pages\/4838","targetHints":{"allow":["GET"]}}],"collection":[{"href":"https:\/\/agora.xtec.cat\/ceipcanmanent\/wp-json\/wp\/v2\/pages"}],"about":[{"href":"https:\/\/agora.xtec.cat\/ceipcanmanent\/wp-json\/wp\/v2\/types\/page"}],"author":[{"embeddable":true,"href":"https:\/\/agora.xtec.cat\/ceipcanmanent\/wp-json\/wp\/v2\/users\/1"}],"replies":[{"embeddable":true,"href":"https:\/\/agora.xtec.cat\/ceipcanmanent\/wp-json\/wp\/v2\/comments?post=4838"}],"version-history":[{"count":6,"href":"https:\/\/agora.xtec.cat\/ceipcanmanent\/wp-json\/wp\/v2\/pages\/4838\/revisions"}],"predecessor-version":[{"id":9610,"href":"https:\/\/agora.xtec.cat\/ceipcanmanent\/wp-json\/wp\/v2\/pages\/4838\/revisions\/9610"}],"up":[{"embeddable":true,"href":"https:\/\/agora.xtec.cat\/ceipcanmanent\/wp-json\/wp\/v2\/pages\/28"}],"wp:attachment":[{"href":"https:\/\/agora.xtec.cat\/ceipcanmanent\/wp-json\/wp\/v2\/media?parent=4838"}],"curies":[{"name":"wp","href":"https:\/\/api.w.org\/{rel}","templated":true}]}}