{"id":4678,"date":"2019-12-02T12:35:22","date_gmt":"2019-12-02T11:35:22","guid":{"rendered":"https:\/\/agora.xtec.cat\/ceipcanmanent\/?page_id=4678"},"modified":"2022-03-22T10:50:05","modified_gmt":"2022-03-22T09:50:05","slug":"espai-de-treball-a-la-comunitat-de-mitjans","status":"publish","type":"page","link":"https:\/\/agora.xtec.cat\/ceipcanmanent\/activitats\/espai-de-treball-a-la-comunitat-de-mitjans\/","title":{"rendered":"Espai de treball a la comunitat de mitjans"},"content":{"rendered":"<p><a href=\"http:\/\/agora.xtec.cat\/ceipcanmanent\/general\/engeguem-els-espais-de-treball-a-la-comunitat-de-mitjans\/attachment\/wp_20180528_10_11_36_pro\/\" rel=\"attachment wp-att-3654\"><img loading=\"lazy\" decoding=\"async\" class=\"wp-image-3654 alignleft\" src=\"http:\/\/agora.xtec.cat\/ceipcanmanent\/wp-content\/uploads\/usu153\/2018\/06\/WP_20180528_10_11_36_Pro-300x225.jpg\" alt=\"\" width=\"306\" height=\"229\" srcset=\"https:\/\/agora.xtec.cat\/ceipcanmanent\/wp-content\/uploads\/usu153\/2018\/06\/WP_20180528_10_11_36_Pro-300x225.jpg 300w, https:\/\/agora.xtec.cat\/ceipcanmanent\/wp-content\/uploads\/usu153\/2018\/06\/WP_20180528_10_11_36_Pro-768x576.jpg 768w, https:\/\/agora.xtec.cat\/ceipcanmanent\/wp-content\/uploads\/usu153\/2018\/06\/WP_20180528_10_11_36_Pro-1024x768.jpg 1024w, https:\/\/agora.xtec.cat\/ceipcanmanent\/wp-content\/uploads\/usu153\/2018\/06\/WP_20180528_10_11_36_Pro-200x150.jpg 200w\" sizes=\"auto, (max-width: 306px) 100vw, 306px\" \/><\/a> <a href=\"http:\/\/agora.xtec.cat\/ceipcanmanent\/general\/engeguem-els-espais-de-treball-a-la-comunitat-de-mitjans\/attachment\/img_20180530_120507_186\/\" rel=\"attachment wp-att-3653\"><img loading=\"lazy\" decoding=\"async\" class=\"alignleft wp-image-3653\" src=\"http:\/\/agora.xtec.cat\/ceipcanmanent\/wp-content\/uploads\/usu153\/2018\/06\/IMG_20180530_120507_186-300x225.jpg\" alt=\"\" width=\"305\" height=\"229\" srcset=\"https:\/\/agora.xtec.cat\/ceipcanmanent\/wp-content\/uploads\/usu153\/2018\/06\/IMG_20180530_120507_186-300x225.jpg 300w, https:\/\/agora.xtec.cat\/ceipcanmanent\/wp-content\/uploads\/usu153\/2018\/06\/IMG_20180530_120507_186-768x576.jpg 768w, https:\/\/agora.xtec.cat\/ceipcanmanent\/wp-content\/uploads\/usu153\/2018\/06\/IMG_20180530_120507_186-1024x768.jpg 1024w, https:\/\/agora.xtec.cat\/ceipcanmanent\/wp-content\/uploads\/usu153\/2018\/06\/IMG_20180530_120507_186-200x150.jpg 200w\" sizes=\"auto, (max-width: 305px) 100vw, 305px\" \/><\/a> <a href=\"http:\/\/agora.xtec.cat\/ceipcanmanent\/general\/engeguem-els-espais-de-treball-a-la-comunitat-de-mitjans\/attachment\/img_0211\/\" rel=\"attachment wp-att-3651\"><img loading=\"lazy\" decoding=\"async\" class=\"alignleft wp-image-3651\" src=\"http:\/\/agora.xtec.cat\/ceipcanmanent\/wp-content\/uploads\/usu153\/2018\/06\/IMG_0211-e1527840617464-225x300.jpg\" alt=\"\" width=\"171\" height=\"228\" srcset=\"https:\/\/agora.xtec.cat\/ceipcanmanent\/wp-content\/uploads\/usu153\/2018\/06\/IMG_0211-e1527840617464-225x300.jpg 225w, https:\/\/agora.xtec.cat\/ceipcanmanent\/wp-content\/uploads\/usu153\/2018\/06\/IMG_0211-e1527840617464-768x1024.jpg 768w\" sizes=\"auto, (max-width: 171px) 100vw, 171px\" \/><\/a><\/p>\n<p>&nbsp;<\/p>\n<p>&nbsp;<\/p>\n<p>&nbsp;<\/p>\n<p>&nbsp;<\/p>\n<p>&nbsp;<\/p>\n<p>&nbsp;<\/p>\n<p style=\"text-align: justify;\">Durant els \u00faltims cursos hem estat\u00a0reflexionant sobre noves maneres\u00a0de\u00a0presentar situacions\u00a0de\u00a0treball\u00a0a l&#8217;educaci\u00f3\u00a0Prim\u00e0ria que fossin coherents amb el nostre Projecte Educatiu i recollissin d&#8217;alguna manera enfocs d&#8217;aprenentatge que ja realitzem a Infantil des\u00a0de\u00a0l&#8217;inici\u00a0de\u00a0l&#8217;escola, per\u00f2 adaptades a la realitat amb les exig\u00e8ncies\u00a0de\u00a0la Prim\u00e0ria i atenent la diversitat del nostre alumnat.<\/p>\n<p style=\"text-align: justify;\">Tenint en compte els criteris d\u2019avaluaci\u00f3 dels cursos de la Comunitat de Mitjans, vam\u00a0 identificar els aprenentatges curriculars de l\u2019\u00e0mbit ling\u00fc\u00edstic, matem\u00e0tic i art\u00edstic que eren susceptibles de ser treballats en grups heterogenis combinant alhora nens i nenes de 1r, 2n i 3r de Prim\u00e0ria. L\u2019objectiu d\u2019aquesta nova organitzaci\u00f3 s\u00f3n, entre d\u2019altres, augmentar el grau d\u2019autonomia global dels infants i afavorir l\u2019aprenentatge entre infants de diferents edats on els uns poden ajudar i col\u00b7laborar amb els altres.<\/p>\n<p style=\"font-weight: 400;\">\u00a0 \u00a0 \u00a0 \u00a0 \u00a0 \u00a0 \u00a0 \u00a0 \u00a0 \u00a0 \u00a0 \u00a0 \u00a0 \u00a0 \u00a0 \u00a0 \u00a0 \u00a0 \u00a0 \u00a0 \u00a0 \u00a0 \u00a0 \u00a0 \u00a0 \u00a0 \u00a0 \u00a0 \u00a0 \u00a0 \u00a0 \u00a0 \u00a0 \u00a0 Els nostres espais de treball:<\/p>\n<table>\n<tbody>\n<tr>\n<td style=\"text-align: center;\" width=\"107\"><strong>Clar i catal\u00e0<\/strong><\/td>\n<td style=\"text-align: center;\" width=\"107\"><strong>Fins l\u2019infinit<\/strong><\/td>\n<td style=\"text-align: center;\" width=\"107\"><strong>Language Lab\u00a0<\/strong><\/td>\n<td style=\"text-align: center;\" width=\"107\"><strong>Geometrix<\/strong><\/td>\n<td style=\"text-align: center;\" width=\"107\">\n<p style=\"text-align: center;\"><strong>Menjamots<\/strong><\/p>\n<\/td>\n<td style=\"text-align: center;\" width=\"107\"><strong>Fem de detectius<\/strong><\/td>\n<td style=\"text-align: center;\" width=\"107\"><strong>Les mil i una<\/strong><\/td>\n<td style=\"text-align: center;\" width=\"107\"><strong>Espai d&#8217;art<\/strong><\/td>\n<td style=\"text-align: center;\" width=\"107\"><strong>El Mercat<\/strong><\/td>\n<td style=\"text-align: center;\" width=\"107\"><strong>El poder dels nombres<\/strong><\/td>\n<\/tr>\n<\/tbody>\n<\/table>\n<p>A manera de petita mostra podeu mirar algunes imatges del desenvolupament dels Espais de Treball en aquesta<strong>\u00a0<a href=\"https:\/\/photos.google.com\/share\/AF1QipMf27he2CpLNFaEfDNmwbqcIsxgJb3rt8cM0oNEAIGRvz3HJS2Vr3SFS5TX9BuZKw\/photo\/AF1QipMfgL-cn_7ESECyxuF1N9V8bApygs2NS0-EItvI?key=YjFtdjBGMWh6eHk0UzFHT0NmQjk4QVBWTFNXMUdn\">Presentaci\u00f3 d&#8217;imatges<\/a><\/strong><\/p>\n","protected":false},"excerpt":{"rendered":"<p>&nbsp; &nbsp; &nbsp; &nbsp; &nbsp; &nbsp; Durant els \u00faltims cursos hem estat\u00a0reflexionant sobre noves maneres\u00a0de\u00a0presentar situacions\u00a0de\u00a0treball\u00a0a l&#8217;educaci\u00f3\u00a0Prim\u00e0ria que fossin coherents amb el nostre Projecte Educatiu i recollissin d&#8217;alguna manera enfocs d&#8217;aprenentatge que ja realitzem a Infantil des\u00a0de\u00a0l&#8217;inici\u00a0de\u00a0l&#8217;escola, per\u00f2 adaptades a la realitat amb les exig\u00e8ncies\u00a0de\u00a0la Prim\u00e0ria i atenent la diversitat del nostre alumnat. Tenint en [&hellip;]<\/p>\n","protected":false},"author":1,"featured_media":0,"parent":4466,"menu_order":3,"comment_status":"closed","ping_status":"closed","template":"page-templates\/side-menu.php","meta":{"_bbp_topic_count":0,"_bbp_reply_count":0,"_bbp_total_topic_count":0,"_bbp_total_reply_count":0,"_bbp_voice_count":0,"_bbp_anonymous_reply_count":0,"_bbp_topic_count_hidden":0,"_bbp_reply_count_hidden":0,"_bbp_forum_subforum_count":0,"site-sidebar-layout":"default","site-content-layout":"","ast-site-content-layout":"","site-content-style":"default","site-sidebar-style":"default","ast-global-header-display":"","ast-banner-title-visibility":"","ast-main-header-display":"","ast-hfb-above-header-display":"","ast-hfb-below-header-display":"","ast-hfb-mobile-header-display":"","site-post-title":"","ast-breadcrumbs-content":"","ast-featured-img":"","footer-sml-layout":"","theme-transparent-header-meta":"","adv-header-id-meta":"","stick-header-meta":"","header-above-stick-meta":"","header-main-stick-meta":"","header-below-stick-meta":"","astra-migrate-meta-layouts":"default","ast-page-background-enabled":"default","ast-page-background-meta":{"desktop":{"background-color":"var(--ast-global-color-4)","background-image":"","background-repeat":"repeat","background-position":"center center","background-size":"auto","background-attachment":"scroll","background-type":"","background-media":"","overlay-type":"","overlay-color":"","overlay-opacity":"","overlay-gradient":""},"tablet":{"background-color":"","background-image":"","background-repeat":"repeat","background-position":"center center","background-size":"auto","background-attachment":"scroll","background-type":"","background-media":"","overlay-type":"","overlay-color":"","overlay-opacity":"","overlay-gradient":""},"mobile":{"background-color":"","background-image":"","background-repeat":"repeat","background-position":"center center","background-size":"auto","background-attachment":"scroll","background-type":"","background-media":"","overlay-type":"","overlay-color":"","overlay-opacity":"","overlay-gradient":""}},"ast-content-background-meta":{"desktop":{"background-color":"var(--ast-global-color-5)","background-image":"","background-repeat":"repeat","background-position":"center center","background-size":"auto","background-attachment":"scroll","background-type":"","background-media":"","overlay-type":"","overlay-color":"","overlay-opacity":"","overlay-gradient":""},"tablet":{"background-color":"var(--ast-global-color-5)","background-image":"","background-repeat":"repeat","background-position":"center center","background-size":"auto","background-attachment":"scroll","background-type":"","background-media":"","overlay-type":"","overlay-color":"","overlay-opacity":"","overlay-gradient":""},"mobile":{"background-color":"var(--ast-global-color-5)","background-image":"","background-repeat":"repeat","background-position":"center center","background-size":"auto","background-attachment":"scroll","background-type":"","background-media":"","overlay-type":"","overlay-color":"","overlay-opacity":"","overlay-gradient":""}},"footnotes":""},"class_list":["post-4678","page","type-page","status-publish","hentry"],"post_mailing_queue_ids":[],"_links":{"self":[{"href":"https:\/\/agora.xtec.cat\/ceipcanmanent\/wp-json\/wp\/v2\/pages\/4678","targetHints":{"allow":["GET"]}}],"collection":[{"href":"https:\/\/agora.xtec.cat\/ceipcanmanent\/wp-json\/wp\/v2\/pages"}],"about":[{"href":"https:\/\/agora.xtec.cat\/ceipcanmanent\/wp-json\/wp\/v2\/types\/page"}],"author":[{"embeddable":true,"href":"https:\/\/agora.xtec.cat\/ceipcanmanent\/wp-json\/wp\/v2\/users\/1"}],"replies":[{"embeddable":true,"href":"https:\/\/agora.xtec.cat\/ceipcanmanent\/wp-json\/wp\/v2\/comments?post=4678"}],"version-history":[{"count":3,"href":"https:\/\/agora.xtec.cat\/ceipcanmanent\/wp-json\/wp\/v2\/pages\/4678\/revisions"}],"predecessor-version":[{"id":7405,"href":"https:\/\/agora.xtec.cat\/ceipcanmanent\/wp-json\/wp\/v2\/pages\/4678\/revisions\/7405"}],"up":[{"embeddable":true,"href":"https:\/\/agora.xtec.cat\/ceipcanmanent\/wp-json\/wp\/v2\/pages\/4466"}],"wp:attachment":[{"href":"https:\/\/agora.xtec.cat\/ceipcanmanent\/wp-json\/wp\/v2\/media?parent=4678"}],"curies":[{"name":"wp","href":"https:\/\/api.w.org\/{rel}","templated":true}]}}