{"id":9,"date":"2014-12-17T14:41:18","date_gmt":"2014-12-17T13:41:18","guid":{"rendered":"http:\/\/agora.xtec.cat\/ceipcanllong\/?page_id=9"},"modified":"2026-04-29T17:06:06","modified_gmt":"2026-04-29T15:06:06","slug":"pagina-dinici-buida","status":"publish","type":"page","link":"https:\/\/agora.xtec.cat\/ceipcanllong\/","title":{"rendered":"Preinscripci\u00f3 i matr\u00edcula"},"content":{"rendered":"<p>Cliqueu en el seg\u00fcent enlla\u00e7 per accedir a tota la informaci\u00f3 sobre la <a href=\"https:\/\/preinscripcio.gencat.cat\/ca\/estudis\/infantil-3-6\/inici\/index.html\"><em><span style=\"color: #0000ff;\"><strong>PREINSCRIPCI\u00d3<\/strong><\/span><\/em><\/a><\/p>\n<p>Consulta fent clic aqu\u00ed\u00a0la <a href=\"https:\/\/drive.google.com\/file\/d\/1ssCPQtlpupW1PStinDfQeD-WTCwxHwtx\/view?usp=drive_link\"><span style=\"color: #00ccff;\"><strong>LLISTA DE SOL\u00b7LICITUDS<\/strong><\/span><\/a> que han demanat el centre i l&#8217;ensenyament en primera petici\u00f3 amb la puntuaci\u00f3 provisional a 15\/04\/2026.<\/p>\n<p>Consulta el b\u00e0rem amb la puntuaci\u00f3 resolta fent clic a aquest enlla\u00e7:<a href=\"https:\/\/drive.google.com\/file\/d\/1_KhiteG1ZdQqItYljAPyP-rtpGEQJrwn\/view?usp=drive_link\"><span style=\"color: #008080;\"><strong> LLISTA DE SOL\u00b7LICITUDS RESOLTES<\/strong><\/span><\/a>.<\/p>\n<p><strong>Vols con\u00e8ixer la nostra escola?\u00a0<\/strong>Fes clic en aquest enlla\u00e7 per veure el <a href=\"https:\/\/drive.google.com\/file\/d\/119j59bAMpZSbbxaTm7qGELd9V9yvBKJt\/view?usp=sharing\"><span style=\"color: #ff9900;\"><strong>V\u00cdDEO<\/strong><\/span><\/a>!<\/p>\n<p>Consulta fent clic aqu\u00ed l&#8217;<a href=\"https:\/\/drive.google.com\/file\/d\/1Y5pPGeARGG2yG5lQoy5BdCtdGIm8eBmP\/view?usp=drive_link\"><span style=\"color: #ff00ff;\"><strong>oferta de places<\/strong><\/span><\/a>.<\/p>\n<p>&nbsp;<\/p>\n<p><a href=\"https:\/\/agora.xtec.cat\/ceipcanllong\/pagines-dinici\/pagina-dinici-buida\/attachment\/preinscripcio-26-27\/\" rel=\"attachment wp-att-20167\"><img loading=\"lazy\" decoding=\"async\" class=\"aligncenter size-full wp-image-20167\" src=\"https:\/\/agora.xtec.cat\/ceipcanllong\/wp-content\/uploads\/usu1544\/2026\/03\/Preinscripcio-26-27.png\" alt=\"\" width=\"1080\" height=\"1080\" srcset=\"https:\/\/agora.xtec.cat\/ceipcanllong\/wp-content\/uploads\/usu1544\/2026\/03\/Preinscripcio-26-27.png 1080w, https:\/\/agora.xtec.cat\/ceipcanllong\/wp-content\/uploads\/usu1544\/2026\/03\/Preinscripcio-26-27-300x300.png 300w, https:\/\/agora.xtec.cat\/ceipcanllong\/wp-content\/uploads\/usu1544\/2026\/03\/Preinscripcio-26-27-1024x1024.png 1024w, https:\/\/agora.xtec.cat\/ceipcanllong\/wp-content\/uploads\/usu1544\/2026\/03\/Preinscripcio-26-27-150x150.png 150w, https:\/\/agora.xtec.cat\/ceipcanllong\/wp-content\/uploads\/usu1544\/2026\/03\/Preinscripcio-26-27-768x768.png 768w\" sizes=\"auto, (max-width: 1080px) 100vw, 1080px\" \/><\/a><\/p>\n<p><!--a=1--><\/p>\n<p><!--a=1--><!--a=1--><\/p>\n<p><!--a=1--><\/p>\n<p><!--a=1--><!--a=1--><\/p>\n<p><!--a=1--><\/p>\n<p><!--a=1--><\/p>\n<p><!--a=1--><\/p>\n<p><!--a=1--><\/p>\n<p><!--a=1--><\/p>\n<p><!--a=1--><\/p>\n<p><!--a=1--><\/p>\n<p><!--a=1--><\/p>\n<p><!--a=1--><\/p>\n<p><!--a=1--><\/p>\n<p><!--a=1--><\/p>\n<p><!--a=1--><\/p>\n<p><!--a=1--><!--a=1--><!--a=1--><!--a=1--><\/p>\n<p><!--a=1--><\/p>\n","protected":false},"excerpt":{"rendered":"<p>Cliqueu en el seg\u00fcent enlla\u00e7 per accedir a tota la informaci\u00f3 sobre la <a href=\"https:\/\/preinscripcio.gencat.cat\/ca\/estudis\/infantil-3-6\/inici\/index.html\">PREINSCRIPCI\u00d3<\/a><br \/>\nConsulta fent clic aqu\u00ed\u00a0la <a href=\"https:\/\/drive.google.com\/file\/d\/1ssCPQtlpupW1PStinDfQeD-WTCwxHwtx\/view?usp=drive_link\">LLISTA DE SOL\u00b7LICITUDS<\/a> que han demanat el centre i l&#8217;ensenyament en primera petici\u00f3 amb la puntuaci\u00f3 provisional a 15\/04\/2026.<br \/>\nConsulta el b\u00e0rem amb la puntuaci\u00f3 resolta fent&hellip;  <a href=\"https:\/\/agora.xtec.cat\/ceipcanllong\/\" title=\"Read Preinscripci\u00f3 i matr\u00edcula\">Llegeix m\u00e9s\u00bb<\/a><\/p>\n","protected":false},"author":1,"featured_media":0,"parent":7,"menu_order":0,"comment_status":"closed","ping_status":"closed","template":"","meta":{"_bbp_topic_count":0,"_bbp_reply_count":0,"_bbp_total_topic_count":0,"_bbp_total_reply_count":0,"_bbp_voice_count":0,"_bbp_anonymous_reply_count":0,"_bbp_topic_count_hidden":0,"_bbp_reply_count_hidden":0,"_bbp_forum_subforum_count":0,"footnotes":""},"class_list":["post-9","page","type-page","status-publish","hentry"],"post_mailing_queue_ids":[],"_links":{"self":[{"href":"https:\/\/agora.xtec.cat\/ceipcanllong\/wp-json\/wp\/v2\/pages\/9","targetHints":{"allow":["GET"]}}],"collection":[{"href":"https:\/\/agora.xtec.cat\/ceipcanllong\/wp-json\/wp\/v2\/pages"}],"about":[{"href":"https:\/\/agora.xtec.cat\/ceipcanllong\/wp-json\/wp\/v2\/types\/page"}],"author":[{"embeddable":true,"href":"https:\/\/agora.xtec.cat\/ceipcanllong\/wp-json\/wp\/v2\/users\/1"}],"replies":[{"embeddable":true,"href":"https:\/\/agora.xtec.cat\/ceipcanllong\/wp-json\/wp\/v2\/comments?post=9"}],"version-history":[{"count":6,"href":"https:\/\/agora.xtec.cat\/ceipcanllong\/wp-json\/wp\/v2\/pages\/9\/revisions"}],"predecessor-version":[{"id":20186,"href":"https:\/\/agora.xtec.cat\/ceipcanllong\/wp-json\/wp\/v2\/pages\/9\/revisions\/20186"}],"up":[{"embeddable":true,"href":"https:\/\/agora.xtec.cat\/ceipcanllong\/wp-json\/wp\/v2\/pages\/7"}],"wp:attachment":[{"href":"https:\/\/agora.xtec.cat\/ceipcanllong\/wp-json\/wp\/v2\/media?parent=9"}],"curies":[{"name":"wp","href":"https:\/\/api.w.org\/{rel}","templated":true}]}}