{"id":84,"date":"2014-09-18T14:11:31","date_gmt":"2014-09-18T13:11:31","guid":{"rendered":"http:\/\/agora.xtec.cat\/ceipcanllong\/?page_id=84"},"modified":"2024-02-05T10:52:32","modified_gmt":"2024-02-05T09:52:32","slug":"activitats-extraescolars","status":"publish","type":"page","link":"https:\/\/agora.xtec.cat\/ceipcanllong\/activitats-extraescolars\/","title":{"rendered":"Activitats extraescolars"},"content":{"rendered":"<table style=\"width: 82.1723%;\" width=\"815\">\n<tbody>\n<tr>\n<td style=\"width: 98.5312%; text-align: center;\" colspan=\"6\" width=\"815\">\n<h5><span style=\"color: #0000ff;\">OFERTA D&#8217;ACTIVITATS EXTRAESCOLARS PEL PROPER CURS 2023\/24<\/span><\/h5>\n<h5><span style=\"color: #0000ff;\">El per\u00edode d&#8217;inscripci\u00f3 \u00e9s del 8\/06 al 22\/6 per l&#8217;APP del TPVESCOLA, a la part de SERVEIS\/INSCRIPCIONS<\/span><\/h5>\n<h5><span style=\"color: #0000ff;\">Al finalitzar el proc\u00e9s d&#8217;inscripcions es cobraran 15\u20ac per dia d&#8217;activitat inscrit en concepte de paga i senyal de l&#8217;activitat.<\/span><\/h5>\n<\/td>\n<\/tr>\n<tr>\n<td style=\"width: 14.4431%; text-align: center;\" width=\"118\"><strong>ACTIVITAT<\/strong><\/td>\n<td style=\"width: 45.0428%; text-align: center;\" width=\"378\"><strong>BREU DESCRIPCI\u00d3<\/strong><\/td>\n<td style=\"width: 10.0367%; text-align: center;\" width=\"83\"><strong>CURS<\/strong><\/td>\n<td style=\"width: 10.1591%; text-align: center;\" width=\"83\"><strong>DIA<\/strong><\/td>\n<td style=\"width: 10.1591%; text-align: center;\" width=\"83\"><strong>HORARI<\/strong><\/td>\n<td style=\"width: 8.69033%; text-align: center;\" width=\"71\"><strong>PREU PER TOT EL CURS<\/strong><\/td>\n<\/tr>\n<tr>\n<td style=\"width: 14.4431%;\" width=\"118\"><strong>NATACI\u00d3 infantil<\/strong><\/td>\n<td style=\"width: 45.0428%;\" width=\"378\">Iniciaci\u00f3 i aprenentatge de nataci\u00f3. Aquesta activitat acabar\u00e0 a finals de Juny.<br \/>\nHi haur\u00e0 servei de monitoratge, els vindran a buscar a l&#8217;escola i els portaran i canviaran els monitors\/es. Les fam\u00edlies els vindran a buscar a la porta del CNS al finalitzar l&#8217;activitat.<\/td>\n<td style=\"width: 10.0367%;\" width=\"83\">I3 a I5<\/td>\n<td style=\"width: 10.1591%;\" width=\"83\">Dilluns<\/td>\n<td style=\"width: 10.1591%;\" width=\"83\">16:30 a 18:45<\/td>\n<td style=\"width: 8.69033%;\" width=\"71\">320 \u20ac<\/td>\n<\/tr>\n<tr>\n<td style=\"width: 14.4431%;\" width=\"118\"><strong>NATACI\u00d3 prim\u00e0ria<\/strong><\/td>\n<td style=\"width: 45.0428%;\" width=\"378\">Iniciaci\u00f3 i aprenentatge de nataci\u00f3. Aquesta activitat acabar\u00e0 a finals de Juny.<br \/>\nHi haur\u00e0 servei de monitoratge, els vindran a buscar a l&#8217;escola i els portaran i canviaran els monitors\/es. Les fam\u00edlies els vindran a buscar a la porta del CNS al finalitzar l&#8217;activitat.<\/td>\n<td style=\"width: 10.0367%;\" width=\"83\">1er a 6\u00e8<\/td>\n<td style=\"width: 10.1591%;\" width=\"83\">Dilluns<\/td>\n<td style=\"width: 10.1591%;\" width=\"83\">16:30 a 18:45<\/td>\n<td style=\"width: 8.69033%;\" width=\"71\">280 \u20ac<\/td>\n<\/tr>\n<tr>\n<td style=\"width: 14.4431%;\" width=\"118\"><strong>INICIACI\u00d3 ESPORTIVA INFANTIL<\/strong><\/td>\n<td style=\"width: 45.0428%;\" width=\"378\">\u00c9s una activitat on comen\u00e7aran a fer jocs psicomotrius i mica en mica aniran aprenent diferents esports a trav\u00e9s del joc.<\/td>\n<td style=\"width: 10.0367%;\" width=\"83\">I3 a I5<\/td>\n<td style=\"width: 10.1591%;\" width=\"83\">Dilluns<\/td>\n<td style=\"width: 10.1591%;\" width=\"83\">16:30 a 17:30<\/td>\n<td style=\"width: 8.69033%;\" width=\"71\">155 \u20ac<\/td>\n<\/tr>\n<tr>\n<td style=\"width: 14.4431%;\" width=\"118\"><strong>INICIACI\u00d3 ESPORTIVA PRIM\u00c0RIA<\/strong><\/td>\n<td style=\"width: 45.0428%;\" width=\"378\">\u00c9s una activitat en que els nens i nenes aprendran a diferents esports com ara el b\u00e0squet, l&#8217;handbol, atletisme, baseball, etc.<\/td>\n<td style=\"width: 10.0367%;\" width=\"83\">1r a 6\u00e9<\/td>\n<td style=\"width: 10.1591%;\" width=\"83\">Dilluns<\/td>\n<td style=\"width: 10.1591%;\" width=\"83\">16:30 a 17:30<\/td>\n<td style=\"width: 8.69033%;\" width=\"71\">155 \u20ac<\/td>\n<\/tr>\n<tr>\n<td style=\"width: 14.4431%;\" width=\"118\"><strong>FUTBOL PREBENJAM\u00cd COMPETICI\u00d3<\/strong><\/td>\n<td style=\"width: 45.0428%;\" width=\"378\">Aprenentatge fonamental de les t\u00e8cniques b\u00e0siques del futbol d\u2019acord amb l\u2019edat i aprendre a jugar en equip.<\/td>\n<td style=\"width: 10.0367%;\" width=\"83\">1r i 2n<\/td>\n<td style=\"width: 10.1591%;\" width=\"83\">Dimarts i dijous<\/td>\n<td style=\"width: 10.1591%;\" width=\"83\">16:30 a 17:30<br \/>\ndimarts 16:30 a 18:00<br \/>\ndijous<\/td>\n<td style=\"width: 8.69033%;\" width=\"71\"><span style=\"color: #ff0000;\">280 \u20ac<\/span><\/td>\n<\/tr>\n<tr>\n<td style=\"width: 14.4431%;\" width=\"118\"><strong>FUTBOL BENJAM\u00cd COMPETICI\u00d3<\/strong><\/td>\n<td style=\"width: 45.0428%;\" width=\"378\">Aprofundiment de les t\u00e8cniques del futbol, fomentar les bones pr\u00e0ctiques de l&#8217;esport en equip.<br \/>\nHi haur\u00e0 servei d&#8217;acollida de 16:30-17:30 per 1,5\u20ac, pels nen\/es que facin aquesta activitat, on es podr\u00e0 berenar i fer deures.<\/td>\n<td style=\"width: 10.0367%;\" width=\"83\">3r i 4t<\/td>\n<td style=\"width: 10.1591%;\" width=\"83\">Dilluns i dimecres<\/td>\n<td style=\"width: 10.1591%;\" width=\"83\">17:30 a 18:30<br \/>\ndilluns 17:30 a 19:00<br \/>\ndimecres<\/td>\n<td style=\"width: 8.69033%;\" width=\"71\"><span style=\"color: #ff0000;\">280 \u20ac<\/span><\/td>\n<\/tr>\n<tr>\n<td style=\"width: 14.4431%;\" width=\"118\"><strong>FUTBOL ALEV\u00cd COMPETICI\u00d3<\/strong><\/td>\n<td style=\"width: 45.0428%;\" width=\"378\">Aprofundiment de les t\u00e8cniques del futbol, fomentar les bones pr\u00e0ctiques de l&#8217;esport en equip.<br \/>\nHi haur\u00e0 servei d&#8217;acollida de 16:30-17:30 per 1,5\u20ac, pels nen\/es que facin aquesta activitat, on es podr\u00e0 berenar i fer deures.<\/td>\n<td style=\"width: 10.0367%;\" width=\"83\">5\u00e8-6\u00e8<\/td>\n<td style=\"width: 10.1591%;\" width=\"83\">Dilluns i dimecres<\/td>\n<td style=\"width: 10.1591%;\" width=\"83\">17:30 a 18:30<br \/>\ndilluns 17:30 a 19:00<br \/>\ndimecres<\/td>\n<td style=\"width: 8.69033%;\" width=\"71\"><span style=\"color: #ff0000;\">280 \u20ac<\/span><\/td>\n<\/tr>\n<tr>\n<td style=\"width: 14.4431%;\" width=\"118\"><strong>FUTBOL INFANTIL I CADET<\/strong><\/td>\n<td style=\"width: 45.0428%;\" width=\"378\">Aprofundiment de les t\u00e8cniques del futbol, fomentar les bones pr\u00e0ctiques de l&#8217;esport en equip.<\/td>\n<td style=\"width: 10.0367%;\" width=\"83\">1r A 4rt ESO<\/td>\n<td style=\"width: 10.1591%;\" width=\"83\">Dimarts i dijous<\/td>\n<td style=\"width: 10.1591%;\" width=\"83\">17:30 a 19 dimarts i de 18 a 19:30 dijous<\/td>\n<td style=\"width: 8.69033%;\" width=\"71\">330 \u20ac<\/td>\n<\/tr>\n<tr>\n<td style=\"width: 14.4431%;\" width=\"118\"><strong>INICIACI\u00d3 AL FUTBOL<\/strong><\/td>\n<td style=\"width: 45.0428%;\" width=\"378\">Iniciaci\u00f3 a l&#8217;aprenentatge de les t\u00e8cniques b\u00e0siques del futbol, d\u2019acord amb l\u2019edat, i aprendre a jugar en equip.<\/td>\n<td style=\"width: 10.0367%;\" width=\"83\">I5 a 2n<\/td>\n<td style=\"width: 10.1591%;\" width=\"83\">Dimecres<\/td>\n<td style=\"width: 10.1591%;\" width=\"83\">16:30 a 17:30<\/td>\n<td style=\"width: 8.69033%;\" width=\"71\">160 \u20ac<\/td>\n<\/tr>\n<tr>\n<td style=\"width: 14.4431%;\" width=\"118\"><strong>GIMN\u00c0STICA R\u00cdTMICA INICIACI\u00d3<\/strong><\/td>\n<td style=\"width: 45.0428%;\" width=\"378\">T\u00e9 l&#8217;objectiu que els nens i nenes aprenguin i coneguin la r\u00edtmica. Mitjan\u00e7ant aquest esport afavoreixen l&#8217;expressi\u00f3 corporal, l&#8217;elasticitat i la cohesi\u00f3 de grup. HI HAUR\u00c0 PLACES LIMITADES.<\/td>\n<td style=\"width: 10.0367%;\" width=\"83\">I4 a 2n<\/td>\n<td style=\"width: 10.1591%;\" width=\"83\">Dijous<\/td>\n<td style=\"width: 10.1591%;\" width=\"83\">16:30 a 18:15<\/td>\n<td style=\"width: 8.69033%;\" width=\"71\">210 \u20ac<\/td>\n<\/tr>\n<tr>\n<td style=\"width: 14.4431%;\" width=\"118\"><strong>GIMN\u00c0STICA R\u00cdTMICA INICIACI\u00d3 2<\/strong><\/td>\n<td style=\"width: 45.0428%;\" width=\"378\">Destinada als infants que volen aprendre i con\u00e8ixer la r\u00edtmica per\u00f2 que no volen competir. Afavoriran l&#8217;expressi\u00f3 corporal i aprendran diferents t\u00e8cniques i passos espec\u00edfics de la r\u00edtmica, aix\u00ed com, la utilitzaci\u00f3 de diferents aparells. Es podr\u00e0 triar dilluns o dimecres per\u00f2 ha de sortir un m\u00ednim de 10 alumnes, si no surt hi haur\u00e0 l&#8217;opci\u00f3 de canviar-se al dia que si que surti. HI HAUR\u00c0 PLACES LIMITADES<\/td>\n<td style=\"width: 10.0367%;\" width=\"83\">1r a 6\u00e8<\/td>\n<td style=\"width: 10.1591%;\" rowspan=\"2\" width=\"83\">Dilluns o Dimecres<\/td>\n<td style=\"width: 10.1591%;\" rowspan=\"2\" width=\"83\">16:30 a 19:15<\/td>\n<td style=\"width: 8.69033%;\" width=\"71\">260 \u20ac<\/td>\n<\/tr>\n<tr>\n<td style=\"width: 14.4431%;\" width=\"118\"><strong>GIMN\u00c0STICA R\u00cdTMICA INICIACI\u00d3 2 AMB COMPETICI\u00d3<\/strong><\/td>\n<td style=\"width: 45.0428%;\" width=\"378\">Destinada als nens i nenes que el curs anterior han fet r\u00edtmica d&#8217;INICIACI\u00d3 i que volen aprofundir m\u00e9s en aquest esport de cara a competir. Al preu se li ha de sumar el cost del mallot. Es podr\u00e0 triar dilluns o dimecres per\u00f2 ha de sortir un m\u00ednim de 10 alumnes, si no surt hi haur\u00e0 l&#8217;opci\u00f3 de canviar-se al dia que si que surti. HI HAUR\u00c0 PLACES LIMITADES<\/td>\n<td style=\"width: 10.0367%;\" width=\"83\">1r i 6\u00e8<\/td>\n<td style=\"width: 8.69033%;\" width=\"71\"><span style=\"color: #ff0000;\">285 \u20ac<\/span><\/td>\n<\/tr>\n<tr>\n<td style=\"width: 14.4431%;\" width=\"118\"><strong>GIMN\u00c0STICA R\u00cdTMICA COMPETICI\u00d3<\/strong><\/td>\n<td style=\"width: 45.0428%;\" width=\"378\">En aquesta activitat els nens i nenes practicaran la r\u00edtmica com a competici\u00f3, aprofundiran les t\u00e8cniques espec\u00edfiques relacionades amb aquest esport i, al llarg del curs aniran augmentant la dificultat. Al preu se li ha de sumar el cost del mallot. HI HAUR\u00c0 PLACES LIMITADES<\/td>\n<td style=\"width: 10.0367%;\" width=\"83\">3r a 6\u00e8<\/td>\n<td style=\"width: 10.1591%;\" width=\"83\">Dilluns i dimecres<\/td>\n<td style=\"width: 10.1591%;\" width=\"83\">16:30 a 19:15<\/td>\n<td style=\"width: 8.69033%;\" width=\"71\"><span style=\"color: #ff0000;\">385 \u20ac<\/span><\/td>\n<\/tr>\n<tr>\n<td style=\"width: 14.4431%;\" width=\"118\"><strong>DIBUIX ANIME<\/strong><\/td>\n<td style=\"width: 45.0428%;\" width=\"378\">Introducci\u00f3 al dibuix anime o manga, esta destinat a infants de prim\u00e0ria, per\u00f2 s&#8217;intentar\u00e0 fer grups segons el nivell i l&#8217;edat, si no es pogu\u00e9s dividir el grup es parlar\u00e0 amb les fam\u00edlies apuntades de com enfocar l&#8217;activitat.<\/td>\n<td style=\"width: 10.0367%;\" width=\"83\">1er a 6\u00e8<\/td>\n<td style=\"width: 10.1591%;\" width=\"83\">Divendres<\/td>\n<td style=\"width: 10.1591%;\" width=\"83\">16:30 a 17:30<\/td>\n<td style=\"width: 8.69033%;\" width=\"71\">175 \u20ac<\/td>\n<\/tr>\n<tr>\n<td style=\"width: 14.4431%;\" rowspan=\"3\" width=\"118\"><strong>ANGL\u00c8S<\/strong><\/td>\n<td style=\"width: 45.0428%;\" width=\"378\">Les classes es dividiran en dues parts, la primera ser\u00e0 de te\u00f2rica, seguint la programaci\u00f3 que dona el MEV als seus professors, mitjan\u00e7ant diferents fitxes i la segona part ser\u00e0 m\u00e9s l\u00fadica i es relacionar\u00e0 amb el que s&#8217;hagi apr\u00e9s en la part te\u00f2rica.<\/td>\n<td style=\"width: 10.0367%;\" width=\"83\">5\u00e8-6\u00e8<\/td>\n<td style=\"width: 10.1591%;\" width=\"83\">Divendres<\/td>\n<td style=\"width: 10.1591%;\" rowspan=\"3\" width=\"83\">16:30 a 18:15<br \/>\n(1dia a la setmana)<\/td>\n<td style=\"width: 8.69033%;\" width=\"71\">290 \u20ac<\/td>\n<\/tr>\n<tr>\n<td style=\"width: 45.0428%;\" width=\"378\">Les classes es dividiran en dues parts, la primera ser\u00e0 de te\u00f2rica, seguint la programaci\u00f3 que dona el MEV als seus professors, mitjan\u00e7ant diferents fitxes i la segona part ser\u00e0 m\u00e9s l\u00fadica i es relacionar\u00e0 amb el que s&#8217;hagi apr\u00e9s en la part te\u00f2rica.<\/td>\n<td style=\"width: 10.0367%;\" width=\"83\">3\u00e8-4r<\/td>\n<td style=\"width: 10.1591%;\" width=\"83\">Dijous<\/td>\n<td style=\"width: 8.69033%;\" width=\"71\">290 \u20ac<\/td>\n<\/tr>\n<tr>\n<td style=\"width: 45.0428%;\" width=\"378\">Aprenentatge d&#8217;una tercera llengua mitjan\u00e7ant l\u2019expressi\u00f3, el joc, el cant i les manualitats. Hi haur\u00e0 una part de fitxes.<\/td>\n<td style=\"width: 10.0367%;\" width=\"83\">1r i 2n<\/td>\n<td style=\"width: 10.1591%;\" width=\"83\">Dimecres<\/td>\n<td style=\"width: 8.69033%;\" width=\"71\">290 \u20ac<\/td>\n<\/tr>\n<tr>\n<td style=\"width: 14.4431%;\" width=\"118\"><strong>ANGL\u00c8S INFANTIL<\/strong><\/td>\n<td style=\"width: 45.0428%;\" width=\"378\">Comen\u00e7ar a aprendre una tercera llengua mitjan\u00e7ant jocs, can\u00e7ons i manualitats.<\/td>\n<td style=\"width: 10.0367%;\" width=\"83\">I3,I4 i I5<\/td>\n<td style=\"width: 10.1591%;\" width=\"83\">Dimarts<\/td>\n<td style=\"width: 10.1591%;\" width=\"83\">16:30 a 17:30<\/td>\n<td style=\"width: 8.69033%;\" width=\"71\">220 \u20ac<\/td>\n<\/tr>\n<tr>\n<td style=\"width: 14.4431%;\" width=\"118\"><strong>CUINA<\/strong><\/td>\n<td style=\"width: 45.0428%;\" width=\"378\">Con\u00e8ixer els diferents aliments que hi ha, aix\u00ed com, la bona pr\u00e0ctica de menjar d&#8217;una manera saludable mitjan\u00e7ant plats divertits i f\u00e0cils de fer pels nens\/es.<br \/>\nEsta incl\u00f2s tot els ingredients i material que faran servir al llarg del curs<\/td>\n<td style=\"width: 10.0367%;\" width=\"83\">I3 a I5<\/td>\n<td style=\"width: 10.1591%;\" width=\"83\">Dimecres<\/td>\n<td style=\"width: 10.1591%;\" width=\"83\">16:30 a 17:30<\/td>\n<td style=\"width: 8.69033%;\" width=\"71\">145 \u20ac<\/td>\n<\/tr>\n<tr>\n<td style=\"width: 14.4431%;\" width=\"118\"><strong>MINI XEF<\/strong><\/td>\n<td style=\"width: 45.0428%;\" width=\"378\">Destinat a nens i nenes que els hi agradi cuinar. En aquesta activitat es cuinar\u00e0 en calent, s&#8217;utilitzaran planxes el\u00e8ctriques, vitrocer\u00e0mica, microones. Si hi ha alguna recepta que necessiti de forn, es finalitzar\u00e0 a casa. Els ingredients i el material esta incl\u00f2s en el preu.<\/td>\n<td style=\"width: 10.0367%;\" width=\"83\">1r a 6\u00e8<\/td>\n<td style=\"width: 10.1591%;\" width=\"83\">Dijous<\/td>\n<td style=\"width: 10.1591%;\" width=\"83\">16:30 a 18:30<\/td>\n<td style=\"width: 8.69033%;\" width=\"71\">245 \u20ac<\/td>\n<\/tr>\n<tr>\n<td style=\"width: 14.4431%;\" width=\"118\"><strong>PATINATGE<\/strong><\/td>\n<td style=\"width: 45.0428%;\" width=\"378\">Iniciaci\u00f3 i aprofundiment a les t\u00e8cniques b\u00e0siques del patinatge. Al llarg del curs es treballaran diferents balls.<\/td>\n<td style=\"width: 10.0367%;\" width=\"83\">I5 a 6\u00e8<\/td>\n<td style=\"width: 10.1591%;\" width=\"83\">Divendres<\/td>\n<td style=\"width: 10.1591%;\" width=\"83\">16:30 a 18:00<\/td>\n<td style=\"width: 8.69033%;\" width=\"71\">170 \u20ac<\/td>\n<\/tr>\n<tr>\n<td style=\"width: 14.4431%;\" width=\"118\"><strong>HIP-HOP Grans<\/strong><\/td>\n<td style=\"width: 45.0428%;\" width=\"378\">Aprofundiment dels passos i aprenentatge de coreografies m\u00e9s complicades del hip hop.<\/td>\n<td style=\"width: 10.0367%;\" width=\"83\">1r a 6\u00e8<\/td>\n<td style=\"width: 10.1591%;\" width=\"83\">Divendres<\/td>\n<td style=\"width: 10.1591%;\" width=\"83\">16:30 a 18:00<\/td>\n<td style=\"width: 8.69033%;\" width=\"71\">165 \u20ac<\/td>\n<\/tr>\n<tr>\n<td style=\"width: 14.4431%;\" width=\"118\"><strong>HIP-HOP Peques <\/strong><\/td>\n<td style=\"width: 45.0428%;\" width=\"378\">Con\u00e8ixer i aprendre a ballar hip-hop, un ball amb molt de moviment.<\/td>\n<td style=\"width: 10.0367%;\" width=\"83\">I3 a I5<\/td>\n<td style=\"width: 10.1591%;\" width=\"83\">Divendres<\/td>\n<td style=\"width: 10.1591%;\" width=\"83\">16:30 a 17:30<\/td>\n<td style=\"width: 8.69033%;\" width=\"71\">145 \u20ac<\/td>\n<\/tr>\n<tr>\n<td style=\"width: 14.4431%;\" width=\"118\"><strong>TEATRE<\/strong><\/td>\n<td style=\"width: 45.0428%;\" width=\"378\">\u00c9s una activitat on els infants aprendran a tenir una bona expressi\u00f3 oral, aix\u00ed com a perdre la vergonya i relacionar-se amb altes companys de diferents edats.<\/td>\n<td style=\"width: 10.0367%;\" width=\"83\">1r a 6\u00e8<\/td>\n<td style=\"width: 10.1591%;\" width=\"83\">Dimarts<\/td>\n<td style=\"width: 10.1591%;\" width=\"83\">16:30 a 18:00<\/td>\n<td style=\"width: 8.69033%;\" width=\"71\">165 \u20ac<\/td>\n<\/tr>\n<tr>\n<td style=\"width: 14.4431%;\" width=\"118\"><strong>B\u00c0SQUET DE COMPETICI\u00d3<\/strong><\/td>\n<td style=\"width: 45.0428%;\" width=\"378\">PENDENT DE FER UN EQUIP AMB LES ESCOLES MAS BOADELLA I VIROLET, FAREM UN EQUIP DE BARRI SI SURTEN PROUS INSCRITS.<\/td>\n<td style=\"width: 10.0367%;\" width=\"83\"><\/td>\n<td style=\"width: 10.1591%;\" width=\"83\"><\/td>\n<td style=\"width: 10.1591%;\" width=\"83\"><\/td>\n<td style=\"width: 8.69033%;\" width=\"71\"><\/td>\n<\/tr>\n<tr>\n<td style=\"width: 14.4431%;\" width=\"118\"><strong>INICIACI\u00d3 AL B\u00c0SQUET<\/strong><\/td>\n<td style=\"width: 45.0428%;\" width=\"378\">Iniciaci\u00f3 a l&#8217;aprenentatge de les t\u00e8cniques b\u00e0siques del b\u00e0squet d\u2019acord amb l\u2019edat, i aprendre a jugar en equip.<\/td>\n<td style=\"width: 10.0367%;\" width=\"83\">1r a 6\u00e8<\/td>\n<td style=\"width: 10.1591%;\" width=\"83\">Dimecres<\/td>\n<td style=\"width: 10.1591%;\" width=\"83\">16:30 a 17:30<\/td>\n<td style=\"width: 8.69033%;\" width=\"71\">160 \u20ac<\/td>\n<\/tr>\n<tr>\n<td style=\"width: 14.4431%;\" width=\"118\"><strong>ESCACS MIGDIA<\/strong><\/td>\n<td style=\"width: 45.0428%;\" width=\"378\">Iniciaci\u00f3 als escacs, destinada als infants tant que ja saben jugar una mica com als que volen aprendre. A trav\u00e9s d&#8217;aquest joc els nens i nenes desenvolupen l&#8217;agilitat mental i la capacitat de concentraci\u00f3.<\/td>\n<td style=\"width: 10.0367%;\" width=\"83\">1r a 6\u00e8<\/td>\n<td style=\"width: 10.1591%;\" width=\"83\">Dimecres<\/td>\n<td style=\"width: 10.1591%;\" width=\"83\">12:30 a 13:30<\/td>\n<td style=\"width: 8.69033%;\" width=\"71\">175 \u20ac<\/td>\n<\/tr>\n<tr>\n<td style=\"width: 98.5312%; text-align: center;\" colspan=\"6\" width=\"815\"><strong>IMPORTANT: Per a les fam\u00edlies que NO siguin s\u00f2cies de l&#8217;AFA durant el proper curs, TOTES les activitats tindran un cost addicional de 15\u20ac en concepte de matr\u00edcula.<\/strong><\/td>\n<\/tr>\n<tr>\n<td style=\"width: 98.5312%; text-align: center;\" colspan=\"6\" width=\"815\"><strong><br \/>\n<span style=\"color: #ff0000;\">ELS PREUS S\u00d3N ORIENTATIUS, VARIARAN SEGONS ELS ALUMNES MATRICULATS<\/span><br \/>\n<span style=\"color: #ff0000;\">* Preu pendent del Consell Esportiu i no inclou l&#8217;equipaci\u00f3<\/span><\/strong><\/td>\n<\/tr>\n<tr>\n<td style=\"width: 98.5312%;\" colspan=\"6\" width=\"815\">\n<p style=\"text-align: center;\"><strong>La Comissi\u00f3 d&#8217;Extraescolars pot modificar o anul\u00b7lar alguna activitat extraescolar depenent de la demanda i despr\u00e9s d&#8217;haver consultat amb les fam\u00edlies afectades.<br \/>\nFutbol Competici\u00f3: Si l&#8217;equip ja est\u00e0 format. Les inscripcions que hi hagi seran per cobrir vacants o formar un altre equip (m\u00ednim de 10 jugadors i m\u00e0xim de 12 jugadors per equip).<br \/>\nEls alumnes que no estiguin al corrent de pagament de les activitats, no la podran comen\u00e7ar el 02\/10\/2022.<\/strong><\/p>\n<\/td>\n<\/tr>\n<\/tbody>\n<\/table>\n<p>&nbsp;<\/p>\n","protected":false},"excerpt":{"rendered":"<p>OFERTA D&#8217;ACTIVITATS EXTRAESCOLARS PEL PROPER CURS 2023\/24<br \/>\nEl per\u00edode d&#8217;inscripci\u00f3 \u00e9s del 8\/06 al 22\/6 per l&#8217;APP del TPVESCOLA, a la part de SERVEIS\/INSCRIPCIONS<br \/>\nAl finalitzar el proc\u00e9s d&#8217;inscripcions es cobraran 15\u20ac per dia d&#8217;activitat inscrit en concepte de paga i senyal de l&#8217;activitat.<\/p>\n<p>ACTIVITAT<br \/>\nBREU DESCRIPCI\u00d3<br \/>\nCURS<br \/>\nDIA<br \/>\nHORARI<br \/>\nPREU PER TOT&hellip;  <a href=\"https:\/\/agora.xtec.cat\/ceipcanllong\/activitats-extraescolars\/\" title=\"Read Activitats extraescolars\">Llegeix m\u00e9s\u00bb<\/a><\/p>\n","protected":false},"author":1,"featured_media":0,"parent":0,"menu_order":60,"comment_status":"closed","ping_status":"closed","template":"page-templates\/side-menu.php","meta":{"_bbp_topic_count":0,"_bbp_reply_count":0,"_bbp_total_topic_count":0,"_bbp_total_reply_count":0,"_bbp_voice_count":0,"_bbp_anonymous_reply_count":0,"_bbp_topic_count_hidden":0,"_bbp_reply_count_hidden":0,"_bbp_forum_subforum_count":0,"footnotes":""},"class_list":["post-84","page","type-page","status-publish","hentry"],"post_mailing_queue_ids":[],"_links":{"self":[{"href":"https:\/\/agora.xtec.cat\/ceipcanllong\/wp-json\/wp\/v2\/pages\/84","targetHints":{"allow":["GET"]}}],"collection":[{"href":"https:\/\/agora.xtec.cat\/ceipcanllong\/wp-json\/wp\/v2\/pages"}],"about":[{"href":"https:\/\/agora.xtec.cat\/ceipcanllong\/wp-json\/wp\/v2\/types\/page"}],"author":[{"embeddable":true,"href":"https:\/\/agora.xtec.cat\/ceipcanllong\/wp-json\/wp\/v2\/users\/1"}],"replies":[{"embeddable":true,"href":"https:\/\/agora.xtec.cat\/ceipcanllong\/wp-json\/wp\/v2\/comments?post=84"}],"version-history":[{"count":6,"href":"https:\/\/agora.xtec.cat\/ceipcanllong\/wp-json\/wp\/v2\/pages\/84\/revisions"}],"predecessor-version":[{"id":19847,"href":"https:\/\/agora.xtec.cat\/ceipcanllong\/wp-json\/wp\/v2\/pages\/84\/revisions\/19847"}],"wp:attachment":[{"href":"https:\/\/agora.xtec.cat\/ceipcanllong\/wp-json\/wp\/v2\/media?parent=84"}],"curies":[{"name":"wp","href":"https:\/\/api.w.org\/{rel}","templated":true}]}}