{"id":30,"date":"2014-09-18T12:30:23","date_gmt":"2014-09-18T11:30:23","guid":{"rendered":"http:\/\/agora.xtec.cat\/ceipcanllong\/?page_id=30"},"modified":"2022-11-10T15:52:56","modified_gmt":"2022-11-10T14:52:56","slug":"instal%c2%b7lacions","status":"publish","type":"page","link":"https:\/\/agora.xtec.cat\/ceipcanllong\/lescola\/instal%c2%b7lacions\/","title":{"rendered":"Instal\u00b7lacions"},"content":{"rendered":"<p>L\u2019Escola disposa d\u2019unes bones instal\u00b7lacions i espais.<\/p>\n<ul>\n<li><u>Sala de Psicomotricitat<\/u><\/li>\n<\/ul>\n<p>Els i les infants d\u2019Ed. Infantil treballen l\u2019expressi\u00f3 corporal, l\u2019orientaci\u00f3 i el moviment. \u00c9s un espai en el que es poden expressar i con\u00e8ixer el seu cos i les seves possibilitats<\/p>\n<p><img loading=\"lazy\" decoding=\"async\" class=\"wp-image-19293 aligncenter\" src=\"https:\/\/agora.xtec.cat\/ceipcanllong\/wp-content\/uploads\/usu1544\/2022\/11\/1668089294927-1024x662.jpg\" alt=\"\" width=\"618\" height=\"400\" srcset=\"https:\/\/agora.xtec.cat\/ceipcanllong\/wp-content\/uploads\/usu1544\/2022\/11\/1668089294927-1024x662.jpg 1024w, https:\/\/agora.xtec.cat\/ceipcanllong\/wp-content\/uploads\/usu1544\/2022\/11\/1668089294927-300x194.jpg 300w, https:\/\/agora.xtec.cat\/ceipcanllong\/wp-content\/uploads\/usu1544\/2022\/11\/1668089294927-768x497.jpg 768w, https:\/\/agora.xtec.cat\/ceipcanllong\/wp-content\/uploads\/usu1544\/2022\/11\/1668089294927.jpg 1143w\" sizes=\"auto, (max-width: 618px) 100vw, 618px\" \/><\/p>\n<p>&nbsp;<\/p>\n<p><img loading=\"lazy\" decoding=\"async\" class=\"wp-image-19294 aligncenter\" src=\"https:\/\/agora.xtec.cat\/ceipcanllong\/wp-content\/uploads\/usu1544\/2022\/11\/1668089294959-1024x473.jpg\" alt=\"\" width=\"625\" height=\"289\" srcset=\"https:\/\/agora.xtec.cat\/ceipcanllong\/wp-content\/uploads\/usu1544\/2022\/11\/1668089294959-1024x473.jpg 1024w, https:\/\/agora.xtec.cat\/ceipcanllong\/wp-content\/uploads\/usu1544\/2022\/11\/1668089294959-300x139.jpg 300w, https:\/\/agora.xtec.cat\/ceipcanllong\/wp-content\/uploads\/usu1544\/2022\/11\/1668089294959-768x355.jpg 768w, https:\/\/agora.xtec.cat\/ceipcanllong\/wp-content\/uploads\/usu1544\/2022\/11\/1668089294959-1536x709.jpg 1536w, https:\/\/agora.xtec.cat\/ceipcanllong\/wp-content\/uploads\/usu1544\/2022\/11\/1668089294959.jpg 1600w\" sizes=\"auto, (max-width: 625px) 100vw, 625px\" \/><\/p>\n<p>&nbsp;<\/p>\n<ul>\n<li><u>A<\/u><u>ula de Joc Simb\u00f2lic<\/u><\/li>\n<\/ul>\n<p>Els i les infants d\u2019Ed. Infantil exploren i imiten \u00a0accions de la vida quotidiana del m\u00f3n dels adults. \u00c9s un aprenentatge que ajuda a l\u2019infant a compartir, acceptar les normes de joc, provar diferents rols i a fomentar el llenguatge.<\/p>\n<p><strong><img loading=\"lazy\" decoding=\"async\" class=\"wp-image-15986 aligncenter\" src=\"https:\/\/agora.xtec.cat\/ceipcanllong\/wp-content\/uploads\/usu1544\/2021\/03\/resized_IMG_6299-1024x768.jpg\" alt=\"\" width=\"615\" height=\"461\" srcset=\"https:\/\/agora.xtec.cat\/ceipcanllong\/wp-content\/uploads\/usu1544\/2021\/03\/resized_IMG_6299-1024x768.jpg 1024w, https:\/\/agora.xtec.cat\/ceipcanllong\/wp-content\/uploads\/usu1544\/2021\/03\/resized_IMG_6299-300x225.jpg 300w, https:\/\/agora.xtec.cat\/ceipcanllong\/wp-content\/uploads\/usu1544\/2021\/03\/resized_IMG_6299-768x576.jpg 768w, https:\/\/agora.xtec.cat\/ceipcanllong\/wp-content\/uploads\/usu1544\/2021\/03\/resized_IMG_6299-200x150.jpg 200w, https:\/\/agora.xtec.cat\/ceipcanllong\/wp-content\/uploads\/usu1544\/2021\/03\/resized_IMG_6299.jpg 2016w\" sizes=\"auto, (max-width: 615px) 100vw, 615px\" \/><\/strong><\/p>\n<p><strong>\u00a0<\/strong><\/p>\n<p><strong><img loading=\"lazy\" decoding=\"async\" class=\"wp-image-15987 aligncenter\" src=\"https:\/\/agora.xtec.cat\/ceipcanllong\/wp-content\/uploads\/usu1544\/2021\/03\/resized_IMG_6300-1024x768.jpg\" alt=\"\" width=\"624\" height=\"467\" srcset=\"https:\/\/agora.xtec.cat\/ceipcanllong\/wp-content\/uploads\/usu1544\/2021\/03\/resized_IMG_6300-1024x768.jpg 1024w, https:\/\/agora.xtec.cat\/ceipcanllong\/wp-content\/uploads\/usu1544\/2021\/03\/resized_IMG_6300-300x225.jpg 300w, https:\/\/agora.xtec.cat\/ceipcanllong\/wp-content\/uploads\/usu1544\/2021\/03\/resized_IMG_6300-768x576.jpg 768w, https:\/\/agora.xtec.cat\/ceipcanllong\/wp-content\/uploads\/usu1544\/2021\/03\/resized_IMG_6300-200x150.jpg 200w, https:\/\/agora.xtec.cat\/ceipcanllong\/wp-content\/uploads\/usu1544\/2021\/03\/resized_IMG_6300.jpg 2016w\" sizes=\"auto, (max-width: 624px) 100vw, 624px\" \/><\/strong><\/p>\n<p><img loading=\"lazy\" decoding=\"async\" class=\" wp-image-19291 aligncenter\" src=\"https:\/\/agora.xtec.cat\/ceipcanllong\/wp-content\/uploads\/usu1544\/2022\/11\/IMG-20221109-WA0014-768x1024.jpg\" alt=\"\" width=\"438\" height=\"584\" srcset=\"https:\/\/agora.xtec.cat\/ceipcanllong\/wp-content\/uploads\/usu1544\/2022\/11\/IMG-20221109-WA0014-768x1024.jpg 768w, https:\/\/agora.xtec.cat\/ceipcanllong\/wp-content\/uploads\/usu1544\/2022\/11\/IMG-20221109-WA0014-225x300.jpg 225w, https:\/\/agora.xtec.cat\/ceipcanllong\/wp-content\/uploads\/usu1544\/2022\/11\/IMG-20221109-WA0014-1152x1536.jpg 1152w, https:\/\/agora.xtec.cat\/ceipcanllong\/wp-content\/uploads\/usu1544\/2022\/11\/IMG-20221109-WA0014.jpg 1200w\" sizes=\"auto, (max-width: 438px) 100vw, 438px\" \/><\/p>\n<p><strong><img loading=\"lazy\" decoding=\"async\" class=\"wp-image-15985 aligncenter\" src=\"https:\/\/agora.xtec.cat\/ceipcanllong\/wp-content\/uploads\/usu1544\/2021\/03\/resized_IMG_6304-e1614856002107-768x1024.jpg\" alt=\"\" width=\"434\" height=\"579\" srcset=\"https:\/\/agora.xtec.cat\/ceipcanllong\/wp-content\/uploads\/usu1544\/2021\/03\/resized_IMG_6304-e1614856002107-768x1024.jpg 768w, https:\/\/agora.xtec.cat\/ceipcanllong\/wp-content\/uploads\/usu1544\/2021\/03\/resized_IMG_6304-e1614856002107-225x300.jpg 225w, https:\/\/agora.xtec.cat\/ceipcanllong\/wp-content\/uploads\/usu1544\/2021\/03\/resized_IMG_6304-e1614856002107.jpg 1512w\" sizes=\"auto, (max-width: 434px) 100vw, 434px\" \/><\/strong><\/p>\n<p><strong><img loading=\"lazy\" decoding=\"async\" class=\"wp-image-15989 aligncenter\" src=\"https:\/\/agora.xtec.cat\/ceipcanllong\/wp-content\/uploads\/usu1544\/2021\/03\/resized_IMG_6302-e1614856038530-768x1024.jpg\" alt=\"\" width=\"442\" height=\"589\" srcset=\"https:\/\/agora.xtec.cat\/ceipcanllong\/wp-content\/uploads\/usu1544\/2021\/03\/resized_IMG_6302-e1614856038530-768x1024.jpg 768w, https:\/\/agora.xtec.cat\/ceipcanllong\/wp-content\/uploads\/usu1544\/2021\/03\/resized_IMG_6302-e1614856038530-225x300.jpg 225w, https:\/\/agora.xtec.cat\/ceipcanllong\/wp-content\/uploads\/usu1544\/2021\/03\/resized_IMG_6302-e1614856038530.jpg 1512w\" sizes=\"auto, (max-width: 442px) 100vw, 442px\" \/> <\/strong><\/p>\n<p><strong><img loading=\"lazy\" decoding=\"async\" class=\"wp-image-15990 aligncenter\" src=\"https:\/\/agora.xtec.cat\/ceipcanllong\/wp-content\/uploads\/usu1544\/2021\/03\/resized_IMG_6303-e1614856187740-768x1024.jpg\" alt=\"\" width=\"439\" height=\"585\" srcset=\"https:\/\/agora.xtec.cat\/ceipcanllong\/wp-content\/uploads\/usu1544\/2021\/03\/resized_IMG_6303-e1614856187740-768x1024.jpg 768w, https:\/\/agora.xtec.cat\/ceipcanllong\/wp-content\/uploads\/usu1544\/2021\/03\/resized_IMG_6303-e1614856187740-225x300.jpg 225w, https:\/\/agora.xtec.cat\/ceipcanllong\/wp-content\/uploads\/usu1544\/2021\/03\/resized_IMG_6303-e1614856187740.jpg 1512w\" sizes=\"auto, (max-width: 439px) 100vw, 439px\" \/><\/strong><\/p>\n<p>&nbsp;<\/p>\n<p>&nbsp;<\/p>\n<ul>\n<li><u>Biblioteca<\/u><\/li>\n<\/ul>\n<p>Espai destinat per a activitats que fomenten el plaer de llegir : explicaci\u00f3 de contes,\u00a0 lectura individual, en parella,\u00a0 conversa liter\u00e0ria,\u00a0 pr\u00e9stec de llibres, visita d\u2019autors&#8230;<\/p>\n<p><img loading=\"lazy\" decoding=\"async\" class=\" wp-image-16177 aligncenter\" src=\"https:\/\/agora.xtec.cat\/ceipcanllong\/wp-content\/uploads\/usu1544\/2021\/03\/IMG-20210311-WA0007-768x1024.jpg\" alt=\"\" width=\"640\" height=\"854\" srcset=\"https:\/\/agora.xtec.cat\/ceipcanllong\/wp-content\/uploads\/usu1544\/2021\/03\/IMG-20210311-WA0007-768x1024.jpg 768w, https:\/\/agora.xtec.cat\/ceipcanllong\/wp-content\/uploads\/usu1544\/2021\/03\/IMG-20210311-WA0007-225x300.jpg 225w, https:\/\/agora.xtec.cat\/ceipcanllong\/wp-content\/uploads\/usu1544\/2021\/03\/IMG-20210311-WA0007.jpg 1200w\" sizes=\"auto, (max-width: 640px) 100vw, 640px\" \/><\/p>\n<p>&nbsp;<\/p>\n<p>&nbsp;<\/p>\n<p><img loading=\"lazy\" decoding=\"async\" class=\"wp-image-18844 aligncenter\" src=\"https:\/\/agora.xtec.cat\/ceipcanllong\/wp-content\/uploads\/usu1544\/2022\/05\/resized_biblioteca-1024x684.jpg\" alt=\"\" width=\"641\" height=\"428\" srcset=\"https:\/\/agora.xtec.cat\/ceipcanllong\/wp-content\/uploads\/usu1544\/2022\/05\/resized_biblioteca-1024x684.jpg 1024w, https:\/\/agora.xtec.cat\/ceipcanllong\/wp-content\/uploads\/usu1544\/2022\/05\/resized_biblioteca-300x200.jpg 300w, https:\/\/agora.xtec.cat\/ceipcanllong\/wp-content\/uploads\/usu1544\/2022\/05\/resized_biblioteca-768x513.jpg 768w, https:\/\/agora.xtec.cat\/ceipcanllong\/wp-content\/uploads\/usu1544\/2022\/05\/resized_biblioteca-1536x1026.jpg 1536w, https:\/\/agora.xtec.cat\/ceipcanllong\/wp-content\/uploads\/usu1544\/2022\/05\/resized_biblioteca-2048x1367.jpg 2048w\" sizes=\"auto, (max-width: 641px) 100vw, 641px\" \/><\/p>\n<p>&nbsp;<\/p>\n<ul>\n<li><u>Gimn\u00e0s<\/u><\/li>\n<\/ul>\n<p>S\u2019aprofundeix en el coneixement del cos, per\u00f2 tamb\u00e9 en el seu desenvolupament, es treballen h\u00e0bits saludables, la introducci\u00f3 a diversos esports: esgrima, v\u00f2lei, rugbi&#8230; i tamb\u00e9 es fan petites representacions de teatre.<\/p>\n<p>&nbsp;<\/p>\n<p>&nbsp;<\/p>\n<p><a href=\"http:\/\/agora.xtec.cat\/ceipcanllong\/lescola\/instal%c2%b7lacions\/attachment\/dav-10\/\" rel=\"attachment wp-att-1204\"><img loading=\"lazy\" decoding=\"async\" class=\" wp-image-16444 aligncenter\" src=\"https:\/\/agora.xtec.cat\/ceipcanllong\/wp-content\/uploads\/usu1544\/2021\/03\/resized_1616669315225-1024x766.jpg\" alt=\"\" width=\"730\" height=\"546\" srcset=\"https:\/\/agora.xtec.cat\/ceipcanllong\/wp-content\/uploads\/usu1544\/2021\/03\/resized_1616669315225-1024x766.jpg 1024w, https:\/\/agora.xtec.cat\/ceipcanllong\/wp-content\/uploads\/usu1544\/2021\/03\/resized_1616669315225-300x224.jpg 300w, https:\/\/agora.xtec.cat\/ceipcanllong\/wp-content\/uploads\/usu1544\/2021\/03\/resized_1616669315225-768x574.jpg 768w, https:\/\/agora.xtec.cat\/ceipcanllong\/wp-content\/uploads\/usu1544\/2021\/03\/resized_1616669315225-200x150.jpg 200w, https:\/\/agora.xtec.cat\/ceipcanllong\/wp-content\/uploads\/usu1544\/2021\/03\/resized_1616669315225.jpg 2000w\" sizes=\"auto, (max-width: 730px) 100vw, 730px\" \/><\/a><\/p>\n<p><img loading=\"lazy\" decoding=\"async\" class=\"wp-image-18845 aligncenter\" src=\"https:\/\/agora.xtec.cat\/ceipcanllong\/wp-content\/uploads\/usu1544\/2022\/05\/1648218992965-1024x992.jpg\" alt=\"\" width=\"725\" height=\"702\" srcset=\"https:\/\/agora.xtec.cat\/ceipcanllong\/wp-content\/uploads\/usu1544\/2022\/05\/1648218992965-1024x992.jpg 1024w, https:\/\/agora.xtec.cat\/ceipcanllong\/wp-content\/uploads\/usu1544\/2022\/05\/1648218992965-300x291.jpg 300w, https:\/\/agora.xtec.cat\/ceipcanllong\/wp-content\/uploads\/usu1544\/2022\/05\/1648218992965-768x744.jpg 768w, https:\/\/agora.xtec.cat\/ceipcanllong\/wp-content\/uploads\/usu1544\/2022\/05\/1648218992965-1536x1488.jpg 1536w, https:\/\/agora.xtec.cat\/ceipcanllong\/wp-content\/uploads\/usu1544\/2022\/05\/1648218992965.jpg 1840w\" sizes=\"auto, (max-width: 725px) 100vw, 725px\" \/><\/p>\n<p>&nbsp;<\/p>\n<ul>\n<li><u>Laboratori\u00a0<\/u><\/li>\n<\/ul>\n<p>A l&#8217;escola disposem d&#8217;un laboratori equipat per fer dur a terme les pr\u00e0ctiques de ci\u00e8ncies. \u00c9s un espai de treball per identificar preguntes i obtenir conclusions, a partir d\u2019evid\u00e8ncies, amb la finalitat de con\u00e8ixer el m\u00f3n natural i els canvis que es produeixen.<\/p>\n<p><img loading=\"lazy\" decoding=\"async\" class=\"wp-image-19084 aligncenter\" src=\"https:\/\/agora.xtec.cat\/ceipcanllong\/wp-content\/uploads\/usu1544\/2022\/06\/IMG-20220620-WA0011-1024x576.jpg\" alt=\"\" width=\"663\" height=\"373\" srcset=\"https:\/\/agora.xtec.cat\/ceipcanllong\/wp-content\/uploads\/usu1544\/2022\/06\/IMG-20220620-WA0011-1024x576.jpg 1024w, https:\/\/agora.xtec.cat\/ceipcanllong\/wp-content\/uploads\/usu1544\/2022\/06\/IMG-20220620-WA0011-300x169.jpg 300w, https:\/\/agora.xtec.cat\/ceipcanllong\/wp-content\/uploads\/usu1544\/2022\/06\/IMG-20220620-WA0011-768x432.jpg 768w, https:\/\/agora.xtec.cat\/ceipcanllong\/wp-content\/uploads\/usu1544\/2022\/06\/IMG-20220620-WA0011-1536x864.jpg 1536w, https:\/\/agora.xtec.cat\/ceipcanllong\/wp-content\/uploads\/usu1544\/2022\/06\/IMG-20220620-WA0011-rotated.jpg 1920w\" sizes=\"auto, (max-width: 663px) 100vw, 663px\" \/><\/p>\n<p><img loading=\"lazy\" decoding=\"async\" class=\"wp-image-19083 aligncenter\" src=\"https:\/\/agora.xtec.cat\/ceipcanllong\/wp-content\/uploads\/usu1544\/2022\/06\/IMG-20220620-WA0012-1024x576.jpg\" alt=\"\" width=\"664\" height=\"373\" srcset=\"https:\/\/agora.xtec.cat\/ceipcanllong\/wp-content\/uploads\/usu1544\/2022\/06\/IMG-20220620-WA0012-1024x576.jpg 1024w, https:\/\/agora.xtec.cat\/ceipcanllong\/wp-content\/uploads\/usu1544\/2022\/06\/IMG-20220620-WA0012-300x169.jpg 300w, https:\/\/agora.xtec.cat\/ceipcanllong\/wp-content\/uploads\/usu1544\/2022\/06\/IMG-20220620-WA0012-768x432.jpg 768w, https:\/\/agora.xtec.cat\/ceipcanllong\/wp-content\/uploads\/usu1544\/2022\/06\/IMG-20220620-WA0012-1536x864.jpg 1536w, https:\/\/agora.xtec.cat\/ceipcanllong\/wp-content\/uploads\/usu1544\/2022\/06\/IMG-20220620-WA0012-rotated.jpg 1920w\" sizes=\"auto, (max-width: 664px) 100vw, 664px\" \/><\/p>\n<ul>\n<li><u>Aula de Rob\u00f2tica<\/u><\/li>\n<\/ul>\n<p>Al centre es desenvolupa un projecte de rob\u00f2tica adre\u00e7at a l&#8217;alumnat d&#8217;infantil i prim\u00e0ria.<\/p>\n<p><img loading=\"lazy\" decoding=\"async\" class=\"wp-image-19086 aligncenter\" src=\"https:\/\/agora.xtec.cat\/ceipcanllong\/wp-content\/uploads\/usu1544\/2022\/06\/IMG_20220620_135438-1024x768.jpg\" alt=\"\" width=\"676\" height=\"507\" srcset=\"https:\/\/agora.xtec.cat\/ceipcanllong\/wp-content\/uploads\/usu1544\/2022\/06\/IMG_20220620_135438-1024x768.jpg 1024w, https:\/\/agora.xtec.cat\/ceipcanllong\/wp-content\/uploads\/usu1544\/2022\/06\/IMG_20220620_135438-300x225.jpg 300w, https:\/\/agora.xtec.cat\/ceipcanllong\/wp-content\/uploads\/usu1544\/2022\/06\/IMG_20220620_135438-768x576.jpg 768w, https:\/\/agora.xtec.cat\/ceipcanllong\/wp-content\/uploads\/usu1544\/2022\/06\/IMG_20220620_135438-1536x1152.jpg 1536w, https:\/\/agora.xtec.cat\/ceipcanllong\/wp-content\/uploads\/usu1544\/2022\/06\/IMG_20220620_135438-200x150.jpg 200w, https:\/\/agora.xtec.cat\/ceipcanllong\/wp-content\/uploads\/usu1544\/2022\/06\/IMG_20220620_135438.jpg 2000w\" sizes=\"auto, (max-width: 676px) 100vw, 676px\" \/><\/p>\n<p><img loading=\"lazy\" decoding=\"async\" class=\"wp-image-19085 aligncenter\" src=\"https:\/\/agora.xtec.cat\/ceipcanllong\/wp-content\/uploads\/usu1544\/2022\/06\/IMG_20220620_135453-1024x768.jpg\" alt=\"\" width=\"682\" height=\"512\" srcset=\"https:\/\/agora.xtec.cat\/ceipcanllong\/wp-content\/uploads\/usu1544\/2022\/06\/IMG_20220620_135453-1024x768.jpg 1024w, https:\/\/agora.xtec.cat\/ceipcanllong\/wp-content\/uploads\/usu1544\/2022\/06\/IMG_20220620_135453-300x225.jpg 300w, https:\/\/agora.xtec.cat\/ceipcanllong\/wp-content\/uploads\/usu1544\/2022\/06\/IMG_20220620_135453-768x576.jpg 768w, https:\/\/agora.xtec.cat\/ceipcanllong\/wp-content\/uploads\/usu1544\/2022\/06\/IMG_20220620_135453-1536x1152.jpg 1536w, https:\/\/agora.xtec.cat\/ceipcanllong\/wp-content\/uploads\/usu1544\/2022\/06\/IMG_20220620_135453-200x150.jpg 200w, https:\/\/agora.xtec.cat\/ceipcanllong\/wp-content\/uploads\/usu1544\/2022\/06\/IMG_20220620_135453.jpg 2000w\" sizes=\"auto, (max-width: 682px) 100vw, 682px\" \/><\/p>\n<p>&nbsp;<\/p>\n<ul>\n<li><u>Aula de M\u00fasica<\/u><\/li>\n<\/ul>\n<p>Espai destinat a gaudir i explorar de les propietats sonores del propis cos i dels instruments musicals, a treballar el ritme, la dansa ,el moviment, les audicions&#8230;<\/p>\n<p>&nbsp;<\/p>\n<p><img loading=\"lazy\" decoding=\"async\" class=\"wp-image-16187 size-full\" src=\"https:\/\/agora.xtec.cat\/ceipcanllong\/wp-content\/uploads\/usu1544\/2021\/03\/resized_IMG_20170927_142255.jpg\" alt=\"\" width=\"753\" height=\"425\" srcset=\"https:\/\/agora.xtec.cat\/ceipcanllong\/wp-content\/uploads\/usu1544\/2021\/03\/resized_IMG_20170927_142255.jpg 753w, https:\/\/agora.xtec.cat\/ceipcanllong\/wp-content\/uploads\/usu1544\/2021\/03\/resized_IMG_20170927_142255-300x169.jpg 300w\" sizes=\"auto, (max-width: 753px) 100vw, 753px\" \/><\/p>\n<p>&nbsp;<\/p>\n<p>&nbsp;<\/p>\n<ul>\n<li><u>Aula d\u2019Angl\u00e8s<\/u><\/li>\n<\/ul>\n<p>Es treballa l\u2019angl\u00e8s com a llengua d\u2019\u00fas quotidi\u00e0 fins arribar al domini funcional d\u2019aquesta primera llengua estrangera.<\/p>\n<p><img loading=\"lazy\" decoding=\"async\" class=\"wp-image-16189 size-full\" src=\"https:\/\/agora.xtec.cat\/ceipcanllong\/wp-content\/uploads\/usu1544\/2021\/03\/resized_IMG_20170927_142348.jpg\" alt=\"\" width=\"753\" height=\"425\" srcset=\"https:\/\/agora.xtec.cat\/ceipcanllong\/wp-content\/uploads\/usu1544\/2021\/03\/resized_IMG_20170927_142348.jpg 753w, https:\/\/agora.xtec.cat\/ceipcanllong\/wp-content\/uploads\/usu1544\/2021\/03\/resized_IMG_20170927_142348-300x169.jpg 300w\" sizes=\"auto, (max-width: 753px) 100vw, 753px\" \/><\/p>\n<p>&nbsp;<\/p>\n<p>&nbsp;<\/p>\n<p>&nbsp;<\/p>\n<ul>\n<li><u>Pati d\u2019Infantil<\/u><\/li>\n<\/ul>\n<p>Els nens i les nenes d\u2019Ed. Infantil gaudeixen del joc i la interacci\u00f3 amb els altres.<\/p>\n<p>&nbsp;<\/p>\n<ul>\n<li>\n<p style=\"font-family: 'Helvetica Neue', Helvetica, Helvetica, Arial, sans-serif; font-size: 16px;\"><img loading=\"lazy\" decoding=\"async\" class=\"wp-image-16176 aligncenter\" src=\"https:\/\/agora.xtec.cat\/ceipcanllong\/wp-content\/uploads\/usu1544\/2021\/03\/IMG-20210311-WA0011-1024x768.jpg\" alt=\"\" width=\"622\" height=\"467\" srcset=\"https:\/\/agora.xtec.cat\/ceipcanllong\/wp-content\/uploads\/usu1544\/2021\/03\/IMG-20210311-WA0011-1024x768.jpg 1024w, https:\/\/agora.xtec.cat\/ceipcanllong\/wp-content\/uploads\/usu1544\/2021\/03\/IMG-20210311-WA0011-300x225.jpg 300w, https:\/\/agora.xtec.cat\/ceipcanllong\/wp-content\/uploads\/usu1544\/2021\/03\/IMG-20210311-WA0011-768x576.jpg 768w, https:\/\/agora.xtec.cat\/ceipcanllong\/wp-content\/uploads\/usu1544\/2021\/03\/IMG-20210311-WA0011-200x150.jpg 200w, https:\/\/agora.xtec.cat\/ceipcanllong\/wp-content\/uploads\/usu1544\/2021\/03\/IMG-20210311-WA0011.jpg 1600w\" sizes=\"auto, (max-width: 622px) 100vw, 622px\" \/><\/p>\n<p><u>Pati Prim\u00e0ria<\/u><\/p>\n<p style=\"font-family: 'Helvetica Neue', Helvetica, Helvetica, Arial, sans-serif; font-size: 16px;\">\n<\/li>\n<\/ul>\n<p>Els nens i nenes d\u2019Ed. Prim\u00e0ria gaudeixen d\u2019un temps lliure en el que poden fer servir la pista poliesportiva, la zona de sorra la Bibliopati o el Roc\u00f2drom.<\/p>\n<h4><img loading=\"lazy\" decoding=\"async\" class=\" wp-image-16179 aligncenter\" src=\"https:\/\/agora.xtec.cat\/ceipcanllong\/wp-content\/uploads\/usu1544\/2021\/03\/IMG-20210311-WA0012-1024x768.jpg\" alt=\"\" width=\"737\" height=\"554\" srcset=\"https:\/\/agora.xtec.cat\/ceipcanllong\/wp-content\/uploads\/usu1544\/2021\/03\/IMG-20210311-WA0012-1024x768.jpg 1024w, https:\/\/agora.xtec.cat\/ceipcanllong\/wp-content\/uploads\/usu1544\/2021\/03\/IMG-20210311-WA0012-300x225.jpg 300w, https:\/\/agora.xtec.cat\/ceipcanllong\/wp-content\/uploads\/usu1544\/2021\/03\/IMG-20210311-WA0012-768x576.jpg 768w, https:\/\/agora.xtec.cat\/ceipcanllong\/wp-content\/uploads\/usu1544\/2021\/03\/IMG-20210311-WA0012-200x150.jpg 200w, https:\/\/agora.xtec.cat\/ceipcanllong\/wp-content\/uploads\/usu1544\/2021\/03\/IMG-20210311-WA0012.jpg 1600w\" sizes=\"auto, (max-width: 737px) 100vw, 737px\" \/><\/h4>\n<h4><img loading=\"lazy\" decoding=\"async\" class=\"wp-image-16237 aligncenter\" src=\"https:\/\/agora.xtec.cat\/ceipcanllong\/wp-content\/uploads\/usu1544\/2021\/03\/IMG-20210311-WA0013-1024x768.jpg\" alt=\"\" width=\"733\" height=\"550\" srcset=\"https:\/\/agora.xtec.cat\/ceipcanllong\/wp-content\/uploads\/usu1544\/2021\/03\/IMG-20210311-WA0013-1024x768.jpg 1024w, https:\/\/agora.xtec.cat\/ceipcanllong\/wp-content\/uploads\/usu1544\/2021\/03\/IMG-20210311-WA0013-300x225.jpg 300w, https:\/\/agora.xtec.cat\/ceipcanllong\/wp-content\/uploads\/usu1544\/2021\/03\/IMG-20210311-WA0013-768x576.jpg 768w, https:\/\/agora.xtec.cat\/ceipcanllong\/wp-content\/uploads\/usu1544\/2021\/03\/IMG-20210311-WA0013-200x150.jpg 200w, https:\/\/agora.xtec.cat\/ceipcanllong\/wp-content\/uploads\/usu1544\/2021\/03\/IMG-20210311-WA0013.jpg 1600w\" sizes=\"auto, (max-width: 733px) 100vw, 733px\" \/><\/h4>\n<h4><img loading=\"lazy\" decoding=\"async\" class=\" wp-image-16180 aligncenter\" src=\"https:\/\/agora.xtec.cat\/ceipcanllong\/wp-content\/uploads\/usu1544\/2021\/03\/IMG-20210311-WA0015-768x1024.jpg\" alt=\"\" width=\"664\" height=\"885\" srcset=\"https:\/\/agora.xtec.cat\/ceipcanllong\/wp-content\/uploads\/usu1544\/2021\/03\/IMG-20210311-WA0015-768x1024.jpg 768w, https:\/\/agora.xtec.cat\/ceipcanllong\/wp-content\/uploads\/usu1544\/2021\/03\/IMG-20210311-WA0015-225x300.jpg 225w, https:\/\/agora.xtec.cat\/ceipcanllong\/wp-content\/uploads\/usu1544\/2021\/03\/IMG-20210311-WA0015.jpg 1200w\" sizes=\"auto, (max-width: 664px) 100vw, 664px\" \/><\/h4>\n<p>&nbsp;<\/p>\n<p>&nbsp;<\/p>\n<p>&nbsp;<\/p>\n<p>&nbsp;<\/p>\n","protected":false},"excerpt":{"rendered":"<p>L\u2019Escola disposa d\u2019unes bones instal\u00b7lacions i espais.<\/p>\n<ul>\n<li>Sala de Psicomotricitat<\/li>\n<\/ul>\n<p>Els i les infants d\u2019Ed. Infantil treballen l\u2019expressi\u00f3 corporal, l\u2019orientaci\u00f3 i el moviment. \u00c9s un espai en el que es poden expressar i con\u00e8ixer el seu cos i les seves possibilitats<\/p>\n<p>&nbsp;<\/p>\n<p>&nbsp;<\/p>\n<ul>\n<li>Aula de Joc Simb\u00f2lic<\/li>\n<\/ul>\n<p>Els i les infants&hellip;  <a href=\"https:\/\/agora.xtec.cat\/ceipcanllong\/lescola\/instal%c2%b7lacions\/\" title=\"Read Instal\u00b7lacions\">Llegeix m\u00e9s\u00bb<\/a><\/p>\n","protected":false},"author":1,"featured_media":0,"parent":22,"menu_order":40,"comment_status":"closed","ping_status":"closed","template":"page-templates\/side-menu.php","meta":{"_bbp_topic_count":0,"_bbp_reply_count":0,"_bbp_total_topic_count":0,"_bbp_total_reply_count":0,"_bbp_voice_count":0,"_bbp_anonymous_reply_count":0,"_bbp_topic_count_hidden":0,"_bbp_reply_count_hidden":0,"_bbp_forum_subforum_count":0,"footnotes":""},"class_list":["post-30","page","type-page","status-publish","hentry"],"post_mailing_queue_ids":[],"_links":{"self":[{"href":"https:\/\/agora.xtec.cat\/ceipcanllong\/wp-json\/wp\/v2\/pages\/30","targetHints":{"allow":["GET"]}}],"collection":[{"href":"https:\/\/agora.xtec.cat\/ceipcanllong\/wp-json\/wp\/v2\/pages"}],"about":[{"href":"https:\/\/agora.xtec.cat\/ceipcanllong\/wp-json\/wp\/v2\/types\/page"}],"author":[{"embeddable":true,"href":"https:\/\/agora.xtec.cat\/ceipcanllong\/wp-json\/wp\/v2\/users\/1"}],"replies":[{"embeddable":true,"href":"https:\/\/agora.xtec.cat\/ceipcanllong\/wp-json\/wp\/v2\/comments?post=30"}],"version-history":[{"count":3,"href":"https:\/\/agora.xtec.cat\/ceipcanllong\/wp-json\/wp\/v2\/pages\/30\/revisions"}],"predecessor-version":[{"id":19297,"href":"https:\/\/agora.xtec.cat\/ceipcanllong\/wp-json\/wp\/v2\/pages\/30\/revisions\/19297"}],"up":[{"embeddable":true,"href":"https:\/\/agora.xtec.cat\/ceipcanllong\/wp-json\/wp\/v2\/pages\/22"}],"wp:attachment":[{"href":"https:\/\/agora.xtec.cat\/ceipcanllong\/wp-json\/wp\/v2\/media?parent=30"}],"curies":[{"name":"wp","href":"https:\/\/api.w.org\/{rel}","templated":true}]}}