{"id":527,"date":"2026-04-23T09:00:43","date_gmt":"2026-04-23T07:00:43","guid":{"rendered":"https:\/\/agora.xtec.cat\/ceipbufala\/?page_id=527"},"modified":"2026-04-23T10:26:08","modified_gmt":"2026-04-23T08:26:08","slug":"menjador","status":"publish","type":"page","link":"https:\/\/agora.xtec.cat\/ceipbufala\/serveis\/menjador\/","title":{"rendered":"Menjador"},"content":{"rendered":"<p style=\"margin: 0cm;\">El menjador escolar est\u00e0 gestionat per l&#8217;empresa Endermar, empresa que es ratifica anualment en consell escolar.<\/p>\n<p style=\"margin: 0cm;\">L&#8217;escola disposa de cuina pr\u00f2pia i men\u00fas elaborats per nutricionistes.<\/p>\n<p style=\"margin: 0cm;\">El n\u00famero de tel\u00e8fon de la coordinadora de menjador operatiu de 9 a 11h de dilluns a divendres:\u00a0 <strong>610 31 68 26.<\/strong><\/p>\n<p style=\"margin: 0cm;\">Horari de venda de tiquets o espor\u00e0dics els <strong>dilluns<\/strong> i <strong>dijous<\/strong> de 9:05 a 9:30h al porxo de l\u2019entrada principal.<\/p>\n<p style=\"margin: 0cm;\"><strong>Dimarts<\/strong>, <strong>dimecres<\/strong> i <strong>divendres<\/strong> \u00fanicament s\u2019atendr\u00e0 amb cita pr\u00e8via que es podr\u00e0 demanar al mateix tel\u00e8fon o mail: menjador.escola.bufala@gmail.<\/p>\n<p>&nbsp;<\/p>\n<p><span style=\"text-decoration: underline;\"><strong>CONVOCAT\u00d2RIA D\u2019AJUTS INDIVIDUALS DE MENJADOR PEL CURS 2025\/26.<\/strong><\/span><\/p>\n<ul>\n<li>Hi ha un \u00fanic termini de presentaci\u00f3: abans <strong>del 23 de maig de 2025.<\/strong><\/li>\n<li><strong>Caldr\u00e0 portar la sol\u00b7licitud <\/strong>i la documentaci\u00f3 que s\u2019adjunti a l&#8217;escola o al correu: <strong>administracio@escolabufala.cat<\/strong><\/li>\n<li><strong>Pels alumnes que ja van fer el tr\u00e0mit al centre pel curs 204-25 i NO han variat els membres de la unitat familiar <\/strong>us enviarem la renovaci\u00f3 de la sol\u00b7licitud per Tokapp per tal de posar dates de naixement i que es signi per tots els membres de la unitat familiar.<\/li>\n<li><strong>Pels alumnes que ja van fer el tr\u00e0mit al centre pel curs 204-25, per\u00f2 han variat els membres de la unitat familiar, pels alumnes nous o pels que no van fer la sol\u00b7licitud el curs 24\/25 <\/strong>caldr\u00e0 descarregar-se el model de sol\u00b7licitud en blanc que trobareu aqu\u00ed: <a href=\"https:\/\/agora.xtec.cat\/ceipbufala\/wp-content\/uploads\/usu1674\/2025\/05\/SOL\u00b7LICITUD-AJUT-INDIVIDUAL-DE-MENJADOR-CURS-2025-2026.pdf\">SOL\u00b7LICITUD AJUT INDIVIDUAL DE MENJADOR CURS 2025-2026<\/a>, per tal omplir les dades.<\/li>\n<li>Teniu tota la informaci\u00f3 a les\u00a0 <a href=\"https:\/\/agora.xtec.cat\/ceipbufala\/wp-content\/uploads\/usu1674\/2025\/05\/BASES-CONVOCATORIA-AIM-2025-2026_CATALA.pdf\">BASES CONVOCAT\u00d2RIA AIM 2025 2026<\/a>.<\/li>\n<\/ul>\n<p>_________<\/p>\n<ul>\n<li style=\"list-style-type: none;\">\n<ul>\n<li style=\"list-style-type: none;\">\n<ul>\n<li><a href=\"https:\/\/agora.xtec.cat\/ceipbufala\/wp-content\/uploads\/usu1674\/2025\/07\/normativa_menjador25-26-bufala.pdf\">Normativa menjador 25-26\u00a0<\/a><\/li>\n<li><a href=\"https:\/\/agora.xtec.cat\/ceipbufala\/wp-content\/uploads\/usu1674\/2025\/07\/matricula-menjador-BUFALA.pdf\">Matr\u00edcula menjador\u00a0<\/a><\/li>\n<li><a href=\"https:\/\/agora.xtec.cat\/ceipbufala\/wp-content\/uploads\/usu1674\/2025\/10\/LLENGUES-DEL-MON-25-26.pdf\">Projecte educatiu de migdia<\/a><\/li>\n<li><a href=\"https:\/\/agora.xtec.cat\/ceipbufala\/wp-content\/uploads\/usu1674\/2026\/01\/Acompanyar-els-apats-dels-infants.pdf\">Acompanyar els \u00e0pats dels infants<\/a><\/li>\n<\/ul>\n<\/li>\n<\/ul>\n<\/li>\n<\/ul>\n<p><strong>Men\u00fas 2025-26<\/strong><\/p>\n<ul>\n<li><a href=\"https:\/\/agora.xtec.cat\/ceipbufala\/wp-content\/uploads\/usu1674\/2025\/09\/Setembre.pdf\">Setembre<\/a><\/li>\n<li><a href=\"https:\/\/agora.xtec.cat\/ceipbufala\/wp-content\/uploads\/usu1674\/2025\/10\/Octubre.pdf\">Octubre<\/a><\/li>\n<li><a href=\"https:\/\/agora.xtec.cat\/ceipbufala\/wp-content\/uploads\/usu1674\/2025\/10\/Novembre.pdf\">Novembre<\/a><\/li>\n<li><a href=\"https:\/\/agora.xtec.cat\/ceipbufala\/wp-content\/uploads\/usu1674\/2025\/11\/Desembre.pdf\">Desembre<\/a><\/li>\n<li><a href=\"https:\/\/agora.xtec.cat\/ceipbufala\/wp-content\/uploads\/usu1674\/2025\/12\/Gener.pdf\">Gener<\/a><\/li>\n<li><a href=\"https:\/\/agora.xtec.cat\/ceipbufala\/wp-content\/uploads\/usu1674\/2026\/01\/Febrer.pdf\">Febrer<\/a><\/li>\n<li><a href=\"https:\/\/agora.xtec.cat\/ceipbufala\/wp-content\/uploads\/usu1674\/2026\/02\/Marc.pdf\">Mar\u00e7<\/a><\/li>\n<li><a href=\"https:\/\/agora.xtec.cat\/ceipbufala\/wp-content\/uploads\/usu1674\/2026\/04\/Abril.pdf\">Abril<\/a><\/li>\n<li><a href=\"https:\/\/agora.xtec.cat\/ceipbufala\/wp-content\/uploads\/usu1674\/2026\/04\/Maig.pdf\">Maig<\/a><\/li>\n<\/ul>\n<p>&nbsp;<\/p>\n","protected":false},"excerpt":{"rendered":"<p>El menjador escolar est\u00e0 gestionat per l&#8217;empresa Endermar, empresa que es ratifica anualment en consell escolar.<br \/>\nL&#8217;escola disposa de cuina pr\u00f2pia i men\u00fas elaborats per nutricionistes.<br \/>\nEl n\u00famero de tel\u00e8fon de la coordinadora de menjador operatiu de 9 a 11h de dilluns a divendres:\u00a0 610 31 68&hellip;  <a href=\"https:\/\/agora.xtec.cat\/ceipbufala\/serveis\/menjador\/\" title=\"Read Menjador\">Llegeix m\u00e9s\u00bb<\/a><\/p>\n","protected":false},"author":1,"featured_media":0,"parent":515,"menu_order":0,"comment_status":"closed","ping_status":"closed","template":"","meta":{"_bbp_topic_count":0,"_bbp_reply_count":0,"_bbp_total_topic_count":0,"_bbp_total_reply_count":0,"_bbp_voice_count":0,"_bbp_anonymous_reply_count":0,"_bbp_topic_count_hidden":0,"_bbp_reply_count_hidden":0,"_bbp_forum_subforum_count":0,"footnotes":""},"class_list":["post-527","page","type-page","status-publish","hentry"],"post_mailing_queue_ids":[],"_links":{"self":[{"href":"https:\/\/agora.xtec.cat\/ceipbufala\/wp-json\/wp\/v2\/pages\/527","targetHints":{"allow":["GET"]}}],"collection":[{"href":"https:\/\/agora.xtec.cat\/ceipbufala\/wp-json\/wp\/v2\/pages"}],"about":[{"href":"https:\/\/agora.xtec.cat\/ceipbufala\/wp-json\/wp\/v2\/types\/page"}],"author":[{"embeddable":true,"href":"https:\/\/agora.xtec.cat\/ceipbufala\/wp-json\/wp\/v2\/users\/1"}],"replies":[{"embeddable":true,"href":"https:\/\/agora.xtec.cat\/ceipbufala\/wp-json\/wp\/v2\/comments?post=527"}],"version-history":[{"count":8,"href":"https:\/\/agora.xtec.cat\/ceipbufala\/wp-json\/wp\/v2\/pages\/527\/revisions"}],"predecessor-version":[{"id":8708,"href":"https:\/\/agora.xtec.cat\/ceipbufala\/wp-json\/wp\/v2\/pages\/527\/revisions\/8708"}],"up":[{"embeddable":true,"href":"https:\/\/agora.xtec.cat\/ceipbufala\/wp-json\/wp\/v2\/pages\/515"}],"wp:attachment":[{"href":"https:\/\/agora.xtec.cat\/ceipbufala\/wp-json\/wp\/v2\/media?parent=527"}],"curies":[{"name":"wp","href":"https:\/\/api.w.org\/{rel}","templated":true}]}}