{"id":1027,"date":"2020-02-26T15:36:32","date_gmt":"2020-02-26T14:36:32","guid":{"rendered":"https:\/\/agora.xtec.cat\/ceipbufala\/?page_id=1027"},"modified":"2020-02-28T16:17:54","modified_gmt":"2020-02-28T15:17:54","slug":"esport-a-lescola","status":"publish","type":"page","link":"https:\/\/agora.xtec.cat\/ceipbufala\/esport-a-lescola\/","title":{"rendered":"Esport a l&#8217;escola"},"content":{"rendered":"<p>Des de l\u2019\u00e0rea d\u2019Educaci\u00f3 F\u00edsica pretenem desenvolupar d\u2019una manera integral a partir del cos i el moviment. A m\u00e9s, es fomenten uns valors socials molt importants, com acceptar als altres, valorar el propi esfor\u00e7 i el treball en equip.<\/p>\n<p>Per aconseguir aquests i molts altres objectius, des d\u2019Educaci\u00f3 F\u00edsica proposem un treball de diferents continguts que s\u2019adeq\u00fcen a les edats dels alumnes. Treballant des de l\u2019esquema corporal i la lateralitat en els nivells inicials, fins a les qualitats f\u00edsiques b\u00e0siques i la iniciaci\u00f3 en diferents esports, tant individuals com col\u00b7lectius i alternatius, en els cursos superiors. I evidentment, sense deixar de banda durant tota l\u2019etapa un contingut tan important com el joc.<\/p>\n<p>Els espais on duem a terme aquesta \u00e0rea s\u00f3n el gimn\u00e0s i el pati, per\u00f2 tamb\u00e9 practiquen l\u2019Educaci\u00f3 F\u00edsica en altres espais de la ciutat participant a les jornades intercentre que organitza el grup de treball de mestres d\u2019Educaci\u00f3 F\u00edsica de Badalona, on els alumnes de cada nivell practiquen amb nens i nenes d\u2019altres escoles de la ciutat activitats f\u00edsiques a l\u2019aire lliure i en instal\u00b7lacions de la ciutat:<\/p>\n<ul>\n<li><strong>Badamotri: <\/strong>Activitat d\u2019habilitats motrius adre\u00e7ada al curs de 1r.<\/li>\n<li><strong>Badaplatja: <\/strong>Activitat de jocs a la platja adre\u00e7ada al curs de 2n.<\/li>\n<li><strong>Badajoc: <\/strong>Activitat de jocs tradicionals i jocs cooperatius adre\u00e7ada al curs de 3r<\/li>\n<li><strong>Badaorientaci\u00f3: <\/strong>Activitat de curses d\u2019orientaci\u00f3 adre\u00e7ada al curs de 4t.<\/li>\n<li><strong>Badatletisme: <\/strong>Activitat d\u2019atletisme adre\u00e7ada al curs de 5\u00e8.<\/li>\n<li><strong>Badakorfbal: <\/strong>Activitat de korfball adre\u00e7ada al curs de 6\u00e8.<\/li>\n<\/ul>\n<p>Per \u00faltim, destaquem la import\u00e0ncia d\u2019aquesta mat\u00e8ria pel valor f\u00edsic, cognitiu i social com a desenvolupament integral de l\u2019alumnat.<\/p>\n<p><a href=\"https:\/\/agora.xtec.cat\/ceipbufala\/wp-content\/uploads\/usu1674\/2020\/02\/page-6.jpg\"><img loading=\"lazy\" decoding=\"async\" class=\"alignnone  wp-image-1050\" src=\"https:\/\/agora.xtec.cat\/ceipbufala\/wp-content\/uploads\/usu1674\/2020\/02\/page-6.jpg\" alt=\"\" width=\"607\" height=\"455\" srcset=\"https:\/\/agora.xtec.cat\/ceipbufala\/wp-content\/uploads\/usu1674\/2020\/02\/page-6.jpg 800w, https:\/\/agora.xtec.cat\/ceipbufala\/wp-content\/uploads\/usu1674\/2020\/02\/page-6-300x225.jpg 300w, https:\/\/agora.xtec.cat\/ceipbufala\/wp-content\/uploads\/usu1674\/2020\/02\/page-6-768x576.jpg 768w, https:\/\/agora.xtec.cat\/ceipbufala\/wp-content\/uploads\/usu1674\/2020\/02\/page-6-200x150.jpg 200w\" sizes=\"auto, (max-width: 607px) 100vw, 607px\" \/><\/a><\/p>\n","protected":false},"excerpt":{"rendered":"<p>Des de l\u2019\u00e0rea d\u2019Educaci\u00f3 F\u00edsica pretenem desenvolupar d\u2019una manera integral a partir del cos i el moviment. A m\u00e9s, es fomenten uns valors socials molt importants, com acceptar als altres, valorar el propi esfor\u00e7 i el treball en equip.<br \/>\nPer aconseguir aquests i molts altres objectius,&hellip;  <a href=\"https:\/\/agora.xtec.cat\/ceipbufala\/esport-a-lescola\/\" title=\"Read Esport a l&#8217;escola\">Llegeix m\u00e9s\u00bb<\/a><\/p>\n","protected":false},"author":3,"featured_media":0,"parent":0,"menu_order":0,"comment_status":"closed","ping_status":"closed","template":"","meta":{"_bbp_topic_count":0,"_bbp_reply_count":0,"_bbp_total_topic_count":0,"_bbp_total_reply_count":0,"_bbp_voice_count":0,"_bbp_anonymous_reply_count":0,"_bbp_topic_count_hidden":0,"_bbp_reply_count_hidden":0,"_bbp_forum_subforum_count":0,"footnotes":""},"class_list":["post-1027","page","type-page","status-publish","hentry"],"post_mailing_queue_ids":[],"_links":{"self":[{"href":"https:\/\/agora.xtec.cat\/ceipbufala\/wp-json\/wp\/v2\/pages\/1027","targetHints":{"allow":["GET"]}}],"collection":[{"href":"https:\/\/agora.xtec.cat\/ceipbufala\/wp-json\/wp\/v2\/pages"}],"about":[{"href":"https:\/\/agora.xtec.cat\/ceipbufala\/wp-json\/wp\/v2\/types\/page"}],"author":[{"embeddable":true,"href":"https:\/\/agora.xtec.cat\/ceipbufala\/wp-json\/wp\/v2\/users\/3"}],"replies":[{"embeddable":true,"href":"https:\/\/agora.xtec.cat\/ceipbufala\/wp-json\/wp\/v2\/comments?post=1027"}],"version-history":[{"count":3,"href":"https:\/\/agora.xtec.cat\/ceipbufala\/wp-json\/wp\/v2\/pages\/1027\/revisions"}],"predecessor-version":[{"id":1051,"href":"https:\/\/agora.xtec.cat\/ceipbufala\/wp-json\/wp\/v2\/pages\/1027\/revisions\/1051"}],"wp:attachment":[{"href":"https:\/\/agora.xtec.cat\/ceipbufala\/wp-json\/wp\/v2\/media?parent=1027"}],"curies":[{"name":"wp","href":"https:\/\/api.w.org\/{rel}","templated":true}]}}