{"id":73,"date":"2014-09-18T14:01:51","date_gmt":"2014-09-18T13:01:51","guid":{"rendered":"http:\/\/agora.xtec.cat\/ceipbriudemeia\/?page_id=73"},"modified":"2026-02-27T15:27:08","modified_gmt":"2026-02-27T14:27:08","slug":"menjador-escolar","status":"publish","type":"page","link":"https:\/\/agora.xtec.cat\/ceipbriudemeia\/serveis\/menjador-escolar\/","title":{"rendered":"Menjador escolar"},"content":{"rendered":"<h3 id=\"sites-page-title-header\" align=\"left\"><span id=\"sites-page-title\" dir=\"ltr\" tabindex=\"-1\">SERVEI DE MENJADOR ESCOLAR<\/span><\/h3>\n<p style=\"font-family: 'Helvetica Neue', Helvetica, Helvetica, Arial, sans-serif; font-size: 16px;\"><span style=\"color: #2795b6;\"><a style=\"color: #2795b6;\" href=\"https:\/\/agora.xtec.cat\/ceipbriudemeia\/wp-content\/uploads\/usu1659\/2024\/04\/LESPAI-DE-MIGDIA-QUE-TENIM.png\"><img loading=\"lazy\" decoding=\"async\" class=\"alignright wp-image-2901 \" src=\"https:\/\/agora.xtec.cat\/ceipbriudemeia\/wp-content\/uploads\/usu1659\/2024\/04\/LESPAI-DE-MIGDIA-QUE-TENIM-202x300.png\" alt=\"\" width=\"397\" height=\"590\" srcset=\"https:\/\/agora.xtec.cat\/ceipbriudemeia\/wp-content\/uploads\/usu1659\/2024\/04\/LESPAI-DE-MIGDIA-QUE-TENIM-202x300.png 202w, https:\/\/agora.xtec.cat\/ceipbriudemeia\/wp-content\/uploads\/usu1659\/2024\/04\/LESPAI-DE-MIGDIA-QUE-TENIM.png 674w\" sizes=\"auto, (max-width: 397px) 100vw, 397px\" \/><\/a><\/span><\/p>\n<p>El centre disposa de servei de menjador que s\u2019organitza segons el que disposa la\u00a0RESOLUCI\u00d3 ENS\/1793\/2014 de 24 de juliol, esta<span style=\"font-family: inherit; font-size: 1em;\">blert pel Departament d\u2019Ensenyament i seguint el preceptiu Pla de Menjador que t\u00e9 elaborat el centre. Aquest Pla defineix criteris alimentaris i educatius i inclou l\u2019organitzaci\u00f3 i el desenvolupament de les activitats que es realitzen en l\u2019horari de menjador.<\/span><\/p>\n<p>Des de l\u2019escola i l\u2019AFA, es gestiona l\u2019espai de migdia, que ofereix el servei de menjador i la gesti\u00f3 del temps de lleure.<br \/>\nL\u2019horari del menjador i espai dels migdies \u00e9s de 12:30h a 15h. L&#8217;AFA porta la gesti\u00f3 del servei de menjador amb l\u2019empresa 9Naturalcuina.<\/p>\n<p>9Naturalcuina \u00e9s una empresa dedicada al serveis de menjadors \u00a0amb una llarga experi\u00e8ncia que ens avala. Un grup de gent experimentada i amb profunds coneixements sobre alimentaci\u00f3 i cuina s\u00f3n al capdavant de la nostra empresa; gestionant, coordinant i desenvolupant projectes ecol\u00f2gics de qualitat.<br \/>\nOferim un men\u00fa variat amb dietes elaborades per especialistes en nutrici\u00f3 i cuinades amb tot l\u2019art necessari que la dieta mediterr\u00e0nia requereix, un c\u00e0tering de qualitat i saludable com el nostre.<br \/>\nEn aquest sentit, la nostra cuina pren una\u00a0<strong><u>orientaci\u00f3 ecol\u00f2gica, de proximitat, natural i sostenible que implica el proc\u00e9s de producci\u00f3 i de consum<\/u><\/strong><\/p>\n<p>Quan una fam\u00edlia vulgui comentar algun tema relacionat amb el menjador pot comunicar-se amb la <b>Mireia <\/b>per via telef\u00f2nica o WhatsApp, en aquest horari: <strong>9h a 11h i de 15h a 15.30h<\/strong> al seg\u00fcent n\u00famero de tel\u00e8fon <strong>613 382 058<\/strong> o via correu electr\u00f2nic: <strong>menjadorbernatderiudemeia@9naturalcuina.cat<\/strong><\/p>\n<p style=\"font-weight: 400;\">S\u2019ofereix a les fam\u00edlies la possibilitat d\u2019utilitzar aquest servei fix o espor\u00e0dic. En tots dos casos s\u2019ha d\u2019omplir el full d\u2019inscripci\u00f3.<br \/>\nS\u2019ha de fer la inscripci\u00f3 a trav\u00e9s de la p\u00e0gina web de 9Naturalcuina <a href=\"https:\/\/9naturalcuina.cat\/\" target=\"_blank\" rel=\"noopener\">https:\/\/9naturalcuina.cat\/<\/a><br \/>\nCal que ho facin totes les fam\u00edlies, que no hagin participat en anys anteriors i si s\u00f3n germans nous tamb\u00e9 cal fer la inscripci\u00f3. Si sou antics usuaris del servei tamb\u00e9 podeu fer el registre per tal d\u2019accedir a tota la vostra informaci\u00f3. (nou servei)<\/p>\n<p><strong>LES QUOTES DE MENJADOR:<\/strong><\/p>\n<ul>\n<li>El preu unitari, en el cas dels alumnes fixes, \u00e9s de 7.54 \u20ac\/infant (IVA incl\u00f2s), per dia de servei o \u00fas diari del menjador escolar. Aquest correspon a la utilitzaci\u00f3 del servei en un 60% m\u00ednim, dels dies lectius mensuals.<\/li>\n<li>El preu unitari del servei espor\u00e0dic \u00e9s de 8.29\u20ac\/infant (IVA incl\u00f2s) i per dia de servei o \u00fas diari del menjador escolar. Aquest correspon a la utilitzaci\u00f3 del servei INFERIOR AL 60%, dels dies lectius mensuals.<\/li>\n<\/ul>\n<p>El cobrament es realitzar\u00e0 per domiciliaci\u00f3 banc\u00e0ria al n\u00famero de compte que les fam\u00edlies proporcionin. El cobrament es realitzar\u00e0 entre l\u2019\u00faltim dia lectiu del mes en curs i el dia 5 del mes seg\u00fcent posterior al servei<br \/>\nEls infants fixes pagaran una quota fixa mensual a la que se li descomptar\u00e0 els dies de no assist\u00e8ncia dels dies inscrits al servei.<\/p>\n<p>Aquesta quota s\u2019obt\u00e9 de multiplicar el preu del men\u00fa pel n\u00famero de dies del curs i despr\u00e9s dividir-ho entre deu mesos, de setembre a juny, sumant el cost del servei per domiciliaci\u00f3 de rebuts, de 0,60 \u20ac \/ mes, que s&#8217;integren en el rebut.<\/p>\n<p><strong>QUOTA ALUMNES FIXES<\/strong><\/p>\n<ul>\n<li>De setembre a juny 134.88 mes. (EL MATEIX CADA MES)<\/li>\n<li>Aquest preu correspon a la utilitzaci\u00f3 del servei en un 60% m\u00ednim, dels dies lectius mensuals. Als alumnes que assisteixin menys dies se\u2019ls descomptar\u00e0 els dies de no assist\u00e8ncia sempre amb av\u00eds a la coordinaci\u00f3 abans de les 09:30.<\/li>\n<li>Per qualsevol incid\u00e8ncia en el cobrament podeu adre\u00e7ar-vos a: comptabilitat@naturalcuina.com<\/li>\n<li>Si voleu avisar d\u2019algun canvi ho heu de fer abans de les 9:30h del mat\u00ed mitjan\u00e7ant correu electr\u00f2nic de la coordinaci\u00f3: menjadorbernatderiudemeia@9naturalcuina.cat En cas contrari es cobrar\u00e0 el total del servei de menjador. En cas d\u2019avisar abans de les 9:30h no es realitzar\u00e0 el cobrament d\u2019aquell dia.<\/li>\n<\/ul>\n<ul>\n<li>Si voleu avisar d\u2019un SERVEI ESPOR\u00c0DIC ho heu de fer abans de les 9:30h del mat\u00ed mitjan\u00e7ant correu electr\u00f2nic a la coordinaci\u00f3: menjadorbernatderiudemeia@9naturalcuina.cat o telef\u00f2nicament al 613 382 058<\/li>\n<li>En el cas de necessitar r\u00e8gim cal que ens aviseu tamb\u00e9 abans de las 10:30h del mat\u00ed, aquest es donar\u00e0 durant dos dies com a m\u00e0xim i estar\u00e0 composat per arr\u00f2s o patata bullida, o pasta blanca de primer plat i un segon plat de carn o peix a la planxa, en cas de ser necessari s\u2019haur\u00e0 d\u2019aportar un informe del metge\/metgessa.<\/li>\n<li>Als rebuts retornats se\u2019ls aplicar\u00e0 els costos bancaris corresponents i el cost de la gesti\u00f3. Un cop notificat el retorn del rebut les fam\u00edlies tenen una setmana per fer el pagament fent un ingr\u00e9s al n\u00famero de compte corresponent. El coordinador no realitza cap cobrament en efectiu.<\/li>\n<\/ul>\n<p>ACOLLIDA MATINAL<br \/>\nL\u2019escola ofereix a les fam\u00edlies la possibilitat d\u2019utilitzar aquest servei fix o espor\u00e0dic. En tots dos casos s\u2019ha d\u2019omplir el full d\u2019inscripci\u00f3.<br \/>\nS\u2019ha de fer la inscripci\u00f3 a trav\u00e9s deL LINK seg\u00fcent: <a href=\"https:\/\/families.9naturalcuina.com\/\" target=\"_blank\" rel=\"noopener\">https:\/\/families.9naturalcuina.com\/\u00a0<\/a><br \/>\nCal que ho facin totes les fam\u00edlies, tant les fixes com les espor\u00e0diques.<\/p>\n<p>PREUS SERVEI D\u2019ACOLLIDA MATINAL<br \/>\nServei d\u2019acollida MATINAL:<\/p>\n<ul>\n<li>Preu fix: 34\u20ac mes les fam\u00edlies s\u00f2cies de l\u2019Afa.<\/li>\n<li>Preu fix: 50\u20ac mes les fam\u00edlies no s\u00f2cies de l\u2019Afa.<\/li>\n<li>Preu espor\u00e0dic: 3\u20ac dia les fam\u00edlies s\u00f2cies de l\u2019Afa.<\/li>\n<li>Preu espor\u00e0dic: 5\u20ac dia les fam\u00edlies no s\u00f2cies de l\u2019Afa.<\/li>\n<li>Si voleu avisar d\u2019algun canvi ho heu de fer mitjan\u00e7ant el correu electr\u00f2nic de la coordinaci\u00f3: <strong>menjadorbernatderiudemeia@9naturalcuina.cat<\/strong> En cas contrari es cobrar\u00e0 el total del servei inscrit. Si voleu avisar d\u2019un SERVEI ESPOR\u00c0DIC el podeu fer mitjan\u00e7ant correu electr\u00f2nic a la coordinaci\u00f3: <strong>menjadorbernatderiudemeia@9naturalcuina.cat<\/strong>.- i\/o telef\u00f2nicament al 613382058<\/li>\n<li>El servei es cobrar\u00e0 a final de mes mitjan\u00e7ant domiciliaci\u00f3 banc\u00e0ria.<\/li>\n<li>Als rebuts retornats se\u2019ls aplicar\u00e0 els costos bancaris corresponents i el cost de la gesti\u00f3. Un cop notificat el retorn del rebut les fam\u00edlies tenen una setmana per fer el pagament fent un ingr\u00e9s al n\u00famero de compte corresponent. El coordinador no realitza cap cobrament en efectiu.<\/li>\n<\/ul>\n<p><strong>Men\u00fa<\/strong>: en aquest enlla\u00e7 trobareu els men\u00fas de la nostra escola &#8211; <a href=\"https:\/\/9naturalcuina.cat\/escola-bernat-de-riudemeia\/\" target=\"_blank\" rel=\"noopener\">https:\/\/9naturalcuina.cat\/escola-bernat-de-riudemeia\/<\/a><\/p>\n<div id=\"sites-canvas-main\" class=\"sites-canvas-main\">\n<p>Tamb\u00e9 posem a la vostra disposici\u00f3 els documents seg\u00fcents:<\/p>\n<\/div>\n<ul style=\"list-style-type: circle;\">\n<li><a href=\"https:\/\/drive.google.com\/file\/d\/1UNpLb7w4UPXE1vjdlqUL3gYfvadNY77X\/view?usp=sharing\" target=\"_blank\" rel=\"noopener\">Pla general de funcionament<\/a><span style=\"font-family: inherit; font-size: 1em;\">.<\/span><\/li>\n<li><a href=\"https:\/\/drive.google.com\/file\/d\/1kSlYwCzmhAAPpX2b3lJw-IBhgNjVeXag\/view?usp=sharing\" target=\"_blank\" rel=\"noopener\">Tutorial per fer la inscripci\u00f3 online<\/a><\/li>\n<\/ul>\n<div><\/div>\n<p><iframe loading=\"lazy\" title=\"YouTube video player\" src=\"https:\/\/www.youtube.com\/embed\/SUuVfT59nVs?si=QdSZARL8S7v9WjOc\" width=\"560\" height=\"315\" frameborder=\"0\" allowfullscreen=\"allowfullscreen\"><\/iframe><\/p>\n","protected":false},"excerpt":{"rendered":"<p>SERVEI DE MENJADOR ESCOLAR El centre disposa de servei de menjador que s\u2019organitza segons el que disposa la\u00a0RESOLUCI\u00d3 ENS\/1793\/2014 de 24 de juliol, establert pel Departament d\u2019Ensenyament i seguint el preceptiu Pla de Menjador que t\u00e9 elaborat el centre. Aquest Pla defineix criteris alimentaris i educatius i inclou l\u2019organitzaci\u00f3 i el desenvolupament de les activitats [&hellip;]<\/p>\n","protected":false},"author":1,"featured_media":0,"parent":66,"menu_order":30,"comment_status":"closed","ping_status":"closed","template":"","meta":{"_bbp_topic_count":0,"_bbp_reply_count":0,"_bbp_total_topic_count":0,"_bbp_total_reply_count":0,"_bbp_voice_count":0,"_bbp_anonymous_reply_count":0,"_bbp_topic_count_hidden":0,"_bbp_reply_count_hidden":0,"_bbp_forum_subforum_count":0,"site-sidebar-layout":"default","site-content-layout":"","ast-site-content-layout":"default","site-content-style":"default","site-sidebar-style":"default","ast-global-header-display":"","ast-banner-title-visibility":"","ast-main-header-display":"","ast-hfb-above-header-display":"","ast-hfb-below-header-display":"","ast-hfb-mobile-header-display":"","site-post-title":"","ast-breadcrumbs-content":"","ast-featured-img":"","footer-sml-layout":"","theme-transparent-header-meta":"","adv-header-id-meta":"","stick-header-meta":"","header-above-stick-meta":"","header-main-stick-meta":"","header-below-stick-meta":"","astra-migrate-meta-layouts":"set","ast-page-background-enabled":"default","ast-page-background-meta":{"desktop":{"background-color":"var(--ast-global-color-4)","background-image":"","background-repeat":"repeat","background-position":"center center","background-size":"auto","background-attachment":"scroll","background-type":"","background-media":"","overlay-type":"","overlay-color":"","overlay-opacity":"","overlay-gradient":""},"tablet":{"background-color":"","background-image":"","background-repeat":"repeat","background-position":"center center","background-size":"auto","background-attachment":"scroll","background-type":"","background-media":"","overlay-type":"","overlay-color":"","overlay-opacity":"","overlay-gradient":""},"mobile":{"background-color":"","background-image":"","background-repeat":"repeat","background-position":"center center","background-size":"auto","background-attachment":"scroll","background-type":"","background-media":"","overlay-type":"","overlay-color":"","overlay-opacity":"","overlay-gradient":""}},"ast-content-background-meta":{"desktop":{"background-color":"var(--ast-global-color-5)","background-image":"","background-repeat":"repeat","background-position":"center center","background-size":"auto","background-attachment":"scroll","background-type":"","background-media":"","overlay-type":"","overlay-color":"","overlay-opacity":"","overlay-gradient":""},"tablet":{"background-color":"var(--ast-global-color-5)","background-image":"","background-repeat":"repeat","background-position":"center center","background-size":"auto","background-attachment":"scroll","background-type":"","background-media":"","overlay-type":"","overlay-color":"","overlay-opacity":"","overlay-gradient":""},"mobile":{"background-color":"var(--ast-global-color-5)","background-image":"","background-repeat":"repeat","background-position":"center center","background-size":"auto","background-attachment":"scroll","background-type":"","background-media":"","overlay-type":"","overlay-color":"","overlay-opacity":"","overlay-gradient":""}},"footnotes":""},"class_list":["post-73","page","type-page","status-publish","hentry"],"post_mailing_queue_ids":[],"_links":{"self":[{"href":"https:\/\/agora.xtec.cat\/ceipbriudemeia\/wp-json\/wp\/v2\/pages\/73","targetHints":{"allow":["GET"]}}],"collection":[{"href":"https:\/\/agora.xtec.cat\/ceipbriudemeia\/wp-json\/wp\/v2\/pages"}],"about":[{"href":"https:\/\/agora.xtec.cat\/ceipbriudemeia\/wp-json\/wp\/v2\/types\/page"}],"author":[{"embeddable":true,"href":"https:\/\/agora.xtec.cat\/ceipbriudemeia\/wp-json\/wp\/v2\/users\/1"}],"replies":[{"embeddable":true,"href":"https:\/\/agora.xtec.cat\/ceipbriudemeia\/wp-json\/wp\/v2\/comments?post=73"}],"version-history":[{"count":6,"href":"https:\/\/agora.xtec.cat\/ceipbriudemeia\/wp-json\/wp\/v2\/pages\/73\/revisions"}],"predecessor-version":[{"id":3448,"href":"https:\/\/agora.xtec.cat\/ceipbriudemeia\/wp-json\/wp\/v2\/pages\/73\/revisions\/3448"}],"up":[{"embeddable":true,"href":"https:\/\/agora.xtec.cat\/ceipbriudemeia\/wp-json\/wp\/v2\/pages\/66"}],"wp:attachment":[{"href":"https:\/\/agora.xtec.cat\/ceipbriudemeia\/wp-json\/wp\/v2\/media?parent=73"}],"curies":[{"name":"wp","href":"https:\/\/api.w.org\/{rel}","templated":true}]}}