{"id":34,"date":"2014-09-18T12:32:18","date_gmt":"2014-09-18T11:32:18","guid":{"rendered":"http:\/\/agora.xtec.cat\/ceipbriudemeia\/?page_id=34"},"modified":"2024-09-12T10:43:17","modified_gmt":"2024-09-12T08:43:17","slug":"oferta-educativa","status":"publish","type":"page","link":"https:\/\/agora.xtec.cat\/ceipbriudemeia\/lescola\/oferta-educativa\/","title":{"rendered":"Projectes"},"content":{"rendered":"<p><strong>Cer\u00e0mica<\/strong><\/p>\n<p>Els alumnes de 3r del Cicle Mitj\u00e0 de prim\u00e0ria, realitzen 12 sessions d\u2019una hora i mitja, durant el 1r i 2n trimestre, a l\u2019Escola de Cer\u00e0mica Ixi\u00f3. Aquesta activitat est\u00e0 finan\u00e7ada per l\u2019Ajuntament d\u2019Argentona\u00a0 al 50% i una part per l\u2019AFA de l\u2019escola (nom\u00e9s socis). \u00c9s una activitat que realitzen totes les escoles del municipi.<\/p>\n<p><strong>Consell de la Inf\u00e0ncia<\/strong><\/p>\n<p>Els alumnes de cicle superior de l\u2019escola participen en les sessions del Ple de l\u2019ajuntament, aportant propostes de millora pel seu municipi. Es preparen algunes sessions i es recullen les impressions i neguits dels companys durant les sessions de tutoria. Els representants del grup assisteixen a les reunions de l\u2019ajuntament un cop al mes.<\/p>\n<p><strong>Projecte Intergeneracional<\/strong><\/p>\n<p>L\u2019alumnat de 3r de prim\u00e0ria assisteixen tots els dimarts, durant una hora, al Casal de Gent Gran d\u2019Argentona per llegir amb els seus padrins de lectura. Aquestes sessions duren tot el curs.<\/p>\n<p><strong>Projecte d\u2019Emprenedoria<\/strong><\/p>\n<p>L\u2019alumnat de 5\u00e8 participa en el projecte d\u2019Emprenedoria de la Diputaci\u00f3, \u00e9s el sis\u00e8 any que l\u2019escola realitza aquest projecte de manera satisfact\u00f2ria.<\/p>\n<p><strong>Projecte Fem dansa\u00a0<\/strong><\/p>\n<p>L\u2019alumnat de 1r i 2n participen a nivell de municipi realitzant tot un seguit de danses on treballen aspectes motrius i musicals englobats dins de les \u00e0rees d\u2019educaci\u00f3 f\u00edsica i educaci\u00f3 art\u00edstica.<\/p>\n<p><strong>Projecte Clika<\/strong><\/p>\n<p>Adre\u00e7at a l\u2019alumnat de 1r de prim\u00e0ria. L\u2019objectiu \u00e9s realitzar un conjunt de can\u00e7ons i representar-les amb els altres alumnes del municipi davant de les fam\u00edlies.<\/p>\n<p><strong>Projecte Cant\u00e0nia<\/strong><\/p>\n<p>Adre\u00e7at a l\u2019alumnat de 5\u00e8 de prim\u00e0ria. L\u2019objectiu \u00e9s realitzar un conjunt de can\u00e7ons i representar-les amb altres alumnes d\u2019altres escoles davant de les fam\u00edlies.<\/p>\n<p><strong>Piscina<\/strong><\/p>\n<p>Els alumnes de segon realitzaran un curset de Nataci\u00f3 a la piscina de Cabrera. L\u2019organitza l\u2019equip directiu i l\u2019equip de gesti\u00f3 de la piscina de Cabrera. El curs consta de 12 sessions. El transport a la piscina est\u00e0 subvencionat per l\u2019Ajuntament d\u2019 Argentona i l&#8217;activitat est\u00e0 finan\u00e7ada al 50% per l&#8217;AFA (nom\u00e9s socis).<\/p>\n<p><strong>Projecte de R\u00e0dio<\/strong><\/p>\n<p>Adre\u00e7at als alumnes de Cicle Superior, cada setmana creen i graven una falca de r\u00e0dio. Cada dilluns sona per la megafonia de l&#8217;escola la falca gravada per l&#8217;alumnat de 6\u00e8i, i per R\u00e0dio Argentona cada divendres sonar\u00e0 la falca gravada per l&#8217;alumnat de 5\u00e8..<\/p>\n<p><strong><a href=\"https:\/\/agora.xtec.cat\/ceipbriudemeia\/wp-content\/uploads\/usu1659\/2023\/10\/PROJECTE-GOSSOS-AL-COLE-INFOGRAFIA.pdf\">Projecte ter\u00e0pia assistida amb gossos<\/a><\/strong><\/p>\n<p><span style=\"font-weight: 400;\">Al cicle inicial hi ha destinada una sessi\u00f3 setmanal\u00a0 per treballar la lectoescriptura amb la ter\u00e0pia assistida amb gossos.\u00a0<\/span><span style=\"font-weight: 400;\">Al cicle mitj\u00e0 i superior hi ha destinada 1 sessi\u00f3 mensual per treballar les emocions mitjan\u00e7ant la ter\u00e0pia assistida amb gossos. <a href=\"https:\/\/www.canva.com\/design\/DAFy77ruulA\/gATjR-7UpLG15MsV2DCu0Q\/watch\" target=\"_blank\" rel=\"noopener\">Veure presentaci\u00f3<\/a>.\u00a0<\/span><\/p>\n","protected":false},"excerpt":{"rendered":"<p>Cer\u00e0mica Els alumnes de 3r del Cicle Mitj\u00e0 de prim\u00e0ria, realitzen 12 sessions d\u2019una hora i mitja, durant el 1r i 2n trimestre, a l\u2019Escola de Cer\u00e0mica Ixi\u00f3. Aquesta activitat est\u00e0 finan\u00e7ada per l\u2019Ajuntament d\u2019Argentona\u00a0 al 50% i una part per l\u2019AFA de l\u2019escola (nom\u00e9s socis). \u00c9s una activitat que realitzen totes les escoles del [&hellip;]<\/p>\n","protected":false},"author":1,"featured_media":0,"parent":22,"menu_order":60,"comment_status":"closed","ping_status":"closed","template":"page-templates\/side-menu.php","meta":{"_bbp_topic_count":0,"_bbp_reply_count":0,"_bbp_total_topic_count":0,"_bbp_total_reply_count":0,"_bbp_voice_count":0,"_bbp_anonymous_reply_count":0,"_bbp_topic_count_hidden":0,"_bbp_reply_count_hidden":0,"_bbp_forum_subforum_count":0,"site-sidebar-layout":"default","site-content-layout":"","ast-site-content-layout":"","site-content-style":"default","site-sidebar-style":"default","ast-global-header-display":"","ast-banner-title-visibility":"","ast-main-header-display":"","ast-hfb-above-header-display":"","ast-hfb-below-header-display":"","ast-hfb-mobile-header-display":"","site-post-title":"","ast-breadcrumbs-content":"","ast-featured-img":"","footer-sml-layout":"","theme-transparent-header-meta":"","adv-header-id-meta":"","stick-header-meta":"","header-above-stick-meta":"","header-main-stick-meta":"","header-below-stick-meta":"","astra-migrate-meta-layouts":"default","ast-page-background-enabled":"default","ast-page-background-meta":{"desktop":{"background-color":"var(--ast-global-color-4)","background-image":"","background-repeat":"repeat","background-position":"center center","background-size":"auto","background-attachment":"scroll","background-type":"","background-media":"","overlay-type":"","overlay-color":"","overlay-opacity":"","overlay-gradient":""},"tablet":{"background-color":"","background-image":"","background-repeat":"repeat","background-position":"center center","background-size":"auto","background-attachment":"scroll","background-type":"","background-media":"","overlay-type":"","overlay-color":"","overlay-opacity":"","overlay-gradient":""},"mobile":{"background-color":"","background-image":"","background-repeat":"repeat","background-position":"center center","background-size":"auto","background-attachment":"scroll","background-type":"","background-media":"","overlay-type":"","overlay-color":"","overlay-opacity":"","overlay-gradient":""}},"ast-content-background-meta":{"desktop":{"background-color":"var(--ast-global-color-5)","background-image":"","background-repeat":"repeat","background-position":"center center","background-size":"auto","background-attachment":"scroll","background-type":"","background-media":"","overlay-type":"","overlay-color":"","overlay-opacity":"","overlay-gradient":""},"tablet":{"background-color":"var(--ast-global-color-5)","background-image":"","background-repeat":"repeat","background-position":"center center","background-size":"auto","background-attachment":"scroll","background-type":"","background-media":"","overlay-type":"","overlay-color":"","overlay-opacity":"","overlay-gradient":""},"mobile":{"background-color":"var(--ast-global-color-5)","background-image":"","background-repeat":"repeat","background-position":"center center","background-size":"auto","background-attachment":"scroll","background-type":"","background-media":"","overlay-type":"","overlay-color":"","overlay-opacity":"","overlay-gradient":""}},"footnotes":""},"class_list":["post-34","page","type-page","status-publish","hentry"],"post_mailing_queue_ids":[],"_links":{"self":[{"href":"https:\/\/agora.xtec.cat\/ceipbriudemeia\/wp-json\/wp\/v2\/pages\/34","targetHints":{"allow":["GET"]}}],"collection":[{"href":"https:\/\/agora.xtec.cat\/ceipbriudemeia\/wp-json\/wp\/v2\/pages"}],"about":[{"href":"https:\/\/agora.xtec.cat\/ceipbriudemeia\/wp-json\/wp\/v2\/types\/page"}],"author":[{"embeddable":true,"href":"https:\/\/agora.xtec.cat\/ceipbriudemeia\/wp-json\/wp\/v2\/users\/1"}],"replies":[{"embeddable":true,"href":"https:\/\/agora.xtec.cat\/ceipbriudemeia\/wp-json\/wp\/v2\/comments?post=34"}],"version-history":[{"count":6,"href":"https:\/\/agora.xtec.cat\/ceipbriudemeia\/wp-json\/wp\/v2\/pages\/34\/revisions"}],"predecessor-version":[{"id":3020,"href":"https:\/\/agora.xtec.cat\/ceipbriudemeia\/wp-json\/wp\/v2\/pages\/34\/revisions\/3020"}],"up":[{"embeddable":true,"href":"https:\/\/agora.xtec.cat\/ceipbriudemeia\/wp-json\/wp\/v2\/pages\/22"}],"wp:attachment":[{"href":"https:\/\/agora.xtec.cat\/ceipbriudemeia\/wp-json\/wp\/v2\/media?parent=34"}],"curies":[{"name":"wp","href":"https:\/\/api.w.org\/{rel}","templated":true}]}}