{"id":3248,"date":"2026-01-26T11:28:30","date_gmt":"2026-01-26T10:28:30","guid":{"rendered":"https:\/\/agora.xtec.cat\/ceipbriudemeia\/?page_id=3248"},"modified":"2026-02-19T16:29:28","modified_gmt":"2026-02-19T15:29:28","slug":"art","status":"publish","type":"page","link":"https:\/\/agora.xtec.cat\/ceipbriudemeia\/art\/","title":{"rendered":"Art"},"content":{"rendered":"\n<p class=\"has-large-font-size\"><strong>Cer\u00e0mica<\/strong><\/p>\n\n\n\n<p>Els alumnes de 3r nivell, realitzen 12 sessions d\u2019una hora i mitja, durant el primer i segon trimestre, a l\u2019Escola de Cer\u00e0mica Ixi\u00f3. Aquesta activitat est\u00e0 finan\u00e7ada per l\u2019Ajuntament d\u2019Argentona&nbsp;al 50% i una part per l\u2019AFA de l\u2019escola (nom\u00e9s socis).<\/p>\n\n\n\n<p>\u00c9s una activitat que realitzen totes les escoles del municipi.<\/p>\n\n\n\n<div class=\"wp-block-columns is-layout-flex wp-container-core-columns-is-layout-1 wp-block-columns-is-layout-flex\">\n<div class=\"wp-block-column is-layout-flow wp-block-column-is-layout-flow\" style=\"flex-basis:100%\">\n<div class=\"wp-block-cover\"><span aria-hidden=\"true\" class=\"wp-block-cover__background has-background-dim\"><\/span><img loading=\"lazy\" decoding=\"async\" width=\"1024\" height=\"768\" class=\"wp-block-cover__image-background wp-image-3282\" alt=\"\" src=\"https:\/\/agora.xtec.cat\/ceipbriudemeia\/wp-content\/uploads\/usu1659\/2026\/01\/ceramica-1024x768.jpeg\" data-object-fit=\"cover\" srcset=\"https:\/\/agora.xtec.cat\/ceipbriudemeia\/wp-content\/uploads\/usu1659\/2026\/01\/ceramica-1024x768.jpeg 1024w, https:\/\/agora.xtec.cat\/ceipbriudemeia\/wp-content\/uploads\/usu1659\/2026\/01\/ceramica-300x225.jpeg 300w, https:\/\/agora.xtec.cat\/ceipbriudemeia\/wp-content\/uploads\/usu1659\/2026\/01\/ceramica-768x576.jpeg 768w, https:\/\/agora.xtec.cat\/ceipbriudemeia\/wp-content\/uploads\/usu1659\/2026\/01\/ceramica-1536x1152.jpeg 1536w, https:\/\/agora.xtec.cat\/ceipbriudemeia\/wp-content\/uploads\/usu1659\/2026\/01\/ceramica.jpeg 2040w\" sizes=\"auto, (max-width: 1024px) 100vw, 1024px\" \/><div class=\"wp-block-cover__inner-container is-layout-flow wp-block-cover-is-layout-flow\">\n<p class=\"has-text-align-center has-large-font-size\"><\/p>\n<\/div><\/div>\n<\/div>\n<\/div>\n\n\n\n<p class=\"has-large-font-size\"><strong>La Clicka<\/strong><\/p>\n\n\n\n<p>\u00c9s un un projecte socioeducatiu que t\u00e9 l\u2019objectiu de connectar els infants amb la m\u00fasica a trav\u00e9s d\u2019una colla d\u2019amics. L\u2019alumnat de segon de prim\u00e0ria realitza una cantata a final de curs a La Sala juntament amb altres escoles d&#8217;Argentona.  <\/p>\n\n\n\n<div class=\"wp-block-columns is-layout-flex wp-container-core-columns-is-layout-2 wp-block-columns-is-layout-flex\">\n<div class=\"wp-block-column is-layout-flow wp-block-column-is-layout-flow\">\n<figure class=\"wp-block-image size-full\"><a href=\"https:\/\/laclika.cat\/\" target=\"_blank\" rel=\" noreferrer noopener\"><img loading=\"lazy\" decoding=\"async\" width=\"686\" height=\"386\" src=\"https:\/\/agora.xtec.cat\/ceipbriudemeia\/wp-content\/uploads\/usu1659\/2026\/01\/hq720.jpg\" alt=\"\" class=\"wp-image-3286\" srcset=\"https:\/\/agora.xtec.cat\/ceipbriudemeia\/wp-content\/uploads\/usu1659\/2026\/01\/hq720.jpg 686w, https:\/\/agora.xtec.cat\/ceipbriudemeia\/wp-content\/uploads\/usu1659\/2026\/01\/hq720-300x169.jpg 300w\" sizes=\"auto, (max-width: 686px) 100vw, 686px\" \/><\/a><\/figure>\n<\/div>\n\n\n\n<div class=\"wp-block-column is-layout-flow wp-block-column-is-layout-flow\">\n<figure class=\"wp-block-image size-large wp-duotone-unset-1\"><a href=\"https:\/\/agora.xtec.cat\/ceipbriudemeia\/wp-content\/uploads\/usu1659\/2024\/05\/66651.jpg\"><img loading=\"lazy\" decoding=\"async\" width=\"1024\" height=\"965\" src=\"https:\/\/agora.xtec.cat\/ceipbriudemeia\/wp-content\/uploads\/usu1659\/2024\/05\/66651-1024x965.jpg\" alt=\"\" class=\"wp-image-2940\" srcset=\"https:\/\/agora.xtec.cat\/ceipbriudemeia\/wp-content\/uploads\/usu1659\/2024\/05\/66651-1024x965.jpg 1024w, https:\/\/agora.xtec.cat\/ceipbriudemeia\/wp-content\/uploads\/usu1659\/2024\/05\/66651-300x283.jpg 300w, https:\/\/agora.xtec.cat\/ceipbriudemeia\/wp-content\/uploads\/usu1659\/2024\/05\/66651-768x724.jpg 768w, https:\/\/agora.xtec.cat\/ceipbriudemeia\/wp-content\/uploads\/usu1659\/2024\/05\/66651.jpg 1170w\" sizes=\"auto, (max-width: 1024px) 100vw, 1024px\" \/><\/a><\/figure>\n<\/div>\n<\/div>\n\n\n\n<p class=\"has-large-font-size\"><strong>4Cordes<\/strong><\/p>\n\n\n\n<p>Al segon cicle de prim\u00e0ria, l\u2019alumnat participa en el projecte 4Cordes, una proposta musical que fomenta l\u2019aprenentatge de la m\u00fasica mitjan\u00e7ant la pr\u00e0ctica d\u2019instruments de corda, el treball cooperatiu i l&#8217;expressi\u00f3 art\u00edstica.<\/p>\n\n\n\n<div class=\"wp-block-columns is-layout-flex wp-container-core-columns-is-layout-3 wp-block-columns-is-layout-flex\">\n<div class=\"wp-block-column is-layout-flow wp-block-column-is-layout-flow\" style=\"flex-basis:66.66%\">\n<figure class=\"wp-block-gallery has-nested-images columns-default is-cropped wp-block-gallery-2 is-layout-flex wp-block-gallery-is-layout-flex\">\n<figure class=\"wp-block-image size-large\"><a href=\"https:\/\/agora.xtec.cat\/ceipbriudemeia\/wp-content\/uploads\/usu1659\/2026\/01\/IMG_9291-scaled.jpg\"><img loading=\"lazy\" decoding=\"async\" width=\"1024\" height=\"768\" src=\"https:\/\/agora.xtec.cat\/ceipbriudemeia\/wp-content\/uploads\/usu1659\/2026\/01\/IMG_9291-1024x768.jpg\" alt=\"\" class=\"wp-image-3290\" srcset=\"https:\/\/agora.xtec.cat\/ceipbriudemeia\/wp-content\/uploads\/usu1659\/2026\/01\/IMG_9291-1024x768.jpg 1024w, https:\/\/agora.xtec.cat\/ceipbriudemeia\/wp-content\/uploads\/usu1659\/2026\/01\/IMG_9291-300x225.jpg 300w, https:\/\/agora.xtec.cat\/ceipbriudemeia\/wp-content\/uploads\/usu1659\/2026\/01\/IMG_9291-768x576.jpg 768w, https:\/\/agora.xtec.cat\/ceipbriudemeia\/wp-content\/uploads\/usu1659\/2026\/01\/IMG_9291-1536x1152.jpg 1536w, https:\/\/agora.xtec.cat\/ceipbriudemeia\/wp-content\/uploads\/usu1659\/2026\/01\/IMG_9291-2048x1536.jpg 2048w\" sizes=\"auto, (max-width: 1024px) 100vw, 1024px\" \/><\/a><\/figure>\n\n\n\n<figure class=\"wp-block-image size-large\"><a href=\"https:\/\/agora.xtec.cat\/ceipbriudemeia\/wp-content\/uploads\/usu1659\/2026\/01\/7571156F-3247-485E-B5E9-61D9175D3E77_1_102_o.jpeg\"><img loading=\"lazy\" decoding=\"async\" width=\"1024\" height=\"768\" src=\"https:\/\/agora.xtec.cat\/ceipbriudemeia\/wp-content\/uploads\/usu1659\/2026\/01\/7571156F-3247-485E-B5E9-61D9175D3E77_1_102_o-1024x768.jpeg\" alt=\"\" class=\"wp-image-3289\" srcset=\"https:\/\/agora.xtec.cat\/ceipbriudemeia\/wp-content\/uploads\/usu1659\/2026\/01\/7571156F-3247-485E-B5E9-61D9175D3E77_1_102_o-1024x768.jpeg 1024w, https:\/\/agora.xtec.cat\/ceipbriudemeia\/wp-content\/uploads\/usu1659\/2026\/01\/7571156F-3247-485E-B5E9-61D9175D3E77_1_102_o-300x225.jpeg 300w, https:\/\/agora.xtec.cat\/ceipbriudemeia\/wp-content\/uploads\/usu1659\/2026\/01\/7571156F-3247-485E-B5E9-61D9175D3E77_1_102_o-768x576.jpeg 768w, https:\/\/agora.xtec.cat\/ceipbriudemeia\/wp-content\/uploads\/usu1659\/2026\/01\/7571156F-3247-485E-B5E9-61D9175D3E77_1_102_o-1536x1152.jpeg 1536w, https:\/\/agora.xtec.cat\/ceipbriudemeia\/wp-content\/uploads\/usu1659\/2026\/01\/7571156F-3247-485E-B5E9-61D9175D3E77_1_102_o.jpeg 2048w\" sizes=\"auto, (max-width: 1024px) 100vw, 1024px\" \/><\/a><\/figure>\n\n\n\n<figure class=\"wp-block-image size-large\"><a href=\"https:\/\/agora.xtec.cat\/ceipbriudemeia\/wp-content\/uploads\/usu1659\/2026\/01\/C413D154-BCD4-4712-8579-24D36B0CF9B0_1_102_o.jpeg\"><img loading=\"lazy\" decoding=\"async\" width=\"1024\" height=\"768\" src=\"https:\/\/agora.xtec.cat\/ceipbriudemeia\/wp-content\/uploads\/usu1659\/2026\/01\/C413D154-BCD4-4712-8579-24D36B0CF9B0_1_102_o-1024x768.jpeg\" alt=\"\" class=\"wp-image-3292\" srcset=\"https:\/\/agora.xtec.cat\/ceipbriudemeia\/wp-content\/uploads\/usu1659\/2026\/01\/C413D154-BCD4-4712-8579-24D36B0CF9B0_1_102_o-1024x768.jpeg 1024w, https:\/\/agora.xtec.cat\/ceipbriudemeia\/wp-content\/uploads\/usu1659\/2026\/01\/C413D154-BCD4-4712-8579-24D36B0CF9B0_1_102_o-300x225.jpeg 300w, https:\/\/agora.xtec.cat\/ceipbriudemeia\/wp-content\/uploads\/usu1659\/2026\/01\/C413D154-BCD4-4712-8579-24D36B0CF9B0_1_102_o-768x576.jpeg 768w, https:\/\/agora.xtec.cat\/ceipbriudemeia\/wp-content\/uploads\/usu1659\/2026\/01\/C413D154-BCD4-4712-8579-24D36B0CF9B0_1_102_o-1536x1152.jpeg 1536w, https:\/\/agora.xtec.cat\/ceipbriudemeia\/wp-content\/uploads\/usu1659\/2026\/01\/C413D154-BCD4-4712-8579-24D36B0CF9B0_1_102_o.jpeg 2048w\" sizes=\"auto, (max-width: 1024px) 100vw, 1024px\" \/><\/a><\/figure>\n<\/figure>\n<\/div>\n\n\n\n<div class=\"wp-block-column is-layout-flow wp-block-column-is-layout-flow\" style=\"flex-basis:33.33%\">\n<figure class=\"wp-block-image aligncenter size-large\"><a href=\"https:\/\/www.4cordes.com\/\"><img loading=\"lazy\" decoding=\"async\" width=\"1024\" height=\"375\" src=\"https:\/\/agora.xtec.cat\/ceipbriudemeia\/wp-content\/uploads\/usu1659\/2026\/01\/Captura-de-pantalla-2026-01-28-112705-1024x375.jpg\" alt=\"\" class=\"wp-image-3288\" srcset=\"https:\/\/agora.xtec.cat\/ceipbriudemeia\/wp-content\/uploads\/usu1659\/2026\/01\/Captura-de-pantalla-2026-01-28-112705-1024x375.jpg 1024w, https:\/\/agora.xtec.cat\/ceipbriudemeia\/wp-content\/uploads\/usu1659\/2026\/01\/Captura-de-pantalla-2026-01-28-112705-300x110.jpg 300w, https:\/\/agora.xtec.cat\/ceipbriudemeia\/wp-content\/uploads\/usu1659\/2026\/01\/Captura-de-pantalla-2026-01-28-112705-768x282.jpg 768w, https:\/\/agora.xtec.cat\/ceipbriudemeia\/wp-content\/uploads\/usu1659\/2026\/01\/Captura-de-pantalla-2026-01-28-112705.jpg 1279w\" sizes=\"auto, (max-width: 1024px) 100vw, 1024px\" \/><\/a><\/figure>\n<\/div>\n<\/div>\n\n\n\n<p class=\"has-large-font-size\"><strong>Cant\u00e0nia<\/strong><\/p>\n\n\n\n<div class=\"wp-block-columns is-layout-flex wp-container-core-columns-is-layout-4 wp-block-columns-is-layout-flex\">\n<div class=\"wp-block-column is-layout-flow wp-block-column-is-layout-flow\" style=\"flex-basis:66.66%\">\n<p>Adre\u00e7at a l\u2019alumnat de 5\u00e8 de prim\u00e0ria. L\u2019objectiu \u00e9s realitzar un conjunt de can\u00e7ons i representar-les amb altres alumnes d\u2019altres escoles davant de les fam\u00edlies.<\/p>\n<\/div>\n\n\n\n<div class=\"wp-block-column is-layout-flow wp-block-column-is-layout-flow\" style=\"flex-basis:33.33%\">\n<figure class=\"wp-block-gallery has-nested-images columns-default is-cropped wp-block-gallery-3 is-layout-flex wp-block-gallery-is-layout-flex\">\n<figure class=\"wp-block-image size-large\"><a href=\"https:\/\/agora.xtec.cat\/ceipbriudemeia\/wp-content\/uploads\/usu1659\/2026\/01\/IMG_20250514_194105969-scaled.jpg\"><img loading=\"lazy\" decoding=\"async\" width=\"1024\" height=\"768\" src=\"https:\/\/agora.xtec.cat\/ceipbriudemeia\/wp-content\/uploads\/usu1659\/2026\/01\/IMG_20250514_194105969-1024x768.jpg\" alt=\"\" class=\"wp-image-3332\" srcset=\"https:\/\/agora.xtec.cat\/ceipbriudemeia\/wp-content\/uploads\/usu1659\/2026\/01\/IMG_20250514_194105969-1024x768.jpg 1024w, https:\/\/agora.xtec.cat\/ceipbriudemeia\/wp-content\/uploads\/usu1659\/2026\/01\/IMG_20250514_194105969-300x225.jpg 300w, https:\/\/agora.xtec.cat\/ceipbriudemeia\/wp-content\/uploads\/usu1659\/2026\/01\/IMG_20250514_194105969-768x576.jpg 768w, https:\/\/agora.xtec.cat\/ceipbriudemeia\/wp-content\/uploads\/usu1659\/2026\/01\/IMG_20250514_194105969-1536x1152.jpg 1536w, https:\/\/agora.xtec.cat\/ceipbriudemeia\/wp-content\/uploads\/usu1659\/2026\/01\/IMG_20250514_194105969-2048x1536.jpg 2048w\" sizes=\"auto, (max-width: 1024px) 100vw, 1024px\" \/><\/a><\/figure>\n\n\n\n<figure class=\"wp-block-image size-large\"><a href=\"https:\/\/agora.xtec.cat\/ceipbriudemeia\/wp-content\/uploads\/usu1659\/2026\/01\/IMG_20250514_194341219-scaled.jpg\"><img loading=\"lazy\" decoding=\"async\" width=\"1024\" height=\"768\" src=\"https:\/\/agora.xtec.cat\/ceipbriudemeia\/wp-content\/uploads\/usu1659\/2026\/01\/IMG_20250514_194341219-1024x768.jpg\" alt=\"\" class=\"wp-image-3333\" srcset=\"https:\/\/agora.xtec.cat\/ceipbriudemeia\/wp-content\/uploads\/usu1659\/2026\/01\/IMG_20250514_194341219-1024x768.jpg 1024w, https:\/\/agora.xtec.cat\/ceipbriudemeia\/wp-content\/uploads\/usu1659\/2026\/01\/IMG_20250514_194341219-300x225.jpg 300w, https:\/\/agora.xtec.cat\/ceipbriudemeia\/wp-content\/uploads\/usu1659\/2026\/01\/IMG_20250514_194341219-768x576.jpg 768w, https:\/\/agora.xtec.cat\/ceipbriudemeia\/wp-content\/uploads\/usu1659\/2026\/01\/IMG_20250514_194341219-1536x1152.jpg 1536w, https:\/\/agora.xtec.cat\/ceipbriudemeia\/wp-content\/uploads\/usu1659\/2026\/01\/IMG_20250514_194341219-2048x1536.jpg 2048w\" sizes=\"auto, (max-width: 1024px) 100vw, 1024px\" \/><\/a><\/figure>\n<\/figure>\n<\/div>\n<\/div>\n\n\n\n<p class=\"has-large-font-size\"><strong><strong>Projecte Fem dansa<\/strong><\/strong><\/p>\n\n\n\n<p>L\u2019alumnat de 1r i 2n participen a nivell de municipi realitzant tot un seguit de danses on treballen aspectes motrius i musicals englobats dins de les \u00e0rees d\u2019educaci\u00f3 f\u00edsica i educaci\u00f3 art\u00edstica.<strong><strong>&nbsp;<\/strong><\/strong><\/p>\n\n\n\n<figure class=\"wp-block-gallery has-nested-images columns-default is-cropped wp-block-gallery-4 is-layout-flex wp-block-gallery-is-layout-flex\">\n<figure class=\"wp-block-image size-large\"><img loading=\"lazy\" decoding=\"async\" width=\"1024\" height=\"768\" data-id=\"3295\" src=\"https:\/\/agora.xtec.cat\/ceipbriudemeia\/wp-content\/uploads\/usu1659\/2026\/01\/IMG_5889-1024x768.jpg\" alt=\"\" class=\"wp-image-3295\" srcset=\"https:\/\/agora.xtec.cat\/ceipbriudemeia\/wp-content\/uploads\/usu1659\/2026\/01\/IMG_5889-1024x768.jpg 1024w, https:\/\/agora.xtec.cat\/ceipbriudemeia\/wp-content\/uploads\/usu1659\/2026\/01\/IMG_5889-300x225.jpg 300w, https:\/\/agora.xtec.cat\/ceipbriudemeia\/wp-content\/uploads\/usu1659\/2026\/01\/IMG_5889-768x576.jpg 768w, https:\/\/agora.xtec.cat\/ceipbriudemeia\/wp-content\/uploads\/usu1659\/2026\/01\/IMG_5889-1536x1152.jpg 1536w, https:\/\/agora.xtec.cat\/ceipbriudemeia\/wp-content\/uploads\/usu1659\/2026\/01\/IMG_5889-2048x1536.jpg 2048w\" sizes=\"auto, (max-width: 1024px) 100vw, 1024px\" \/><\/figure>\n\n\n\n<figure class=\"wp-block-image size-large\"><img loading=\"lazy\" decoding=\"async\" width=\"1024\" height=\"768\" data-id=\"3296\" src=\"https:\/\/agora.xtec.cat\/ceipbriudemeia\/wp-content\/uploads\/usu1659\/2026\/01\/Captura-de-pantalla-2026-01-28-114812-1024x768.png\" alt=\"\" class=\"wp-image-3296\" srcset=\"https:\/\/agora.xtec.cat\/ceipbriudemeia\/wp-content\/uploads\/usu1659\/2026\/01\/Captura-de-pantalla-2026-01-28-114812-1024x768.png 1024w, https:\/\/agora.xtec.cat\/ceipbriudemeia\/wp-content\/uploads\/usu1659\/2026\/01\/Captura-de-pantalla-2026-01-28-114812-300x225.png 300w, https:\/\/agora.xtec.cat\/ceipbriudemeia\/wp-content\/uploads\/usu1659\/2026\/01\/Captura-de-pantalla-2026-01-28-114812-768x576.png 768w, https:\/\/agora.xtec.cat\/ceipbriudemeia\/wp-content\/uploads\/usu1659\/2026\/01\/Captura-de-pantalla-2026-01-28-114812.png 1146w\" sizes=\"auto, (max-width: 1024px) 100vw, 1024px\" \/><\/figure>\n<\/figure>\n\n\n\n<p><\/p>\n","protected":false},"excerpt":{"rendered":"<p>Cer\u00e0mica Els alumnes de 3r nivell, realitzen 12 sessions d\u2019una hora i mitja, durant el primer i segon trimestre, a l\u2019Escola de Cer\u00e0mica Ixi\u00f3. Aquesta activitat est\u00e0 finan\u00e7ada per l\u2019Ajuntament d\u2019Argentona&nbsp;al 50% i una part per l\u2019AFA de l\u2019escola (nom\u00e9s socis). \u00c9s una activitat que realitzen totes les escoles del municipi. La Clicka \u00c9s un [&hellip;]<\/p>\n","protected":false},"author":33,"featured_media":0,"parent":0,"menu_order":0,"comment_status":"closed","ping_status":"closed","template":"","meta":{"_bbp_topic_count":0,"_bbp_reply_count":0,"_bbp_total_topic_count":0,"_bbp_total_reply_count":0,"_bbp_voice_count":0,"_bbp_anonymous_reply_count":0,"_bbp_topic_count_hidden":0,"_bbp_reply_count_hidden":0,"_bbp_forum_subforum_count":0,"site-sidebar-layout":"default","site-content-layout":"","ast-site-content-layout":"default","site-content-style":"default","site-sidebar-style":"default","ast-global-header-display":"","ast-banner-title-visibility":"","ast-main-header-display":"","ast-hfb-above-header-display":"","ast-hfb-below-header-display":"","ast-hfb-mobile-header-display":"","site-post-title":"","ast-breadcrumbs-content":"","ast-featured-img":"","footer-sml-layout":"","theme-transparent-header-meta":"default","adv-header-id-meta":"","stick-header-meta":"","header-above-stick-meta":"","header-main-stick-meta":"","header-below-stick-meta":"","astra-migrate-meta-layouts":"set","ast-page-background-enabled":"default","ast-page-background-meta":{"desktop":{"background-color":"var(--ast-global-color-4)","background-image":"","background-repeat":"repeat","background-position":"center center","background-size":"auto","background-attachment":"scroll","background-type":"","background-media":"","overlay-type":"","overlay-color":"","overlay-opacity":"","overlay-gradient":""},"tablet":{"background-color":"","background-image":"","background-repeat":"repeat","background-position":"center center","background-size":"auto","background-attachment":"scroll","background-type":"","background-media":"","overlay-type":"","overlay-color":"","overlay-opacity":"","overlay-gradient":""},"mobile":{"background-color":"","background-image":"","background-repeat":"repeat","background-position":"center center","background-size":"auto","background-attachment":"scroll","background-type":"","background-media":"","overlay-type":"","overlay-color":"","overlay-opacity":"","overlay-gradient":""}},"ast-content-background-meta":{"desktop":{"background-color":"var(--ast-global-color-5)","background-image":"","background-repeat":"repeat","background-position":"center center","background-size":"auto","background-attachment":"scroll","background-type":"","background-media":"","overlay-type":"","overlay-color":"","overlay-opacity":"","overlay-gradient":""},"tablet":{"background-color":"var(--ast-global-color-5)","background-image":"","background-repeat":"repeat","background-position":"center center","background-size":"auto","background-attachment":"scroll","background-type":"","background-media":"","overlay-type":"","overlay-color":"","overlay-opacity":"","overlay-gradient":""},"mobile":{"background-color":"var(--ast-global-color-5)","background-image":"","background-repeat":"repeat","background-position":"center center","background-size":"auto","background-attachment":"scroll","background-type":"","background-media":"","overlay-type":"","overlay-color":"","overlay-opacity":"","overlay-gradient":""}},"footnotes":""},"class_list":["post-3248","page","type-page","status-publish","hentry"],"post_mailing_queue_ids":[],"_links":{"self":[{"href":"https:\/\/agora.xtec.cat\/ceipbriudemeia\/wp-json\/wp\/v2\/pages\/3248","targetHints":{"allow":["GET"]}}],"collection":[{"href":"https:\/\/agora.xtec.cat\/ceipbriudemeia\/wp-json\/wp\/v2\/pages"}],"about":[{"href":"https:\/\/agora.xtec.cat\/ceipbriudemeia\/wp-json\/wp\/v2\/types\/page"}],"author":[{"embeddable":true,"href":"https:\/\/agora.xtec.cat\/ceipbriudemeia\/wp-json\/wp\/v2\/users\/33"}],"replies":[{"embeddable":true,"href":"https:\/\/agora.xtec.cat\/ceipbriudemeia\/wp-json\/wp\/v2\/comments?post=3248"}],"version-history":[{"count":6,"href":"https:\/\/agora.xtec.cat\/ceipbriudemeia\/wp-json\/wp\/v2\/pages\/3248\/revisions"}],"predecessor-version":[{"id":3419,"href":"https:\/\/agora.xtec.cat\/ceipbriudemeia\/wp-json\/wp\/v2\/pages\/3248\/revisions\/3419"}],"wp:attachment":[{"href":"https:\/\/agora.xtec.cat\/ceipbriudemeia\/wp-json\/wp\/v2\/media?parent=3248"}],"curies":[{"name":"wp","href":"https:\/\/api.w.org\/{rel}","templated":true}]}}