{"id":790,"date":"2015-09-25T11:35:07","date_gmt":"2015-09-25T09:35:07","guid":{"rendered":"http:\/\/blocs.xtec.cat\/escolabarceloimatas\/?page_id=790"},"modified":"2025-10-01T13:01:44","modified_gmt":"2025-10-01T11:01:44","slug":"historia-de-lescola","status":"publish","type":"page","link":"https:\/\/agora.xtec.cat\/ceipbarceloimatas\/benvinguda\/historia-de-lescola\/","title":{"rendered":"Hist\u00f2ria de l&#8217;escola"},"content":{"rendered":"\n<h3 class=\"wp-block-heading has-medium-font-size\">L\u2019edifici<\/h3>\n\n\n\n<p>L\u2019escola Josep Barcel\u00f3 i Matas, situada al carrer de Pals de Palafrugell, va comen\u00e7ar com una &#8220;<em>Agrupaci\u00f3n Escolar Mixta&#8221;&nbsp;<\/em> que entr\u00e0 en funcionament el desembre del curs 1965-1966. El 28 de novembre de 1965 va tenir lloc la seva inauguraci\u00f3. La mestra Anna V\u00e1zquez recorda que es va fer un pica-pica a l\u2019hotel restaurant Costa Brava, al carrer de Sant Sebasti\u00e0, i que hi van assistir, entre altres autoritats, el Sr. Gich i el Sr. Alsiu, aleshores alcalde i regidor de cultura respectivament.<\/p>\n\n\n\n<p>Havia estat constru\u00efda pel <em>Ministerio de Educaci\u00f3n y Ciencia<\/em> sobre uns terrenys cedits per l\u2019Ajuntament. L\u2019edifici constava de quatre aules de prim\u00e0ria, una de p\u00e0rvuls i uns habitatges annexes al recinte escolar que van ser adjudicats, el curs 1966-1967 a mestres del centre.<\/p>\n\n\n\n<p>La gent del poble l\u2019anomenava \u201cl\u2019escola del carrer de Pals\u201d fins que va arribar el moment de decidir quin nom tindria. En un primer moment, es va pensar a posar-li el nom d\u2019alguna persona il\u00b7lustre de les Lletres o les Arts. Va ser el llavors alcalde de Palafrugell, Joan Gich, qui va proposar de donar-li el nom del mestre Josep Barcel\u00f3 i Matas, mestre que havia estat molt estimat per tots els palafrugellencs. En la sessi\u00f3 del 20 d\u2019abril de 1967 va ser acceptada la proposta de l\u2019alcalde.<\/p>\n\n\n\n<p>L\u2019escola era mixta, per\u00f2 els nens i les nenes anaven en aules separades, nom\u00e9s a l\u2019aula de p\u00e0rvuls estaven tots junts. A partir del curs 1973-1974 es va iniciar la coeducaci\u00f3 a preescolar i als quatre primers cursos d\u2019EGB, en pocs anys s\u2019acabaria implantant a tota l\u2019escola. Va ser durant aquest curs quan el col\u00b7legi va arribar a un alt grau de saturaci\u00f3 donada l\u2019elevada assist\u00e8ncia d\u2019alumnes.<\/p>\n\n\n\n<p>Ben aviat, doncs, l\u2019escola es va quedar petita i les ampliacions es van anar succeint al llarg dels anys.<\/p>\n\n\n\n<p>A mitjans de la d\u00e8cada dels 70 es va fer l&#8217;ampliaci\u00f3 de l\u2019edifici de parvulari (actual I4 i I5).<\/p>\n\n\n\n<p>A la d\u00e8cada dels 80 es va fer una remodelaci\u00f3 en dues fases. La primera, l\u2019any 1981, quan es van construir les dues plantes de l\u2019edifici de prim\u00e0ria, amb aulari a la planta superior i zona de calderes i magatzem a la planta inferior. La segona, l\u2019any 1984, en qu\u00e8 es va annexionar l&#8217;ala oest que actualment ocupa l&#8217;Institut La Sureda. A m\u00e9s, en aquesta fase es va fer l&#8217;actual espai de direcci\u00f3, la sala de professors, els lavabos i la sala multiusos.<\/p>\n\n\n\n<p>Al cap dels anys, de les quatre aules inicials de Prim\u00e0ria&nbsp; ja nom\u00e9s en quedaven dues en funcionament i va ser l\u2019any 1993, amb motiu de la incorporaci\u00f3 dels alumnes de 3 anys, quan es van habilitar per a rebre els m\u00e9s petits de l\u2019escola. L&#8217;any 2006, van ser reformades a partir d\u2019un projecte de l\u2019arquitecte Josep Ferr\u00e9s per continuar acollint els alumnes de I3 i adaptant-les a les necessitats del moment.<\/p>\n\n\n\n<p>El curs 2000-2001, despr\u00e9s d&#8217;una llarga reivindicaci\u00f3, es van estrenar el gimn\u00e0s i els vestuaris (ubicats a la planta baixa de l&#8217;ampliaci\u00f3 que es va fer l&#8217;any 1984). Actualment aquest espai ja no forma part de l&#8217;escola ja que es va reconvertir en aules per a l&#8217;institut La Sureda.<\/p>\n\n\n\n<h3 class=\"wp-block-heading has-medium-font-size\"><strong>El mestre Josep Barcel\u00f3 i Matas<\/strong><\/h3>\n\n\n\n<p>El Sr. Josep Barcel\u00f3 i Matas va n\u00e9ixer a la Bisbal d\u2019Empord\u00e0 el 17 de juliol de 1875. Estudi\u00e0 Magisteri i va comen\u00e7ar a exercir la professi\u00f3 l\u2019any 1902 a Manacor, on va estar dos anys. Despr\u00e9s va passar a Castell\u00f3 d\u2019Emp\u00faries on va treballar tres anys i, finalment, el 1907 es va establir a Palafrugell. Abans de la seva incorporaci\u00f3 a la feina, els diaris locals ja anunciaven la seva arribada i el poble l\u2019esperava amb il\u00b7lusi\u00f3 donada la seva bona anomenada. Aqu\u00ed va romandre deu anys. L\u2019escola on exercia es trobava al carrer del Sol, actual Torres i Jonama. Vivia a la casa del costat mateix de l\u2019escola. Una de les coses importants que va fer a Palafrugell va ser negociar amb l\u2019ajuntament per tal que l\u2019escola fos gratu\u00efta pels nens.<\/p>\n\n\n\n<p>Per\u00f2 el Sr. Barcel\u00f3 va ser important sobretot per la seva metodologia, la manera innovadora de fer classe: no picava ni renyava, no era partidari dels m\u00e8todes d\u2019aprenentatges memor\u00edstics, parlava sempre en catal\u00e0 fins i tot en fer la classe, ensenyava per a la vida i potenciava les sortides i excursions i les aprofitava per a l\u2019ensenyament de la geografia i la hist\u00f2ria trepitjant el terreny. En aquella \u00e8poca era considerat un \u201cmestre modern\u201d, un gran defensor de l\u2019ensenyament actiu i pr\u00e0ctic que afavoria sempre el di\u00e0leg i la participaci\u00f3 dels alumnes. Tamb\u00e9 li agradava que els seus alumnes poguessin establir contacte amb nens i nenes de les escoles del voltant.<\/p>\n\n\n\n<p>Barcel\u00f3 ja era partidari de les activitats extraescolars i va ser el principal impulsor de la creaci\u00f3 de l\u2019Ateneu Palafrugellenc, l\u2019any 1910, que oferia activitats culturals i de lleure que ajudaven a completar la formaci\u00f3 dels alumnes. Feien excursions per con\u00e8ixer la comarca; es practicava l\u2019esport, hi havia tres equips de futbol de diferents categories que participaven en la lliga gironina i tamb\u00e9 s\u2019hi organitzaven activitats art\u00edstiques com ara representacions teatrals, festes populars, concerts i vetllades liter\u00e0ries.<\/p>\n\n\n\n<p>Diuen que anava sempre molt ben vestit i en aix\u00f2 els alumnes el van voler imitar. Per tot plegat es va guanyar l\u2019estimaci\u00f3 dels seus alumnes i el reconeixement de tot el poble.<\/p>\n\n\n\n<p>Va marxar de Palafrugell perqu\u00e8 portava temps sense cobrar el sou i va tornar al seu poble natal, la Bisbal, on va exercir set anys. L\u2019any 1924 es va traslladar a Barcelona per prendre possessi\u00f3 d\u2019una escola unit\u00e0ria a Sants.<\/p>\n\n\n\n<p>El febrer de 1939 va ser separat del c\u00e0rrec i obligat a jubilar-se injustament per la seva actuaci\u00f3 en favor de l\u2019escola catalana i la pedagogia renovadora. A partir d\u2019aquell moment es va dedicar a la poesia. Obres seves: <em>El clos del pastor, Poema de l\u2019Empord\u00e0, Poema del pa<\/em>. Va morir a Barcelona el 8 de mar\u00e7 de 1964, als 88 anys.<\/p>\n\n\n\n<h3 class=\"wp-block-heading has-medium-font-size\"><strong>Homenatges<\/strong><\/h3>\n\n\n\n<p>Durant l\u2019any 1980 es van&nbsp; realitzar actes importants de celebraci\u00f3 i homenatges al mestre Barcel\u00f3 i Matas. Va ser quan es va descobrir la placa commemorativa que hi ha a l\u2019entrada de l\u2019escola i que diu aix\u00ed:<\/p>\n\n\n\n<p><strong>A Josep Barcel\u00f3 i Matas, mestre que fou de Palafrugell, capdavanter de la renovaci\u00f3 pedag\u00f2gica a Catalunya. Cap mestre ha estat m\u00e9s estimat i recordat pels que un temps -breu o llarg- varen gaudir de les seves lli\u00e7ons vives de ci\u00e8ncia, de llenguatge, de pulcritud i de civisme.<\/strong><\/p>\n\n\n\n<p><strong>1 de juny de 1980.<\/strong><\/p>\n\n\n\n<p><strong>&nbsp;<\/strong><\/p>\n\n\n\n<figure class=\"wp-block-image aligncenter size-medium is-style-default\"><img loading=\"lazy\" decoding=\"async\" width=\"226\" height=\"300\" src=\"https:\/\/agora.xtec.cat\/ceipbarceloimatas\/wp-content\/uploads\/usu1324\/2019\/10\/foto-226x300.jpg\" alt=\"\" class=\"wp-image-3057\" srcset=\"https:\/\/agora.xtec.cat\/ceipbarceloimatas\/wp-content\/uploads\/usu1324\/2019\/10\/foto-226x300.jpg 226w, https:\/\/agora.xtec.cat\/ceipbarceloimatas\/wp-content\/uploads\/usu1324\/2019\/10\/foto.jpg 583w\" sizes=\"auto, (max-width: 226px) 100vw, 226px\" \/><\/figure>\n\n\n\n<p>Font: &#8220;<em>L&#8217;ensenyament a Palafrugell&#8221;.<\/em> Busquets, J. i Molero, J. Quaderns de Palafrugell&nbsp; n\u00ba1 . Ajuntament de Palafrugell 1993<\/p>\n\n\n\n<figure class=\"wp-block-image aligncenter size-medium\"><a href=\"https:\/\/agora.xtec.cat\/ceipbarceloimatas\/wp-content\/uploads\/usu1324\/2019\/10\/Imagen1.jpg\"><img loading=\"lazy\" decoding=\"async\" width=\"300\" height=\"208\" src=\"https:\/\/agora.xtec.cat\/ceipbarceloimatas\/wp-content\/uploads\/usu1324\/2019\/10\/Imagen1-300x208.jpg\" alt=\"\" class=\"wp-image-3058\" srcset=\"https:\/\/agora.xtec.cat\/ceipbarceloimatas\/wp-content\/uploads\/usu1324\/2019\/10\/Imagen1-300x208.jpg 300w, https:\/\/agora.xtec.cat\/ceipbarceloimatas\/wp-content\/uploads\/usu1324\/2019\/10\/Imagen1-768x533.jpg 768w, https:\/\/agora.xtec.cat\/ceipbarceloimatas\/wp-content\/uploads\/usu1324\/2019\/10\/Imagen1-1024x711.jpg 1024w, https:\/\/agora.xtec.cat\/ceipbarceloimatas\/wp-content\/uploads\/usu1324\/2019\/10\/Imagen1.jpg 1218w\" sizes=\"auto, (max-width: 300px) 100vw, 300px\" \/><\/a><\/figure>\n\n\n\n<p><\/p>\n\n\n\n<p class=\"has-text-align-center\">&nbsp;L&#8217;escola Barcel\u00f3 i Matas el dia 1 de desembre de 1965. Foto cedida per la mestra Anna V\u00e1zquez.<\/p>\n\n\n\n<figure class=\"wp-block-image aligncenter size-medium\"><a href=\"https:\/\/agora.xtec.cat\/ceipbarceloimatas\/wp-content\/uploads\/usu1324\/2019\/10\/Imagen2.jpg\"><img loading=\"lazy\" decoding=\"async\" width=\"300\" height=\"209\" src=\"https:\/\/agora.xtec.cat\/ceipbarceloimatas\/wp-content\/uploads\/usu1324\/2019\/10\/Imagen2-300x209.jpg\" alt=\"\" class=\"wp-image-3059\" srcset=\"https:\/\/agora.xtec.cat\/ceipbarceloimatas\/wp-content\/uploads\/usu1324\/2019\/10\/Imagen2-300x209.jpg 300w, https:\/\/agora.xtec.cat\/ceipbarceloimatas\/wp-content\/uploads\/usu1324\/2019\/10\/Imagen2-768x536.jpg 768w, https:\/\/agora.xtec.cat\/ceipbarceloimatas\/wp-content\/uploads\/usu1324\/2019\/10\/Imagen2-1024x714.jpg 1024w, https:\/\/agora.xtec.cat\/ceipbarceloimatas\/wp-content\/uploads\/usu1324\/2019\/10\/Imagen2.jpg 1230w\" sizes=\"auto, (max-width: 300px) 100vw, 300px\" \/><\/a><\/figure>\n\n\n\n<p><\/p>\n\n\n\n<p class=\"has-text-align-center\">Grup de mestres que van iniciar l\u2019escola. Desembre del 1965. Foto cedida per la mestra Anna V\u00e1zquez.<\/p>\n\n\n\n<p>Al llarg dels anys l&#8217;escola ha participat en nombrosos projectes d&#8217;innovaci\u00f3, essent pionera en molt d&#8217;ells. Entre molts altres podem enumerar:<\/p>\n\n\n\n<ul class=\"wp-block-list\">\n<li><span style=\"color: #3366ff;\">El programa de r\u00e0dio &#8220;El Xerraire&#8221;.<\/span>\n<ul class=\"wp-block-list\">\n<li>Not\u00edcia El Punt &#8211; VilaWeb 11\/05\/07: El CEIP Barcel\u00f3 i Matas de Palafrugell celebra el quart aniversari del programa de r\u00e0dio &#8220;El Xerraire&#8221;, en qu\u00e8 participen tots els alumnes (<a href=\"http:\/\/www.vilaweb.cat\/www\/elpunt\/noticia?p_idcmp=2392201\" target=\"_blank\" rel=\"noopener noreferrer\">llegir not\u00edcia aqu\u00ed<\/a>).<\/li>\n\n\n\n<li>Experi\u00e8ncies en centres (xtec): Podeu sentir un \u00e0udio del programa (<a href=\"http:\/\/www.xtec.cat\/sgfp\/crp\/girona\/suportic\/continguts\/ticmav\/exp21.htm\" target=\"_blank\" rel=\"noopener noreferrer\">aqu\u00ed<\/a>)<\/li>\n<\/ul>\n<\/li>\n\n\n\n<li><span style=\"color: #3366ff;\">Revista &#8220;La Xerraire&#8221;<\/span>, amb 20 n\u00fameros editats, la revista compta amb la participaci\u00f3 de tota la comunitat educativa de l&#8217;escola. Podeu veure les darreres edicions <a href=\"http:\/\/blocs.xtec.cat\/escolabarceloimatas\/revista-la-xerraire\/\" target=\"_blank\" rel=\"noopener noreferrer\">aqu\u00ed<\/a>.<\/li>\n\n\n\n<li>Projecte d&#8217;<span style=\"color: #3366ff;\">Escoles Verdes<\/span>.<\/li>\n<\/ul>\n\n\n\n<h3 class=\"wp-block-heading has-medium-font-size\"><strong>Breu hist\u00f2ria de la biblioteca de l&#8217;escola<\/strong><\/h3>\n\n\n\n<p>L\u2019escola Barcel\u00f3 i Matas ha comptat amb una biblioteca gaireb\u00e9 des dels seus inicis. Sabem que l\u2019escola va entrar en funcionament el curs 1965\/66. Encara no tenia nom i se la coneixia com a l\u2019<em>Agrupaci\u00f3n Escolar de la calle de Pals<\/em>, o, simplement,&nbsp;<em>l\u2019escola del carrer de Pals<\/em>.<\/p>\n\n\n\n<p><strong>Curs 1966\/67:<\/strong><\/p>\n\n\n\n<p>Al curs seg\u00fcent, el&nbsp;<strong>1966\/67<\/strong>, l\u2019alcalde va proposar donar-li el nom del mestre Barcel\u00f3 i Matas (20 d\u2019abril de 1967). Llavors va ser quan, al mateix temps, l\u2019ajuntament va concedir una subvenci\u00f3 de&nbsp;<strong>500 pessetes (3\u20ac) per a la formaci\u00f3 d\u2019una biblioteca escolar.&nbsp;<\/strong><\/p>\n\n\n\n<p>Tal com consta en les actes de l\u2019escola amb aquests diners es van comprar els seg\u00fcents llibres:<\/p>\n\n\n\n<ul class=\"wp-block-list\">\n<li>Ted y Peni.<\/li>\n\n\n\n<li>El gatito presumido.<\/li>\n\n\n\n<li>Sisi reina d\u2019Hungr\u00eda.<\/li>\n\n\n\n<li>La peque\u00f1a Dorit.<\/li>\n\n\n\n<li>El triunfo de los siete secretos.<\/li>\n\n\n\n<li>El robinson suizo.<\/li>\n\n\n\n<li>Un rompecabezas para los siete.<\/li>\n\n\n\n<li>La ofrenda de la doncella del mar.<\/li>\n\n\n\n<li>Hansel y Gretel.<\/li>\n\n\n\n<li>El hombre blanco.<\/li>\n\n\n\n<li>El rey rana.<\/li>\n\n\n\n<li>El castigo de Clip-Clap.<\/li>\n\n\n\n<li>Dumbo.<\/li>\n\n\n\n<li>Los primos Dalton.<\/li>\n<\/ul>\n\n\n\n<p>L\u2019escola s\u2019anava fent m\u00e9s gran. Es van construir m\u00e9s aules. La biblioteca s\u2019anava ampliant i canviava d\u2019ubicaci\u00f3 segons l\u2019edifici anava creixent. Al principi havia estat ubicada en l\u2019aula que queda just al davant dels lavabos dels infants en la planta principal (actual 1r).<\/p>\n\n\n\n<p><strong>Curs 1985\/86:<\/strong><\/p>\n\n\n\n<p>La primera gran reestructuraci\u00f3 va ser el novembre del 1985, quan ja feia prop de 20 anys que funcionava. La biblioteca va estar tancada durant dos mesos. El gener del 1986 va tornar a obrir les portes. Llavors s\u2019havia canviat la seva ubicaci\u00f3 i es trobava a l\u2019aula del costat dels lavabos dels mestres.<\/p>\n\n\n\n<p><strong>Curs 2006\/07:<\/strong><\/p>\n\n\n\n<p>La segona reestructuraci\u00f3 va ser el curs 2006-2007. Aquesta vegada no va ser per canviar-la d\u2019ubicaci\u00f3 sin\u00f3 per fer una renovaci\u00f3 de mobiliari i ordenar i catalogar tots els llibres que hi havia.<\/p>\n\n\n\n<p>La comissi\u00f3 de biblioteca havia elaborat el Projecte d\u2019Innovaci\u00f3 Educativa Punt Edu. Aquest Projecte va ser aprovat pel Departament d\u2019Educaci\u00f3. Es va rebre una dotaci\u00f3 de: dos ordinadors, un lector de codi de barres, una impressora i un esc\u00e0ner. Tamb\u00e9 havien arribat taules i cadires noves i una aportaci\u00f3 de 2000 \u20ac. Amb aquests diners es van poder renovar les antigues prestatgeries. Es va aprofitar per pintar les parets.<\/p>\n\n\n\n<p>A partir d\u2019aquest projecte la biblioteca quedava integrada en l\u2019horari lectiu de tots els infants perqu\u00e8 tots els alumnes de prim\u00e0ria passaven a tenir una hora setmanal o quinzenal (segons els cursos) per fer lectura a la biblioteca. Els alumnes d\u2019infantil van comen\u00e7ar a fer l\u2019hora del conte mensualment.<\/p>\n\n\n\n<p>Entrar en el programa Punt Edu&nbsp; va facilitar l\u2019acc\u00e9s al cat\u00e0leg de llibres a trav\u00e9s de l\u2019epergam. Vam ser de les primeres escoles de la comarca a fer-ho.<\/p>\n\n\n\n<p><strong>Curs 2022\/23:<\/strong><\/p>\n\n\n\n<p>La biblioteca va estar en aquesta ubicaci\u00f3 fins al curs 22-23 quan amb l\u2019ampliaci\u00f3 de l\u2019IES La Sureda aquest espai va passar a formar part de l\u2019institut. La biblioteca es va traslladar a l\u2019aula del costat de la sala de mestres, on es troba actualment.<\/p>\n\n\n\n<p>Per les actes escolars sabem que a partir del curs 1984-85 la biblioteca escolar obria de 5 a 6 de la tarda en horari extraescolar. Fins al curs 2020-21 la biblioteca va continuar obrint alguns dies de la setmana en aquest horari.<\/p>\n\n\n\n<p>Dels 14 llibres inicials, la biblioteca de l\u2019escola ha passat a tenir m\u00e9s de 6.200 en l\u2019actualitat.<\/p>\n\n\n\n<p>La comissi\u00f3 de biblioteca<\/p>\n\n\n\n<p>Juny del 2025<\/p>\n\n\n\n<figure class=\"wp-block-image aligncenter size-medium size-large is-resized\"><a href=\"https:\/\/agora.xtec.cat\/ceipbarceloimatas\/wp-content\/uploads\/usu1324\/2025\/05\/1747731475096.jpg\"><img loading=\"lazy\" decoding=\"async\" width=\"300\" height=\"225\" src=\"https:\/\/agora.xtec.cat\/ceipbarceloimatas\/wp-content\/uploads\/usu1324\/2025\/05\/1747731475096-300x225.jpg\" alt=\"\" class=\"wp-image-9429\" srcset=\"https:\/\/agora.xtec.cat\/ceipbarceloimatas\/wp-content\/uploads\/usu1324\/2025\/05\/1747731475096-300x225.jpg 300w, https:\/\/agora.xtec.cat\/ceipbarceloimatas\/wp-content\/uploads\/usu1324\/2025\/05\/1747731475096-1024x768.jpg 1024w, https:\/\/agora.xtec.cat\/ceipbarceloimatas\/wp-content\/uploads\/usu1324\/2025\/05\/1747731475096-768x576.jpg 768w, https:\/\/agora.xtec.cat\/ceipbarceloimatas\/wp-content\/uploads\/usu1324\/2025\/05\/1747731475096-1536x1152.jpg 1536w, https:\/\/agora.xtec.cat\/ceipbarceloimatas\/wp-content\/uploads\/usu1324\/2025\/05\/1747731475096.jpg 1600w\" sizes=\"auto, (max-width: 300px) 100vw, 300px\" \/><\/a><\/figure>\n\n\n\n<figure class=\"wp-block-image aligncenter size-medium size-large is-resized\"><a href=\"https:\/\/agora.xtec.cat\/ceipbarceloimatas\/wp-content\/uploads\/usu1324\/2025\/05\/1747731474481-1.jpg\"><img loading=\"lazy\" decoding=\"async\" width=\"300\" height=\"225\" src=\"https:\/\/agora.xtec.cat\/ceipbarceloimatas\/wp-content\/uploads\/usu1324\/2025\/05\/1747731474481-1-300x225.jpg\" alt=\"\" class=\"wp-image-9431\" srcset=\"https:\/\/agora.xtec.cat\/ceipbarceloimatas\/wp-content\/uploads\/usu1324\/2025\/05\/1747731474481-1-300x225.jpg 300w, https:\/\/agora.xtec.cat\/ceipbarceloimatas\/wp-content\/uploads\/usu1324\/2025\/05\/1747731474481-1-1024x768.jpg 1024w, https:\/\/agora.xtec.cat\/ceipbarceloimatas\/wp-content\/uploads\/usu1324\/2025\/05\/1747731474481-1-768x576.jpg 768w, https:\/\/agora.xtec.cat\/ceipbarceloimatas\/wp-content\/uploads\/usu1324\/2025\/05\/1747731474481-1-1536x1152.jpg 1536w, https:\/\/agora.xtec.cat\/ceipbarceloimatas\/wp-content\/uploads\/usu1324\/2025\/05\/1747731474481-1.jpg 1600w\" sizes=\"auto, (max-width: 300px) 100vw, 300px\" \/><\/a><\/figure>\n","protected":false},"excerpt":{"rendered":"<p>L\u2019edifici L\u2019escola Josep Barcel\u00f3 i Matas, situada al carrer de Pals de Palafrugell, va comen\u00e7ar com una &#8220;Agrupaci\u00f3n Escolar Mixta&#8221;&nbsp; [&hellip;]<\/p>\n","protected":false},"author":1,"featured_media":0,"parent":1402,"menu_order":0,"comment_status":"closed","ping_status":"closed","template":"","meta":{"_bbp_topic_count":0,"_bbp_reply_count":0,"_bbp_total_topic_count":0,"_bbp_total_reply_count":0,"_bbp_voice_count":0,"_bbp_anonymous_reply_count":0,"_bbp_topic_count_hidden":0,"_bbp_reply_count_hidden":0,"_bbp_forum_subforum_count":0,"site-sidebar-layout":"no-sidebar","site-content-layout":"","ast-site-content-layout":"default","site-content-style":"default","site-sidebar-style":"default","ast-global-header-display":"","ast-banner-title-visibility":"","ast-main-header-display":"","ast-hfb-above-header-display":"","ast-hfb-below-header-display":"","ast-hfb-mobile-header-display":"","site-post-title":"","ast-breadcrumbs-content":"","ast-featured-img":"","footer-sml-layout":"","theme-transparent-header-meta":"default","adv-header-id-meta":"","stick-header-meta":"","header-above-stick-meta":"","header-main-stick-meta":"","header-below-stick-meta":"","astra-migrate-meta-layouts":"set","ast-page-background-enabled":"default","ast-page-background-meta":{"desktop":{"background-color":"var(--ast-global-color-4)","background-image":"","background-repeat":"repeat","background-position":"center center","background-size":"auto","background-attachment":"scroll","background-type":"","background-media":"","overlay-type":"","overlay-color":"","overlay-opacity":"","overlay-gradient":""},"tablet":{"background-color":"","background-image":"","background-repeat":"repeat","background-position":"center center","background-size":"auto","background-attachment":"scroll","background-type":"","background-media":"","overlay-type":"","overlay-color":"","overlay-opacity":"","overlay-gradient":""},"mobile":{"background-color":"","background-image":"","background-repeat":"repeat","background-position":"center center","background-size":"auto","background-attachment":"scroll","background-type":"","background-media":"","overlay-type":"","overlay-color":"","overlay-opacity":"","overlay-gradient":""}},"ast-content-background-meta":{"desktop":{"background-color":"var(--ast-global-color-5)","background-image":"","background-repeat":"repeat","background-position":"center center","background-size":"auto","background-attachment":"scroll","background-type":"","background-media":"","overlay-type":"","overlay-color":"","overlay-opacity":"","overlay-gradient":""},"tablet":{"background-color":"var(--ast-global-color-5)","background-image":"","background-repeat":"repeat","background-position":"center center","background-size":"auto","background-attachment":"scroll","background-type":"","background-media":"","overlay-type":"","overlay-color":"","overlay-opacity":"","overlay-gradient":""},"mobile":{"background-color":"var(--ast-global-color-5)","background-image":"","background-repeat":"repeat","background-position":"center center","background-size":"auto","background-attachment":"scroll","background-type":"","background-media":"","overlay-type":"","overlay-color":"","overlay-opacity":"","overlay-gradient":""}},"footnotes":""},"class_list":["post-790","page","type-page","status-publish","hentry"],"post_mailing_queue_ids":[],"_links":{"self":[{"href":"https:\/\/agora.xtec.cat\/ceipbarceloimatas\/wp-json\/wp\/v2\/pages\/790","targetHints":{"allow":["GET"]}}],"collection":[{"href":"https:\/\/agora.xtec.cat\/ceipbarceloimatas\/wp-json\/wp\/v2\/pages"}],"about":[{"href":"https:\/\/agora.xtec.cat\/ceipbarceloimatas\/wp-json\/wp\/v2\/types\/page"}],"author":[{"embeddable":true,"href":"https:\/\/agora.xtec.cat\/ceipbarceloimatas\/wp-json\/wp\/v2\/users\/1"}],"replies":[{"embeddable":true,"href":"https:\/\/agora.xtec.cat\/ceipbarceloimatas\/wp-json\/wp\/v2\/comments?post=790"}],"version-history":[{"count":6,"href":"https:\/\/agora.xtec.cat\/ceipbarceloimatas\/wp-json\/wp\/v2\/pages\/790\/revisions"}],"predecessor-version":[{"id":9608,"href":"https:\/\/agora.xtec.cat\/ceipbarceloimatas\/wp-json\/wp\/v2\/pages\/790\/revisions\/9608"}],"up":[{"embeddable":true,"href":"https:\/\/agora.xtec.cat\/ceipbarceloimatas\/wp-json\/wp\/v2\/pages\/1402"}],"wp:attachment":[{"href":"https:\/\/agora.xtec.cat\/ceipbarceloimatas\/wp-json\/wp\/v2\/media?parent=790"}],"curies":[{"name":"wp","href":"https:\/\/api.w.org\/{rel}","templated":true}]}}