{"id":9702,"date":"2025-05-27T10:17:54","date_gmt":"2025-05-27T08:17:54","guid":{"rendered":"https:\/\/agora.xtec.cat\/ceipbaltasar\/?page_id=9702"},"modified":"2025-05-29T13:37:33","modified_gmt":"2025-05-29T11:37:33","slug":"comunitat-de-grans","status":"publish","type":"page","link":"https:\/\/agora.xtec.cat\/ceipbaltasar\/comunitat-de-grans\/","title":{"rendered":"Comunitat de grans"},"content":{"rendered":"\n<h2 class=\"wp-block-heading\">Comunitat de grans<\/h2>\n\n\n\n<p class=\"has-ast-global-color-0-background-color has-background has-medium-font-size\">Aquesta \u00e9s la p\u00e0gina de la Comunitat de grans de l&#8217;escola dels Baltis. Des d&#8217;aqu\u00ed podreu accedir als diferents blocs dels nivells: 4t, 5\u00e8 i 6\u00e8. A cada bloc trobareu informaci\u00f3 espec\u00edfica de les activitats i els projectes que es duen a terme.<\/p>\n\n\n\n<div class=\"wp-block-getwid-media-text-slider wp-block-getwid-media-text-slider--current-slide-1 has-arrows-outside has-dots-outside\" data-labels=\"[&quot;Slide 1&quot;,&quot;Slide 2&quot;,&quot;Slide 3&quot;]\" data-animation=\"fadeIn\" data-duration=\"1500ms\" data-delay=\"0ms\"><div class=\"wp-block-getwid-media-text-slider__slides-wrapper\"><div class=\"wp-block-getwid-media-text-slider__content\" data-slide-autoplay=\"false\" data-slide-pause-on-hover=\"true\" data-slide-autoplay-speed=\"5000\" data-slide-speed=\"1000\" data-infinite=\"true\">\n<div class=\"wp-block-getwid-media-text-slider-slide wp-block-getwid-media-text-slider-slide__content-wrapper slide-1\"><div class=\"wp-block-getwid-media-text-slider-slide__content\">\n<div class=\"wp-block-getwid-media-text-slider-slide-content\"><figure class=\"wp-block-getwid-media-text-slider-slide-content__media\"><div class=\"wp-block-getwid-media-text-slider-slide-content__media-overlay\" style=\"opacity:0.3\"><\/div><\/figure><div class=\"wp-block-getwid-media-text-slider-slide-content__content\"><div class=\"wp-block-getwid-media-text-slider-slide-content__content-wrapper\"><\/div><\/div><\/div>\n<\/div><\/div>\n\n\n\n<div class=\"wp-block-getwid-media-text-slider-slide wp-block-getwid-media-text-slider-slide__content-wrapper slide-2\"><div class=\"wp-block-getwid-media-text-slider-slide__content\">\n<div class=\"wp-block-getwid-media-text-slider-slide-content\"><figure class=\"wp-block-getwid-media-text-slider-slide-content__media\"><div class=\"wp-block-getwid-media-text-slider-slide-content__media-overlay\" style=\"opacity:0.3\"><\/div><\/figure><div class=\"wp-block-getwid-media-text-slider-slide-content__content\"><div class=\"wp-block-getwid-media-text-slider-slide-content__content-wrapper\"><\/div><\/div><\/div>\n<\/div><\/div>\n\n\n\n<div class=\"wp-block-getwid-media-text-slider-slide wp-block-getwid-media-text-slider-slide__content-wrapper slide-3\"><div class=\"wp-block-getwid-media-text-slider-slide__content\">\n<div class=\"wp-block-getwid-media-text-slider-slide-content\"><figure class=\"wp-block-getwid-media-text-slider-slide-content__media\"><div class=\"wp-block-getwid-media-text-slider-slide-content__media-overlay\" style=\"opacity:0.3\"><\/div><\/figure><div class=\"wp-block-getwid-media-text-slider-slide-content__content\"><div class=\"wp-block-getwid-media-text-slider-slide-content__content-wrapper\"><\/div><\/div><\/div>\n<\/div><\/div>\n<\/div><\/div><\/div>\n\n\n\n        <div class=\"wp-block-getwid-post-slider custom-post-type-post has-arrows-inside has-dots-inside\">\n            <div data-slider-option=\"{&quot;getwid_fade_effect&quot;:&quot;slide&quot;,&quot;getwid_autoplay&quot;:false,&quot;getwid_pause_on_hover&quot;:false,&quot;getwid_autoplay_speed&quot;:6000,&quot;getwid_infinite&quot;:true,&quot;getwid_animation_speed&quot;:800,&quot;getwid_arrows&quot;:&quot;inside&quot;,&quot;getwid_dots&quot;:&quot;inside&quot;}\" class=\"wp-block-getwid-post-slider__content\">\n                \t\t\t\t\t\t\t<div class=\"wp-block-getwid-post-slider__slide\" style=\"\">\n\t\t\t\t\t\t\t\t\n<div class=\"wp-block-getwid-post-slider__post \">\n            <div class=\"wp-block-getwid-post-slider__post-thumbnail\">\n            <img loading=\"lazy\" decoding=\"async\" width=\"2048\" height=\"1536\" src=\"https:\/\/agora.xtec.cat\/ceipbaltasar\/wp-content\/uploads\/usu989\/2026\/04\/WhatsApp-Image-2026-04-23-at-17.17.43.jpeg\" class=\"attachment-post-thumbnail size-post-thumbnail wp-post-image\" alt=\"\" srcset=\"https:\/\/agora.xtec.cat\/ceipbaltasar\/wp-content\/uploads\/usu989\/2026\/04\/WhatsApp-Image-2026-04-23-at-17.17.43.jpeg 2048w, https:\/\/agora.xtec.cat\/ceipbaltasar\/wp-content\/uploads\/usu989\/2026\/04\/WhatsApp-Image-2026-04-23-at-17.17.43-300x225.jpeg 300w, https:\/\/agora.xtec.cat\/ceipbaltasar\/wp-content\/uploads\/usu989\/2026\/04\/WhatsApp-Image-2026-04-23-at-17.17.43-1024x768.jpeg 1024w, https:\/\/agora.xtec.cat\/ceipbaltasar\/wp-content\/uploads\/usu989\/2026\/04\/WhatsApp-Image-2026-04-23-at-17.17.43-768x576.jpeg 768w, https:\/\/agora.xtec.cat\/ceipbaltasar\/wp-content\/uploads\/usu989\/2026\/04\/WhatsApp-Image-2026-04-23-at-17.17.43-1536x1152.jpeg 1536w\" sizes=\"auto, (max-width: 2048px) 100vw, 2048px\" \/>        <\/div>\n        <div class=\"wp-block-getwid-post-slider__post-overlay \"><\/div>\n    <div class=\"wp-block-getwid-post-slider__post-content-wrapper\">\n        <h3 class=\"wp-block-getwid-post-slider__post-title\"><a href=\"https:\/\/agora.xtec.cat\/ceipbaltasar\/portada\/guanyadors-del-certamen-literari-2026\/\">Guanyadors del certamen literari 2026<\/a><\/h3>        <div class=\"wp-block-getwid-post-slider__post-excerpt\"><p>Com cada St. Jordi, a l&#8217;escola celebrem el nostre certamen literari. Aquest curs els baltis han escrit poemes sobre els pa\u00efsos del m\u00f3n. Els m\u00e9s petits -1r i 2n- ho han fet conjuntament per\u00f2 a partir de 3r han intentat donar-ho tot per guanyar un dels dos premis que s&#8217;han lliurat per cada classe. Aqu\u00ed [&hellip;]<\/p>\n<\/div>\n    <\/div>\n<\/div>\n\t\t\t\t\t\t\t<\/div>\n\t\t\t\t\t\t\t\t\t\t\t\t\t<div class=\"wp-block-getwid-post-slider__slide\" style=\"\">\n\t\t\t\t\t\t\t\t\n<div class=\"wp-block-getwid-post-slider__post \">\n            <div class=\"wp-block-getwid-post-slider__post-thumbnail\">\n            <img loading=\"lazy\" decoding=\"async\" width=\"2048\" height=\"1536\" src=\"https:\/\/agora.xtec.cat\/ceipbaltasar\/wp-content\/uploads\/usu989\/2026\/04\/WhatsApp-Image-2026-04-13-at-18.11.05.jpeg\" class=\"attachment-post-thumbnail size-post-thumbnail wp-post-image\" alt=\"\" srcset=\"https:\/\/agora.xtec.cat\/ceipbaltasar\/wp-content\/uploads\/usu989\/2026\/04\/WhatsApp-Image-2026-04-13-at-18.11.05.jpeg 2048w, https:\/\/agora.xtec.cat\/ceipbaltasar\/wp-content\/uploads\/usu989\/2026\/04\/WhatsApp-Image-2026-04-13-at-18.11.05-300x225.jpeg 300w, https:\/\/agora.xtec.cat\/ceipbaltasar\/wp-content\/uploads\/usu989\/2026\/04\/WhatsApp-Image-2026-04-13-at-18.11.05-1024x768.jpeg 1024w, https:\/\/agora.xtec.cat\/ceipbaltasar\/wp-content\/uploads\/usu989\/2026\/04\/WhatsApp-Image-2026-04-13-at-18.11.05-768x576.jpeg 768w, https:\/\/agora.xtec.cat\/ceipbaltasar\/wp-content\/uploads\/usu989\/2026\/04\/WhatsApp-Image-2026-04-13-at-18.11.05-1536x1152.jpeg 1536w\" sizes=\"auto, (max-width: 2048px) 100vw, 2048px\" \/>        <\/div>\n        <div class=\"wp-block-getwid-post-slider__post-overlay \"><\/div>\n    <div class=\"wp-block-getwid-post-slider__post-content-wrapper\">\n        <h3 class=\"wp-block-getwid-post-slider__post-title\"><a href=\"https:\/\/agora.xtec.cat\/ceipbaltasar\/portada\/explorant-el-mon-invisible-a-juneda\/\">Explorant el m\u00f3n invisible a Juneda<\/a><\/h3>        <div class=\"wp-block-getwid-post-slider__post-excerpt\"><p>Els i les alumnes de 5\u00e8 i 6\u00e8 de l&#8217;escola hem visitat el Camp d\u2019Aprenentatge de Juneda per participar en el taller &#8220;M\u00f3n micro&#8221;. Durant la jornada, ens hem convertit en cient\u00edfics i hem apr\u00e8s a utilitzar el microscopi per descobrir organismes que no es veuen a simple vista. Ha estat fascinant observar de prop [&hellip;]<\/p>\n<\/div>\n    <\/div>\n<\/div>\n\t\t\t\t\t\t\t<\/div>\n\t\t\t\t\t\t\t\t\t\t\t\t\t<div class=\"wp-block-getwid-post-slider__slide\" style=\"\">\n\t\t\t\t\t\t\t\t\n<div class=\"wp-block-getwid-post-slider__post \">\n            <div class=\"wp-block-getwid-post-slider__post-thumbnail\">\n            <img loading=\"lazy\" decoding=\"async\" width=\"1393\" height=\"505\" src=\"https:\/\/agora.xtec.cat\/ceipbaltasar\/wp-content\/uploads\/usu989\/2026\/04\/romans-portada.jpg\" class=\"attachment-post-thumbnail size-post-thumbnail wp-post-image\" alt=\"\" srcset=\"https:\/\/agora.xtec.cat\/ceipbaltasar\/wp-content\/uploads\/usu989\/2026\/04\/romans-portada.jpg 1393w, https:\/\/agora.xtec.cat\/ceipbaltasar\/wp-content\/uploads\/usu989\/2026\/04\/romans-portada-300x109.jpg 300w, https:\/\/agora.xtec.cat\/ceipbaltasar\/wp-content\/uploads\/usu989\/2026\/04\/romans-portada-1024x371.jpg 1024w, https:\/\/agora.xtec.cat\/ceipbaltasar\/wp-content\/uploads\/usu989\/2026\/04\/romans-portada-768x278.jpg 768w\" sizes=\"auto, (max-width: 1393px) 100vw, 1393px\" \/>        <\/div>\n        <div class=\"wp-block-getwid-post-slider__post-overlay \"><\/div>\n    <div class=\"wp-block-getwid-post-slider__post-content-wrapper\">\n        <h3 class=\"wp-block-getwid-post-slider__post-title\"><a href=\"https:\/\/agora.xtec.cat\/ceipbaltasar\/portada\/projecte-els-romans-2\/\">Projecte Els Romans<\/a><\/h3>        <div class=\"wp-block-getwid-post-slider__post-excerpt\"><p>Aquest curs treballem les civilitzacions de l\u2019edat antiga. La visita al Museu Egipci de Barcelona ha estat el punt de partida del nostre projecte i ens ha despertat la curiositat per con\u00e8ixer el passat. Ara ens centrem en els romans, molt propers a nosaltres: Tarragona va ser l\u2019antiga T\u00e0rraco, una ciutat clau de l\u2019Imperi Rom\u00e0. [&hellip;]<\/p>\n<\/div>\n    <\/div>\n<\/div>\n\t\t\t\t\t\t\t<\/div>\n\t\t\t\t\t\t\t\t\t\t\t\t\t<div class=\"wp-block-getwid-post-slider__slide\" style=\"\">\n\t\t\t\t\t\t\t\t\n<div class=\"wp-block-getwid-post-slider__post \">\n            <div class=\"wp-block-getwid-post-slider__post-thumbnail\">\n            <img loading=\"lazy\" decoding=\"async\" width=\"1600\" height=\"1114\" src=\"https:\/\/agora.xtec.cat\/ceipbaltasar\/wp-content\/uploads\/usu989\/2026\/03\/WhatsApp-Image-2026-03-27-at-10.07.30.jpeg\" class=\"attachment-post-thumbnail size-post-thumbnail wp-post-image\" alt=\"\" srcset=\"https:\/\/agora.xtec.cat\/ceipbaltasar\/wp-content\/uploads\/usu989\/2026\/03\/WhatsApp-Image-2026-03-27-at-10.07.30.jpeg 1600w, https:\/\/agora.xtec.cat\/ceipbaltasar\/wp-content\/uploads\/usu989\/2026\/03\/WhatsApp-Image-2026-03-27-at-10.07.30-300x209.jpeg 300w, https:\/\/agora.xtec.cat\/ceipbaltasar\/wp-content\/uploads\/usu989\/2026\/03\/WhatsApp-Image-2026-03-27-at-10.07.30-1024x713.jpeg 1024w, https:\/\/agora.xtec.cat\/ceipbaltasar\/wp-content\/uploads\/usu989\/2026\/03\/WhatsApp-Image-2026-03-27-at-10.07.30-768x535.jpeg 768w, https:\/\/agora.xtec.cat\/ceipbaltasar\/wp-content\/uploads\/usu989\/2026\/03\/WhatsApp-Image-2026-03-27-at-10.07.30-1536x1069.jpeg 1536w\" sizes=\"auto, (max-width: 1600px) 100vw, 1600px\" \/>        <\/div>\n        <div class=\"wp-block-getwid-post-slider__post-overlay \"><\/div>\n    <div class=\"wp-block-getwid-post-slider__post-content-wrapper\">\n        <h3 class=\"wp-block-getwid-post-slider__post-title\"><a href=\"https:\/\/agora.xtec.cat\/ceipbaltasar\/portada\/ja-tenim-guanyadors-del-concurs-de-poemes-del-2n-trimestre-a-la-classe-dels-6altis\/\">Ja tenim guanyadors del concurs de poemes del 2n trimestre a la classe dels 6altis!<\/a><\/h3>        <div class=\"wp-block-getwid-post-slider__post-excerpt\"><p>Com cada trimestre, a la classe dels 6altis fent un concurs de memoritzar i recitar poemes, tant en catal\u00e0 com en castell\u00e0. Els nens i nenes de la classe han recitat poemes d&#8217;autors i autores com Mario Benedetti, Joan Verg\u00e9s, Joana Abrines, Lope de Vega o Maria Josep Escriv\u00e1. I aqu\u00ed teniu els guanyadors!<\/p>\n<\/div>\n    <\/div>\n<\/div>\n\t\t\t\t\t\t\t<\/div>\n\t\t\t\t\t\t\t\t\t\t\t\t\t<div class=\"wp-block-getwid-post-slider__slide\" style=\"\">\n\t\t\t\t\t\t\t\t\n<div class=\"wp-block-getwid-post-slider__post \">\n            <div class=\"wp-block-getwid-post-slider__post-thumbnail\">\n            <img loading=\"lazy\" decoding=\"async\" width=\"2560\" height=\"1431\" src=\"https:\/\/agora.xtec.cat\/ceipbaltasar\/wp-content\/uploads\/usu989\/2026\/03\/tinenca-scaled.jpg\" class=\"attachment-post-thumbnail size-post-thumbnail wp-post-image\" alt=\"\" srcset=\"https:\/\/agora.xtec.cat\/ceipbaltasar\/wp-content\/uploads\/usu989\/2026\/03\/tinenca-scaled.jpg 2560w, https:\/\/agora.xtec.cat\/ceipbaltasar\/wp-content\/uploads\/usu989\/2026\/03\/tinenca-300x168.jpg 300w, https:\/\/agora.xtec.cat\/ceipbaltasar\/wp-content\/uploads\/usu989\/2026\/03\/tinenca-1024x572.jpg 1024w, https:\/\/agora.xtec.cat\/ceipbaltasar\/wp-content\/uploads\/usu989\/2026\/03\/tinenca-768x429.jpg 768w, https:\/\/agora.xtec.cat\/ceipbaltasar\/wp-content\/uploads\/usu989\/2026\/03\/tinenca-1536x858.jpg 1536w, https:\/\/agora.xtec.cat\/ceipbaltasar\/wp-content\/uploads\/usu989\/2026\/03\/tinenca-2048x1144.jpg 2048w\" sizes=\"auto, (max-width: 2560px) 100vw, 2560px\" \/>        <\/div>\n        <div class=\"wp-block-getwid-post-slider__post-overlay \"><\/div>\n    <div class=\"wp-block-getwid-post-slider__post-content-wrapper\">\n        <h3 class=\"wp-block-getwid-post-slider__post-title\"><a href=\"https:\/\/agora.xtec.cat\/ceipbaltasar\/general\/tinenca-responsable\/\">Tinen\u00e7a responsable<\/a><\/h3>        <div class=\"wp-block-getwid-post-slider__post-excerpt\"><p>Els b4ltis hem rebut la visita de la veterin\u00e0ria Laura Casanoves i ens ha explicat qu\u00e8 significa la tinen\u00e7a responsable.<\/p>\n<\/div>\n    <\/div>\n<\/div>\n\t\t\t\t\t\t\t<\/div>\n\t\t\t\t\t\t            <\/div>\n        <\/div>\n        ","protected":false},"excerpt":{"rendered":"<p>Comunitat de grans Aquesta \u00e9s la p\u00e0gina de la Comunitat de grans de l&#8217;escola dels Baltis. Des d&#8217;aqu\u00ed podreu accedir als diferents blocs dels nivells: 4t, 5\u00e8 i 6\u00e8. A cada bloc trobareu informaci\u00f3 espec\u00edfica de les activitats i els projectes que es duen a terme.<\/p>\n","protected":false},"author":1,"featured_media":0,"parent":0,"menu_order":0,"comment_status":"closed","ping_status":"close","template":"","meta":{"_bbp_topic_count":0,"_bbp_reply_count":0,"_bbp_total_topic_count":0,"_bbp_total_reply_count":0,"_bbp_voice_count":0,"_bbp_anonymous_reply_count":0,"_bbp_topic_count_hidden":0,"_bbp_reply_count_hidden":0,"_bbp_forum_subforum_count":0,"site-sidebar-layout":"default","site-content-layout":"","ast-site-content-layout":"default","site-content-style":"default","site-sidebar-style":"default","ast-global-header-display":"","ast-banner-title-visibility":"","ast-main-header-display":"","ast-hfb-above-header-display":"","ast-hfb-below-header-display":"","ast-hfb-mobile-header-display":"","site-post-title":"disabled","ast-breadcrumbs-content":"","ast-featured-img":"","footer-sml-layout":"","theme-transparent-header-meta":"","adv-header-id-meta":"","stick-header-meta":"","header-above-stick-meta":"","header-main-stick-meta":"","header-below-stick-meta":"","astra-migrate-meta-layouts":"set","ast-page-background-enabled":"default","ast-page-background-meta":{"desktop":{"background-color":"var(--ast-global-color-4)","background-image":"","background-repeat":"repeat","background-position":"center center","background-size":"auto","background-attachment":"scroll","background-type":"","background-media":"","overlay-type":"","overlay-color":"","overlay-opacity":"","overlay-gradient":""},"tablet":{"background-color":"","background-image":"","background-repeat":"repeat","background-position":"center center","background-size":"auto","background-attachment":"scroll","background-type":"","background-media":"","overlay-type":"","overlay-color":"","overlay-opacity":"","overlay-gradient":""},"mobile":{"background-color":"","background-image":"","background-repeat":"repeat","background-position":"center center","background-size":"auto","background-attachment":"scroll","background-type":"","background-media":"","overlay-type":"","overlay-color":"","overlay-opacity":"","overlay-gradient":""}},"ast-content-background-meta":{"desktop":{"background-color":"var(--ast-global-color-5)","background-image":"","background-repeat":"repeat","background-position":"center center","background-size":"auto","background-attachment":"scroll","background-type":"","background-media":"","overlay-type":"","overlay-color":"","overlay-opacity":"","overlay-gradient":""},"tablet":{"background-color":"var(--ast-global-color-5)","background-image":"","background-repeat":"repeat","background-position":"center center","background-size":"auto","background-attachment":"scroll","background-type":"","background-media":"","overlay-type":"","overlay-color":"","overlay-opacity":"","overlay-gradient":""},"mobile":{"background-color":"var(--ast-global-color-5)","background-image":"","background-repeat":"repeat","background-position":"center center","background-size":"auto","background-attachment":"scroll","background-type":"","background-media":"","overlay-type":"","overlay-color":"","overlay-opacity":"","overlay-gradient":""}},"footnotes":""},"class_list":["post-9702","page","type-page","status-publish","hentry"],"post_mailing_queue_ids":[],"_links":{"self":[{"href":"https:\/\/agora.xtec.cat\/ceipbaltasar\/wp-json\/wp\/v2\/pages\/9702","targetHints":{"allow":["GET"]}}],"collection":[{"href":"https:\/\/agora.xtec.cat\/ceipbaltasar\/wp-json\/wp\/v2\/pages"}],"about":[{"href":"https:\/\/agora.xtec.cat\/ceipbaltasar\/wp-json\/wp\/v2\/types\/page"}],"author":[{"embeddable":true,"href":"https:\/\/agora.xtec.cat\/ceipbaltasar\/wp-json\/wp\/v2\/users\/1"}],"replies":[{"embeddable":true,"href":"https:\/\/agora.xtec.cat\/ceipbaltasar\/wp-json\/wp\/v2\/comments?post=9702"}],"version-history":[{"count":4,"href":"https:\/\/agora.xtec.cat\/ceipbaltasar\/wp-json\/wp\/v2\/pages\/9702\/revisions"}],"predecessor-version":[{"id":9708,"href":"https:\/\/agora.xtec.cat\/ceipbaltasar\/wp-json\/wp\/v2\/pages\/9702\/revisions\/9708"}],"wp:attachment":[{"href":"https:\/\/agora.xtec.cat\/ceipbaltasar\/wp-json\/wp\/v2\/media?parent=9702"}],"curies":[{"name":"wp","href":"https:\/\/api.w.org\/{rel}","templated":true}]}}