{"id":28,"date":"2014-09-18T12:29:35","date_gmt":"2014-09-18T11:29:35","guid":{"rendered":"http:\/\/agora.xtec.cat\/ceipbaltasar\/?page_id=28"},"modified":"2022-09-28T14:16:30","modified_gmt":"2022-09-28T12:16:30","slug":"consell-escolar","status":"publish","type":"page","link":"https:\/\/agora.xtec.cat\/ceipbaltasar\/lescola\/consell-escolar\/","title":{"rendered":"Consell escolar"},"content":{"rendered":"<div class=\"sites-layout-tile sites-tile-name-footer\">\n<div dir=\"ltr\">\n<div>\n<h3>Informacions d&#8217;inter\u00e8s sobre el consell escolar<\/h3>\n<\/div>\n<div><\/div>\n<div>\n<h4><a name=\"TOC-Qu-s-el-consell-escolar-\"><\/a><span style=\"color: #000000;\">Qu\u00e8 \u00e9s el consell escolar?<\/span><\/h4>\n<\/div>\n<div>\n<p><span style=\"color: #000000;\">El consell escolar \u00e9s l&#8217;\u00f2rgan de participaci\u00f3 dels diferents sectors de la comunitat educativa en el govern dels centres.<\/span><\/p>\n<\/div>\n<div><\/div>\n<div>\n<div>\n<div>\n<div>\n<div>\n<ul>\n<li><span style=\"color: #000000;\"><a title=\"Aquest enlla\u00e7 s'obrir\u00e0 en una finestra nova\" href=\"http:\/\/www20.gencat.cat\/docs\/Educacio\/Home\/Departament\/Normativa\/Lleis_educacio\/ARXIUS\/LEC_12_2009.pdf\" rel=\"nofollow\">Normativa de refer\u00e8ncia (Llei 12\/2009 d&#8217;educaci\u00f3, article 148 i article 152)<\/a><a title=\"Aquest enlla\u00e7 s'obrir\u00e0 en una finestra nova\" href=\"http:\/\/www20.gencat.cat\/docs\/Educacio\/Home\/Departament\/Normativa\/Lleis_educacio\/ARXIUS\/LEC_12_2009.pdf\" rel=\"nofollow\">\u00a0<\/a><br \/>\n<\/span><\/li>\n<li><span style=\"color: #000000;\"><a title=\"Aquest enlla\u00e7 s'obrir\u00e0 en una finestra nova\" href=\"http:\/\/www20.gencat.cat\/portal\/site\/portaldogc\/menuitem.c973d2fc58aa0083e4492d92b0c0e1a0\/?vgnextoid=485946a6e5dfe210VgnVCM1000000b0c1e0aRCRD&amp;appInstanceName=default&amp;action=fitxa&amp;documentId=545262&amp;language=ca_ES\" rel=\"nofollow\">Normativa de refer\u00e8ncia (Decret 102\/2010, article 27.1)<\/a><a title=\"Aquest enlla\u00e7 s'obrir\u00e0 en una finestra nova\" href=\"http:\/\/www20.gencat.cat\/portal\/site\/portaldogc\/menuitem.c973d2fc58aa0083e4492d92b0c0e1a0\/?vgnextoid=485946a6e5dfe210VgnVCM1000000b0c1e0aRCRD&amp;appInstanceName=default&amp;action=fitxa&amp;documentId=545262&amp;language=ca_ES\" rel=\"nofollow\">\u00a0<\/a><br \/>\n<\/span><\/li>\n<\/ul>\n<\/div>\n<\/div>\n<\/div>\n<\/div>\n<\/div>\n<div>\n<h4><a name=\"TOC-Qui-forma-el-consell-escolar-\"><\/a><span style=\"color: #000000;\">Qui forma el consell escolar?<\/span><\/h4>\n<\/div>\n<div>\n<p><span style=\"color: #000000;\">El formen els representants de tota la comunitat educativa, \u00e9s a dir, direcci\u00f3, professors, alumnes, fam\u00edlies, personal d&#8217;administraci\u00f3 i serveis, representant de l&#8217;administraci\u00f3 local i altres persones que el mateix consell consideri necess\u00e0ries.<\/span><\/p>\n<p><span style=\"color: #000000;\">Depenent de si el centre \u00e9s p\u00fablic o privat concertat, la composici\u00f3 del consell escolar tamb\u00e9 pot variar.<\/span><\/p>\n<\/div>\n<div><\/div>\n<div>\n<div>\n<div>\n<div>\n<div>\n<ul>\n<li><span style=\"color: #000000;\"><a title=\"Aquest enlla\u00e7 s'obrir\u00e0 en una finestra nova\" href=\"http:\/\/www20.gencat.cat\/portal\/site\/ensenyament\/menuitem.a735c8413184c341c65d3082b0c0e1a0\/?vgnextoid=fd48f9cd4d7e9310VgnVCM1000008d0c1e0aRCRD&amp;vgnextchannel=fd48f9cd4d7e9310VgnVCM1000008d0c1e0aRCRD&amp;vgnextfmt=default#Blocc722f9cd4d7e9310VgnVCM1000008d0c1e0a____\" rel=\"nofollow\">Per saber-ne m\u00e9s. Centres p\u00fablics<\/a><a title=\"Aquest enlla\u00e7 s'obrir\u00e0 en una finestra nova\" href=\"http:\/\/www20.gencat.cat\/portal\/site\/ensenyament\/menuitem.a735c8413184c341c65d3082b0c0e1a0\/?vgnextoid=fd48f9cd4d7e9310VgnVCM1000008d0c1e0aRCRD&amp;vgnextchannel=fd48f9cd4d7e9310VgnVCM1000008d0c1e0aRCRD&amp;vgnextfmt=default#Blocc722f9cd4d7e9310VgnVCM1000008d0c1e0a____\" rel=\"nofollow\">\u00a0<\/a><br \/>\n<\/span><\/li>\n<li><span style=\"color: #000000;\"><a title=\"Aquest enlla\u00e7 s'obrir\u00e0 en una finestra nova\" href=\"http:\/\/www20.gencat.cat\/portal\/site\/ensenyament\/menuitem.a735c8413184c341c65d3082b0c0e1a0\/?vgnextoid=78bbf9cd4d7e9310VgnVCM1000008d0c1e0aRCRD&amp;vgnextchannel=78bbf9cd4d7e9310VgnVCM1000008d0c1e0aRCRD&amp;vgnextfmt=default#Bloc542840f7dd7e9310VgnVCM1000008d0c1e0a____\" rel=\"nofollow\">Per saber-ne m\u00e9s. Centres concertats<\/a><a title=\"Aquest enlla\u00e7 s'obrir\u00e0 en una finestra nova\" href=\"http:\/\/www20.gencat.cat\/portal\/site\/ensenyament\/menuitem.a735c8413184c341c65d3082b0c0e1a0\/?vgnextoid=78bbf9cd4d7e9310VgnVCM1000008d0c1e0aRCRD&amp;vgnextchannel=78bbf9cd4d7e9310VgnVCM1000008d0c1e0aRCRD&amp;vgnextfmt=default#Bloc542840f7dd7e9310VgnVCM1000008d0c1e0a____\" rel=\"nofollow\">\u00a0<\/a><br \/>\n<\/span><\/li>\n<li><span style=\"color: #000000;\"><a title=\"Aquest enlla\u00e7 s'obrir\u00e0 en una finestra nova\" href=\"http:\/\/www20.gencat.cat\/portal\/site\/portaldogc\/menuitem.c973d2fc58aa0083e4492d92b0c0e1a0\/?vgnextoid=485946a6e5dfe210VgnVCM1000000b0c1e0aRCRD&amp;appInstanceName=default&amp;action=fitxa&amp;documentId=545262&amp;language=ca_ES\" rel=\"nofollow\">Normativa de refer\u00e8ncia (Decret 102\/2010, article 27.3 i article 45)<\/a><a title=\"Aquest enlla\u00e7 s'obrir\u00e0 en una finestra nova\" href=\"http:\/\/www20.gencat.cat\/portal\/site\/portaldogc\/menuitem.c973d2fc58aa0083e4492d92b0c0e1a0\/?vgnextoid=485946a6e5dfe210VgnVCM1000000b0c1e0aRCRD&amp;appInstanceName=default&amp;action=fitxa&amp;documentId=545262&amp;language=ca_ES\" rel=\"nofollow\">\u00a0<\/a><br \/>\n<\/span><\/li>\n<\/ul>\n<\/div>\n<\/div>\n<\/div>\n<\/div>\n<\/div>\n<div>\n<h4><a name=\"TOC-Quina-s-la-funci-del-consell-escolar-als-centres-p-blics-\"><\/a><span style=\"color: #000000;\">Quina \u00e9s la funci\u00f3 del consell escolar als centres p\u00fablics?<\/span><\/h4>\n<\/div>\n<div>\n<p><span style=\"color: #000000;\">La funci\u00f3 principal del consell escolar \u00e9s la de debatre i aprovar temes relacionats amb el funcionament i l&#8217;organitzaci\u00f3 del centre: el projecte educatiu, el pla i la mem\u00f2ria anuals de centre, la carta de comprom\u00eds, les normes d&#8217;organitzaci\u00f3 i funcionament, el pressupost i retiment de comptes, el procediment de selecci\u00f3 i la proposta de cessament del director, etc.<\/span><\/p>\n<\/div>\n<div>\n<div>\n<div>\n<div>\n<div>\n<ul>\n<li><span style=\"color: #000000;\"><a title=\"Aquest enlla\u00e7 s'obrir\u00e0 en una finestra nova\" href=\"http:\/\/www20.gencat.cat\/portal\/site\/ensenyament\/menuitem.a735c8413184c341c65d3082b0c0e1a0\/?vgnextoid=fd48f9cd4d7e9310VgnVCM1000008d0c1e0aRCRD&amp;vgnextchannel=fd48f9cd4d7e9310VgnVCM1000008d0c1e0aRCRD&amp;vgnextfmt=default#Bloca722f9cd4d7e9310VgnVCM1000008d0c1e0a____\" rel=\"nofollow\">Funcions del consell escolar dels centres p\u00fablics<\/a><a title=\"Aquest enlla\u00e7 s'obrir\u00e0 en una finestra nova\" href=\"http:\/\/www20.gencat.cat\/portal\/site\/ensenyament\/menuitem.a735c8413184c341c65d3082b0c0e1a0\/?vgnextoid=fd48f9cd4d7e9310VgnVCM1000008d0c1e0aRCRD&amp;vgnextchannel=fd48f9cd4d7e9310VgnVCM1000008d0c1e0aRCRD&amp;vgnextfmt=default#Bloca722f9cd4d7e9310VgnVCM1000008d0c1e0a____\" rel=\"nofollow\">\u00a0<\/a><\/span><\/li>\n<li><span style=\"color: #000000;\"><a title=\"Aquest enlla\u00e7 s'obrir\u00e0 en una finestra nova\" href=\"http:\/\/www20.gencat.cat\/portal\/site\/portaldogc\/menuitem.c973d2fc58aa0083e4492d92b0c0e1a0\/?vgnextoid=485946a6e5dfe210VgnVCM1000000b0c1e0aRCRD&amp;appInstanceName=default&amp;action=fitxa&amp;documentId=545262&amp;language=ca_ES\" rel=\"nofollow\">Normativa de refer\u00e8ncia (Decret 102\/2010, article 27 i article 46)<\/a><a title=\"Aquest enlla\u00e7 s'obrir\u00e0 en una finestra nova\" href=\"http:\/\/www20.gencat.cat\/portal\/site\/portaldogc\/menuitem.c973d2fc58aa0083e4492d92b0c0e1a0\/?vgnextoid=485946a6e5dfe210VgnVCM1000000b0c1e0aRCRD&amp;appInstanceName=default&amp;action=fitxa&amp;documentId=545262&amp;language=ca_ES\" rel=\"nofollow\">\u00a0<\/a><br \/>\n<\/span><\/li>\n<\/ul>\n<div><span style=\"color: #000000;\">\u00a0<\/span><\/div>\n<div>\n<div>\n<h4><a name=\"TOC-Cada-quan-es-convoquen-eleccions-\"><\/a><span style=\"color: #000000;\">Cada quan es convoquen eleccions?<\/span><\/h4>\n<\/div>\n<div>\n<p><span style=\"color: #000000;\">Els representants del consell escolar s\u00f3n escollits per un per\u00edode de quatre anys, per\u00f2 cada dos anys es convoquen eleccions per renovar la meitat dels seus membres.<\/span><\/p>\n<p><span style=\"color: #000000;\">Les eleccions per a la renovaci\u00f3 del consell escolar les convoca el director del centre p\u00fablic o la persona titular del centre privat concertat.<\/span><\/p>\n<p><span style=\"color: #000000;\">Les\u00a0<strong>vacants<\/strong>\u00a0del consell escolar s&#8217;ocupen segons els resultats de les eleccions. Si un membre deixa el consell, passar\u00e0 a ocupar el seu lloc la seg\u00fcent candidatura m\u00e9s votada en les darreres eleccions. Si no hi ha m\u00e9s candidats per cobrir la pla\u00e7a, queda vacant fins a la propera renovaci\u00f3 del consell escolar.<\/span><\/p>\n<\/div>\n<div>\n<div>\n<div>\n<div>\n<div>\n<ul>\n<li><span style=\"color: #000000;\"><a title=\"Aquest enlla\u00e7 s'obrir\u00e0 en una finestra nova\" href=\"http:\/\/www20.gencat.cat\/portal\/site\/ensenyament\/menuitem.a735c8413184c341c65d3082b0c0e1a0\/?vgnextoid=fd48f9cd4d7e9310VgnVCM1000008d0c1e0aRCRD&amp;vgnextchannel=fd48f9cd4d7e9310VgnVCM1000008d0c1e0aRCRD&amp;vgnextfmt=default#Blocc9c1caf0cd71b310VgnVCM1000008d0c1e0a____\" rel=\"nofollow\">Per saber-ne m\u00e9s<\/a><a title=\"Aquest enlla\u00e7 s'obrir\u00e0 en una finestra nova\" href=\"http:\/\/www20.gencat.cat\/portal\/site\/ensenyament\/menuitem.a735c8413184c341c65d3082b0c0e1a0\/?vgnextoid=fd48f9cd4d7e9310VgnVCM1000008d0c1e0aRCRD&amp;vgnextchannel=fd48f9cd4d7e9310VgnVCM1000008d0c1e0aRCRD&amp;vgnextfmt=default#Blocc9c1caf0cd71b310VgnVCM1000008d0c1e0a____\" rel=\"nofollow\">\u00a0<\/a><\/span><\/li>\n<li><span style=\"color: #000000;\"><a title=\"Aquest enlla\u00e7 s'obrir\u00e0 en una finestra nova\" href=\"http:\/\/www20.gencat.cat\/portal\/site\/portaldogc\/menuitem.c973d2fc58aa0083e4492d92b0c0e1a0\/?vgnextoid=485946a6e5dfe210VgnVCM1000000b0c1e0aRCRD&amp;appInstanceName=default&amp;action=fitxa&amp;documentId=545262&amp;language=ca_ES\" rel=\"nofollow\">Normativa de refer\u00e8ncia (Decret 102\/2010, article 28)<\/a><a title=\"Aquest enlla\u00e7 s'obrir\u00e0 en una finestra nova\" href=\"http:\/\/www20.gencat.cat\/portal\/site\/portaldogc\/menuitem.c973d2fc58aa0083e4492d92b0c0e1a0\/?vgnextoid=485946a6e5dfe210VgnVCM1000000b0c1e0aRCRD&amp;appInstanceName=default&amp;action=fitxa&amp;documentId=545262&amp;language=ca_ES\" rel=\"nofollow\">\u00a0<\/a><br \/>\n<\/span><\/li>\n<\/ul>\n<\/div>\n<\/div>\n<\/div>\n<\/div>\n<\/div>\n<div>\n<h4><a name=\"TOC-Com-podem-participar-en-les-eleccions-del-consell-escolar-\"><\/a><span style=\"color: #000000;\">Com podem participar en les eleccions del consell escolar?<\/span><\/h4>\n<\/div>\n<div>\n<p><span style=\"color: #000000;\">En les eleccions, les fam\u00edlies hi podeu participar de dues maneres diferents:<\/span><\/p>\n<ul>\n<li><span style=\"color: #000000;\">Presentant-vos com a candidats per representar els pares i mares al consell escolar.<\/span><\/li>\n<li><span style=\"color: #000000;\">Participant el dia que el centre convoqui les eleccions votant els candidats que considereu m\u00e9s\u00a0<\/span><span style=\"color: #000000;\">representatius.<\/span><\/li>\n<\/ul>\n<\/div>\n<div><\/div>\n<div>\n<div>\n<div>\n<div>\n<div>\n<ul>\n<li><span style=\"color: #000000;\"><a title=\"Aquest enlla\u00e7 s'obrir\u00e0 en una finestra nova\" href=\"http:\/\/www20.gencat.cat\/portal\/site\/ensenyament\/menuitem.a735c8413184c341c65d3082b0c0e1a0\/?vgnextoid=fd48f9cd4d7e9310VgnVCM1000008d0c1e0aRCRD&amp;vgnextchannel=fd48f9cd4d7e9310VgnVCM1000008d0c1e0aRCRD&amp;vgnextfmt=default#Blocc9c1caf0cd71b310VgnVCM1000008d0c1e0a____\" rel=\"nofollow\">Per saber-ne m\u00e9s<\/a><a title=\"Aquest enlla\u00e7 s'obrir\u00e0 en una finestra nova\" href=\"http:\/\/www20.gencat.cat\/portal\/site\/ensenyament\/menuitem.a735c8413184c341c65d3082b0c0e1a0\/?vgnextoid=fd48f9cd4d7e9310VgnVCM1000008d0c1e0aRCRD&amp;vgnextchannel=fd48f9cd4d7e9310VgnVCM1000008d0c1e0aRCRD&amp;vgnextfmt=default#Blocc9c1caf0cd71b310VgnVCM1000008d0c1e0a____\" rel=\"nofollow\">\u00a0<\/a><br \/>\n<\/span><\/li>\n<li><span style=\"color: #000000;\"><span style=\"color: #000000;\"><a title=\"Aquest enlla\u00e7 s'obrir\u00e0 en una finestra nova\" href=\"http:\/\/www20.gencat.cat\/portal\/site\/portaldogc\/menuitem.c973d2fc58aa0083e4492d92b0c0e1a0\/?vgnextoid=485946a6e5dfe210VgnVCM1000000b0c1e0aRCRD&amp;appInstanceName=default&amp;action=fitxa&amp;documentId=545262&amp;language=ca_ES\" rel=\"nofollow\">Normativa de refer\u00e8ncia (Decret 102\/2010, article 28)<\/a><a title=\"Aquest enlla\u00e7 s'obrir\u00e0 en una finestra nova\" href=\"http:\/\/www20.gencat.cat\/portal\/site\/portaldogc\/menuitem.c973d2fc58aa0083e4492d92b0c0e1a0\/?vgnextoid=485946a6e5dfe210VgnVCM1000000b0c1e0aRCRD&amp;appInstanceName=default&amp;action=fitxa&amp;documentId=545262&amp;language=ca_ES\" rel=\"nofollow\">\u00a0<\/a><\/span><\/span><\/li>\n<\/ul>\n<\/div>\n<\/div>\n<\/div>\n<\/div>\n<\/div>\n<div>\n<h4><a name=\"TOC-Com-es-pot-millorar-la-participaci-de-les-fam-lies-en-les-eleccions-de-representants-\"><\/a><span style=\"color: #000000;\">Com es pot millorar la participaci\u00f3 de les fam\u00edlies en les eleccions de representants\u00a0<\/span><\/h4>\n<h4><a name=\"TOC-als-consells-escolars-\"><\/a><span style=\"color: #000000;\">als consells escolars?<\/span><\/h4>\n<\/div>\n<div>\n<p><span style=\"color: #000000;\">Perqu\u00e8 les fam\u00edlies participin en la renovaci\u00f3 dels seus representants al consell escolar cal:<\/span><\/p>\n<ul>\n<li><span style=\"color: #000000;\">Estar informats de la import\u00e0ncia de la seva participaci\u00f3.<\/span><\/li>\n<li><span style=\"color: #000000;\">Con\u00e8ixer les dates del proc\u00e9s electoral.<\/span><\/li>\n<\/ul>\n<p><span style=\"color: #000000;\">Per fer arribar tota la informaci\u00f3, la direcci\u00f3 del centre i l&#8217;AMPA poden programar accions i campanyes conjuntes fent servir diversos mitjans:<\/span><\/p>\n<ul>\n<li><span style=\"color: #000000;\">Difusi\u00f3 mitjan\u00e7ant correu electr\u00f2nic, web o blog del centre, xarxes socials (Twitter, Facebook&#8230;).<\/span><\/li>\n<li><span style=\"color: #000000;\">Cartells informatius.<\/span><\/li>\n<li><span style=\"color: #000000;\">Reunions de juntes de pares i mares.<\/span><\/li>\n<li><span style=\"color: #000000;\">Reunions dels pares i mares delegats de classe amb la resta de fam\u00edlies.<\/span><\/li>\n<\/ul>\n<\/div>\n<div><\/div>\n<div>\n<h4><a name=\"TOC-Per-qu-s-important-que-les-fam-lies-participem-en-el-consell-escolar-\"><\/a><span style=\"color: #000000;\">Per qu\u00e8 \u00e9s important que les fam\u00edlies participem en el consell escolar?<\/span><\/h4>\n<\/div>\n<div>\n<p><span style=\"color: #000000;\">Els professionals dels centres i les fam\u00edlies compartim un objectiu: l&#8217;\u00e8xit educatiu dels fills. Les decisions que es prenen al consell escolar s\u00f3n decisives per al funcionament i la millora del centre i, per tant, tamb\u00e9 per a l&#8217;\u00e8xit educatiu de tots els alumnes. \u00c9s per aquest motiu que la participaci\u00f3 i implicaci\u00f3 dels pares en les eleccions al consell escolar \u00e9s tan important.<\/span><\/p>\n<p><span style=\"color: #000000;\">Quan les fam\u00edlies participeu en les eleccions, doneu suport al vostre candidat i delegueu en la seva veu i representaci\u00f3. Aix\u00ed feu arribar les seves opinions i aportacions. \u00c9s important que participeu en les eleccions al consell escolar perqu\u00e8:<\/span><\/p>\n<ul>\n<li><span style=\"color: #000000;\">Sou els responsables de la formaci\u00f3 dels vostres fills i \u00e9s important tenir uns bons representants al\u00a0<\/span><span style=\"color: #000000;\">consell escolar que us informin i facin arribar la vostra veu.<\/span><\/li>\n<li><span style=\"color: #000000;\">Les fam\u00edlies i els docents compartim un mateix objectiu. Per aix\u00f2 hem de ser capa\u00e7os de decidir, entre\u00a0<\/span><span style=\"color: #000000;\">tots, a qu\u00e8 ens comprometem per aconseguir-ho.<\/span><\/li>\n<li><span style=\"color: #000000;\">\u00c9s una manera de valorar l&#8217;escola. Aix\u00ed contribu\u00efu que el vostre fill tamb\u00e9 la valori i es prengui\u00a0<\/span><span style=\"color: #000000;\">seriosament els seus estudis.<\/span><\/li>\n<li><span style=\"color: #000000;\">L&#8217;\u00e8xit educatiu del vostre fill tamb\u00e9 dep\u00e8n del funcionament i el clima de centre. Implicar-vos en el <\/span><span style=\"color: #000000;\">seguiment i l&#8217;avaluaci\u00f3 d&#8217;aquest funcionament \u00e9s implicar-vos en l&#8217;\u00e8xit del vostre fill.<\/span><\/li>\n<li><span style=\"color: #000000;\">\u00c9s la manera de fer arribar la vostra veu en temes que us poden preocupar, com activitats extraescolars <\/span><span style=\"color: #000000;\">o quina \u00e9s l&#8217;alimentaci\u00f3 que han de rebre en el menjador escolar.<\/span><\/li>\n<li><span style=\"color: #000000;\">\u00c9s important tenir una escola oberta a l&#8217;entorn, que col\u00b7labori amb els altres centres i les diferents\u00a0<\/span><span style=\"color: #000000;\">entitats i que entre tots pugueu fer del vostre barri un entorn m\u00e9s educatiu i cohesionat. El consell <\/span><span style=\"color: #000000;\">escolar decideix quines han de ser aquestes relacions.<\/span><\/li>\n<\/ul>\n<\/div>\n<div><\/div>\n<div>\n<h4><a name=\"TOC-Qu-vol-dir-ser-representant-dels-pares-i-mares-al-consell-escolar-\"><\/a><span style=\"color: #000000;\">Qu\u00e8 vol dir ser representant dels pares i mares al consell escolar?<\/span><\/h4>\n<\/div>\n<div>\n<p><span style=\"color: #000000;\">Els consells escolars de centre permeten la participaci\u00f3 de les fam\u00edlies en el govern dels centres.<\/span><\/p>\n<p><span style=\"color: #000000;\">Les mares i pares representants al consell opinen, aproven, avaluen i elaboren propostes per a la millora del funcionament del centre educatiu.<\/span><\/p>\n<p><span style=\"color: #000000;\">La seva participaci\u00f3 en el consell escolar vol dir, tamb\u00e9, fer una tasca de representaci\u00f3. Aix\u00f2 significa que, com a membres del consell, la seva participaci\u00f3 no \u00e9s a t\u00edtol individual sin\u00f3 en representaci\u00f3 de totes les fam\u00edlies, donant veu a les seves peticions, preocupacions i iniciatives.<\/span><\/p>\n<p><span style=\"color: #000000;\">Per aquest motiu han d&#8217;informar la resta de mares i pares o tutors legals sobre tots els assumptes que es tracten en el consell, per\u00f2 tamb\u00e9 han de recollir les propostes i opinions de la resta de fam\u00edlies i portar-les al consell escolar.<\/span><\/p>\n<\/div>\n<div><\/div>\n<div>\n<h4><a name=\"TOC-Orientacions-per-a-representants-dels-pares-i-mares-en-el-consell-escolar\"><\/a><span style=\"color: #000000;\">Orientacions per a representants dels pares i mares en el consell escolar<\/span><\/h4>\n<\/div>\n<div>\n<p><strong><span style=\"color: #000000;\">Abans de les reunions<\/span><\/strong><\/p>\n<p><span style=\"color: #000000;\">Els pares i mares membres del consell escolar, com a representants de totes les fam\u00edlies del centre, han de preparar pr\u00e8viament les reunions per fer una bona tasca representativa. Per aquest motiu, abans de les reunions cal:<\/span><\/p>\n<ul>\n<li><span style=\"color: #000000;\">Compartir els temes a tractar en el consell escolar amb la resta de les fam\u00edlies per representar millor <\/span><span style=\"color: #000000;\">els seus interessos.<\/span><\/li>\n<li><span style=\"color: #000000;\">Assistir a les reunions del consell escolar amb propostes concretes parlades en les reunions de l&#8217;AMPA, <\/span><span style=\"color: #000000;\">de juntes de pares i mares&#8230;<\/span><\/li>\n<li><span style=\"color: #000000;\">Buscar canals i estrat\u00e8gies de comunicaci\u00f3 perqu\u00e8 totes les fam\u00edlies puguin fer aportacions i sentin que <\/span><span style=\"color: #000000;\">s\u00f3n escoltades:\u00a0<\/span>\n<ul>\n<li><span style=\"color: #000000;\">Recollir propostes del conjunt de pares i mares utilitzant una b\u00fastia a l&#8217;entrada del centre o una <\/span><span style=\"color: #000000;\">adre\u00e7a de correu electr\u00f2nic&#8230;<\/span><\/li>\n<li><span style=\"color: #000000;\">Passar enquestes, q\u00fcestionaris, etc., en format paper o en l\u00ednia sobre els temes que es tractaran <\/span><span style=\"color: #000000;\">a la reuni\u00f3 del consell escolar o altres que puguin ser d&#8217;inter\u00e8s de les fam\u00edlies.<\/span><\/li>\n<\/ul>\n<\/li>\n<\/ul>\n<p><strong><span style=\"color: #000000;\">Durant les reunions<\/span><\/strong><\/p>\n<p><span style=\"color: #000000;\">Per tal d&#8217;aconseguir que les reunions siguin espais de reflexi\u00f3 i treball conjunt cal:<\/span><\/p>\n<ul>\n<li><span style=\"color: #000000;\">Tractar, entre tots, que el clima de la reuni\u00f3 sigui dialogant i participatiu, on s&#8217;escoltin totes les opinions <\/span><span style=\"color: #000000;\">i s&#8217;arribi a acords amb el m\u00e0xim consens possible.<\/span><\/li>\n<li><span style=\"color: #000000;\">Justificar i raonar molt b\u00e9 les decisions preses amb el conjunt de les fam\u00edlies. D&#8217;aquesta manera \u00e9s m\u00e9s <\/span><span style=\"color: #000000;\">f\u00e0cil que siguin acceptades per tothom.<\/span><\/li>\n<\/ul>\n<p><strong><span style=\"color: #000000;\">Despr\u00e9s de les reunions<\/span><\/strong><\/p>\n<p><span style=\"color: #000000;\">Un cop finalitzada la reuni\u00f3 del consell escolar, els representants de les fam\u00edlies han de tenir en compte que cal:<\/span><\/p>\n<ul>\n<li><span style=\"color: #000000;\">Fer arribar tota la informaci\u00f3 a la resta de les fam\u00edlies sobre els temes tractats i acordats al consell\u00a0<\/span><span style=\"color: #000000;\">escolar.<\/span><\/li>\n<li><span style=\"color: #000000;\">Fer reunions despr\u00e9s de cada consell perqu\u00e8 els representants informin l&#8217;AMPA i la resta de fam\u00edlies.<\/span><\/li>\n<li><span style=\"color: #000000;\">Fer servir diversos canals de comunicaci\u00f3 per informar les fam\u00edlies que no poden assistir a la reuni\u00f3 <\/span><span style=\"color: #000000;\">informativa (web, e-mail, circular, revista, tel\u00e8fon&#8230;).<\/span><\/li>\n<\/ul>\n<\/div>\n<\/div>\n<\/div>\n<\/div>\n<\/div>\n<\/div>\n<\/div>\n<\/div>\n<\/div>\n","protected":false},"excerpt":{"rendered":"<p>Informacions d&#8217;inter\u00e8s sobre el consell escolar Qu\u00e8 \u00e9s el consell escolar? El consell escolar \u00e9s l&#8217;\u00f2rgan de participaci\u00f3 dels diferents sectors de la comunitat educativa en el govern dels centres. Normativa de refer\u00e8ncia (Llei 12\/2009 d&#8217;educaci\u00f3, article 148 i article 152)\u00a0 Normativa de refer\u00e8ncia (Decret 102\/2010, article 27.1)\u00a0 Qui forma el consell escolar? El formen [&hellip;]<\/p>\n","protected":false},"author":1,"featured_media":0,"parent":22,"menu_order":30,"comment_status":"closed","ping_status":"closed","template":"page-templates\/side-menu.php","meta":{"_bbp_topic_count":0,"_bbp_reply_count":0,"_bbp_total_topic_count":0,"_bbp_total_reply_count":0,"_bbp_voice_count":0,"_bbp_anonymous_reply_count":0,"_bbp_topic_count_hidden":0,"_bbp_reply_count_hidden":0,"_bbp_forum_subforum_count":0,"site-sidebar-layout":"default","site-content-layout":"","ast-site-content-layout":"","site-content-style":"default","site-sidebar-style":"default","ast-global-header-display":"","ast-banner-title-visibility":"","ast-main-header-display":"","ast-hfb-above-header-display":"","ast-hfb-below-header-display":"","ast-hfb-mobile-header-display":"","site-post-title":"","ast-breadcrumbs-content":"","ast-featured-img":"","footer-sml-layout":"","theme-transparent-header-meta":"","adv-header-id-meta":"","stick-header-meta":"","header-above-stick-meta":"","header-main-stick-meta":"","header-below-stick-meta":"","astra-migrate-meta-layouts":"default","ast-page-background-enabled":"default","ast-page-background-meta":{"desktop":{"background-color":"var(--ast-global-color-4)","background-image":"","background-repeat":"repeat","background-position":"center center","background-size":"auto","background-attachment":"scroll","background-type":"","background-media":"","overlay-type":"","overlay-color":"","overlay-opacity":"","overlay-gradient":""},"tablet":{"background-color":"","background-image":"","background-repeat":"repeat","background-position":"center center","background-size":"auto","background-attachment":"scroll","background-type":"","background-media":"","overlay-type":"","overlay-color":"","overlay-opacity":"","overlay-gradient":""},"mobile":{"background-color":"","background-image":"","background-repeat":"repeat","background-position":"center center","background-size":"auto","background-attachment":"scroll","background-type":"","background-media":"","overlay-type":"","overlay-color":"","overlay-opacity":"","overlay-gradient":""}},"ast-content-background-meta":{"desktop":{"background-color":"var(--ast-global-color-5)","background-image":"","background-repeat":"repeat","background-position":"center center","background-size":"auto","background-attachment":"scroll","background-type":"","background-media":"","overlay-type":"","overlay-color":"","overlay-opacity":"","overlay-gradient":""},"tablet":{"background-color":"var(--ast-global-color-5)","background-image":"","background-repeat":"repeat","background-position":"center center","background-size":"auto","background-attachment":"scroll","background-type":"","background-media":"","overlay-type":"","overlay-color":"","overlay-opacity":"","overlay-gradient":""},"mobile":{"background-color":"var(--ast-global-color-5)","background-image":"","background-repeat":"repeat","background-position":"center center","background-size":"auto","background-attachment":"scroll","background-type":"","background-media":"","overlay-type":"","overlay-color":"","overlay-opacity":"","overlay-gradient":""}},"footnotes":""},"class_list":["post-28","page","type-page","status-publish","hentry"],"post_mailing_queue_ids":[],"_links":{"self":[{"href":"https:\/\/agora.xtec.cat\/ceipbaltasar\/wp-json\/wp\/v2\/pages\/28","targetHints":{"allow":["GET"]}}],"collection":[{"href":"https:\/\/agora.xtec.cat\/ceipbaltasar\/wp-json\/wp\/v2\/pages"}],"about":[{"href":"https:\/\/agora.xtec.cat\/ceipbaltasar\/wp-json\/wp\/v2\/types\/page"}],"author":[{"embeddable":true,"href":"https:\/\/agora.xtec.cat\/ceipbaltasar\/wp-json\/wp\/v2\/users\/1"}],"replies":[{"embeddable":true,"href":"https:\/\/agora.xtec.cat\/ceipbaltasar\/wp-json\/wp\/v2\/comments?post=28"}],"version-history":[{"count":3,"href":"https:\/\/agora.xtec.cat\/ceipbaltasar\/wp-json\/wp\/v2\/pages\/28\/revisions"}],"predecessor-version":[{"id":8210,"href":"https:\/\/agora.xtec.cat\/ceipbaltasar\/wp-json\/wp\/v2\/pages\/28\/revisions\/8210"}],"up":[{"embeddable":true,"href":"https:\/\/agora.xtec.cat\/ceipbaltasar\/wp-json\/wp\/v2\/pages\/22"}],"wp:attachment":[{"href":"https:\/\/agora.xtec.cat\/ceipbaltasar\/wp-json\/wp\/v2\/media?parent=28"}],"curies":[{"name":"wp","href":"https:\/\/api.w.org\/{rel}","templated":true}]}}