{"id":80,"date":"2014-09-18T14:09:48","date_gmt":"2014-09-18T14:09:48","guid":{"rendered":"http:\/\/agora.xtec.cat\/ceipbalmes\/?page_id=80"},"modified":"2022-02-07T13:57:52","modified_gmt":"2022-02-07T12:57:52","slug":"transport-escolar","status":"publish","type":"page","link":"https:\/\/agora.xtec.cat\/ceipbalmes\/serveis\/transport-escolar\/","title":{"rendered":"Servei de Transport i Camins Escolars"},"content":{"rendered":"<p><b>SERVEI DE TRANSPORT\u00a0<\/b><\/p>\n<ul>\n<li style=\"font-weight: 400;\"><span style=\"font-weight: 400;\">El Departament d\u2019Educaci\u00f3 de la Generalitat de Catalunya costeja, gestionat pel Consell Comarcal del Bages, el servei de<\/span><b> transport escolar<\/b><span style=\"font-weight: 400;\"> per als alumnes dels municipis de Marganell, als quals els pertoca ser escolaritzats a Castellbell i el Vilar. L\u2019empresa que presta el servei \u00e9s Transbeges.<\/span><\/li>\n<li style=\"font-weight: 400;\"><span style=\"font-weight: 400;\">L\u2019Ajuntament de Castellbell i el Vilar subvenciona el transport dins el terme municipal. L\u2019exist\u00e8ncia d\u2019aquestes dues rutes beneficia els alumnes residents a Sant Crist\u00f2fol, les Comes, el Bur\u00e9s, la Bauma, rodalies i la zona del Borr\u00e0s\u2013Sud.\u00a0<\/span><\/li>\n<li style=\"font-weight: 400;\"><span style=\"font-weight: 400;\">El dia de jornada intensiva varia l\u2019horari de retorn, donat que el transport surt del centre a les 15:30h. L\u2019autocar disposa d\u2019una monitora responsable acompanyant.<\/span><\/li>\n<li style=\"font-weight: 400;\"><span style=\"font-weight: 400;\">Dins l\u2019autocar s\u00f3n vigents totes les normes de comportament i conviv\u00e8ncia pr\u00f2pies del centre educatiu i d\u2019un transport p\u00fablic de viatgers aix\u00ed com la normativa vigent Covid-19 (cal portar mascareta).<\/span><\/li>\n<\/ul>\n<table style=\"height: 520px;\">\n<tbody>\n<tr style=\"height: 55px;\">\n<td style=\"height: 110px; width: 1001px;\" rowspan=\"2\">\n<h2><span style=\"font-weight: 400;\">PARADES DE L\u2019ITINERARI: EJB-01-NO CASTELLBELL I EL VILAR<\/span><\/h2>\n<\/td>\n<td style=\"height: 55px; width: 131px;\" colspan=\"2\"><span style=\"font-weight: 400;\">HORARI<\/span><\/td>\n<\/tr>\n<tr style=\"height: 55px;\">\n<td style=\"height: 55px; width: 131px;\" colspan=\"2\"><span style=\"font-weight: 400;\">DL DM DX DJ DV<\/span><\/td>\n<\/tr>\n<tr style=\"height: 144px;\">\n<td style=\"height: 86px; width: 1001px;\"><span style=\"font-weight: 400;\">1.- CASTELLBELL I EL VILAR:<\/span><\/p>\n<p><b>\u00a0\u00a0\u00a0\u00a0LA VALL DE MONTSERRAT<\/b><\/td>\n<td style=\"height: 86px; width: 59px;\"><span style=\"font-weight: 400;\">8:40<\/span><\/td>\n<td style=\"height: 86px; width: 70px;\"><span style=\"font-weight: 400;\">16:45<\/span><\/td>\n<\/tr>\n<tr style=\"height: 95px;\">\n<td style=\"height: 95px; width: 1001px;\"><span style=\"font-weight: 400;\">2.- CASTELLBELL I EL VILAR:<\/span><\/p>\n<p><b>\u00a0\u00a0\u00a0\u00a0LA BAUMA<\/b><\/td>\n<td style=\"height: 95px; width: 59px;\"><span style=\"font-weight: 400;\">8:45<\/span><\/td>\n<td style=\"height: 95px; width: 70px;\"><span style=\"font-weight: 400;\">16:42<\/span><\/td>\n<\/tr>\n<tr style=\"height: 134px;\">\n<td style=\"height: 134px; width: 1001px;\"><span style=\"font-weight: 400;\">3.- CASTELLBELL I EL VILAR:<\/span><\/p>\n<p><b>\u00a0\u00a0\u00a0\u00a0EL BORR\u00c0S (C. SANT JERONI)<\/b><\/p>\n<p><b>(Nom\u00e9s pels alumnes d\u2019Educaci\u00f3 Infantil)<\/b><\/td>\n<td style=\"height: 134px; width: 59px;\"><span style=\"font-weight: 400;\">8:50<\/span><\/td>\n<td style=\"height: 134px; width: 70px;\"><span style=\"font-weight: 400;\">16:39<\/span><\/td>\n<\/tr>\n<tr style=\"height: 95px;\">\n<td style=\"height: 95px; width: 1001px;\"><span style=\"font-weight: 400;\">4.- CASTELLBELL I EL VILAR:<\/span><\/p>\n<p><span style=\"font-weight: 400;\">\u00a0\u00a0\u00a0\u00a0\u00a0\u00a0<\/span><b>ESCOLA JAUME BALMES<\/b><\/td>\n<td style=\"height: 95px; width: 59px;\"><b>8.55<\/b><\/td>\n<td style=\"height: 95px; width: 70px;\"><b>16.35<\/b><\/td>\n<\/tr>\n<\/tbody>\n<\/table>\n<p>&nbsp;<\/p>\n<p><span style=\"font-weight: 400;\">ITINERARI: EJB-02-NO MARGANELL-CASTELLBELL I EL VILAR<\/span><\/p>\n<p>&nbsp;<\/p>\n<table>\n<tbody>\n<tr>\n<td rowspan=\"2\">\n<h2><span style=\"font-weight: 400;\">PARADES DE L\u2019ITINERARI: EJB-02-NO MARGANELL-CASTELLBELL I EL VILAR<\/span><\/h2>\n<\/td>\n<td colspan=\"2\"><span style=\"font-weight: 400;\">HORARI<\/span><\/td>\n<\/tr>\n<tr>\n<td colspan=\"2\"><span style=\"font-weight: 400;\">DL DM DX DJ DV<\/span><\/td>\n<\/tr>\n<tr>\n<td><span style=\"font-weight: 400;\">1.- MARGANELL:<\/span><\/p>\n<p><b>\u00a0\u00a0\u00a0\u00a0\u00a0Pla\u00e7a l\u2019Esgl\u00e9sia (punt d\u2019informaci\u00f3)<\/b><\/td>\n<td><span style=\"font-weight: 400;\">8.28<\/span><\/td>\n<td><span style=\"font-weight: 400;\">16.56<\/span><\/td>\n<\/tr>\n<tr>\n<td><span style=\"font-weight: 400;\">2.- MARGANELL:<\/span><\/p>\n<p><span style=\"font-weight: 400;\">\u00a0<\/span><b>Trencall El Cassot, Ctra BV-1123<\/b><\/td>\n<td><span style=\"font-weight: 400;\">8.30<\/span><\/td>\n<td><span style=\"font-weight: 400;\">16.52<\/span><\/td>\n<\/tr>\n<tr>\n<td><span style=\"font-weight: 400;\">3.- CASTELLBELL I EL VILAR:<\/span><\/p>\n<p><span style=\"font-weight: 400;\">\u00a0\u00a0<\/span><b>Urb. Sant Crist\u00f2fol. Crta BV-1122 (Pla\u00e7a Esgl\u00e9sia)<\/b><\/td>\n<td><span style=\"font-weight: 400;\">8.40<\/span><\/td>\n<td><span style=\"font-weight: 400;\">16.48<\/span><\/td>\n<\/tr>\n<tr>\n<td><span style=\"font-weight: 400;\">4.- CASTELLBELL I EL VILAR:<\/span><\/p>\n<p><span style=\"font-weight: 400;\">\u00a0\u00a0\u00a0\u00a0\u00a0\u00a0<\/span><b>El Bur\u00e9s<\/b><\/td>\n<td><span style=\"font-weight: 400;\">8.52<\/span><\/td>\n<td><span style=\"font-weight: 400;\">16.38<\/span><\/td>\n<\/tr>\n<tr>\n<td><span style=\"font-weight: 400;\">5.- CASTELLBELL I EL VILAR:<\/span><\/p>\n<p><span style=\"font-weight: 400;\">\u00a0\u00a0\u00a0\u00a0\u00a0<\/span><b>Escola Jaume Balmes<\/b><\/td>\n<td><b>8.55<\/b><\/td>\n<td><b>16.35<\/b><\/td>\n<\/tr>\n<\/tbody>\n<\/table>\n<p><strong><u>CAMINS ESCOLARS<\/u><\/strong><\/p>\n<ul>\n<li>El servei de <strong>Camins Escolars <\/strong>s\u2019ofereix als alumnes de Prim\u00e0ria que viuen al Borr\u00e0s i al Bur\u00e9s.<\/li>\n<li>Aquests alumnes tenen la possibilitat de venir a peu fins a l\u2019escola acompanyats per una monitora responsable (ratio 10\/1)<\/li>\n<li>Si hi esteu interessades, poseu-vos en contacte amb l\u2019Ajuntament de Castellbell i el Vilar per fer la sol\u00b7licitud<\/li>\n<\/ul>\n<table class=\" aligncenter\" style=\"height: 153px;\" width=\"391\">\n<tbody>\n<tr>\n<td style=\"width: 236px;\" rowspan=\"2\">PARADES CAMINS ESCOLARS<\/td>\n<td style=\"width: 147px;\" colspan=\"2\"><em>HORARI<\/em><\/td>\n<\/tr>\n<tr>\n<td style=\"width: 147px;\" colspan=\"2\"><em>DL\u00a0 DM\u00a0 DX\u00a0 DJ\u00a0 DV<\/em><\/td>\n<\/tr>\n<tr>\n<td style=\"width: 236px;\">L\u00cdNIA 1: BUR\u00c9S<\/td>\n<td style=\"width: 67px;\">8.40h<\/td>\n<td style=\"width: 78px;\">16.50h<\/td>\n<\/tr>\n<tr>\n<td style=\"width: 236px;\">L\u00cdNIA 2: BORR\u00c0S (C\/ ST JERONI)<\/td>\n<td style=\"width: 67px;\">8.35h<\/td>\n<td style=\"width: 78px;\">16.55h<\/td>\n<\/tr>\n<\/tbody>\n<\/table>\n","protected":false},"excerpt":{"rendered":"<p>SERVEI DE TRANSPORT\u00a0<\/p>\n<ul>\n<li style=\"font-weight: 400;\">El Departament d\u2019Educaci\u00f3 de la Generalitat de Catalunya costeja, gestionat pel Consell Comarcal del Bages, el servei de transport escolar per als alumnes dels municipis de Marganell, als quals els pertoca ser escolaritzats a Castellbell i el Vilar. L\u2019empresa que presta&hellip;  <a href=\"https:\/\/agora.xtec.cat\/ceipbalmes\/serveis\/transport-escolar\/\" title=\"Read Servei de Transport i Camins Escolars\">Llegeix m\u00e9s\u00bb<\/a><br \/>\n","protected":false},"author":2,"featured_media":0,"parent":66,"menu_order":40,"comment_status":"closed","ping_status":"closed","template":"page-templates\/side-menu.php","meta":{"_bbp_topic_count":0,"_bbp_reply_count":0,"_bbp_total_topic_count":0,"_bbp_total_reply_count":0,"_bbp_voice_count":0,"_bbp_anonymous_reply_count":0,"_bbp_topic_count_hidden":0,"_bbp_reply_count_hidden":0,"_bbp_forum_subforum_count":0,"footnotes":""},"class_list":["post-80","page","type-page","status-publish","hentry"],"post_mailing_queue_ids":[],"_links":{"self":[{"href":"https:\/\/agora.xtec.cat\/ceipbalmes\/wp-json\/wp\/v2\/pages\/80","targetHints":{"allow":["GET"]}}],"collection":[{"href":"https:\/\/agora.xtec.cat\/ceipbalmes\/wp-json\/wp\/v2\/pages"}],"about":[{"href":"https:\/\/agora.xtec.cat\/ceipbalmes\/wp-json\/wp\/v2\/types\/page"}],"author":[{"embeddable":true,"href":"https:\/\/agora.xtec.cat\/ceipbalmes\/wp-json\/wp\/v2\/users\/2"}],"replies":[{"embeddable":true,"href":"https:\/\/agora.xtec.cat\/ceipbalmes\/wp-json\/wp\/v2\/comments?post=80"}],"version-history":[{"count":4,"href":"https:\/\/agora.xtec.cat\/ceipbalmes\/wp-json\/wp\/v2\/pages\/80\/revisions"}],"predecessor-version":[{"id":1953,"href":"https:\/\/agora.xtec.cat\/ceipbalmes\/wp-json\/wp\/v2\/pages\/80\/revisions\/1953"}],"up":[{"embeddable":true,"href":"https:\/\/agora.xtec.cat\/ceipbalmes\/wp-json\/wp\/v2\/pages\/66"}],"wp:attachment":[{"href":"https:\/\/agora.xtec.cat\/ceipbalmes\/wp-json\/wp\/v2\/media?parent=80"}],"curies":[{"name":"wp","href":"https:\/\/api.w.org\/{rel}","templated":true}]}}