{"id":2143,"date":"2022-06-10T10:16:22","date_gmt":"2022-06-10T08:16:22","guid":{"rendered":"https:\/\/agora.xtec.cat\/ceipbalmes\/?page_id=2143"},"modified":"2023-03-02T13:08:27","modified_gmt":"2023-03-02T12:08:27","slug":"objectius","status":"publish","type":"page","link":"https:\/\/agora.xtec.cat\/ceipbalmes\/estrategia-digital-de-centre-2\/pla-estrategic-digital\/objectius\/","title":{"rendered":"Objectius"},"content":{"rendered":"<p style=\"text-align: left;\"><span style=\"font-family: inherit; font-size: 1em;\"><a href=\"https:\/\/agora.xtec.cat\/ceipbalmes\/wp-content\/uploads\/usu527\/2022\/11\/ED.png\"><img loading=\"lazy\" decoding=\"async\" class=\"wp-image-2238  aligncenter\" src=\"https:\/\/agora.xtec.cat\/ceipbalmes\/wp-content\/uploads\/usu527\/2022\/11\/ED-300x233.png\" alt=\"\" width=\"468\" height=\"363\" srcset=\"https:\/\/agora.xtec.cat\/ceipbalmes\/wp-content\/uploads\/usu527\/2022\/11\/ED-300x233.png 300w, https:\/\/agora.xtec.cat\/ceipbalmes\/wp-content\/uploads\/usu527\/2022\/11\/ED.png 764w\" sizes=\"auto, (max-width: 468px) 100vw, 468px\" \/><\/a><\/span><\/p>\n<p style=\"text-align: left;\"><span style=\"font-family: inherit; font-size: 1em;\">Els objectius de l&#8217;EDC es poden agrupar en cinc \u00e0mbits, que tenen com a fita el m\u00e0xim assoliment de la compet\u00e8ncia digital de l\u2019alumnat, del professorat i del centre:<\/span><\/p>\n<p>&#8211; Assoliment de la compet\u00e8ncia digital<\/p>\n<p>&#8211; Planificaci\u00f3 estrat\u00e8gica i organitzaci\u00f3<\/p>\n<p>&#8211; Metodologies did\u00e0ctiques i innovaci\u00f3<\/p>\n<p>&#8211; Inclusi\u00f3 digital i de g\u00e8nere<\/p>\n<p>&#8211; Seguretat i protecci\u00f3 de dades<\/p>\n<p class=\"CDt4Ke zfr3Q\" dir=\"ltr\">L&#8217;Escola Jaume Balmes vol ser un centre actiu, emprenedor, que faci un \u00fas diari de les eines digitals a l&#8217;aula, i amb visi\u00f3 de futur per aconseguir millorar el rendiment acad\u00e8mic de l&#8217;alumnat. Per aconseguir-ho cal donar resposta a les diferents necessitats detectades en la comunitat educativa a partir de la diagnosi feta.<\/p>\n<p class=\"CDt4Ke zfr3Q\" dir=\"ltr\">Aix\u00ed doncs hem planificat una s\u00e8rie d&#8217;objectius, que s&#8217;han obtingut a partir de la diagnosi i la visi\u00f3 del centre en l&#8217;\u00e0mbit digital.<\/p>\n<p dir=\"ltr\"><a href=\"https:\/\/agora.xtec.cat\/ceipbalmes\/wp-content\/uploads\/usu527\/2023\/03\/Peach-Simple-Corporate-Business-Presentation-Infographic-Collection.png\"><img loading=\"lazy\" decoding=\"async\" class=\"alignnone wp-image-2315 size-large\" src=\"https:\/\/agora.xtec.cat\/ceipbalmes\/wp-content\/uploads\/usu527\/2023\/03\/Peach-Simple-Corporate-Business-Presentation-Infographic-Collection-1024x576.png\" alt=\"\" width=\"1024\" height=\"576\" srcset=\"https:\/\/agora.xtec.cat\/ceipbalmes\/wp-content\/uploads\/usu527\/2023\/03\/Peach-Simple-Corporate-Business-Presentation-Infographic-Collection-1024x576.png 1024w, https:\/\/agora.xtec.cat\/ceipbalmes\/wp-content\/uploads\/usu527\/2023\/03\/Peach-Simple-Corporate-Business-Presentation-Infographic-Collection-300x169.png 300w, https:\/\/agora.xtec.cat\/ceipbalmes\/wp-content\/uploads\/usu527\/2023\/03\/Peach-Simple-Corporate-Business-Presentation-Infographic-Collection-768x432.png 768w, https:\/\/agora.xtec.cat\/ceipbalmes\/wp-content\/uploads\/usu527\/2023\/03\/Peach-Simple-Corporate-Business-Presentation-Infographic-Collection-1536x864.png 1536w, https:\/\/agora.xtec.cat\/ceipbalmes\/wp-content\/uploads\/usu527\/2023\/03\/Peach-Simple-Corporate-Business-Presentation-Infographic-Collection.png 1920w\" sizes=\"auto, (max-width: 1024px) 100vw, 1024px\" \/><\/a><\/p>\n<p style=\"text-align: left;\">\n","protected":false},"excerpt":{"rendered":"<p><a href=\"https:\/\/agora.xtec.cat\/ceipbalmes\/wp-content\/uploads\/usu527\/2022\/11\/ED.png\"><\/a><br \/>\nEls objectius de l&#8217;EDC es poden agrupar en cinc \u00e0mbits, que tenen com a fita el m\u00e0xim assoliment de la compet\u00e8ncia digital de l\u2019alumnat, del professorat i del centre:<br \/>\n&#8211; Assoliment de la compet\u00e8ncia digital<br \/>\n&#8211; Planificaci\u00f3 estrat\u00e8gica i organitzaci\u00f3<br \/>\n&#8211; Metodologies did\u00e0ctiques i innovaci\u00f3<br \/>\n&#8211; Inclusi\u00f3 digital&hellip;  <a href=\"https:\/\/agora.xtec.cat\/ceipbalmes\/estrategia-digital-de-centre-2\/pla-estrategic-digital\/objectius\/\" title=\"Read Objectius\">Llegeix m\u00e9s\u00bb<\/a><\/p>\n","protected":false},"author":26,"featured_media":0,"parent":2136,"menu_order":1,"comment_status":"closed","ping_status":"closed","template":"page-templates\/side-menu.php","meta":{"_bbp_topic_count":0,"_bbp_reply_count":0,"_bbp_total_topic_count":0,"_bbp_total_reply_count":0,"_bbp_voice_count":0,"_bbp_anonymous_reply_count":0,"_bbp_topic_count_hidden":0,"_bbp_reply_count_hidden":0,"_bbp_forum_subforum_count":0,"footnotes":""},"class_list":["post-2143","page","type-page","status-publish","hentry"],"post_mailing_queue_ids":[],"_links":{"self":[{"href":"https:\/\/agora.xtec.cat\/ceipbalmes\/wp-json\/wp\/v2\/pages\/2143","targetHints":{"allow":["GET"]}}],"collection":[{"href":"https:\/\/agora.xtec.cat\/ceipbalmes\/wp-json\/wp\/v2\/pages"}],"about":[{"href":"https:\/\/agora.xtec.cat\/ceipbalmes\/wp-json\/wp\/v2\/types\/page"}],"author":[{"embeddable":true,"href":"https:\/\/agora.xtec.cat\/ceipbalmes\/wp-json\/wp\/v2\/users\/26"}],"replies":[{"embeddable":true,"href":"https:\/\/agora.xtec.cat\/ceipbalmes\/wp-json\/wp\/v2\/comments?post=2143"}],"version-history":[{"count":4,"href":"https:\/\/agora.xtec.cat\/ceipbalmes\/wp-json\/wp\/v2\/pages\/2143\/revisions"}],"predecessor-version":[{"id":2318,"href":"https:\/\/agora.xtec.cat\/ceipbalmes\/wp-json\/wp\/v2\/pages\/2143\/revisions\/2318"}],"up":[{"embeddable":true,"href":"https:\/\/agora.xtec.cat\/ceipbalmes\/wp-json\/wp\/v2\/pages\/2136"}],"wp:attachment":[{"href":"https:\/\/agora.xtec.cat\/ceipbalmes\/wp-json\/wp\/v2\/media?parent=2143"}],"curies":[{"name":"wp","href":"https:\/\/api.w.org\/{rel}","templated":true}]}}