{"id":1736,"date":"2021-11-08T13:39:00","date_gmt":"2021-11-08T12:39:00","guid":{"rendered":"https:\/\/agora.xtec.cat\/ceipbalmes\/?page_id=1736"},"modified":"2024-09-09T13:49:47","modified_gmt":"2024-09-09T11:49:47","slug":"quota-material-llibres","status":"publish","type":"page","link":"https:\/\/agora.xtec.cat\/ceipbalmes\/lescola\/quota-material-llibres\/","title":{"rendered":"Quota Material\/Llibres"},"content":{"rendered":"<p><span style=\"text-decoration: underline;\"><strong>QUOTA D\u2019ESCOLA<\/strong><\/span><\/p>\n<ul style=\"list-style-type: circle;\">\n<li>Aquesta quota cobreix les despeses referents a material i equipaments pel curs 2024-25.<\/li>\n<li>La quota d\u2019escola per aquest curs aprovada pel Consell Escolar \u00e9s de <strong>80\u20ac.<\/strong><\/li>\n<li>Els termini de finalitzaci\u00f3 del pagament d\u2019aquesta \u00e9s a <span style=\"text-decoration: underline;\">finals de novembre<\/span>. Cal fer el pagament a trav\u00e9s de l\u2019aplicaci\u00f3 TPV Escola.<\/li>\n<\/ul>\n<p>&nbsp;<\/p>\n<p><span style=\"text-decoration: underline;\"><strong>SORTIDES<\/strong><\/span><\/p>\n<ul style=\"list-style-type: circle;\">\n<li>Cada tutor\/a us informar\u00e0 de les sortides i activitats que es realitzin al cicle al llarg del curs. Cada trimestre hi ha, com a m\u00ednim, una. Cal signar una autoritzaci\u00f3 per a que el vostre nen\/a pugui participar a les sortides, mitjan\u00e7ant l\u2019aplicaci\u00f3 del TPV.<\/li>\n<\/ul>\n<p>&nbsp;<\/p>\n<p><span style=\"text-decoration: underline;\"><strong>PAGAMENTS<\/strong><\/span><\/p>\n<ul style=\"list-style-type: circle;\">\n<li>Aquest curs tots els pagaments s\u2019hauran de fer a trav\u00e9s de l\u2019aplicaci\u00f3 TPVEscola.<\/li>\n<li>Les fam\u00edlies que tinguin dificultats per a fer el pagament, cal que passin per Direcci\u00f3. Es poden fer pagaments fraccionats previ acord amb l\u2019equip directiu.<\/li>\n<\/ul>\n","protected":false},"excerpt":{"rendered":"<p>QUOTA D\u2019ESCOLA<\/p>\n<ul style=\"list-style-type: circle;\">\n<li>Aquesta quota cobreix les despeses referents a material i equipaments pel curs 2024-25.<\/li>\n<li>La quota d\u2019escola per aquest curs aprovada pel Consell Escolar \u00e9s de 80\u20ac.<\/li>\n<li>Els termini de finalitzaci\u00f3 del pagament d\u2019aquesta \u00e9s a finals de novembre. Cal fer el pagament a trav\u00e9s&hellip;  <a href=\"https:\/\/agora.xtec.cat\/ceipbalmes\/lescola\/quota-material-llibres\/\" title=\"Read Quota Material\/Llibres\">Llegeix m\u00e9s\u00bb<\/a><br \/>\n","protected":false},"author":27,"featured_media":0,"parent":22,"menu_order":6,"comment_status":"closed","ping_status":"closed","template":"","meta":{"_bbp_topic_count":0,"_bbp_reply_count":0,"_bbp_total_topic_count":0,"_bbp_total_reply_count":0,"_bbp_voice_count":0,"_bbp_anonymous_reply_count":0,"_bbp_topic_count_hidden":0,"_bbp_reply_count_hidden":0,"_bbp_forum_subforum_count":0,"footnotes":""},"class_list":["post-1736","page","type-page","status-publish","hentry"],"post_mailing_queue_ids":[],"_links":{"self":[{"href":"https:\/\/agora.xtec.cat\/ceipbalmes\/wp-json\/wp\/v2\/pages\/1736","targetHints":{"allow":["GET"]}}],"collection":[{"href":"https:\/\/agora.xtec.cat\/ceipbalmes\/wp-json\/wp\/v2\/pages"}],"about":[{"href":"https:\/\/agora.xtec.cat\/ceipbalmes\/wp-json\/wp\/v2\/types\/page"}],"author":[{"embeddable":true,"href":"https:\/\/agora.xtec.cat\/ceipbalmes\/wp-json\/wp\/v2\/users\/27"}],"replies":[{"embeddable":true,"href":"https:\/\/agora.xtec.cat\/ceipbalmes\/wp-json\/wp\/v2\/comments?post=1736"}],"version-history":[{"count":5,"href":"https:\/\/agora.xtec.cat\/ceipbalmes\/wp-json\/wp\/v2\/pages\/1736\/revisions"}],"predecessor-version":[{"id":2578,"href":"https:\/\/agora.xtec.cat\/ceipbalmes\/wp-json\/wp\/v2\/pages\/1736\/revisions\/2578"}],"up":[{"embeddable":true,"href":"https:\/\/agora.xtec.cat\/ceipbalmes\/wp-json\/wp\/v2\/pages\/22"}],"wp:attachment":[{"href":"https:\/\/agora.xtec.cat\/ceipbalmes\/wp-json\/wp\/v2\/media?parent=1736"}],"curies":[{"name":"wp","href":"https:\/\/api.w.org\/{rel}","templated":true}]}}