{"id":1732,"date":"2021-11-08T13:37:44","date_gmt":"2021-11-08T12:37:44","guid":{"rendered":"https:\/\/agora.xtec.cat\/ceipbalmes\/?page_id=1732"},"modified":"2024-02-23T10:18:22","modified_gmt":"2024-02-23T09:18:22","slug":"consell-escolar","status":"publish","type":"page","link":"https:\/\/agora.xtec.cat\/ceipbalmes\/lescola\/consell-escolar\/","title":{"rendered":"Consell Escolar"},"content":{"rendered":"<header>\n<p style=\"text-align: justify;\"><span style=\"font-family: arial, helvetica, sans-serif; font-size: 12pt; font-weight: normal;\">El Consell Escolar del Centre (CEC) \u00e9s un \u00f2rgan de govern col\u00b7legiat on es troba representat tota la comunitat educativa. \u00c9s un \u00f2rgan de decisi\u00f3 i participaci\u00f3 que juga un paper important en el funcionament del centre.<\/span><\/p>\n<\/header>\n<div>\n<p style=\"text-align: justify;\"><span style=\"font-family: arial, helvetica, sans-serif; font-size: 12pt;\">El consell escolar dels centres docents p\u00fablics est\u00e0 format per:<\/span><\/p>\n<ul style=\"list-style-type: circle;\">\n<li style=\"text-align: justify;\"><span style=\"font-family: arial, helvetica, sans-serif; font-size: 12pt;\">El director\/a de l\u2019escola (que n\u2019\u00e9s el president\/a): <strong>Ramon R. Comella <\/strong><\/span><\/li>\n<li style=\"text-align: justify;\"><span style=\"font-family: arial, helvetica, sans-serif; font-size: 12pt;\">El\/la cap d\u2019estudis: <strong>Jos\u00e9 Segura\u00a0<\/strong><\/span><\/li>\n<li style=\"text-align: justify;\"><span style=\"font-family: arial, helvetica, sans-serif; font-size: 12pt;\">El\/la secretari\/\u00e0ria (amb veu i sense vot):<strong> Bego Benitez<\/strong><\/span><\/li>\n<li style=\"text-align: justify;\"><span style=\"font-family: arial, helvetica, sans-serif; font-size: 12pt;\">Un\/una representant de l\u2019ajuntament: <strong>Al\u00edcia P\u00e9rez<\/strong><\/span><\/li>\n<li style=\"text-align: justify;\"><span style=\"font-family: arial, helvetica, sans-serif; font-size: 12pt;\">Un\/una representant del PAS (personal d\u2019administraci\u00f3 i serveis): <strong>Alba Fontanet<\/strong><\/span><\/li>\n<li style=\"text-align: justify;\"><span style=\"font-family: arial, helvetica, sans-serif; font-size: 12pt;\">Un\/una representant de l\u2019AMPA:\u00a0<\/span><\/li>\n<li style=\"text-align: justify;\"><span style=\"font-family: arial, helvetica, sans-serif; font-size: 12pt;\">Sis mestres o professors elegits pel claustre: <strong>Gisela Costa, Georgina Botinas, Jordi Guix\u00e9, Robert Montal\u00e1, Carme Garrido.\u00a0<\/strong><\/span><\/li>\n<li style=\"text-align: justify;\"><span style=\"font-family: arial, helvetica, sans-serif; font-size: 12pt;\">Cinc pares o mares d\u2019alumnes i de l\u2019alumnat: <strong>Raquel Cebri\u00e1n, Maria Bel\u00e9n Simarro, Cristina Jim\u00e9nez, Montse Casanovas i Carles Garrido.\u00a0<\/strong><\/span><\/li>\n<\/ul>\n<p>&nbsp;<\/p>\n<table style=\"width: 100%; border-collapse: collapse; background-color: #d5d966; border-color: #030303;\">\n<tbody>\n<tr>\n<td style=\"width: 100%; text-align: center;\"><strong><span style=\"font-family: arial, helvetica, sans-serif; font-size: 12pt;\">Compet\u00e8ncies del CEC<\/span><\/strong><\/td>\n<\/tr>\n<tr>\n<td style=\"width: 100%;\">\n<ol>\n<li><span style=\"font-family: arial, helvetica, sans-serif; font-size: 10pt;\">Formular propostes a l\u2019equip directiu sobre la programaci\u00f3 anual del centre i\u00a0 aprovar el projecte educatiu, sens perjudici de les compet\u00e8ncies del claustre en relaci\u00f3 amb la plani\ufb01caci\u00f3 i l\u2019organitzaci\u00f3 docent.<\/span><\/li>\n<li><span style=\"font-family: arial, helvetica, sans-serif; font-size: 10pt;\">Elaborar informes, a petici\u00f3 de l\u2019administraci\u00f3 competent, sobre el funcionament\u00a0 del centre i sobre aquells altres aspectes relacionats amb la seva activitat<\/span><\/li>\n<li><span style=\"font-family: arial, helvetica, sans-serif; font-size: 10pt;\">Participar en el proc\u00e9s d\u2019admissi\u00f3 d\u2019alumnes i vetllar per a que es realitzi segons marca la llei.<\/span><\/li>\n<li><span style=\"font-family: arial, helvetica, sans-serif; font-size: 10pt;\">Aprovar el reglament de regim intern del centre<\/span><\/li>\n<li><span style=\"font-family: arial, helvetica, sans-serif; font-size: 10pt;\">Con\u00e8ixer la resoluci\u00f3 de con\ufb02ictes disciplinaris i la imposici\u00f3 de sancions i vetllar perqu\u00e8 s\u2019atenguin a la llei vigent. Quan les mesures disciplin\u00e0ries adoptades pel director corresponguin a conductes de l\u2019alumnat que perjudiquin greument la <\/span><span style=\"font-family: arial, helvetica, sans-serif; font-size: 10pt;\">conviv\u00e8ncia del centre, el consell escolar, a inst\u00e0ncia de pares o tutors, pot revisar <\/span><span style=\"font-family: arial, helvetica, sans-serif; font-size: 10pt;\">la decisi\u00f3 adoptada i proposar, si s\u2019escau, les mesures oportunes.<\/span><\/li>\n<li><span style=\"font-family: arial, helvetica, sans-serif; font-size: 10pt;\">Aprovar el projecte de pressupost del centre i la seva liquidaci\u00f3.<\/span><\/li>\n<li><span style=\"font-family: arial, helvetica, sans-serif; font-size: 10pt;\">Promoure la conservaci\u00f3 i renovaci\u00f3 de les instal\u00b7lacions i equip escolar i aprovar l\u2019obtenci\u00f3 de recursos complementaris d\u2019acord amb el que estableix l\u2019article 122.3.<\/span><\/li>\n<li><span style=\"font-family: arial, helvetica, sans-serif; font-size: 10pt;\">Proposar les directrius per a la col\u00b7laboraci\u00f3, amb \ufb01nalitats educatives i culturals,\u00a0 amb altres centres, entitats i organismes.<\/span><\/li>\n<li><span style=\"font-family: arial, helvetica, sans-serif; font-size: 10pt;\">Analitzar i valorar el funcionament general del centre, la evoluci\u00f3 del rendiment\u00a0 escolar i els resultats de l\u2019avaluaci\u00f3 del centre que faci l\u2019administraci\u00f3 educativa.<\/span><\/li>\n<li><span style=\"font-family: arial, helvetica, sans-serif; font-size: 10pt;\">Participar en la selecci\u00f3 del director del centre en els termes que estableix aquesta Llei. Ser informat del nomenament i cessament dels altres membres de l\u2019equip\u00a0 directiu. Si s\u2019escau, amb l\u2019acord previ dels seus membres, adoptat per majoria de\u00a0 dos ter\u00e7os, proposar la revocaci\u00f3 del nomenament del director.<\/span><\/li>\n<li><span style=\"font-family: arial, helvetica, sans-serif; font-size: 10pt;\">Proposar mesures i iniciatives que afavoreixin la conviv\u00e8ncia en el centre la igualtat\u00a0 entre homes i dones i la resoluci\u00f3 pac\u00ed\ufb01ca de con\ufb02ictes en tots els \u00e0mbits de la vida\u00a0 personal, familiar i social.<\/span><\/li>\n<li><span style=\"font-family: arial, helvetica, sans-serif; font-size: 10pt;\">Qualsevol altra que li sigui atorgada per l\u2019administraci\u00f3 educativa<\/span><\/li>\n<li><span style=\"font-family: arial, helvetica, sans-serif; font-size: 10pt;\">L\u2019establiment del nombre total de representants de cada sector en el consell\u00a0 escolar, tot respectant els criteris generals.<\/span><\/li>\n<li><span style=\"font-family: arial, helvetica, sans-serif; font-size: 10pt;\">Elecci\u00f3 dels representants, un d\u2019entre els quals haur\u00e0 de ser del sector dels pares i mares, per a la nova comissi\u00f3 de selecci\u00f3 de director<\/span><\/li>\n<li>Els consells escolars de centre podran establir convenis de col\u00b7laboraci\u00f3 amb associacions culturals o entitats sense \u00e0nim de lucre per al desplegament d\u2019activitats extraescolars i complement\u00e0ries, en virtut d\u2019all\u00f2 que disposin les Administracions\u00a0 educatives.<\/li>\n<\/ol>\n<\/td>\n<\/tr>\n<\/tbody>\n<\/table>\n<p style=\"text-align: justify;\">\n<\/div>\n","protected":false},"excerpt":{"rendered":"<p>El Consell Escolar del Centre (CEC) \u00e9s un \u00f2rgan de govern col\u00b7legiat on es troba representat tota la comunitat educativa. \u00c9s un \u00f2rgan de decisi\u00f3 i participaci\u00f3 que juga un paper important en el funcionament del centre.<\/p>\n<p>El consell escolar dels centres docents p\u00fablics est\u00e0 format&hellip;  <a href=\"https:\/\/agora.xtec.cat\/ceipbalmes\/lescola\/consell-escolar\/\" title=\"Read Consell Escolar\">Llegeix m\u00e9s\u00bb<\/a><\/p>\n","protected":false},"author":27,"featured_media":0,"parent":22,"menu_order":5,"comment_status":"closed","ping_status":"closed","template":"","meta":{"_bbp_topic_count":0,"_bbp_reply_count":0,"_bbp_total_topic_count":0,"_bbp_total_reply_count":0,"_bbp_voice_count":0,"_bbp_anonymous_reply_count":0,"_bbp_topic_count_hidden":0,"_bbp_reply_count_hidden":0,"_bbp_forum_subforum_count":0,"footnotes":""},"class_list":["post-1732","page","type-page","status-publish","hentry"],"post_mailing_queue_ids":[],"_links":{"self":[{"href":"https:\/\/agora.xtec.cat\/ceipbalmes\/wp-json\/wp\/v2\/pages\/1732","targetHints":{"allow":["GET"]}}],"collection":[{"href":"https:\/\/agora.xtec.cat\/ceipbalmes\/wp-json\/wp\/v2\/pages"}],"about":[{"href":"https:\/\/agora.xtec.cat\/ceipbalmes\/wp-json\/wp\/v2\/types\/page"}],"author":[{"embeddable":true,"href":"https:\/\/agora.xtec.cat\/ceipbalmes\/wp-json\/wp\/v2\/users\/27"}],"replies":[{"embeddable":true,"href":"https:\/\/agora.xtec.cat\/ceipbalmes\/wp-json\/wp\/v2\/comments?post=1732"}],"version-history":[{"count":5,"href":"https:\/\/agora.xtec.cat\/ceipbalmes\/wp-json\/wp\/v2\/pages\/1732\/revisions"}],"predecessor-version":[{"id":2434,"href":"https:\/\/agora.xtec.cat\/ceipbalmes\/wp-json\/wp\/v2\/pages\/1732\/revisions\/2434"}],"up":[{"embeddable":true,"href":"https:\/\/agora.xtec.cat\/ceipbalmes\/wp-json\/wp\/v2\/pages\/22"}],"wp:attachment":[{"href":"https:\/\/agora.xtec.cat\/ceipbalmes\/wp-json\/wp\/v2\/media?parent=1732"}],"curies":[{"name":"wp","href":"https:\/\/api.w.org\/{rel}","templated":true}]}}