{"id":1727,"date":"2021-11-08T13:32:23","date_gmt":"2021-11-08T12:32:23","guid":{"rendered":"https:\/\/agora.xtec.cat\/ceipbalmes\/?page_id=1727"},"modified":"2024-02-23T10:14:44","modified_gmt":"2024-02-23T09:14:44","slug":"historia","status":"publish","type":"page","link":"https:\/\/agora.xtec.cat\/ceipbalmes\/lescola\/historia\/","title":{"rendered":"Hist\u00f2ria"},"content":{"rendered":"<p style=\"text-align: justify;\"><span style=\"font-weight: 400;\">L\u2019Escola Jaume Balmes es va fundar l\u2019any 1975, el dia 13 de gener, com a resultat de fusionar en un \u00fanic centre les diferents escoles unit\u00e0ries que existien als diferents nuclis de la poblaci\u00f3, antigues col\u00f2nies t\u00e8xtils. \u00c9s per aquest motiu que el seu nom primer fou Escoles P\u00fabliques Jaume Balmes.<\/span><\/p>\n<p style=\"text-align: justify;\"><span style=\"font-weight: 400;\">Actualment \u00e9s un centre p\u00fablic depenent del Departament d\u2019Ensenyament de la Generalitat de Catalunya. Els alumnes escolaritzats s\u00f3n del municipi de Castellbell i el Vilar i del municipi de Marganell (que no t\u00e9 escola pr\u00f2pia). \u00c9s l\u2019\u00fanica escola que hi ha al poble.<\/span><\/p>\n<p style=\"text-align: justify;\"><span style=\"font-weight: 400;\">L\u2019escola ofereix ensenyaments d\u2019Educaci\u00f3 Infantil i Prim\u00e0ria. Hi ha dos centres adscrits: la Llar d\u2019Infants Municipal \u201cEls Colors\u201d i la Secci\u00f3 d\u2019Institut \u201cBages Sud\u201d. Amb ambd\u00f3s centres educatius existeix una coordinaci\u00f3 pedag\u00f2gica per garantir una bona continu\u00eftat de tota\u00a0 l\u2019escolaritzaci\u00f3.<\/span><\/p>\n<p style=\"text-align: justify;\"><span style=\"font-weight: 400;\">Castellbell i el Vilar t\u00e9 una poblaci\u00f3 repartida en sis barris: La Bauma, El Borr\u00e0s, El Bur\u00e9s, Sant Crist\u00f2fol, el Vilar i la Riereta. Tamb\u00e9 hi ha urbanitzacions situades a prop de la Bauma i Sant Crist\u00f2fol que han esdevingut de primera resid\u00e8ncia. Per aquest motiu la poblaci\u00f3 \u00e9s molt dispersa i allunyada del nucli urb\u00e0 i el centre disposa de transport escolar gratu\u00eft, subvencionat per l\u2019Ajuntament i el Consell Comarcal del Bages. Aix\u00f2 comporta una poblaci\u00f3 escolar molt heterog\u00e8nia.\u00a0<\/span><\/p>\n<p style=\"text-align: justify;\"><span style=\"font-weight: 400;\">Gaireb\u00e9 tots els equipaments es troben al barri del Borr\u00e0s: Ajuntament, CAP, Correus, poliesportiu, camp de futbol, piscina, teatre, llar d\u2019avis, llar d\u2019infants, Secci\u00f3 d\u2019Institut, Escola, entre d\u2019altres institucions.<\/span><\/p>\n","protected":false},"excerpt":{"rendered":"<p>L\u2019Escola Jaume Balmes es va fundar l\u2019any 1975, el dia 13 de gener, com a resultat de fusionar en un \u00fanic centre les diferents escoles unit\u00e0ries que existien als diferents nuclis de la poblaci\u00f3, antigues col\u00f2nies t\u00e8xtils. \u00c9s per aquest motiu que el seu nom&hellip;  <a href=\"https:\/\/agora.xtec.cat\/ceipbalmes\/lescola\/historia\/\" title=\"Read Hist\u00f2ria\">Llegeix m\u00e9s\u00bb<\/a><\/p>\n","protected":false},"author":31,"featured_media":0,"parent":22,"menu_order":1,"comment_status":"closed","ping_status":"closed","template":"","meta":{"_bbp_topic_count":0,"_bbp_reply_count":0,"_bbp_total_topic_count":0,"_bbp_total_reply_count":0,"_bbp_voice_count":0,"_bbp_anonymous_reply_count":0,"_bbp_topic_count_hidden":0,"_bbp_reply_count_hidden":0,"_bbp_forum_subforum_count":0,"footnotes":""},"class_list":["post-1727","page","type-page","status-publish","hentry"],"post_mailing_queue_ids":[],"_links":{"self":[{"href":"https:\/\/agora.xtec.cat\/ceipbalmes\/wp-json\/wp\/v2\/pages\/1727","targetHints":{"allow":["GET"]}}],"collection":[{"href":"https:\/\/agora.xtec.cat\/ceipbalmes\/wp-json\/wp\/v2\/pages"}],"about":[{"href":"https:\/\/agora.xtec.cat\/ceipbalmes\/wp-json\/wp\/v2\/types\/page"}],"author":[{"embeddable":true,"href":"https:\/\/agora.xtec.cat\/ceipbalmes\/wp-json\/wp\/v2\/users\/31"}],"replies":[{"embeddable":true,"href":"https:\/\/agora.xtec.cat\/ceipbalmes\/wp-json\/wp\/v2\/comments?post=1727"}],"version-history":[{"count":2,"href":"https:\/\/agora.xtec.cat\/ceipbalmes\/wp-json\/wp\/v2\/pages\/1727\/revisions"}],"predecessor-version":[{"id":1783,"href":"https:\/\/agora.xtec.cat\/ceipbalmes\/wp-json\/wp\/v2\/pages\/1727\/revisions\/1783"}],"up":[{"embeddable":true,"href":"https:\/\/agora.xtec.cat\/ceipbalmes\/wp-json\/wp\/v2\/pages\/22"}],"wp:attachment":[{"href":"https:\/\/agora.xtec.cat\/ceipbalmes\/wp-json\/wp\/v2\/media?parent=1727"}],"curies":[{"name":"wp","href":"https:\/\/api.w.org\/{rel}","templated":true}]}}