{"id":4415,"date":"2021-01-27T06:50:25","date_gmt":"2021-01-27T05:50:25","guid":{"rendered":"http:\/\/agora.xtec.cat\/ceiparquitectegaudi\/?page_id=4415"},"modified":"2024-03-02T19:41:50","modified_gmt":"2024-03-02T18:41:50","slug":"comunitat-tortugues-de-la-sagrada-familia","status":"publish","type":"page","link":"https:\/\/agora.xtec.cat\/ceiparquitectegaudi\/lescola\/projecte-educatiu\/comunitat-tortugues-de-la-sagrada-familia\/","title":{"rendered":"Comunitat de Tortugues"},"content":{"rendered":"<p><span style=\"font-weight: 400;\"><img loading=\"lazy\" decoding=\"async\" class=\"wp-image-4612 alignleft\" src=\"https:\/\/agora.xtec.cat\/ceiparquitectegaudi\/wp-content\/uploads\/usu1602\/2021\/02\/Disen\u0303o-sin-ti\u0301tulo-2-724x1024.png\" alt=\"\" width=\"83\" height=\"117\" srcset=\"https:\/\/agora.xtec.cat\/ceiparquitectegaudi\/wp-content\/uploads\/usu1602\/2021\/02\/Disen\u0303o-sin-ti\u0301tulo-2-724x1024.png 724w, https:\/\/agora.xtec.cat\/ceiparquitectegaudi\/wp-content\/uploads\/usu1602\/2021\/02\/Disen\u0303o-sin-ti\u0301tulo-2-212x300.png 212w, https:\/\/agora.xtec.cat\/ceiparquitectegaudi\/wp-content\/uploads\/usu1602\/2021\/02\/Disen\u0303o-sin-ti\u0301tulo-2-768x1086.png 768w, https:\/\/agora.xtec.cat\/ceiparquitectegaudi\/wp-content\/uploads\/usu1602\/2021\/02\/Disen\u0303o-sin-ti\u0301tulo-2.png 1587w\" sizes=\"auto, (max-width: 83px) 100vw, 83px\" \/>La comunitat de les Tortugues de la Sagrada Fam\u00edlia est\u00e0 formada pels infants de 4t, 5\u00e8 i 6\u00e8 de Prim\u00e0ria, les mestres i les seves fam\u00edlies.\u00a0<\/span><\/p>\n<p><span style=\"font-weight: 400;\">Dividim l\u2019horari en tres franges hor\u00e0ries (9 a 10:30, 11 a 12:30 i 15 a 16:30h ), d\u2019aquesta manera afavorim la relaci\u00f3 entre les diferents \u00e0rees del curr\u00edculum.<\/span><\/p>\n<p><span style=\"font-weight: 400;\">Tamb\u00e9 hem introdu\u00eft les <strong>situacions d&#8217;aprenentatge<\/strong><\/span><span style=\"font-weight: 400;\">\u00a0per interrelacionar l\u2019\u00e0mbit de coneixement del medi amb la compet\u00e8ncia ling\u00fc\u00edstica,\u00a0 <\/span><span style=\"font-weight: 400;\">donant gran rellev\u00e0ncia al treball cooperatiu.\u00a0 Els\u00a0projectes sorgeixen de les propostes dels alumnes i estan relacionats amb els continguts del curr\u00edculum. De forma conjunta s\u2019elaboren preguntes o hip\u00f2tesis, es prenen decisions sobre el repartiment de tasques i es posa en com\u00fa el resultat de les tasques individuals i s\u2019elabora col\u00b7lectivament el resultat.\u00a0<\/span><\/p>\n<p><span style=\"font-weight: 400;\">Introdu\u00efm aspectes d\u2019<\/span><b>experimentaci\u00f3<\/b><span style=\"font-weight: 400;\"> i <\/span><b>gamificaci\u00f3<\/b><span style=\"font-weight: 400;\"> per motivar i afavorir la participaci\u00f3 dels nostres alumnes i l\u2019\u00fas de les TAC esdevenen clau en la presentaci\u00f3 de les propostes. <\/span><span style=\"font-weight: 400;\">El treball per projectes amb els alumnes m\u00e9s grans del centre tamb\u00e9 els permet guanyar autonomia i activa estrat\u00e8gies que els ajuden a cr\u00e9ixer de forma integral:\u00a0\u00a0<\/span><\/p>\n<ul>\n<li style=\"list-style-type: none;\">\n<ul>\n<li style=\"list-style-type: none;\">\n<ul>\n<li style=\"font-weight: 400;\" aria-level=\"1\"><span style=\"font-weight: 400;\">Aprendre a prendre decisions: proposar, argumentar, triar\u2026<\/span><\/li>\n<li style=\"font-weight: 400;\" aria-level=\"1\"><span style=\"font-weight: 400;\">Tractar la informaci\u00f3: cercar-la, organitzar-la, interpretar-la, assimilar-la, judicar-la\u2026<\/span><\/li>\n<li style=\"font-weight: 400;\" aria-level=\"1\"><span style=\"font-weight: 400;\">Transmetre la informaci\u00f3: comunicar-la, fer-la comprensible, compartir-la, elaborar-la\u2026<\/span><\/li>\n<li style=\"font-weight: 400;\" aria-level=\"1\"><span style=\"font-weight: 400;\">Avaluar els aprenentatges: ser conscients del que sabem, del que ignorem, quines dificultats ens hem trobat&#8230;<\/span><\/li>\n<\/ul>\n<\/li>\n<\/ul>\n<\/li>\n<\/ul>\n\r\n\t<div class=\"slideshow_container slideshow_container_style-light\" style=\"height: 250px; \" data-slideshow-id=\"4619\" data-style-name=\"style-light\" data-style-version=\"2.3.1\" >\r\n\r\n\t\t\t\t\t<div class=\"slideshow_loading_icon\"><\/div>\r\n\t\t\r\n\t\t<div class=\"slideshow_content\" style=\"display: none;\">\r\n\r\n\t\t\t<div class=\"slideshow_view\">\r\n\t\t\t\t<div class=\"slideshow_slide slideshow_slide_image\">\r\n\t\t\t\t\t\t\t\t\t\t\t<img src=\"https:\/\/agora.xtec.cat\/ceiparquitectegaudi\/wp-content\/uploads\/usu1602\/2021\/02\/WhatsApp-Image-2020-10-22-at-17.35.34-1024x768.jpeg\" alt=\"WhatsApp-Image-2020-10-22-at-17.35.34-1024x768\" width=\"1024\" height=\"768\" \/>\r\n\t\t\t\t\t\t\t\t\t\t<div class=\"slideshow_description_box slideshow_transparent\">\r\n\t\t\t\t\t\t<div class=\"slideshow_title\">WhatsApp-Image-2020-10-22-at-17.35.34-1024x768<\/div>\t\t\t\t\t\t\t\t\t\t\t<\/div>\r\n\t\t\t\t<\/div>\r\n\r\n\t\t\t\t\t\t<div style=\"clear: both;\"><\/div><\/div><div class=\"slideshow_view\">\r\n\t\t\t\t<div class=\"slideshow_slide slideshow_slide_image\">\r\n\t\t\t\t\t\t\t\t\t\t\t<img src=\"https:\/\/agora.xtec.cat\/ceiparquitectegaudi\/wp-content\/uploads\/usu1602\/2021\/02\/WhatsApp-Image-2020-10-22-at-17.35.01-1024x768.jpeg\" alt=\"WhatsApp-Image-2020-10-22-at-17.35.01-1024x768\" width=\"1024\" height=\"768\" \/>\r\n\t\t\t\t\t\t\t\t\t\t<div class=\"slideshow_description_box slideshow_transparent\">\r\n\t\t\t\t\t\t<div class=\"slideshow_title\">WhatsApp-Image-2020-10-22-at-17.35.01-1024x768<\/div>\t\t\t\t\t\t\t\t\t\t\t<\/div>\r\n\t\t\t\t<\/div>\r\n\r\n\t\t\t\t\t\t<div style=\"clear: both;\"><\/div><\/div><div class=\"slideshow_view\">\r\n\t\t\t\t<div class=\"slideshow_slide slideshow_slide_image\">\r\n\t\t\t\t\t\t\t\t\t\t\t<img src=\"https:\/\/agora.xtec.cat\/ceiparquitectegaudi\/wp-content\/uploads\/usu1602\/2021\/02\/IMG-20210125-WA0019.jpg\" alt=\"IMG-20210125-WA0019\" width=\"1024\" height=\"768\" \/>\r\n\t\t\t\t\t\t\t\t\t\t<div class=\"slideshow_description_box slideshow_transparent\">\r\n\t\t\t\t\t\t<div class=\"slideshow_title\">IMG-20210125-WA0019<\/div>\t\t\t\t\t\t\t\t\t\t\t<\/div>\r\n\t\t\t\t<\/div>\r\n\r\n\t\t\t\t\t\t<div style=\"clear: both;\"><\/div><\/div><div class=\"slideshow_view\">\r\n\t\t\t\t<div class=\"slideshow_slide slideshow_slide_image\">\r\n\t\t\t\t\t\t\t\t\t\t\t<img src=\"https:\/\/agora.xtec.cat\/ceiparquitectegaudi\/wp-content\/uploads\/usu1602\/2021\/02\/20210125_121225.jpg\" alt=\"20210125_121225\" width=\"1009\" height=\"714\" \/>\r\n\t\t\t\t\t\t\t\t\t\t<div class=\"slideshow_description_box slideshow_transparent\">\r\n\t\t\t\t\t\t<div class=\"slideshow_title\">20210125_121225<\/div>\t\t\t\t\t\t\t\t\t\t\t<\/div>\r\n\t\t\t\t<\/div>\r\n\r\n\t\t\t\t\t\t<div style=\"clear: both;\"><\/div><\/div>\r\n\t\t<\/div>\r\n\r\n\t\t<div class=\"slideshow_controlPanel slideshow_transparent\" style=\"display: none;\"><ul><li class=\"slideshow_togglePlay\" data-play-text=\"Visualitza\" data-pause-text=\"Pausa\"><\/li><\/ul><\/div>\r\n\r\n\t\t<div class=\"slideshow_button slideshow_previous slideshow_transparent\" role=\"button\" data-previous-text=\"Anterior\" style=\"display: none;\"><\/div>\r\n\t\t<div class=\"slideshow_button slideshow_next slideshow_transparent\" role=\"button\" data-next-text=\"Seg\u00fcent\" style=\"display: none;\"><\/div>\r\n\r\n\t\t<div class=\"slideshow_pagination\" style=\"display: none;\" data-go-to-text=\"V\u00e9s a la diapositiva\"><div class=\"slideshow_pagination_center\"><\/div><\/div>\r\n\r\n\t\t<!-- WordPress Slideshow Version 2.3.1 -->\r\n\r\n\t\t\t<\/div>\r\n\r\n\n<p><span style=\"font-weight: 400;\">Tot i aix\u00f2, mantenim algunes franges setmanals per treballar els <\/span><b>aspectes m\u00e9s sistem\u00e0tics de la llengua catalana<\/b><span style=\"font-weight: 400;\"> com ara la <\/span><b>comprensi\u00f3 lectora<\/b><span style=\"font-weight: 400;\"> i <\/span><b>l\u2019expressi\u00f3 escrita. <\/b><span style=\"font-weight: 400;\">Per millorar<img loading=\"lazy\" decoding=\"async\" class=\"wp-image-4628 alignright\" src=\"https:\/\/agora.xtec.cat\/ceiparquitectegaudi\/wp-content\/uploads\/usu1602\/2021\/02\/IMG_1913-e1612883096341.jpg\" alt=\"\" width=\"210\" height=\"157\" srcset=\"https:\/\/agora.xtec.cat\/ceiparquitectegaudi\/wp-content\/uploads\/usu1602\/2021\/02\/IMG_1913-e1612883096341.jpg 881w, https:\/\/agora.xtec.cat\/ceiparquitectegaudi\/wp-content\/uploads\/usu1602\/2021\/02\/IMG_1913-e1612883096341-300x225.jpg 300w, https:\/\/agora.xtec.cat\/ceiparquitectegaudi\/wp-content\/uploads\/usu1602\/2021\/02\/IMG_1913-e1612883096341-200x150.jpg 200w, https:\/\/agora.xtec.cat\/ceiparquitectegaudi\/wp-content\/uploads\/usu1602\/2021\/02\/IMG_1913-e1612883096341-768x576.jpg 768w\" sizes=\"auto, (max-width: 210px) 100vw, 210px\" \/>\u00a0l\u2019acompanyament durant la redacci\u00f3 de textos, treballem en grups redu\u00efts, d\u2019aquesta manera assegurem un millor acompanyament i detecci\u00f3 de necessitats.<\/span><\/p>\n<p><span style=\"font-weight: 400;\">L\u2019expressi\u00f3 en llengua catalana tamb\u00e9 \u00e9s un dels aspectes clau del nostre projecte. Incorporem sessions de <\/span><b>teatre i role-playing<\/b><span style=\"font-weight: 400;\"> per millorar la flu\u00efdesa verbal dels nostres alumnes.\u00a0<\/span><\/p>\n<p><span style=\"font-weight: 400;\"><img loading=\"lazy\" decoding=\"async\" class=\"wp-image-4369 alignleft\" src=\"https:\/\/agora.xtec.cat\/ceiparquitectegaudi\/wp-content\/uploads\/usu1602\/2021\/01\/IMG_7554-1024x768.jpg\" alt=\"\" width=\"220\" height=\"165\" srcset=\"https:\/\/agora.xtec.cat\/ceiparquitectegaudi\/wp-content\/uploads\/usu1602\/2021\/01\/IMG_7554-1024x768.jpg 1024w, https:\/\/agora.xtec.cat\/ceiparquitectegaudi\/wp-content\/uploads\/usu1602\/2021\/01\/IMG_7554-300x225.jpg 300w, https:\/\/agora.xtec.cat\/ceiparquitectegaudi\/wp-content\/uploads\/usu1602\/2021\/01\/IMG_7554-768x576.jpg 768w, https:\/\/agora.xtec.cat\/ceiparquitectegaudi\/wp-content\/uploads\/usu1602\/2021\/01\/IMG_7554-200x150.jpg 200w\" sizes=\"auto, (max-width: 220px) 100vw, 220px\" \/>A m\u00e9s, aquest curs incorporem el <\/span><b>projecte de matem\u00e0tiques manipulatives<\/b><span style=\"font-weight: 400;\"> a partir d\u2019Innovamat. La incorporaci\u00f3 d\u2019aquest material ens ha perm\u00e8s presentar els continguts i les destreses matem\u00e0tiques\u00a0 a trav\u00e9s de materials motivadors\u00a0 i recursos audiovisuals. L\u2019\u00fas de materials manipulatius i la conversa es converteixen en el millor punt de partides de totes les propostes. A m\u00e9s, disposa d\u2019una plataforma digital que ajuda a practicar de manera aut\u00f2noma i individualitzada els procediments constru\u00efts a l\u2019aula. Teniu m\u00e9s informaci\u00f3 sobre el projecte <\/span><a href=\"https:\/\/agora.xtec.cat\/ceiparquitectegaudi\/projectes\/matematiques-amb-innovamat\/\"><span style=\"font-weight: 400;\">AQU\u00cd<\/span><\/a><span style=\"font-weight: 400;\">. <\/span><\/p>\n<p><span style=\"font-weight: 400;\">Dediquem una altra franja del nostre horari a fer <\/span><b>tallers internivells.<\/b><span style=\"font-weight: 400;\"> En aquestes sessions es combinen propostes art\u00edstiques, creatives i musicals amb el taller<img loading=\"lazy\" decoding=\"async\" class=\"wp-image-4626 alignright\" src=\"https:\/\/agora.xtec.cat\/ceiparquitectegaudi\/wp-content\/uploads\/usu1602\/2021\/02\/taller-CS_4-1.jpg\" alt=\"\" width=\"179\" height=\"253\" srcset=\"https:\/\/agora.xtec.cat\/ceiparquitectegaudi\/wp-content\/uploads\/usu1602\/2021\/02\/taller-CS_4-1.jpg 522w, https:\/\/agora.xtec.cat\/ceiparquitectegaudi\/wp-content\/uploads\/usu1602\/2021\/02\/taller-CS_4-1-212x300.jpg 212w\" sizes=\"auto, (max-width: 179px) 100vw, 179px\" \/> d\u2019 <\/span><b>Arts &amp; Crafts<\/b><span style=\"font-weight: 400;\"> on introdu\u00efm l\u2019\u00fas de la llengua anglesa. Els darrers anys, hem fet tallers sobre dansa, diferents t\u00e8cniques pl\u00e0stiques, Stopmotion\u2026<\/span><\/p>\n<p><span style=\"font-weight: 400;\">Pel que fa a la <\/span><b>llengua anglesa<\/b><span style=\"font-weight: 400;\">, prioritzem les sessions en grups redu\u00efts a trav\u00e9s de tan significatives com sigui possible. <\/span><span style=\"font-weight: 400;\">Les mestres utilitzen <\/span><span style=\"font-weight: 400;\">jocs, flashcards, role plays, audicions,\u00a0 can\u00e7ons, di\u00e0legs, v\u00eddeos, representacions, hist\u00f2ries, lectures, tauletes i aplicacions digitals<\/span><span style=\"font-weight: 400;\"> engrescadores\u2026 La din\u00e0mica \u00e9s molt activa i participativa. A m\u00e9s a m\u00e9s, s&#8217;han posat en marxa unes motxilles viatgeres amb contingut en angl\u00e8s per treballar a casa anomenades <strong>&#8220;English Bags&#8221;<\/strong> on troben diferents recursos per fomentar la llengua des de casa.\u00a0<\/span><\/p>\n\r\n\t<div class=\"slideshow_container slideshow_container_style-light\" style=\"height: 400px; \" data-slideshow-id=\"6369\" data-style-name=\"style-light\" data-style-version=\"2.3.1\" >\r\n\r\n\t\t\t\t\t<div class=\"slideshow_loading_icon\"><\/div>\r\n\t\t\r\n\t\t<div class=\"slideshow_content\" style=\"display: none;\">\r\n\r\n\t\t\t<div class=\"slideshow_view\">\r\n\t\t\t\t<div class=\"slideshow_slide slideshow_slide_image\">\r\n\t\t\t\t\t\t\t\t\t\t\t<img src=\"https:\/\/agora.xtec.cat\/ceiparquitectegaudi\/wp-content\/uploads\/usu1602\/2023\/02\/20221007_114938-rotated.jpg\" alt=\"20221007_114938\" width=\"768\" height=\"1024\" \/>\r\n\t\t\t\t\t\t\t\t\t\t<div class=\"slideshow_description_box slideshow_transparent\">\r\n\t\t\t\t\t\t<div class=\"slideshow_title\">20221007_114938<\/div>\t\t\t\t\t\t\t\t\t\t\t<\/div>\r\n\t\t\t\t<\/div>\r\n\r\n\t\t\t\t\t\t<div style=\"clear: both;\"><\/div><\/div><div class=\"slideshow_view\">\r\n\t\t\t\t<div class=\"slideshow_slide slideshow_slide_image\">\r\n\t\t\t\t\t\t\t\t\t\t\t<img src=\"https:\/\/agora.xtec.cat\/ceiparquitectegaudi\/wp-content\/uploads\/usu1602\/2023\/02\/20221018_162342-rotated.jpg\" alt=\"20221018_162342\" width=\"768\" height=\"1024\" \/>\r\n\t\t\t\t\t\t\t\t\t\t<div class=\"slideshow_description_box slideshow_transparent\">\r\n\t\t\t\t\t\t<div class=\"slideshow_title\">20221018_162342<\/div>\t\t\t\t\t\t\t\t\t\t\t<\/div>\r\n\t\t\t\t<\/div>\r\n\r\n\t\t\t\t\t\t<div style=\"clear: both;\"><\/div><\/div><div class=\"slideshow_view\">\r\n\t\t\t\t<div class=\"slideshow_slide slideshow_slide_image\">\r\n\t\t\t\t\t\t\t\t\t\t\t<img src=\"https:\/\/agora.xtec.cat\/ceiparquitectegaudi\/wp-content\/uploads\/usu1602\/2023\/02\/20230209_093545-rotated.jpg\" alt=\"20230209_093545\" width=\"768\" height=\"1024\" \/>\r\n\t\t\t\t\t\t\t\t\t\t<div class=\"slideshow_description_box slideshow_transparent\">\r\n\t\t\t\t\t\t<div class=\"slideshow_title\">20230209_093545<\/div>\t\t\t\t\t\t\t\t\t\t\t<\/div>\r\n\t\t\t\t<\/div>\r\n\r\n\t\t\t\t\t\t<div style=\"clear: both;\"><\/div><\/div><div class=\"slideshow_view\">\r\n\t\t\t\t<div class=\"slideshow_slide slideshow_slide_image\">\r\n\t\t\t\t\t\t\t\t\t\t\t<img src=\"https:\/\/agora.xtec.cat\/ceiparquitectegaudi\/wp-content\/uploads\/usu1602\/2023\/02\/20230209_093740-rotated.jpg\" alt=\"20230209_093740\" width=\"768\" height=\"1024\" \/>\r\n\t\t\t\t\t\t\t\t\t\t<div class=\"slideshow_description_box slideshow_transparent\">\r\n\t\t\t\t\t\t<div class=\"slideshow_title\">20230209_093740<\/div>\t\t\t\t\t\t\t\t\t\t\t<\/div>\r\n\t\t\t\t<\/div>\r\n\r\n\t\t\t\t\t\t<div style=\"clear: both;\"><\/div><\/div><div class=\"slideshow_view\">\r\n\t\t\t\t<div class=\"slideshow_slide slideshow_slide_image\">\r\n\t\t\t\t\t\t\t\t\t\t\t<img src=\"https:\/\/agora.xtec.cat\/ceiparquitectegaudi\/wp-content\/uploads\/usu1602\/2023\/02\/20230209_112232.jpg\" alt=\"20230209_112232\" width=\"1024\" height=\"768\" \/>\r\n\t\t\t\t\t\t\t\t\t\t<div class=\"slideshow_description_box slideshow_transparent\">\r\n\t\t\t\t\t\t<div class=\"slideshow_title\">20230209_112232<\/div>\t\t\t\t\t\t\t\t\t\t\t<\/div>\r\n\t\t\t\t<\/div>\r\n\r\n\t\t\t\t\t\t<div style=\"clear: both;\"><\/div><\/div><div class=\"slideshow_view\">\r\n\t\t\t\t<div class=\"slideshow_slide slideshow_slide_image\">\r\n\t\t\t\t\t\t\t\t\t\t\t<img src=\"https:\/\/agora.xtec.cat\/ceiparquitectegaudi\/wp-content\/uploads\/usu1602\/2023\/02\/20230209_112126-rotated.jpg\" alt=\"20230209_112126\" width=\"768\" height=\"1024\" \/>\r\n\t\t\t\t\t\t\t\t\t\t<div class=\"slideshow_description_box slideshow_transparent\">\r\n\t\t\t\t\t\t<div class=\"slideshow_title\">20230209_112126<\/div>\t\t\t\t\t\t\t\t\t\t\t<\/div>\r\n\t\t\t\t<\/div>\r\n\r\n\t\t\t\t\t\t<div style=\"clear: both;\"><\/div><\/div><div class=\"slideshow_view\">\r\n\t\t\t\t<div class=\"slideshow_slide slideshow_slide_image\">\r\n\t\t\t\t\t\t\t\t\t\t\t<img src=\"https:\/\/agora.xtec.cat\/ceiparquitectegaudi\/wp-content\/uploads\/usu1602\/2023\/02\/20230209_112606.jpg\" alt=\"20230209_112606\" width=\"1024\" height=\"768\" \/>\r\n\t\t\t\t\t\t\t\t\t\t<div class=\"slideshow_description_box slideshow_transparent\">\r\n\t\t\t\t\t\t<div class=\"slideshow_title\">20230209_112606<\/div>\t\t\t\t\t\t\t\t\t\t\t<\/div>\r\n\t\t\t\t<\/div>\r\n\r\n\t\t\t\t\t\t<div style=\"clear: both;\"><\/div><\/div><div class=\"slideshow_view\">\r\n\t\t\t\t<div class=\"slideshow_slide slideshow_slide_image\">\r\n\t\t\t\t\t\t\t\t\t\t\t<img src=\"https:\/\/agora.xtec.cat\/ceiparquitectegaudi\/wp-content\/uploads\/usu1602\/2023\/02\/20230209_115539-rotated.jpg\" alt=\"20230209_115539\" width=\"768\" height=\"1024\" \/>\r\n\t\t\t\t\t\t\t\t\t\t<div class=\"slideshow_description_box slideshow_transparent\">\r\n\t\t\t\t\t\t<div class=\"slideshow_title\">20230209_115539<\/div>\t\t\t\t\t\t\t\t\t\t\t<\/div>\r\n\t\t\t\t<\/div>\r\n\r\n\t\t\t\t\t\t<div style=\"clear: both;\"><\/div><\/div><div class=\"slideshow_view\">\r\n\t\t\t\t<div class=\"slideshow_slide slideshow_slide_image\">\r\n\t\t\t\t\t\t\t\t\t\t\t<img src=\"https:\/\/agora.xtec.cat\/ceiparquitectegaudi\/wp-content\/uploads\/usu1602\/2023\/02\/20230209_115650-rotated.jpg\" alt=\"20230209_115650\" width=\"768\" height=\"1024\" \/>\r\n\t\t\t\t\t\t\t\t\t\t<div class=\"slideshow_description_box slideshow_transparent\">\r\n\t\t\t\t\t\t<div class=\"slideshow_title\">20230209_115650<\/div>\t\t\t\t\t\t\t\t\t\t\t<\/div>\r\n\t\t\t\t<\/div>\r\n\r\n\t\t\t\t\t\t<div style=\"clear: both;\"><\/div><\/div><div class=\"slideshow_view\">\r\n\t\t\t\t<div class=\"slideshow_slide slideshow_slide_image\">\r\n\t\t\t\t\t\t\t\t\t\t\t<img src=\"https:\/\/agora.xtec.cat\/ceiparquitectegaudi\/wp-content\/uploads\/usu1602\/2023\/02\/Screenshot_20230209_113706_Instagram.jpg\" alt=\"Screenshot_20230209_113706_Instagram\" width=\"1024\" height=\"1656\" \/>\r\n\t\t\t\t\t\t\t\t\t\t<div class=\"slideshow_description_box slideshow_transparent\">\r\n\t\t\t\t\t\t<div class=\"slideshow_title\">Screenshot_20230209_113706_Instagram<\/div>\t\t\t\t\t\t\t\t\t\t\t<\/div>\r\n\t\t\t\t<\/div>\r\n\r\n\t\t\t\t\t\t<div style=\"clear: both;\"><\/div><\/div><div class=\"slideshow_view\">\r\n\t\t\t\t<div class=\"slideshow_slide slideshow_slide_image\">\r\n\t\t\t\t\t\t\t\t\t\t\t<img src=\"https:\/\/agora.xtec.cat\/ceiparquitectegaudi\/wp-content\/uploads\/usu1602\/2023\/02\/Screenshot_20230209_113718_Instagram.jpg\" alt=\"Screenshot_20230209_113718_Instagram\" width=\"1024\" height=\"1625\" \/>\r\n\t\t\t\t\t\t\t\t\t\t<div class=\"slideshow_description_box slideshow_transparent\">\r\n\t\t\t\t\t\t<div class=\"slideshow_title\">Screenshot_20230209_113718_Instagram<\/div>\t\t\t\t\t\t\t\t\t\t\t<\/div>\r\n\t\t\t\t<\/div>\r\n\r\n\t\t\t\t\t\t<div style=\"clear: both;\"><\/div><\/div><div class=\"slideshow_view\">\r\n\t\t\t\t<div class=\"slideshow_slide slideshow_slide_image\">\r\n\t\t\t\t\t\t\t\t\t\t\t<img src=\"https:\/\/agora.xtec.cat\/ceiparquitectegaudi\/wp-content\/uploads\/usu1602\/2023\/02\/20230209_112232-1.jpg\" alt=\"20230209_112232\" width=\"2000\" height=\"1500\" \/>\r\n\t\t\t\t\t\t\t\t\t\t<div class=\"slideshow_description_box slideshow_transparent\">\r\n\t\t\t\t\t\t<div class=\"slideshow_title\">20230209_112232<\/div>\t\t\t\t\t\t\t\t\t\t\t<\/div>\r\n\t\t\t\t<\/div>\r\n\r\n\t\t\t\t\t\t<div style=\"clear: both;\"><\/div><\/div>\r\n\t\t<\/div>\r\n\r\n\t\t<div class=\"slideshow_controlPanel slideshow_transparent\" style=\"display: none;\"><ul><li class=\"slideshow_togglePlay\" data-play-text=\"Visualitza\" data-pause-text=\"Pausa\"><\/li><\/ul><\/div>\r\n\r\n\t\t<div class=\"slideshow_button slideshow_previous slideshow_transparent\" role=\"button\" data-previous-text=\"Anterior\" style=\"display: none;\"><\/div>\r\n\t\t<div class=\"slideshow_button slideshow_next slideshow_transparent\" role=\"button\" data-next-text=\"Seg\u00fcent\" style=\"display: none;\"><\/div>\r\n\r\n\t\t<div class=\"slideshow_pagination\" style=\"display: none;\" data-go-to-text=\"V\u00e9s a la diapositiva\"><div class=\"slideshow_pagination_center\"><\/div><\/div>\r\n\r\n\t\t<!-- WordPress Slideshow Version 2.3.1 -->\r\n\r\n\t\t\t<\/div>\r\n\r\n\n<p><span style=\"font-weight: 400;\">Tamb\u00e9 incorporem algunes activitats espec\u00edfiques en alguns nivells:<\/span><\/p>\n<p><span style=\"font-weight: 400;\">En el grup d\u2019alumnes de 4t continua amb el <\/span><b>projecte \u201cCordes a prim\u00e0ria\u201d<\/b><span style=\"font-weight: 400;\">. Setmanalment, els nens i nenes participen de l\u2019Orquestra Magic Band, una sessi\u00f3 on aprenen a tocar un instrument de corda (viol\u00ed o violoncel) amb l\u2019ajuda del professorat de l\u2019Escola Municipal de M\u00fasica que es desplacen a l\u2019escola. Podeu con\u00e8ixer m\u00e9s detalls sobre el projecte <a href=\"https:\/\/agora.xtec.cat\/ceiparquitectegaudi\/projectes\/cordes\/\">AQU\u00cd.<\/a><\/span><\/p>\n<p><span style=\"font-weight: 400;\">Els alumnes de 6\u00e8 fan de <\/span><b>\u201cPadrins lectors\u201d<\/b><span style=\"font-weight: 400;\"> dels seus companys i companyes de 1r. Els padrins i padrines no ensenyen a llegir sin\u00f3 que motiven i serveixen com a models de lectura als nens i nenes que estan aprenent a llegir.<\/span> <span style=\"font-weight: 400;\">Es treballa per parelles i cada nen\/a t\u00e9 el mateix padr\u00ed o padrina al llarg del curs desenvolupant aix\u00ed una relaci\u00f3 personal i afectiva entre ambd\u00f3s.\u00a0<\/span><\/p>\n<p><span style=\"font-weight: 400;\">Amb l\u2019objectiu de fomentar la cultura popular, <\/span><span style=\"font-weight: 400;\">hi ha moments del curs que <\/span><b>les festes d\u2019escola<\/b><span style=\"font-weight: 400;\"> prenen protagonisme, celebrem la Castanyada, el Carnestoltes i Sant Jordi.\u00a0 Ens agrada que els alumnes participin en el disseny i l\u2019organitzaci\u00f3 de moltes d\u2019elles. Per exemple, s\u00f3n els presentadors del Concert d\u2019hivern, redacten el BAN de Carnestoltes o elaboren els panellets i el past\u00eds pel Dilluns de Pasqua de forma col\u00b7laborativa entre els m\u00e9s petits i els alumnes de 4t de l\u2019escola.<\/span><\/p>\n<p><span style=\"font-weight: 400;\">L\u2019activitat per excel\u00b7l\u00e8ncia de l\u2019escola, s\u00f3n<strong> l<\/strong><\/span><strong>e<\/strong><b>s Jornades Culturals,<\/b><span style=\"font-weight: 400;\"> ja que giren entorn un tema que vincula tota la nostra Comunitat Educativa. Es treballa al llarg de tot el curs, per\u00f2 es dedica una setmana en exclusiva al mes de maig per a realitzar tallers, un joc de pistes col\u00b7laboratiu on petis i grans fan una gimcana plegats i la cloenda. Un moment on compartim amb les fam\u00edlies les activitats que ha realitzat cada grup.\u00a0<\/span><\/p>\n<p><span style=\"font-weight: 400;\">Alguns dels temes treballats han estat: Coneixem Sant Feliu on vam comptar amb la visita d\u2019algunes entitats del municipi, el m\u00f3n televisiu on vam preparar un telenot\u00edcies, ens vam convertir en meteor\u00f2legs o comentaristes esportius i l\u2019artesania.\u00a0<\/span><\/p>\n\r\n\t<div class=\"slideshow_container slideshow_container_style-light\" style=\"height: 400px; \" data-slideshow-id=\"4631\" data-style-name=\"style-light\" data-style-version=\"2.3.1\" >\r\n\r\n\t\t\t\t\t<div class=\"slideshow_loading_icon\"><\/div>\r\n\t\t\r\n\t\t<div class=\"slideshow_content\" style=\"display: none;\">\r\n\r\n\t\t\t<div class=\"slideshow_view\">\r\n\t\t\t\t<div class=\"slideshow_slide slideshow_slide_image\">\r\n\t\t\t\t\t\t\t\t\t\t\t<img src=\"https:\/\/agora.xtec.cat\/ceiparquitectegaudi\/wp-content\/uploads\/usu1602\/2021\/02\/jornades-per-la-pau-1-1024x724.png\" alt=\"jornades-per-la-pau-1-1024x724\" width=\"1024\" height=\"724\" \/>\r\n\t\t\t\t\t\t\t\t\t\t<div class=\"slideshow_description_box slideshow_transparent\">\r\n\t\t\t\t\t\t<div class=\"slideshow_title\">jornades-per-la-pau-1-1024x724<\/div>\t\t\t\t\t\t\t\t\t\t\t<\/div>\r\n\t\t\t\t<\/div>\r\n\r\n\t\t\t\t\t\t<div style=\"clear: both;\"><\/div><\/div><div class=\"slideshow_view\">\r\n\t\t\t\t<div class=\"slideshow_slide slideshow_slide_image\">\r\n\t\t\t\t\t\t\t\t\t\t\t<img src=\"https:\/\/agora.xtec.cat\/ceiparquitectegaudi\/wp-content\/uploads\/usu1602\/2021\/02\/IMG_20190517_150218_646.jpg\" alt=\"IMG_20190517_150218_646\" width=\"4608\" height=\"3456\" \/>\r\n\t\t\t\t\t\t\t\t\t\t<div class=\"slideshow_description_box slideshow_transparent\">\r\n\t\t\t\t\t\t<div class=\"slideshow_title\">IMG_20190517_150218_646<\/div>\t\t\t\t\t\t\t\t\t\t\t<\/div>\r\n\t\t\t\t<\/div>\r\n\r\n\t\t\t\t\t\t<div style=\"clear: both;\"><\/div><\/div><div class=\"slideshow_view\">\r\n\t\t\t\t<div class=\"slideshow_slide slideshow_slide_image\">\r\n\t\t\t\t\t\t\t\t\t\t\t<img src=\"https:\/\/agora.xtec.cat\/ceiparquitectegaudi\/wp-content\/uploads\/usu1602\/2021\/02\/IMG_20190515_122700_347.jpg\" alt=\"IMG_20190515_122700_347\" width=\"4608\" height=\"3456\" \/>\r\n\t\t\t\t\t\t\t\t\t\t<div class=\"slideshow_description_box slideshow_transparent\">\r\n\t\t\t\t\t\t<div class=\"slideshow_title\">IMG_20190515_122700_347<\/div>\t\t\t\t\t\t\t\t\t\t\t<\/div>\r\n\t\t\t\t<\/div>\r\n\r\n\t\t\t\t\t\t<div style=\"clear: both;\"><\/div><\/div><div class=\"slideshow_view\">\r\n\t\t\t\t<div class=\"slideshow_slide slideshow_slide_image\">\r\n\t\t\t\t\t\t\t\t\t\t\t<img src=\"https:\/\/agora.xtec.cat\/ceiparquitectegaudi\/wp-content\/uploads\/usu1602\/2021\/02\/IMG_20190515_120000_872.jpg\" alt=\"IMG_20190515_120000_872\" width=\"4608\" height=\"3456\" \/>\r\n\t\t\t\t\t\t\t\t\t\t<div class=\"slideshow_description_box slideshow_transparent\">\r\n\t\t\t\t\t\t<div class=\"slideshow_title\">IMG_20190515_120000_872<\/div>\t\t\t\t\t\t\t\t\t\t\t<\/div>\r\n\t\t\t\t<\/div>\r\n\r\n\t\t\t\t\t\t<div style=\"clear: both;\"><\/div><\/div><div class=\"slideshow_view\">\r\n\t\t\t\t<div class=\"slideshow_slide slideshow_slide_image\">\r\n\t\t\t\t\t\t\t\t\t\t\t<img src=\"https:\/\/agora.xtec.cat\/ceiparquitectegaudi\/wp-content\/uploads\/usu1602\/2021\/02\/IMG_20190515_111238_067.jpg\" alt=\"IMG_20190515_111238_067\" width=\"4608\" height=\"3456\" \/>\r\n\t\t\t\t\t\t\t\t\t\t<div class=\"slideshow_description_box slideshow_transparent\">\r\n\t\t\t\t\t\t<div class=\"slideshow_title\">IMG_20190515_111238_067<\/div>\t\t\t\t\t\t\t\t\t\t\t<\/div>\r\n\t\t\t\t<\/div>\r\n\r\n\t\t\t\t\t\t<div style=\"clear: both;\"><\/div><\/div><div class=\"slideshow_view\">\r\n\t\t\t\t<div class=\"slideshow_slide slideshow_slide_image\">\r\n\t\t\t\t\t\t\t\t\t\t\t<img src=\"https:\/\/agora.xtec.cat\/ceiparquitectegaudi\/wp-content\/uploads\/usu1602\/2021\/02\/IMG_0232.jpg\" alt=\"IMG_0232\" width=\"3264\" height=\"2448\" \/>\r\n\t\t\t\t\t\t\t\t\t\t<div class=\"slideshow_description_box slideshow_transparent\">\r\n\t\t\t\t\t\t<div class=\"slideshow_title\">IMG_0232<\/div>\t\t\t\t\t\t\t\t\t\t\t<\/div>\r\n\t\t\t\t<\/div>\r\n\r\n\t\t\t\t\t\t<div style=\"clear: both;\"><\/div><\/div>\r\n\t\t<\/div>\r\n\r\n\t\t<div class=\"slideshow_controlPanel slideshow_transparent\" style=\"display: none;\"><ul><li class=\"slideshow_togglePlay\" data-play-text=\"Visualitza\" data-pause-text=\"Pausa\"><\/li><\/ul><\/div>\r\n\r\n\t\t<div class=\"slideshow_button slideshow_previous slideshow_transparent\" role=\"button\" data-previous-text=\"Anterior\" style=\"display: none;\"><\/div>\r\n\t\t<div class=\"slideshow_button slideshow_next slideshow_transparent\" role=\"button\" data-next-text=\"Seg\u00fcent\" style=\"display: none;\"><\/div>\r\n\r\n\t\t<div class=\"slideshow_pagination\" style=\"display: none;\" data-go-to-text=\"V\u00e9s a la diapositiva\"><div class=\"slideshow_pagination_center\"><\/div><\/div>\r\n\r\n\t\t<!-- WordPress Slideshow Version 2.3.1 -->\r\n\r\n\t\t\t<\/div>\r\n\r\n\n<p style=\"text-align: center;\"><span style=\"font-weight: 400;\">Pots con\u00e8ixer m\u00e9s sobre els nostres projectes <a href=\"https:\/\/agora.xtec.cat\/ceiparquitectegaudi\/projectes\/\">AQU\u00cd.<\/a><\/span><\/p>\n","protected":false},"excerpt":{"rendered":"<p>La comunitat de les Tortugues de la Sagrada Fam\u00edlia est\u00e0 formada pels infants de 4t, 5\u00e8 i 6\u00e8 de Prim\u00e0ria, les mestres i les seves fam\u00edlies.\u00a0<br \/>\nDividim l\u2019horari en tres franges hor\u00e0ries (9 a 10:30, 11 a 12:30 i 15 a 16:30h ), d\u2019aquesta manera afavorim&hellip;  <a href=\"https:\/\/agora.xtec.cat\/ceiparquitectegaudi\/lescola\/projecte-educatiu\/comunitat-tortugues-de-la-sagrada-familia\/\" title=\"Read Comunitat de Tortugues\">Llegeix m\u00e9s\u00bb<\/a><\/p>\n","protected":false},"author":1,"featured_media":0,"parent":64,"menu_order":3,"comment_status":"closed","ping_status":"closed","template":"","meta":{"_bbp_topic_count":0,"_bbp_reply_count":0,"_bbp_total_topic_count":0,"_bbp_total_reply_count":0,"_bbp_voice_count":0,"_bbp_anonymous_reply_count":0,"_bbp_topic_count_hidden":0,"_bbp_reply_count_hidden":0,"_bbp_forum_subforum_count":0,"footnotes":""},"class_list":["post-4415","page","type-page","status-publish","hentry"],"post_mailing_queue_ids":[],"_links":{"self":[{"href":"https:\/\/agora.xtec.cat\/ceiparquitectegaudi\/wp-json\/wp\/v2\/pages\/4415","targetHints":{"allow":["GET"]}}],"collection":[{"href":"https:\/\/agora.xtec.cat\/ceiparquitectegaudi\/wp-json\/wp\/v2\/pages"}],"about":[{"href":"https:\/\/agora.xtec.cat\/ceiparquitectegaudi\/wp-json\/wp\/v2\/types\/page"}],"author":[{"embeddable":true,"href":"https:\/\/agora.xtec.cat\/ceiparquitectegaudi\/wp-json\/wp\/v2\/users\/1"}],"replies":[{"embeddable":true,"href":"https:\/\/agora.xtec.cat\/ceiparquitectegaudi\/wp-json\/wp\/v2\/comments?post=4415"}],"version-history":[{"count":6,"href":"https:\/\/agora.xtec.cat\/ceiparquitectegaudi\/wp-json\/wp\/v2\/pages\/4415\/revisions"}],"predecessor-version":[{"id":7204,"href":"https:\/\/agora.xtec.cat\/ceiparquitectegaudi\/wp-json\/wp\/v2\/pages\/4415\/revisions\/7204"}],"up":[{"embeddable":true,"href":"https:\/\/agora.xtec.cat\/ceiparquitectegaudi\/wp-json\/wp\/v2\/pages\/64"}],"wp:attachment":[{"href":"https:\/\/agora.xtec.cat\/ceiparquitectegaudi\/wp-json\/wp\/v2\/media?parent=4415"}],"curies":[{"name":"wp","href":"https:\/\/api.w.org\/{rel}","templated":true}]}}