{"id":928,"date":"2024-10-23T09:17:40","date_gmt":"2024-10-23T07:17:40","guid":{"rendered":"https:\/\/agora.xtec.cat\/ceipanxaneta\/?page_id=928"},"modified":"2026-03-05T13:14:59","modified_gmt":"2026-03-05T12:14:59","slug":"4t","status":"publish","type":"page","link":"https:\/\/agora.xtec.cat\/ceipanxaneta\/4t\/","title":{"rendered":"4t"},"content":{"rendered":"<p style=\"text-align: center;\"><strong>FEM\u00a0 DANSA<\/strong><\/p>\n<p><span style=\"font-weight: 400;\">Fem Dansa \u00e9s un projecte que impulsa la dansa i la m\u00fasica entre els infants dels cicles inicial i mitj\u00e0 de prim\u00e0ria. Cada curs un grup de mestres preparen unes danses que posteriorment explicaran als alumnes de prim\u00e0ria que hi participen. Solen ser quatre o cinc danses i en alguna d\u2019elles es convida a participar les fam\u00edlies i fer-la de forma conjunta amb els alumnes. En el cas de la nostra escola ho treballem amb les alumnes de 4t durant el segon trimestre. \u00c9s un treball que es fa de forma interdisciplinar a les \u00e0rees d\u2019Educaci\u00f3 F\u00edsica i M\u00fasica.<\/span><span style=\"font-weight: 400;\"><br \/>\n<\/span><span style=\"font-weight: 400;\">L\u2019\u00faltim trimestre de curs \u00e9s quan es realitza aquesta trobada d\u2019escoles on tot l\u2019alumnat participa en una ballada a l&#8217;aire lliure, oberta a tothom.<\/span><\/p>\n<p><span style=\"font-weight: 400;\">&#8220;<\/span><i><span style=\"font-weight: 400;\">Ballem a la panxa de la mare, als bra\u00e7os del pare, caminant amb un amic, a la festa del poble\u2026 i ballant produ\u00efm la nostra vida, i sobretot movem les nostres emocions i les nostres sensacions.&#8221;<\/span><\/i><span style=\"font-weight: 400;\"><br \/>\n<\/span><span style=\"font-weight: 400;\">Joan Serra (core\u00f2graf i ballar\u00ed)<\/span><span style=\"font-weight: 400;\"><br \/>\n<\/span><\/p>\n<p><a href=\"https:\/\/agora.xtec.cat\/ceipanxaneta\/wp-content\/uploads\/usu2001\/2024\/11\/dansa.jpg\"><img loading=\"lazy\" decoding=\"async\" class=\"wp-image-1352 aligncenter\" src=\"https:\/\/agora.xtec.cat\/ceipanxaneta\/wp-content\/uploads\/usu2001\/2024\/11\/dansa.jpg\" alt=\"\" width=\"622\" height=\"293\" srcset=\"https:\/\/agora.xtec.cat\/ceipanxaneta\/wp-content\/uploads\/usu2001\/2024\/11\/dansa.jpg 873w, https:\/\/agora.xtec.cat\/ceipanxaneta\/wp-content\/uploads\/usu2001\/2024\/11\/dansa-300x142.jpg 300w, https:\/\/agora.xtec.cat\/ceipanxaneta\/wp-content\/uploads\/usu2001\/2024\/11\/dansa-768x362.jpg 768w\" sizes=\"auto, (max-width: 622px) 100vw, 622px\" \/><\/a><\/p>\n<p><b>\u00a0 \u00a0 \u00a0 \u00a0 \u00a0 \u00a0 \u00a0 \u00a0 \u00a0 \u00a0 \u00a0 \u00a0 \u00a0 \u00a0 \u00a0 \u00a0 \u00a0 \u00a0 \u00a0 \u00a0 \u00a0 \u00a0 \u00a0 \u00a0 \u00a0 \u00a0 \u00a0 \u00a0 \u00a0 \u00a0 \u00a0 \u00a0 \u00a0 \u00a0 \u00a0 \u00a0 \u00a0 L&#8217;HORT DE L&#8217;ANXI<\/b><\/p>\n<p style=\"text-align: justify;\">A l\u2019Escola Anxaneta, cultivem m\u00e9s que coneixements! Els alumnes de 4t de prim\u00e0ria participen cada any al projecte d\u2019hort escolar, una experi\u00e8ncia pr\u00e0ctica i educativa que els connecta amb la natura i els ensenya valors fonamentals, aprofundint en conceptes de sostenibilitat, ecologia i medi ambient.<img loading=\"lazy\" decoding=\"async\" class=\"wp-image-1452 alignright\" src=\"https:\/\/agora.xtec.cat\/ceipanxaneta\/wp-content\/uploads\/usu2001\/2025\/01\/Captura-de-pantalla-2025-01-16-215358-845x1024.png\" alt=\"\" width=\"240\" height=\"291\" srcset=\"https:\/\/agora.xtec.cat\/ceipanxaneta\/wp-content\/uploads\/usu2001\/2025\/01\/Captura-de-pantalla-2025-01-16-215358-845x1024.png 845w, https:\/\/agora.xtec.cat\/ceipanxaneta\/wp-content\/uploads\/usu2001\/2025\/01\/Captura-de-pantalla-2025-01-16-215358-248x300.png 248w, https:\/\/agora.xtec.cat\/ceipanxaneta\/wp-content\/uploads\/usu2001\/2025\/01\/Captura-de-pantalla-2025-01-16-215358-768x930.png 768w, https:\/\/agora.xtec.cat\/ceipanxaneta\/wp-content\/uploads\/usu2001\/2025\/01\/Captura-de-pantalla-2025-01-16-215358.png 1075w\" sizes=\"auto, (max-width: 240px) 100vw, 240px\" \/><\/p>\n<p style=\"text-align: justify;\">Amb aquest projecte, els nens i nenes aprenen a:<br \/>\n\ud83c\udf31 <i>Cultivar aliments<\/i>: Plantem, cuidem i observem el creixement de verdures i hortalisses.<br \/>\n\ud83c\udf3f <i>Valorar el treball en equip<\/i>: Cada alumne t\u00e9 un paper en l\u2019\u00e8xit del nostre hort.<br \/>\n\ud83c\udf4e <i>Adquirir h\u00e0bits saludables<\/i>: Descobrim el valor d\u2019una alimentaci\u00f3 sostenible i equilibrada.<br \/>\n\ud83c\udf0d <i>Respectar el medi ambient<\/i>: Reutilitzem, reciclem i treballem de manera responsable amb el nostre entorn.<\/p>\n<p style=\"text-align: justify;\">L\u2019hort no nom\u00e9s \u00e9s un espai d\u2019aprenentatge cient\u00edfic i ecol\u00f2gic, sin\u00f3 tamb\u00e9 una oportunitat per fomentar la creativitat, la paci\u00e8ncia i la satisfacci\u00f3 de veure cr\u00e9ixer alguna cosa feta amb esfor\u00e7 i cura.<\/p>\n<p style=\"text-align: justify;\">Gr\u00e0cies als nostres alumnes fem cr\u00e9ixer aquest petit gran projecte! \ud83c\udf3b<\/p>\n<p>&nbsp;<\/p>\n<p style=\"text-align: center;\"><strong>REPRESENTACI\u00d3 DE LA LLEGENDA DE SANT SIM\u00d3<\/strong><\/p>\n<p style=\"text-align: justify;\">El 28 d\u2019octubre celebrem Sant Sim\u00f3, una festa molt significativa per a la nostra ciutat, Matar\u00f3 i, una festa molt especial per a nosaltres, a causa de la proximitat que hi ha entre la nostra escola i l\u2019ermita de Sant Sim\u00f3 i \u00e9s que ambd\u00f3s es troben al barri de l\u2019Havana.<\/p>\n<p style=\"text-align: justify;\"><img loading=\"lazy\" decoding=\"async\" class=\"wp-image-1440 alignleft\" src=\"https:\/\/agora.xtec.cat\/ceipanxaneta\/wp-content\/uploads\/usu2001\/2025\/01\/PXL_20241028_111336752-1024x576.jpg\" alt=\"\" width=\"352\" height=\"198\" srcset=\"https:\/\/agora.xtec.cat\/ceipanxaneta\/wp-content\/uploads\/usu2001\/2025\/01\/PXL_20241028_111336752-1024x576.jpg 1024w, https:\/\/agora.xtec.cat\/ceipanxaneta\/wp-content\/uploads\/usu2001\/2025\/01\/PXL_20241028_111336752-300x169.jpg 300w, https:\/\/agora.xtec.cat\/ceipanxaneta\/wp-content\/uploads\/usu2001\/2025\/01\/PXL_20241028_111336752-768x432.jpg 768w, https:\/\/agora.xtec.cat\/ceipanxaneta\/wp-content\/uploads\/usu2001\/2025\/01\/PXL_20241028_111336752-1536x864.jpg 1536w, https:\/\/agora.xtec.cat\/ceipanxaneta\/wp-content\/uploads\/usu2001\/2025\/01\/PXL_20241028_111336752-2048x1152.jpg 2048w\" sizes=\"auto, (max-width: 352px) 100vw, 352px\" \/>Aix\u00ed doncs, per tal de viure la festa i d\u2019una forma ben sonada, els alumnes de 4t de prim\u00e0ria elaboren el gui\u00f3 de tres petites obres de teatre, que representen davant del Cicle de Petits, davant del Cicle de Mitjans i davant del Cicle de Grans de l\u2019escola, explicant la llegenda de Sant Sim\u00f3 i d\u2019on va sorgir la idea de construir una ermita en el seu honor.<\/p>\n<p style=\"text-align: justify;\">Es realitza des de l\u2019\u00e0rea de Llengua Catalana on totes les nenes i nens participen de la redacci\u00f3 dels textos, la preparaci\u00f3 dels escenaris i de l\u2019atrezzo per les diverses funcions. Gaudeixen d\u2019all\u00f2 m\u00e9s i s&#8217;impliquen molt\u00edssim.<\/p>\n<p style=\"text-align: justify;\">De manera cooperativa forma part d\u2019aquelles activitats especials que formen part de la vida de l\u2019escola. La ra\u00f3 d\u2019aix\u00f2 \u00e9s que, quan els infants se senten motivats davant d\u2019un repte, donen el millor de si mateixos.<\/p>\n","protected":false},"excerpt":{"rendered":"<p>FEM\u00a0 DANSA Fem Dansa \u00e9s un projecte que impulsa la dansa i la m\u00fasica entre els infants dels cicles inicial i mitj\u00e0 de prim\u00e0ria. Cada curs un grup de mestres preparen unes danses que posteriorment explicaran als alumnes de prim\u00e0ria que hi participen. Solen ser quatre o cinc danses i en alguna d\u2019elles es convida [&hellip;]<\/p>\n","protected":false},"author":1,"featured_media":0,"parent":0,"menu_order":0,"comment_status":"closed","ping_status":"closed","template":"","meta":{"_bbp_topic_count":0,"_bbp_reply_count":0,"_bbp_total_topic_count":0,"_bbp_total_reply_count":0,"_bbp_voice_count":0,"_bbp_anonymous_reply_count":0,"_bbp_topic_count_hidden":0,"_bbp_reply_count_hidden":0,"_bbp_forum_subforum_count":0,"site-sidebar-layout":"default","site-content-layout":"","ast-site-content-layout":"default","site-content-style":"default","site-sidebar-style":"default","ast-global-header-display":"","ast-banner-title-visibility":"","ast-main-header-display":"","ast-hfb-above-header-display":"","ast-hfb-below-header-display":"","ast-hfb-mobile-header-display":"","site-post-title":"","ast-breadcrumbs-content":"","ast-featured-img":"","footer-sml-layout":"","theme-transparent-header-meta":"default","adv-header-id-meta":"","stick-header-meta":"","header-above-stick-meta":"","header-main-stick-meta":"","header-below-stick-meta":"","astra-migrate-meta-layouts":"set","ast-page-background-enabled":"default","ast-page-background-meta":{"desktop":{"background-color":"var(--ast-global-color-4)","background-image":"","background-repeat":"repeat","background-position":"center center","background-size":"auto","background-attachment":"scroll","background-type":"","background-media":"","overlay-type":"","overlay-color":"","overlay-opacity":"","overlay-gradient":""},"tablet":{"background-color":"","background-image":"","background-repeat":"repeat","background-position":"center center","background-size":"auto","background-attachment":"scroll","background-type":"","background-media":"","overlay-type":"","overlay-color":"","overlay-opacity":"","overlay-gradient":""},"mobile":{"background-color":"","background-image":"","background-repeat":"repeat","background-position":"center center","background-size":"auto","background-attachment":"scroll","background-type":"","background-media":"","overlay-type":"","overlay-color":"","overlay-opacity":"","overlay-gradient":""}},"ast-content-background-meta":{"desktop":{"background-color":"var(--ast-global-color-5)","background-image":"","background-repeat":"repeat","background-position":"center center","background-size":"auto","background-attachment":"scroll","background-type":"","background-media":"","overlay-type":"","overlay-color":"","overlay-opacity":"","overlay-gradient":""},"tablet":{"background-color":"var(--ast-global-color-5)","background-image":"","background-repeat":"repeat","background-position":"center center","background-size":"auto","background-attachment":"scroll","background-type":"","background-media":"","overlay-type":"","overlay-color":"","overlay-opacity":"","overlay-gradient":""},"mobile":{"background-color":"var(--ast-global-color-5)","background-image":"","background-repeat":"repeat","background-position":"center center","background-size":"auto","background-attachment":"scroll","background-type":"","background-media":"","overlay-type":"","overlay-color":"","overlay-opacity":"","overlay-gradient":""}},"footnotes":""},"class_list":["post-928","page","type-page","status-publish","hentry"],"post_mailing_queue_ids":[],"_links":{"self":[{"href":"https:\/\/agora.xtec.cat\/ceipanxaneta\/wp-json\/wp\/v2\/pages\/928","targetHints":{"allow":["GET"]}}],"collection":[{"href":"https:\/\/agora.xtec.cat\/ceipanxaneta\/wp-json\/wp\/v2\/pages"}],"about":[{"href":"https:\/\/agora.xtec.cat\/ceipanxaneta\/wp-json\/wp\/v2\/types\/page"}],"author":[{"embeddable":true,"href":"https:\/\/agora.xtec.cat\/ceipanxaneta\/wp-json\/wp\/v2\/users\/1"}],"replies":[{"embeddable":true,"href":"https:\/\/agora.xtec.cat\/ceipanxaneta\/wp-json\/wp\/v2\/comments?post=928"}],"version-history":[{"count":6,"href":"https:\/\/agora.xtec.cat\/ceipanxaneta\/wp-json\/wp\/v2\/pages\/928\/revisions"}],"predecessor-version":[{"id":1831,"href":"https:\/\/agora.xtec.cat\/ceipanxaneta\/wp-json\/wp\/v2\/pages\/928\/revisions\/1831"}],"wp:attachment":[{"href":"https:\/\/agora.xtec.cat\/ceipanxaneta\/wp-json\/wp\/v2\/media?parent=928"}],"curies":[{"name":"wp","href":"https:\/\/api.w.org\/{rel}","templated":true}]}}