{"id":1264,"date":"2024-11-19T09:55:11","date_gmt":"2024-11-19T08:55:11","guid":{"rendered":"https:\/\/agora.xtec.cat\/ceipanxaneta\/?page_id=1264"},"modified":"2025-01-16T16:12:04","modified_gmt":"2025-01-16T15:12:04","slug":"les-festes-a-lescola","status":"publish","type":"page","link":"https:\/\/agora.xtec.cat\/ceipanxaneta\/les-festes-a-lescola\/","title":{"rendered":"Les festes a l&#8217;escola"},"content":{"rendered":"<p style=\"text-align: justify;\">A l\u2019Escola Anxaneta ens encanta celebrar i treballar les festes. Aquestes s\u00f3n moments \u00fanics i especials que van molt m\u00e9s enll\u00e0 de la part l\u00fadica on ens ho passem b\u00e9. La seva import\u00e0ncia recau en els diversos aspectes que ajuden al bon desenvolupament dels infants ja que es fa de manera globalitzada. Cal tamb\u00e9 donar la import\u00e0ncia que tota la comunitat educativa es posa al servei de l\u2019esdeveniment promovent aix\u00ed la cohesi\u00f3 i el sentiment de pertinen\u00e7a al grup. Estar connectats i connectades amb el que passa al calendari \u00e9s una oportunitat per treballar el present, el passat i el futur. Tamb\u00e9 si ho estem amb el que passa a la nostra ciutat, pensem que hi ha una coher\u00e8ncia en les viv\u00e8ncies dels nostres infants en els seus diferents escenaris contextuals. Tot aix\u00f2 fa que elles i ells esdevinguin ciutadans cr\u00edtics i amb la capacitat d\u2019analitzar les tradicions des d\u2019un punt de vista actual.<\/p>\n<p style=\"text-align: justify;\">La Castanyada, Sant Sim\u00f3, el 25N, el Nadal, El dia de la Pau, Carnestoltes, Sant Jordi, el 8M, la Revetlla de Sant Joan\u2026 Gr\u00e0cies a les festes a l\u2019escola hi ha una gran interacci\u00f3 social la qual cosa \u00e9s un fet positiu i que dona gran qualitat humana al nostre centre.<\/p>\n<p><img decoding=\"async\" src=\"https:\/\/agora.xtec.cat\/ceipanxaneta\/wp-content\/uploads\/usu2001\/2024\/10\/festes-escola.png\" \/><\/p>\n","protected":false},"excerpt":{"rendered":"<p>A l\u2019Escola Anxaneta ens encanta celebrar i treballar les festes. Aquestes s\u00f3n moments \u00fanics i especials que van molt m\u00e9s enll\u00e0 de la part l\u00fadica on ens ho passem b\u00e9. La seva import\u00e0ncia recau en els diversos aspectes que ajuden al bon desenvolupament dels infants ja que es fa de manera globalitzada. Cal tamb\u00e9 donar [&hellip;]<\/p>\n","protected":false},"author":1,"featured_media":0,"parent":0,"menu_order":0,"comment_status":"closed","ping_status":"closed","template":"","meta":{"_bbp_topic_count":0,"_bbp_reply_count":0,"_bbp_total_topic_count":0,"_bbp_total_reply_count":0,"_bbp_voice_count":0,"_bbp_anonymous_reply_count":0,"_bbp_topic_count_hidden":0,"_bbp_reply_count_hidden":0,"_bbp_forum_subforum_count":0,"site-sidebar-layout":"default","site-content-layout":"","ast-site-content-layout":"","site-content-style":"default","site-sidebar-style":"default","ast-global-header-display":"","ast-banner-title-visibility":"","ast-main-header-display":"","ast-hfb-above-header-display":"","ast-hfb-below-header-display":"","ast-hfb-mobile-header-display":"","site-post-title":"","ast-breadcrumbs-content":"","ast-featured-img":"","footer-sml-layout":"","theme-transparent-header-meta":"","adv-header-id-meta":"","stick-header-meta":"","header-above-stick-meta":"","header-main-stick-meta":"","header-below-stick-meta":"","astra-migrate-meta-layouts":"default","ast-page-background-enabled":"default","ast-page-background-meta":{"desktop":{"background-color":"var(--ast-global-color-4)","background-image":"","background-repeat":"repeat","background-position":"center center","background-size":"auto","background-attachment":"scroll","background-type":"","background-media":"","overlay-type":"","overlay-color":"","overlay-opacity":"","overlay-gradient":""},"tablet":{"background-color":"","background-image":"","background-repeat":"repeat","background-position":"center center","background-size":"auto","background-attachment":"scroll","background-type":"","background-media":"","overlay-type":"","overlay-color":"","overlay-opacity":"","overlay-gradient":""},"mobile":{"background-color":"","background-image":"","background-repeat":"repeat","background-position":"center center","background-size":"auto","background-attachment":"scroll","background-type":"","background-media":"","overlay-type":"","overlay-color":"","overlay-opacity":"","overlay-gradient":""}},"ast-content-background-meta":{"desktop":{"background-color":"var(--ast-global-color-5)","background-image":"","background-repeat":"repeat","background-position":"center center","background-size":"auto","background-attachment":"scroll","background-type":"","background-media":"","overlay-type":"","overlay-color":"","overlay-opacity":"","overlay-gradient":""},"tablet":{"background-color":"var(--ast-global-color-5)","background-image":"","background-repeat":"repeat","background-position":"center center","background-size":"auto","background-attachment":"scroll","background-type":"","background-media":"","overlay-type":"","overlay-color":"","overlay-opacity":"","overlay-gradient":""},"mobile":{"background-color":"var(--ast-global-color-5)","background-image":"","background-repeat":"repeat","background-position":"center center","background-size":"auto","background-attachment":"scroll","background-type":"","background-media":"","overlay-type":"","overlay-color":"","overlay-opacity":"","overlay-gradient":""}},"footnotes":""},"class_list":["post-1264","page","type-page","status-publish","hentry"],"post_mailing_queue_ids":[],"_links":{"self":[{"href":"https:\/\/agora.xtec.cat\/ceipanxaneta\/wp-json\/wp\/v2\/pages\/1264","targetHints":{"allow":["GET"]}}],"collection":[{"href":"https:\/\/agora.xtec.cat\/ceipanxaneta\/wp-json\/wp\/v2\/pages"}],"about":[{"href":"https:\/\/agora.xtec.cat\/ceipanxaneta\/wp-json\/wp\/v2\/types\/page"}],"author":[{"embeddable":true,"href":"https:\/\/agora.xtec.cat\/ceipanxaneta\/wp-json\/wp\/v2\/users\/1"}],"replies":[{"embeddable":true,"href":"https:\/\/agora.xtec.cat\/ceipanxaneta\/wp-json\/wp\/v2\/comments?post=1264"}],"version-history":[{"count":2,"href":"https:\/\/agora.xtec.cat\/ceipanxaneta\/wp-json\/wp\/v2\/pages\/1264\/revisions"}],"predecessor-version":[{"id":1399,"href":"https:\/\/agora.xtec.cat\/ceipanxaneta\/wp-json\/wp\/v2\/pages\/1264\/revisions\/1399"}],"wp:attachment":[{"href":"https:\/\/agora.xtec.cat\/ceipanxaneta\/wp-json\/wp\/v2\/media?parent=1264"}],"curies":[{"name":"wp","href":"https:\/\/api.w.org\/{rel}","templated":true}]}}