{"id":463,"date":"2015-11-12T14:48:33","date_gmt":"2015-11-12T13:48:33","guid":{"rendered":"http:\/\/agora.xtec.cat\/ceipalfes\/?page_id=463"},"modified":"2016-09-25T12:11:50","modified_gmt":"2016-09-25T11:11:50","slug":"altres-premis","status":"publish","type":"page","link":"https:\/\/agora.xtec.cat\/ceipalfes\/altres-premis\/","title":{"rendered":"Altres premis"},"content":{"rendered":"<h3 style=\"text-align: center;\"><span class=\"Estilo3\">Altres premis<\/span>\u00a0<span class=\"Estilo3\">2011 -12 <\/span><span class=\"Estilo9\"><span class=\"Estilo6\">Primer premi: TASTAFRUITA 2012<\/span><\/span><\/h3>\n<table class=\" aligncenter\" style=\"height: 258px;\" border=\"0\" width=\"1235\">\n<tbody>\n<tr>\n<td>\n<div align=\"right\"><img loading=\"lazy\" decoding=\"async\" src=\"http:\/\/www.xtec.cat\/ceipalfes\/imatges\/1tast.jpg\" alt=\"\" width=\"350\" height=\"247\" border=\"1\" \/><\/div>\n<\/td>\n<td>\n<div align=\"center\"><a href=\"http:\/\/blocs.xtec.cat\/zereral\/archives\/1120\"><img loading=\"lazy\" decoding=\"async\" src=\"http:\/\/www.xtec.cat\/ceipalfes\/imatges\/00ging2.jpg\" alt=\"\" width=\"351\" height=\"241\" border=\"0\" hspace=\"8\" \/><\/a><\/div>\n<\/td>\n<td>\n<div align=\"left\"><img loading=\"lazy\" decoding=\"async\" class=\"aligncenter\" src=\"http:\/\/www.xtec.cat\/ceipalfes\/imatges\/0_1765.jpg\" alt=\"\" width=\"350\" height=\"233\" \/><\/div>\n<\/td>\n<\/tr>\n<\/tbody>\n<\/table>\n<h3 style=\"text-align: center;\"><span class=\"Estilo3\">2011 -12 <\/span><span class=\"Estilo9\"><span class=\"Estilo6\">Primer premi: La Llanterna digital 2012<\/span><\/span><\/h3>\n<table border=\"0\" width=\"90%\">\n<tbody>\n<tr>\n<td>\n<div align=\"center\">\n<p><a href=\"http:\/\/www.llanternadigital.cat\/index.htm\"><img loading=\"lazy\" decoding=\"async\" src=\"http:\/\/www.xtec.cat\/ceipalfes\/imatges\/yllnretol.jpg\" alt=\"\" width=\"174\" height=\"155\" border=\"0\" \/><\/a><\/p>\n<p><img loading=\"lazy\" decoding=\"async\" src=\"http:\/\/www.xtec.cat\/ceipalfes\/imatges\/2lla12.jpg\" alt=\"\" width=\"350\" height=\"247\" \/><\/p>\n<\/div>\n<\/td>\n<td>\n<div align=\"center\">\n<p><a href=\"http:\/\/lleidatelevisio.xiptv.cat\/llanterna-digital\/capitol\/gala-lliurament-premis-llanterna-digital-2012\"><img loading=\"lazy\" decoding=\"async\" src=\"http:\/\/www.xtec.cat\/ceipalfes\/imatges\/yllantdiglliurament.jpg\" alt=\"\" width=\"342\" height=\"187\" border=\"0\" \/><\/a><\/p>\n<p><img loading=\"lazy\" decoding=\"async\" src=\"http:\/\/www.xtec.cat\/ceipalfes\/imatges\/2012-ceduc%20(1).jpg\" alt=\"\" width=\"335\" height=\"239\" \/><\/p>\n<\/div>\n<\/td>\n<td>\n<div align=\"center\"><a href=\"http:\/\/www.youtube.com\/watch?v=COUm8DM7FAQ&amp;feature=youtu.be\"><img loading=\"lazy\" decoding=\"async\" src=\"http:\/\/www.xtec.cat\/ceipalfes\/imatges\/yotubcontes.jpg\" alt=\"\" width=\"322\" height=\"332\" border=\"0\" \/><\/a><\/div>\n<\/td>\n<td><\/td>\n<\/tr>\n<\/tbody>\n<\/table>\n<p>&nbsp;<\/p>\n<h3 style=\"text-align: center;\"><span class=\"Estilo1\"><span class=\"Estilo8\">2011-2012 \u00a0<\/span>Pel\u00b7l\u00edcula <span class=\"Estilo6\">EL TRESOR DE LA CAMPANA Finalista <\/span>del <\/span><span class=\"Estilo3\">festival FIC-CAT de RODA DE BER\u00c0<\/span><span class=\"Estilo1\"><strong class=\"Estilo3\">.<\/strong><\/span><\/h3>\n<table border=\"0\" width=\"90%\">\n<tbody>\n<tr>\n<td><\/td>\n<td>\n<div align=\"center\"><a href=\"http:\/\/www.fic-cat.cat\/index.php?option=com_content&amp;view=article&amp;id=49&amp;Itemid=49\"><img loading=\"lazy\" decoding=\"async\" src=\"http:\/\/www.xtec.cat\/ceipalfes\/imatges\/FITCATLOGO.jpg\" alt=\"\" width=\"379\" height=\"241\" border=\"0\" \/><\/a><\/div>\n<\/td>\n<td>\n<div align=\"center\"><a href=\"http:\/\/www.fic-cat.cat\/index.php?option=com_content&amp;view=article&amp;id=49&amp;Itemid=49\"><img loading=\"lazy\" decoding=\"async\" src=\"http:\/\/www.xtec.cat\/ceipalfes\/imatges\/FITCATCAMPANA.jpg\" alt=\"\" width=\"585\" height=\"234\" border=\"0\" \/><\/a><\/div>\n<\/td>\n<td>\n<div align=\"center\"><a href=\"http:\/\/www.xtec.cat\/ceipalfes\/Tresor\/tresor.html\"><img loading=\"lazy\" decoding=\"async\" src=\"http:\/\/www.xtec.cat\/ceipalfes\/pelis2010\/imatges\/tre1.jpg\" alt=\"\" width=\"259\" height=\"265\" border=\"0\" \/><\/a><br \/>\n<a href=\"http:\/\/www.xtec.cat\/ceipalfes\/pelis2010\/guia%20tresor.pdf\"><span class=\"Estilo1\">Guia did\u00e0ctica<\/span><\/a><\/div>\n<\/td>\n<\/tr>\n<\/tbody>\n<\/table>\n<h3 style=\"text-align: center;\"><span class=\"Estilo3\">2011 -12 <\/span><span class=\"Estilo9\"><span class=\"Estilo6\">Acc\u00e8ssit al primer premi.<\/span> Festival de Cinema Jove de Val\u00e8ncia 2012<\/span><\/h3>\n<table class=\" aligncenter\" style=\"height: 717px;\" border=\"0\" width=\"1177\">\n<tbody>\n<tr>\n<td>\n<div align=\"center\">\n<p><img loading=\"lazy\" decoding=\"async\" src=\"http:\/\/www.xtec.cat\/ceipalfes\/premis\/imatges\/lluna.jpg\" alt=\"\" width=\"207\" height=\"193\" \/><img loading=\"lazy\" decoding=\"async\" src=\"http:\/\/www.xtec.cat\/ceipalfes\/imatges\/val121.jpg\" alt=\"\" width=\"575\" height=\"129\" \/><\/p>\n<p><img loading=\"lazy\" decoding=\"async\" src=\"http:\/\/www.xtec.cat\/ceipalfes\/imatges\/3cijo.jpg\" alt=\"\" width=\"350\" height=\"247\" border=\"1\" \/><\/p>\n<\/div>\n<\/td>\n<td>\n<div align=\"center\"><a href=\"http:\/\/www.xtec.cat\/ceipalfes\/Contes\/co.htm\"><img loading=\"lazy\" decoding=\"async\" src=\"http:\/\/www.xtec.cat\/ceipalfes\/Contes\/Clip_23.jpg\" alt=\"\" width=\"295\" height=\"400\" border=\"0\" \/><\/a><\/div>\n<\/td>\n<td><\/td>\n<td><\/td>\n<\/tr>\n<tr>\n<td colspan=\"2\">\u00a0 \u00a0 \u00a0 \u00a0 \u00a0 \u00a0 \u00a0 \u00a0 \u00a0<img loading=\"lazy\" decoding=\"async\" src=\"http:\/\/www.xtec.cat\/ceipalfes\/imatges\/valpalm.jpg\" alt=\"\" width=\"953\" height=\"159\" \/><\/td>\n<td><\/td>\n<td><\/td>\n<\/tr>\n<\/tbody>\n<\/table>\n<p><!--more--><\/p>\n<h3 style=\"text-align: center;\"><span class=\"Estilo3\">2010 PREMI CREARTE DEL MINISTERIO DE CULTURA <\/span>.<\/h3>\n<table class=\" aligncenter\" style=\"height: 316px;\" border=\"0\" width=\"1395\">\n<tbody>\n<tr>\n<td width=\"18%\">\n<div align=\"center\"><a href=\"http:\/\/www.youblisher.com\/p\/433191-Memoria-Premi-Crearte\/\"><img loading=\"lazy\" decoding=\"async\" src=\"http:\/\/www.xtec.cat\/ceipalfes\/premis\/creart1.jpg\" alt=\"\" width=\"200\" height=\"283\" border=\"0\" \/><\/a><\/div>\n<\/td>\n<td width=\"19%\"><img loading=\"lazy\" decoding=\"async\" src=\"http:\/\/www.xtec.cat\/ceipalfes\/premis\/crearte2.jpg\" alt=\"\" width=\"192\" height=\"259\" border=\"1\" hspace=\"4\" \/><\/td>\n<td width=\"18%\"><img loading=\"lazy\" decoding=\"async\" src=\"http:\/\/www.xtec.cat\/ceipalfes\/imatges\/Crearte.jpg\" alt=\"\" width=\"191\" height=\"96\" hspace=\"4\" \/><\/p>\n<p><img loading=\"lazy\" decoding=\"async\" src=\"http:\/\/www.xtec.cat\/ceipalfes\/imatges\/crearte2.jpg\" alt=\"\" width=\"192\" height=\"59\" border=\"1\" hspace=\"4\" \/><\/td>\n<td width=\"45%\"><a href=\"http:\/\/www.mcu.es\/industrias\/docs\/BOE_Crearte2009.pdf\"><img loading=\"lazy\" decoding=\"async\" src=\"http:\/\/www.xtec.cat\/ceipalfes\/premis\/crebo.jpg\" alt=\"\" width=\"594\" height=\"229\" border=\"1\" hspace=\"4\" \/><\/a><\/td>\n<\/tr>\n<\/tbody>\n<\/table>\n<h3 style=\"text-align: center;\"><span class=\"Estilo3\">2010<\/span><span class=\"Estilo9\"> <span class=\"Estilo6\">FINALISTA<\/span> <\/span><span class=\"Estilo3\">Ferstival Inquiet <\/span><span class=\"Estilo9\">&#8211; Secci\u00f3 Inquieta &#8211; Prim\u00e0ria &#8211; Picassant (Val\u00e8ncia)<\/span><\/h3>\n<table class=\" aligncenter\" style=\"height: 312px;\" border=\"0\" width=\"1119\">\n<tbody>\n<tr>\n<td>\n<div align=\"right\"><img loading=\"lazy\" decoding=\"async\" src=\"http:\/\/www.xtec.cat\/ceipalfes\/imatges\/INQUIET101.jpg\" alt=\"\" width=\"280\" height=\"233\" border=\"1\" hspace=\"9\" \/><\/div>\n<\/td>\n<td>\n<div align=\"center\"><img loading=\"lazy\" decoding=\"async\" src=\"http:\/\/www.xtec.cat\/ceipalfes\/imatges\/INQUIT10.jpg\" alt=\"\" width=\"471\" height=\"249\" border=\"1\" \/><\/div>\n<\/td>\n<td><a href=\"http:\/\/www.xtec.cat\/ceipalfes\/Tresor\/tresor.html\"><img loading=\"lazy\" decoding=\"async\" src=\"http:\/\/www.xtec.cat\/ceipalfes\/pelis2010\/imatges\/tre1.jpg\" alt=\"\" width=\"259\" height=\"265\" border=\"0\" hspace=\"9\" \/><\/a><br \/>\n<a href=\"http:\/\/www.xtec.cat\/ceipalfes\/pelis2010\/guia%20tresor.pdf\"><span class=\"Estilo1\">Guia did\u00e0ctica<\/span><\/a><\/td>\n<\/tr>\n<\/tbody>\n<\/table>\n<h3 style=\"text-align: center;\"><span class=\"Estilo1\"><span class=\"Estilo3\">2009-2010 <\/span>Pel\u00b7l\u00edcula <span class=\"Estilo6\">L&#8217;ESCOLA DELS FANTASMES Finalista <\/span>del <\/span><span class=\"Estilo3\">festival FIC-CATde RODA DE BER\u00c0<\/span><span class=\"Estilo1\"><strong class=\"Estilo3\">.<\/strong><\/span><\/h3>\n<table border=\"0\" width=\"90%\">\n<tbody>\n<tr>\n<td>\n<div align=\"right\"><img loading=\"lazy\" decoding=\"async\" src=\"http:\/\/www.xtec.cat\/ceipalfes\/imatges\/FITCATLOGO.jpg\" alt=\"\" width=\"379\" height=\"241\" hspace=\"8\" \/><\/div>\n<\/td>\n<td>\n<div align=\"left\"><a href=\"https:\/\/www.youtube.com\/watch?v=FbPv--R7PXY\"><img loading=\"lazy\" decoding=\"async\" src=\"http:\/\/www.xtec.cat\/ceipalfes\/mostra09\/imatges\/peli.jpg\" alt=\"\" width=\"289\" height=\"209\" border=\"0\" hspace=\"8\" \/><\/a><\/div>\n<\/td>\n<\/tr>\n<\/tbody>\n<\/table>\n<h3><span class=\"Estilo1\"><span class=\"Estilo8\">2009-2010 <\/span>Pel treball de <span class=\"Estilo6\">M\u00c0RIUS VEUS Finalista <\/span>del festival de la <strong class=\"Estilo3\">LLANTERNA DIGITAL.<\/strong><\/span><\/h3>\n<table border=\"0\" width=\"90%\">\n<tbody>\n<tr>\n<td>\n<div align=\"right\"><a href=\"http:\/\/www.xtec.cat\/ceipalfes\/pelis2010\/marius.htm\"><img loading=\"lazy\" decoding=\"async\" src=\"http:\/\/www.xtec.cat\/ceipalfes\/pelis2010\/imatges\/1.jpg\" alt=\"\" width=\"300\" height=\"272\" border=\"0\" hspace=\"8\" \/><br \/>\n<\/a><span class=\"Estilo10\"><a class=\"Estilo5\" href=\"http:\/\/www.xtec.cat\/ceipalfes\/pelis2010\/guia%20marius.pdf\">Guia Did\u00e0ctica<\/a><\/span><\/div>\n<\/td>\n<td>\n<div align=\"left\"><a href=\"http:\/\/www.llanternadigital.cat\/index.htm\"><img loading=\"lazy\" decoding=\"async\" src=\"http:\/\/www.xtec.cat\/ceipalfes\/imatges\/yllnretol.jpg\" alt=\"\" width=\"338\" height=\"292\" border=\"0\" hspace=\"8\" \/><\/a><\/div>\n<\/td>\n<td><\/td>\n<td><\/td>\n<\/tr>\n<\/tbody>\n<\/table>\n<h3><span class=\"Estilo9\">2009 <span class=\"Estilo6\">Primer premi <\/span>Ferstival Inquiet &#8211; Secci\u00f3 Inquieta &#8211; Prim\u00e0ria &#8211; Picassant (Val\u00e8ncia)<\/span><\/h3>\n<table border=\"0\" width=\"100%\">\n<tbody>\n<tr>\n<td colspan=\"2\">\n<div align=\"center\"><img loading=\"lazy\" decoding=\"async\" src=\"http:\/\/www.xtec.cat\/ceipalfes\/premis\/imatges\/nov09\/Capturar_4.jpg\" alt=\"\" width=\"642\" height=\"66\" \/><\/div>\n<\/td>\n<\/tr>\n<tr>\n<td>\n<div align=\"right\"><a href=\"http:\/\/www.inquiet.org\/noticies_portada_detall.asp?id_not=19&amp;index=21\"><img loading=\"lazy\" decoding=\"async\" src=\"http:\/\/www.xtec.cat\/ceipalfes\/premis\/imatges\/nov09\/inquiet1.jpg\" alt=\"\" width=\"567\" height=\"188\" border=\"1\" \/><\/a><\/div>\n<\/td>\n<td>\n<div align=\"left\"><img loading=\"lazy\" decoding=\"async\" src=\"http:\/\/www.xtec.cat\/ceipalfes\/premis\/imatges\/nov09\/impuls2.jpg\" alt=\"\" width=\"202\" height=\"185\" \/><a href=\"https:\/\/www.youtube.com\/watch?v=FbPv--R7PXY\"><img loading=\"lazy\" decoding=\"async\" src=\"http:\/\/www.xtec.cat\/ceipalfes\/mostra09\/imatges\/peli.jpg\" alt=\"\" width=\"289\" height=\"209\" border=\"0\" \/><\/a><\/div>\n<\/td>\n<\/tr>\n<\/tbody>\n<\/table>\n<h3><span class=\"Estilo9\">2009 <span class=\"Estilo6\">Accessit <\/span>Concurs de Treballs Cient\u00edfics Departament d&#8217;Ensenyament.<\/span><\/h3>\n<div align=\"center\"><a href=\"http:\/\/www.xtec.cat\/ceipalfes\/Basseta\/basseta%20webquest\/plantillWQ\/index.htm\"><img loading=\"lazy\" decoding=\"async\" src=\"http:\/\/www.xtec.cat\/ceipalfes\/premis\/imatges\/nov09\/setmana.jpg\" alt=\"\" width=\"432\" height=\"198\" border=\"0\" \/> <img loading=\"lazy\" decoding=\"async\" src=\"http:\/\/www.xtec.cat\/ceipalfes\/premis\/imatges\/nov09\/Capturar_3.jpg\" alt=\"\" width=\"338\" height=\"203\" border=\"1\" hspace=\"10\" \/><\/a><\/div>\n<p>&nbsp;<\/p>\n<h3><span class=\"Estilo3\">2010 PREMI BATEC Ajuntament de Lleida. 2on premi<\/span><\/h3>\n<table border=\"0\" width=\"90%\">\n<tbody>\n<tr>\n<td>\n<div align=\"center\"><a href=\"http:\/\/www.paeria.cat\/cat\/ajuntament\/noticies.asp?Detall=True&amp;IdNoticia=12308&amp;PaginaAnterior=\/cat\/index.asp\"><img loading=\"lazy\" decoding=\"async\" src=\"http:\/\/www.xtec.cat\/ceipalfes\/imatges\/batec.jpg\" alt=\"\" width=\"327\" height=\"185\" border=\"0\" \/><\/a><\/div>\n<\/td>\n<td>\n<div align=\"center\"><img loading=\"lazy\" decoding=\"async\" src=\"http:\/\/www.xtec.cat\/ceipalfes\/imatges\/baterc3.jpg\" alt=\"\" width=\"400\" height=\"267\" border=\"0\" \/><\/div>\n<\/td>\n<td>\n<div align=\"center\"><a href=\"http:\/\/www.youblisher.com\/p\/433397-Treballs-Digitals-Que-qui-com-i-perque\/\"><img loading=\"lazy\" decoding=\"async\" src=\"http:\/\/www.xtec.cat\/ceipalfes\/imatges\/batec2.jpg\" alt=\"\" width=\"200\" height=\"283\" border=\"1\" \/><\/a><\/div>\n<\/td>\n<\/tr>\n<\/tbody>\n<\/table>\n<h3><span class=\"Estilo9\">2009 <span class=\"Estilo6\">Finalistes<\/span> en el Premi Fundaci\u00f3 Impuls a l&#8217;experi\u00e8ncia TIC m\u00e9s innovadora.<\/span><\/h3>\n<p><a href=\"http:\/\/www.premitic.org\/web\/adequa_en\/projecte.html?id=194\"><img loading=\"lazy\" decoding=\"async\" class=\"aligncenter\" src=\"http:\/\/www.xtec.cat\/ceipalfes\/premis\/imatges\/logo2impuls.jpg\" alt=\"\" width=\"241\" height=\"91\" border=\"0\" \/><\/a> <a href=\"http:\/\/www.xtec.cat\/ceipalfes\/Basseta\/basseta%20webquest\/plantillWQ\/index.htm\"><img loading=\"lazy\" decoding=\"async\" class=\"aligncenter\" src=\"http:\/\/www.xtec.cat\/ceipalfes\/premis\/imatges\/nov09\/Capturar_3.jpg\" alt=\"\" width=\"350\" height=\"232\" border=\"1\" hspace=\"10\" \/><\/a><\/p>\n<p>&nbsp;<\/p>\n<p><span class=\"Estilo9\">2008-2009 Festival de Cinema Jove de Val\u00e8ncia.<span class=\"Estilo6\"> Premi del p\u00fablic, premi Cuadernos de Pedagogia a la millor tasca docent \u00e0udio-visual i Accessit al primer premi.<\/span><\/span><\/p>\n<table border=\"0\" width=\"100%\">\n<tbody>\n<tr>\n<td>\n<div align=\"center\"><\/div>\n<p><a href=\"http:\/\/www.cinemajove.com\/\"><img loading=\"lazy\" decoding=\"async\" src=\"http:\/\/www.xtec.cat\/ceipalfes\/premis\/imatges\/nov09\/Capturar_2.jpg\" alt=\"\" width=\"442\" height=\"241\" border=\"0\" \/><\/a><\/td>\n<td>\n<div align=\"center\"><a href=\"http:\/\/www.xtec.cat\/ceipalfes\/premis\/imatges\/nov09\/grans\/-imatge-_0090.jpg\"><img loading=\"lazy\" decoding=\"async\" src=\"http:\/\/www.xtec.cat\/ceipalfes\/premis\/imatges\/nov09\/dipl004.jpg\" alt=\"\" width=\"350\" height=\"254\" border=\"0\" \/><\/a><\/div>\n<\/td>\n<td>\n<div align=\"center\"><a href=\"http:\/\/www.xtec.cat\/ceipalfes\/premis\/imatges\/nov09\/grans\/-imatge-_0091.jpg\"><img loading=\"lazy\" decoding=\"async\" src=\"http:\/\/www.xtec.cat\/ceipalfes\/premis\/imatges\/nov09\/dipl003.jpg\" alt=\"\" width=\"350\" height=\"254\" border=\"0\" \/><\/a><\/div>\n<\/td>\n<td><\/td>\n<td><\/td>\n<\/tr>\n<tr>\n<td><img loading=\"lazy\" decoding=\"async\" src=\"http:\/\/www.xtec.cat\/ceipalfes\/premis\/imatges\/lluna.jpg\" alt=\"\" width=\"217\" height=\"213\" \/><img loading=\"lazy\" decoding=\"async\" src=\"http:\/\/www.xtec.cat\/ceipalfes\/premis\/imatges\/lluna.jpg\" alt=\"\" width=\"212\" height=\"211\" \/><\/td>\n<td height=\"302\">\n<div align=\"center\"><a href=\"http:\/\/tv_mav.cnice.mec.es\/cinemajove\/palmares.htm\"><img loading=\"lazy\" decoding=\"async\" src=\"http:\/\/www.xtec.cat\/ceipalfes\/mostra09\/imatges\/peli.jpg\" alt=\"\" width=\"320\" height=\"240\" border=\"0\" \/><\/a><\/div>\n<\/td>\n<td><a href=\"http:\/\/www.xtec.cat\/ceipalfes\/premis\/imatges\/nov09\/grans\/-imatge-_0092.jpg\"><img loading=\"lazy\" decoding=\"async\" src=\"http:\/\/www.xtec.cat\/ceipalfes\/premis\/imatges\/nov09\/dipl005.jpg\" alt=\"\" width=\"350\" height=\"254\" border=\"0\" \/><\/a><\/td>\n<td><\/td>\n<td><\/td>\n<\/tr>\n<tr>\n<td colspan=\"3\" height=\"302\">\n<div align=\"center\"><a href=\"http:\/\/tv_mav.cnice.mec.es\/cinemajove\/palmares.htm\"><img loading=\"lazy\" decoding=\"async\" src=\"http:\/\/www.xtec.cat\/ceipalfes\/imatges\/val09fant.jpg\" alt=\"\" width=\"933\" height=\"719\" border=\"0\" \/><\/a><\/div>\n<\/td>\n<td><\/td>\n<td><\/td>\n<\/tr>\n<\/tbody>\n<\/table>\n<h3><span class=\"Estilo1\"><span class=\"Estilo8\">2008-2009 <\/span>Pel treball de <span class=\"Estilo6\">LA MAGIA.<\/span> <span class=\"Estilo7\">PRIMER PREMI <\/span>del festival de la LLANTERNA DIGITAL.<\/span><\/h3>\n<p><a href=\"http:\/\/www.llanternadigital.cat\/10\/catala\/llanterna.htm\"><img loading=\"lazy\" decoding=\"async\" src=\"http:\/\/www.xtec.cat\/ceipalfes\/premis\/imatges\/nov09\/Capturar.jpg\" alt=\"\" width=\"887\" height=\"73\" border=\"0\" \/><\/a><\/p>\n<p><a href=\"http:\/\/www.xtec.cat\/ceipalfes\/premis\/imatges\/nov09\/grans\/-imatge-_0087.jpg\"><img loading=\"lazy\" decoding=\"async\" src=\"http:\/\/www.xtec.cat\/ceipalfes\/premis\/imatges\/nov09\/dipl000.jpg\" alt=\"\" width=\"350\" height=\"254\" border=\"0\" \/><\/a> <a href=\"https:\/\/www.youtube.com\/watch?v=ENExlskR-Ts\"><img loading=\"lazy\" decoding=\"async\" src=\"http:\/\/www.xtec.cat\/ceipalfes\/alectora07\/videos\/fondovideo.jpg\" alt=\"\" width=\"316\" height=\"256\" border=\"0\" \/><\/a><\/p>\n<h3 class=\"Estilo1\"><strong>2007-2008<\/strong>. Treball de <strong>&#8220;La m\u00e0gia&#8221;<\/strong> <span class=\"Estilo3\"><strong>Primer premi<\/strong><\/span> en el festival de cinema Jove de Val\u00e8ncia<br \/>\nen la categoria de centres d&#8217;educaci\u00f3 infantil i prim\u00e0ria.<\/h3>\n<p><img loading=\"lazy\" decoding=\"async\" src=\"http:\/\/www.xtec.cat\/ceipalfes\/premis\/imatges\/cjove.jpg\" alt=\"\" width=\"184\" height=\"273\" hspace=\"10\" \/> <img loading=\"lazy\" decoding=\"async\" src=\"http:\/\/www.xtec.cat\/ceipalfes\/premis\/imatges\/lluna.jpg\" alt=\"\" width=\"276\" height=\"281\" \/><img loading=\"lazy\" decoding=\"async\" src=\"http:\/\/www.xtec.cat\/ceipalfes\/premis\/imatges\/diplcjove08.jpg\" alt=\"\" width=\"360\" height=\"256\" hspace=\"10\" \/> <a href=\"https:\/\/www.youtube.com\/watch?v=ENExlskR-Ts\"><img loading=\"lazy\" decoding=\"async\" src=\"http:\/\/www.xtec.cat\/ceipalfes\/alectora07\/videos\/fondovideo.jpg\" alt=\"\" width=\"279\" height=\"211\" border=\"0\" \/><\/a><\/p>\n<h3><span class=\"Estilo5\">Curs 2006-07 &#8220;La m\u00e0gia&#8221; 3er premi CAC<\/span><\/h3>\n<p><img loading=\"lazy\" decoding=\"async\" src=\"http:\/\/www.xtec.cat\/ceipalfes\/premis\/cac07dipl.jpg\" alt=\"\" width=\"289\" height=\"213\" hspace=\"10\" \/> <img loading=\"lazy\" decoding=\"async\" src=\"http:\/\/www.xtec.cat\/ceipalfes\/premis\/cac07fot.jpg\" alt=\"\" width=\"291\" height=\"213\" hspace=\"10\" \/><\/p>\n<p>&nbsp;<\/p>\n<table style=\"height: 320px;\" border=\"0\" width=\"949\">\n<tbody>\n<tr>\n<td>\n<div align=\"right\"><img loading=\"lazy\" decoding=\"async\" src=\"http:\/\/www.xtec.cat\/ceipalfes\/premis\/valencia2.jpg\" alt=\"\" width=\"400\" height=\"266\" border=\"1\" hspace=\"5\" vspace=\"5\" \/><\/div>\n<\/td>\n<td><a href=\"https:\/\/www.youtube.com\/watch?v=8clUckk__yg\"><img loading=\"lazy\" decoding=\"async\" src=\"http:\/\/www.xtec.cat\/ceipalfes\/publi06\/cinema.gif\" alt=\"\" width=\"70\" height=\"70\" border=\"0\" \/><\/a><\/p>\n<p><a href=\"https:\/\/www.youtube.com\/watch?v=TIYpapfI7RA\"><img loading=\"lazy\" decoding=\"async\" src=\"http:\/\/www.xtec.cat\/ceipalfes\/publi06\/cinema.gif\" alt=\"\" width=\"70\" height=\"70\" border=\"0\" \/><\/a><\/td>\n<td>\n<div align=\"left\"><img loading=\"lazy\" decoding=\"async\" src=\"http:\/\/www.xtec.cat\/ceipalfes\/premis\/valencia1.jpg\" alt=\"\" width=\"400\" height=\"266\" border=\"1\" hspace=\"5\" vspace=\"5\" \/><\/div>\n<\/td>\n<\/tr>\n<\/tbody>\n<\/table>\n<h4><span class=\"Estilo1\">Nominacions al<strong> FESTIVAL DE CINEMA JOVE de Val\u00e8ncia.<\/strong><br \/>\nDos dels nostres treballs has estat nominats: <strong>EL PASSATGE DE LA POR<\/strong>, el curs <strong>2003-04<\/strong> i<br \/>\n<strong>TINTIN I EL MISTERI DE LA CAMPANA<\/strong>. Curs <strong>2005-06<\/strong><\/span><\/h4>\n<h4><span class=\"Estilo1\">Durant els cursos<strong> 2005-06 <\/strong>v\u00e0rem treballar la publicitat des d&#8217;una vessant creativa. Vam fer sotres anuncis i un telenot\u00edcies. Vam crear un producte comercial &#8211; el MEMORITON &#8211; sobre el que vam basar el treball. El Consell Audiovisual de Catalunya (CAC)<\/span><\/h4>\n<p><img loading=\"lazy\" decoding=\"async\" src=\"http:\/\/www.xtec.cat\/ceipalfes\/premis\/cac06.jpg\" alt=\"\" width=\"468\" height=\"328\" border=\"1\" hspace=\"5\" vspace=\"5\" \/><\/p>\n<p align=\"left\"><img loading=\"lazy\" decoding=\"async\" src=\"http:\/\/www.xtec.cat\/ceipalfes\/premis\/fotoscac\/premicac-06-%2009.jpg\" alt=\"\" width=\"250\" height=\"180\" border=\"1\" hspace=\"5\" vspace=\"5\" \/>\u00a0 \u00a0 \u00a0 \u00a0 \u00a0 \u00a0 \u00a0<a href=\"https:\/\/www.youtube.com\/watch?v=0JRXjidXmcE\"><img loading=\"lazy\" decoding=\"async\" class=\"\" src=\"http:\/\/www.xtec.cat\/ceipalfes\/publi06\/publi3.jpg\" alt=\"\" width=\"384\" height=\"287\" border=\"2\" hspace=\"5\" vspace=\"5\" \/><\/a>\u00a0 \u00a0 \u00a0 \u00a0\u00a0<img loading=\"lazy\" decoding=\"async\" src=\"http:\/\/www.xtec.cat\/ceipalfes\/premis\/fotoscac\/premicac-06-%2007.jpg\" alt=\"\" width=\"250\" height=\"180\" border=\"1\" hspace=\"5\" vspace=\"5\" \/><\/p>\n<table border=\"0\" width=\"80%\" align=\"center\">\n<tbody>\n<tr bgcolor=\"#FFFFFF\">\n<td>\n<div align=\"center\">\u00a0<span class=\"Estilo1\">Durant els cursos<strong> 2002-03 i 2003-04 <\/strong>vam participar en el concurs <strong>&#8220;Joves Reporters&#8221;<\/strong> convocats conjuntament pel Departament d&#8217;Ensenyament i la casa Panas\u00f2nic amb les pel.l\u00edcules <strong>Amics Ol\u00edmpics i Entorn.<\/strong><\/span><img loading=\"lazy\" decoding=\"async\" src=\"http:\/\/www.xtec.cat\/ceipalfes\/premis\/panas2003.jpg\" alt=\"\" width=\"407\" height=\"354\" border=\"2\" hspace=\"10\" vspace=\"2\" \/><\/div>\n<\/td>\n<\/tr>\n<\/tbody>\n<\/table>\n<div align=\"left\">\u00a0 \u00a0 \u00a0 \u00a0 \u00a0 \u00a0 \u00a0 \u00a0 \u00a0 \u00a0 \u00a0 \u00a0 \u00a0 \u00a0 \u00a0 \u00a0<img loading=\"lazy\" decoding=\"async\" src=\"http:\/\/www.xtec.cat\/ceipalfes\/premis\/panas2003-f.jpg\" alt=\"\" width=\"263\" height=\"200\" border=\"1\" vspace=\"3\" \/>\u00a0 \u00a0 \u00a0 \u00a0 \u00a0 <a href=\"https:\/\/www.youtube.com\/watch?v=A94CcftrrY4\"><img loading=\"lazy\" decoding=\"async\" src=\"http:\/\/www.xtec.cat\/ceipalfes\/videos\/cinema.gif\" alt=\"\" width=\"70\" height=\"70\" border=\"0\" hspace=\"5\" \/><\/a>\u00a0 \u00a0 \u00a0 \u00a0 \u00a0 \u00a0 \u00a0 \u00a0 \u00a0 \u00a0 \u00a0 \u00a0 \u00a0 \u00a0 \u00a0 \u00a0 \u00a0 \u00a0 \u00a0 \u00a0 \u00a0 \u00a0 \u00a0 \u00a0 \u00a0 \u00a0<img loading=\"lazy\" decoding=\"async\" src=\"http:\/\/www.xtec.cat\/ceipalfes\/premis\/entorn.jpg\" alt=\"\" width=\"268\" height=\"192\" \/>\u00a0 \u00a0 \u00a0<a href=\"https:\/\/www.youtube.com\/watch?v=1nx6jwZNjcI\"><img loading=\"lazy\" decoding=\"async\" src=\"http:\/\/www.xtec.cat\/ceipalfes\/videos\/cinema.gif\" alt=\"\" width=\"70\" height=\"70\" border=\"0\" hspace=\"5\" \/><\/a><\/div>\n<div align=\"left\"><\/div>\n<div align=\"center\"><\/div>\n<h4 align=\"center\"><span class=\"Estilo1\">El <strong>curs 2001-02<\/strong> el projecte <strong>ARRELS<\/strong> fou triat pel Departament d&#8217;Ensenyament com a <strong>model de treball de les TIC a les ZERs de Catalunya<\/strong>. El projecte es present\u00e0 a<strong> Sites M2 .<\/strong> El nostre treball obtingu\u00e9 un <strong>reconeixement mundial.<\/strong> A les conclusions de l&#8217;Estudi, en el context de les conclusions mundials, als Estats Units varem ser esmentats expressament com a model de treball equilibrat.<\/span><\/h4>\n<h4 align=\"center\"><\/h4>\n<div align=\"center\"><img loading=\"lazy\" decoding=\"async\" src=\"http:\/\/www.xtec.cat\/ceipalfes\/premis\/sites1.jpg\" alt=\"\" width=\"731\" height=\"101\" border=\"1\" \/> <img loading=\"lazy\" decoding=\"async\" src=\"http:\/\/www.xtec.cat\/ceipalfes\/premis\/siteslogo.gif\" alt=\"\" width=\"147\" height=\"99\" border=\"1\" hspace=\"10\" \/><\/div>\n<h4 class=\"Estilo1\">El <strong>curs 2000-01<\/strong> la<strong> Zer l&#8217;Eral<\/strong> obtingu\u00e9 el <strong>Segon premi<\/strong> en el concurs organitzat pel<strong> Consell Comarcal<\/strong> <strong>del Segri\u00e0<\/strong> a l&#8217;entorn de la descoberta dels nostres pobles i de la cura dels mateixos. El treball basat en el projecte ARRELS es complement\u00e0 amb accions concretes de millora de l&#8217;entorn.<\/h4>\n<p><img loading=\"lazy\" decoding=\"async\" src=\"http:\/\/www.xtec.cat\/ceipalfes\/premis\/cc2001.jpg\" alt=\"\" width=\"283\" height=\"200\" border=\"1\" hspace=\"5\" \/> <img loading=\"lazy\" decoding=\"async\" src=\"http:\/\/www.xtec.cat\/ceipalfes\/premis\/cc2001-f.jpg\" alt=\"\" width=\"141\" height=\"200\" border=\"1\" hspace=\"5\" \/><\/p>\n<h4>\u00a0<span class=\"Estilo1\">El <strong>curs 2001-02<\/strong> la <strong>Fundaci\u00f3 Enciclop\u00e8dia Catalana<\/strong> ens atorg\u00e0 una beca per dur a a terme el projecte <strong>&#8220;Arrels&#8221;<\/strong> que fou treballat al llarg de tot el curs. La Beca fou un veritable premi i est\u00edmul per tots plegats.<\/span><\/h4>\n<h4><img loading=\"lazy\" decoding=\"async\" src=\"http:\/\/www.xtec.cat\/ceipalfes\/premis\/enc2001-beca.jpg\" alt=\"\" width=\"139\" height=\"200\" border=\"1\" hspace=\"10\" \/><img loading=\"lazy\" decoding=\"async\" src=\"http:\/\/www.xtec.cat\/ceipalfes\/premis\/enc2001-f-beca.jpg\" alt=\"\" width=\"276\" height=\"200\" border=\"1\" hspace=\"10\" \/><a href=\"http:\/\/www.xtec.cat\/ceipalfes\/arrels\/portal.htm\"><img loading=\"lazy\" decoding=\"async\" src=\"http:\/\/www.xtec.cat\/ceipalfes\/premis\/arrels1.jpg\" alt=\"\" width=\"185\" height=\"202\" border=\"1\" hspace=\"5\" \/><\/a><\/h4>\n<p>&nbsp;<\/p>\n<h4><span class=\"Estilo1\"><strong>Curs 1998-99 10\u00e8 premi<\/strong> a la nostra <strong>plana WEB<\/strong> e\u00a0<\/span><span class=\"Estilo1\">n el concurs Presentem la nostra escola a Europa.<br \/>\nLa nostra p\u00e0gina fou pionera a les terres de Ponent,\u00a0cosa que ens ha fet sentir sempre satisfets.<\/span><\/h4>\n<h4><span class=\"Estilo1\"><img loading=\"lazy\" decoding=\"async\" class=\"aligncenter\" src=\"http:\/\/www.xtec.cat\/ceipalfes\/premis\/web1998-10e.jpg\" alt=\"\" width=\"300\" height=\"199\" border=\"1\" hspace=\"15\" \/>\u00a0 \u00a0 \u00a0 \u00a0 \u00a0 \u00a0 \u00a0\u00a0<img loading=\"lazy\" decoding=\"async\" class=\"aligncenter\" src=\"http:\/\/www.xtec.cat\/ceipalfes\/premis\/web1998-f-10e.jpg\" alt=\"\" width=\"231\" height=\"200\" border=\"1\" hspace=\"15\" \/><\/span><br \/>\n<span class=\"Estilo1\"><strong>Curs 1996-97<\/strong>. Finalistes amb el treball <strong>&#8220;Filastrofes&#8221;<\/strong> Un recull de poemes il.lustrats a l&#8217;entorn de la pau. Els poemes foren proposats per l&#8217;editorial Barcanova en el concurs &#8220;Antaviana&#8221;. S\u00f3n una traducci\u00f3 de Miquel Mart\u00ed i Pol.<\/span><img loading=\"lazy\" decoding=\"async\" class=\"aligncenter\" src=\"http:\/\/www.xtec.cat\/ceipalfes\/premis\/antav.jpg\" alt=\"\" width=\"227\" height=\"160\" \/><\/h4>\n","protected":false},"excerpt":{"rendered":"<p>Altres premis\u00a02011 -12 Primer premi: TASTAFRUITA 2012 2011 -12 Primer premi: La Llanterna digital 2012 &nbsp; 2011-2012 \u00a0Pel\u00b7l\u00edcula EL TRESOR DE LA CAMPANA Finalista del festival FIC-CAT de RODA DE BER\u00c0. Guia did\u00e0ctica 2011 -12 Acc\u00e8ssit al primer premi. Festival de Cinema Jove de Val\u00e8ncia 2012 \u00a0 \u00a0 \u00a0 \u00a0 \u00a0 \u00a0 \u00a0 \u00a0 \u00a0<\/p>\n","protected":false},"author":1,"featured_media":0,"parent":0,"menu_order":0,"comment_status":"closed","ping_status":"closed","template":"","meta":{"_bbp_topic_count":0,"_bbp_reply_count":0,"_bbp_total_topic_count":0,"_bbp_total_reply_count":0,"_bbp_voice_count":0,"_bbp_anonymous_reply_count":0,"_bbp_topic_count_hidden":0,"_bbp_reply_count_hidden":0,"_bbp_forum_subforum_count":0,"site-sidebar-layout":"default","site-content-layout":"","ast-site-content-layout":"","site-content-style":"default","site-sidebar-style":"default","ast-global-header-display":"","ast-banner-title-visibility":"","ast-main-header-display":"","ast-hfb-above-header-display":"","ast-hfb-below-header-display":"","ast-hfb-mobile-header-display":"","site-post-title":"","ast-breadcrumbs-content":"","ast-featured-img":"","footer-sml-layout":"","theme-transparent-header-meta":"","adv-header-id-meta":"","stick-header-meta":"","header-above-stick-meta":"","header-main-stick-meta":"","header-below-stick-meta":"","astra-migrate-meta-layouts":"default","ast-page-background-enabled":"default","ast-page-background-meta":{"desktop":{"background-color":"var(--ast-global-color-4)","background-image":"","background-repeat":"repeat","background-position":"center center","background-size":"auto","background-attachment":"scroll","background-type":"","background-media":"","overlay-type":"","overlay-color":"","overlay-opacity":"","overlay-gradient":""},"tablet":{"background-color":"","background-image":"","background-repeat":"repeat","background-position":"center center","background-size":"auto","background-attachment":"scroll","background-type":"","background-media":"","overlay-type":"","overlay-color":"","overlay-opacity":"","overlay-gradient":""},"mobile":{"background-color":"","background-image":"","background-repeat":"repeat","background-position":"center center","background-size":"auto","background-attachment":"scroll","background-type":"","background-media":"","overlay-type":"","overlay-color":"","overlay-opacity":"","overlay-gradient":""}},"ast-content-background-meta":{"desktop":{"background-color":"var(--ast-global-color-5)","background-image":"","background-repeat":"repeat","background-position":"center center","background-size":"auto","background-attachment":"scroll","background-type":"","background-media":"","overlay-type":"","overlay-color":"","overlay-opacity":"","overlay-gradient":""},"tablet":{"background-color":"var(--ast-global-color-5)","background-image":"","background-repeat":"repeat","background-position":"center center","background-size":"auto","background-attachment":"scroll","background-type":"","background-media":"","overlay-type":"","overlay-color":"","overlay-opacity":"","overlay-gradient":""},"mobile":{"background-color":"var(--ast-global-color-5)","background-image":"","background-repeat":"repeat","background-position":"center center","background-size":"auto","background-attachment":"scroll","background-type":"","background-media":"","overlay-type":"","overlay-color":"","overlay-opacity":"","overlay-gradient":""}},"footnotes":""},"class_list":["post-463","page","type-page","status-publish","hentry"],"post_mailing_queue_ids":[],"_links":{"self":[{"href":"https:\/\/agora.xtec.cat\/ceipalfes\/wp-json\/wp\/v2\/pages\/463","targetHints":{"allow":["GET"]}}],"collection":[{"href":"https:\/\/agora.xtec.cat\/ceipalfes\/wp-json\/wp\/v2\/pages"}],"about":[{"href":"https:\/\/agora.xtec.cat\/ceipalfes\/wp-json\/wp\/v2\/types\/page"}],"author":[{"embeddable":true,"href":"https:\/\/agora.xtec.cat\/ceipalfes\/wp-json\/wp\/v2\/users\/1"}],"replies":[{"embeddable":true,"href":"https:\/\/agora.xtec.cat\/ceipalfes\/wp-json\/wp\/v2\/comments?post=463"}],"version-history":[{"count":3,"href":"https:\/\/agora.xtec.cat\/ceipalfes\/wp-json\/wp\/v2\/pages\/463\/revisions"}],"predecessor-version":[{"id":1218,"href":"https:\/\/agora.xtec.cat\/ceipalfes\/wp-json\/wp\/v2\/pages\/463\/revisions\/1218"}],"wp:attachment":[{"href":"https:\/\/agora.xtec.cat\/ceipalfes\/wp-json\/wp\/v2\/media?parent=463"}],"curies":[{"name":"wp","href":"https:\/\/api.w.org\/{rel}","templated":true}]}}