{"id":331,"date":"2015-10-18T09:23:13","date_gmt":"2015-10-18T08:23:13","guid":{"rendered":"http:\/\/agora.xtec.cat\/ceipalfes\/?page_id=331"},"modified":"2021-10-06T13:04:18","modified_gmt":"2021-10-06T11:04:18","slug":"premis-del-departament-densenyament","status":"publish","type":"page","link":"https:\/\/agora.xtec.cat\/ceipalfes\/els-premis\/premis-del-departament-densenyament\/","title":{"rendered":"Premis Departament Educaci\u00f3"},"content":{"rendered":"<p>&nbsp;<\/p>\n<table class=\" alignleft\" border=\"0\" align=\"center\">\n<tbody>\n<tr bgcolor=\"#FFFFFF\">\n<td colspan=\"3\" align=\"center\" valign=\"middle\"><\/td>\n<\/tr>\n<tr bgcolor=\"#FFCC33\">\n<td colspan=\"3\" align=\"center\" valign=\"middle\"><span class=\"Estilo1\"><strong>Curs 2009-10 Premi de video a la Mostra 2010<\/strong><\/span><\/td>\n<\/tr>\n<tr bgcolor=\"#FFFFFF\">\n<td colspan=\"3\" align=\"center\" valign=\"middle\">\n<table>\n<tbody>\n<tr>\n<td><a href=\"https:\/\/www.youtube.com\/watch?v=5aPHV9njMSk\"><img loading=\"lazy\" decoding=\"async\" class=\" aligncenter\" src=\"http:\/\/www.xtec.cat\/ceipalfes\/pelis2010\/imatges\/tre1.jpg\" alt=\"\" width=\"201\" height=\"208\" border=\"0\" \/><\/a><\/p>\n<h1 style=\"text-align: center;\"><span style=\"font-size: 18pt;\">1<\/span> \u00a0<span style=\"font-size: 12pt;\"><a href=\"http:\/\/www.xtec.cat\/ceipalfes\/pelis2010\/guia%20marius.pdf\">Guia did\u00e0ctica<\/a><\/span><\/h1>\n<\/td>\n<td>\n<h1 style=\"text-align: center;\"><a href=\"https:\/\/www.youtube.com\/watch?v=8HFzyw5fZUE\"><img loading=\"lazy\" decoding=\"async\" class=\" aligncenter\" src=\"http:\/\/www.xtec.cat\/ceipalfes\/pelis2010\/imatges\/tre1.jpg\" alt=\"\" width=\"201\" height=\"208\" border=\"0\" \/><span style=\"color: #000000;\"><strong>2<\/strong><\/span><br \/>\n<\/a><\/h1>\n<\/td>\n<td style=\"text-align: center;\"><a href=\"https:\/\/www.youtube.com\/watch?v=mhPiavTQ3Gw&amp;feature=player_embedded\"><img loading=\"lazy\" decoding=\"async\" class=\" aligncenter\" src=\"http:\/\/www.xtec.cat\/ceipalfes\/pelis2010\/imatges\/1.jpg\" alt=\"\" width=\"203\" height=\"203\" border=\"0\" \/><\/a><a href=\"http:\/\/www.xtec.cat\/ceipalfes\/pelis2010\/guia%20marius.pdf\">Guia Did\u00e0ctica<\/a><\/td>\n<td style=\"text-align: center;\"><img loading=\"lazy\" decoding=\"async\" class=\"aligncenter\" src=\"http:\/\/www.xtec.cat\/ceipalfes\/mostra%2010\/lamostra2010.png\" alt=\"\" width=\"58\" height=\"198\" border=\"0\" hspace=\"4\" \/><\/td>\n<td style=\"text-align: center;\"><img loading=\"lazy\" decoding=\"async\" class=\" aligncenter\" src=\"http:\/\/www.xtec.cat\/ceipalfes\/mostra%2010\/photos\/jordi17.jpg\" alt=\"\" width=\"272\" height=\"204\" border=\"0\" \/><br \/>\n<a href=\"http:\/\/www.xtec.cat\/ceipalfes\/mostra%2010\/guia%20jordi.pdf\"><span class=\"Estilo11\">Guia did\u00e0ctica<\/span><\/a><\/td>\n<\/tr>\n<\/tbody>\n<\/table>\n<\/td>\n<\/tr>\n<tr bgcolor=\"#FFCC33\">\n<td colspan=\"3\" align=\"center\" valign=\"middle\">\n<p class=\"Estilo4\"><span class=\"Estilo1\"><strong>Curs 2008-2009<\/strong><\/span><strong><br \/>\n<\/strong><strong>La pel\u00b7l\u00edcula &#8220;L&#8217;escola dels Fantasmes&#8221; -es la tercera de la saga dels fantasmes. La vam duar a terme per donar compliment a una demnanda geralitzada dels alumnes. El treball ha obtingut un dels premis de v\u00eddeo de la Mostra O9 del Departament d&#8217;Ensenyament<\/strong><\/p>\n<\/td>\n<\/tr>\n<tr bgcolor=\"#FFFFFF\">\n<td colspan=\"3\" align=\"center\" valign=\"middle\">\n<h2 class=\"Estilo2\"><a href=\"http:\/\/phobos.xtec.cat\/audiovisuals\/lamostra\/009\/treballs.php?m=2\"><img loading=\"lazy\" decoding=\"async\" src=\"http:\/\/www.xtec.cat\/ceipalfes\/mostra09\/imatges\/logo_lamostra009blanc2.gif\" alt=\"\" width=\"200\" height=\"64\" border=\"0\" \/><\/a> <a href=\"http:\/\/www.xtec.cat\/ceipalfes\/premis\/imatges\/nov09\/grans\/-imatge-_0094.jpg\"><img loading=\"lazy\" decoding=\"async\" src=\"http:\/\/www.xtec.cat\/ceipalfes\/premis\/imatges\/nov09\/dipl007.jpg\" alt=\"\" width=\"350\" height=\"254\" border=\"1\" \/><\/a> <a href=\"https:\/\/www.youtube.com\/watch?v=FbPv--R7PXY\"><img loading=\"lazy\" decoding=\"async\" src=\"http:\/\/www.xtec.cat\/ceipalfes\/mostra09\/imatges\/peli.jpg\" alt=\"\" width=\"289\" height=\"209\" border=\"0\" \/><\/a><\/h2>\n<\/td>\n<\/tr>\n<tr align=\"center\" valign=\"middle\" bgcolor=\"#FFCC00\">\n<td colspan=\"3\"><span class=\"Estilo2\"><strong>Curs 2007-08 Premi video a la mostra 2008 <\/strong><br \/>\nDins del context de l&#8217;Animaci\u00f3 Lectora i com a complement del tema de la lectura d&#8217;enguany hem pensat fer la descoberta del nostre entorn m\u00e9s proper: el poble, les places, les fonts, l&#8217;esgl\u00e9sia i l&#8217;escola.<\/span><\/td>\n<\/tr>\n<tr align=\"center\" valign=\"middle\" bgcolor=\"#FFFFFF\">\n<td colspan=\"3\">\n<table border=\"0\" width=\"80%\">\n<tbody>\n<tr>\n<td>\n<div align=\"right\"><a href=\"https:\/\/www.youtube.com\/watch?v=UAFgw0RLSfs&amp;feature=youtu.be\"><img loading=\"lazy\" decoding=\"async\" src=\"http:\/\/www.xtec.cat\/ceipalfes\/premis\/imatges\/escola.jpg\" alt=\"\" width=\"250\" height=\"188\" border=\"0\" hspace=\"10\" vspace=\"10\" \/><\/a><br \/>\n<a href=\"https:\/\/www.youtube.com\/watch?v=UAFgw0RLSfs&amp;feature=youtu.be\"><img loading=\"lazy\" decoding=\"async\" src=\"http:\/\/www.xtec.cat\/ceipalfes\/premis\/imatges\/esglesia.jpg\" alt=\"\" width=\"250\" height=\"188\" border=\"0\" hspace=\"10\" vspace=\"10\" \/><\/a><\/div>\n<\/td>\n<td>\n<div align=\"center\"><a href=\"https:\/\/www.youtube.com\/watch?v=UAFgw0RLSfs&amp;feature=youtu.be\"><img loading=\"lazy\" decoding=\"async\" src=\"http:\/\/www.xtec.cat\/ceipalfes\/premis\/imatges\/poble.jpg\" alt=\"\" width=\"250\" height=\"188\" border=\"0\" \/><\/a><br \/>\n<img loading=\"lazy\" decoding=\"async\" src=\"http:\/\/www.xtec.cat\/ceipalfes\/premis\/imatges\/diplovid08.jpg\" alt=\"\" width=\"316\" height=\"227\" border=\"1\" hspace=\"10\" \/><\/div>\n<\/td>\n<td>\n<div align=\"left\"><a href=\"https:\/\/www.youtube.com\/watch?v=UAFgw0RLSfs&amp;feature=youtu.be\"><img loading=\"lazy\" decoding=\"async\" src=\"http:\/\/www.xtec.cat\/ceipalfes\/premis\/imatges\/fonts.jpg\" alt=\"\" width=\"250\" height=\"188\" border=\"0\" hspace=\"10\" vspace=\"10\" \/><\/a><br \/>\n<a href=\"https:\/\/www.youtube.com\/watch?v=UAFgw0RLSfs&amp;feature=youtu.be\"><img loading=\"lazy\" decoding=\"async\" src=\"http:\/\/www.xtec.cat\/ceipalfes\/premis\/imatges\/places.jpg\" alt=\"\" width=\"250\" height=\"188\" border=\"0\" hspace=\"10\" vspace=\"10\" \/><\/a><\/div>\n<\/td>\n<\/tr>\n<\/tbody>\n<\/table>\n<\/td>\n<\/tr>\n<tr align=\"center\" valign=\"middle\">\n<td colspan=\"3\"><\/td>\n<\/tr>\n<tr align=\"center\" valign=\"middle\" bgcolor=\"#FFCC33\">\n<td colspan=\"3\"><span class=\"Estilo1\"><strong>Curs 2007-08 Premi de fotografia a la Mostra 2008 pel treball<\/strong><\/span><span class=\"Estilo2\"><strong> <span class=\"Estilo8\">foto-pintures<\/span><\/strong><\/span><\/td>\n<\/tr>\n<tr align=\"center\" valign=\"middle\" bgcolor=\"#FFFFFF\">\n<td colspan=\"3\">\n<table border=\"0\" width=\"90%\">\n<tbody>\n<tr>\n<td>\n<div align=\"center\"><a href=\"http:\/\/www.xtec.cat\/ceipalfes\/fotopintures08\/intro\/intro.htm\"><img loading=\"lazy\" decoding=\"async\" src=\"http:\/\/www.xtec.cat\/ceipalfes\/fotopintures08\/intro\/photos\/canegra05.JPG\" alt=\"\" width=\"400\" height=\"300\" border=\"0\" \/><\/a><\/div>\n<\/td>\n<td>\n<div align=\"center\"><a href=\"http:\/\/phobos.xtec.cat\/audiovisuals\/lamostra\/008\/treballs.php?fitxa=39\"><img loading=\"lazy\" decoding=\"async\" src=\"http:\/\/www.xtec.cat\/ceipalfes\/imatges\/logo_lamostra008.gif\" alt=\"\" width=\"500\" height=\"149\" border=\"0\" \/><\/a><\/div>\n<\/td>\n<td><\/td>\n<td><\/td>\n<\/tr>\n<\/tbody>\n<\/table>\n<\/td>\n<\/tr>\n<tr align=\"center\" valign=\"middle\" bgcolor=\"#FFFFFF\">\n<td colspan=\"3\"><\/td>\n<\/tr>\n<tr align=\"center\" valign=\"middle\" bgcolor=\"#FFCC33\">\n<td colspan=\"3\"><span class=\"Estilo4\">Curs 2006 &#8211; 07 &#8221; Qu\u00e8 fem amb l&#8217;aigua&#8221; Treball de fotografia.<\/span><\/td>\n<\/tr>\n<tr align=\"center\" valign=\"middle\">\n<td colspan=\"3\"><img loading=\"lazy\" decoding=\"async\" src=\"http:\/\/www.xtec.cat\/ceipalfes\/mostra07\/redu\/AIGUA1.jpg\" alt=\"\" width=\"200\" height=\"289\" hspace=\"5\" \/><img loading=\"lazy\" decoding=\"async\" src=\"http:\/\/www.xtec.cat\/ceipalfes\/mostra07\/redu\/AIGUA2.jpg\" alt=\"\" width=\"181\" height=\"289\" hspace=\"5\" \/><img loading=\"lazy\" decoding=\"async\" src=\"http:\/\/www.xtec.cat\/ceipalfes\/mostra07\/redu\/AIGUA3.jpg\" alt=\"\" width=\"191\" height=\"289\" hspace=\"5\" \/><img loading=\"lazy\" decoding=\"async\" src=\"http:\/\/www.xtec.cat\/ceipalfes\/mostra07\/logo_lamostra007.gif\" alt=\"\" width=\"250\" height=\"75\" hspace=\"5\" \/><\/td>\n<\/tr>\n<tr align=\"center\" valign=\"middle\" bgcolor=\"#FFCC00\">\n<td colspan=\"3\"><span class=\"Estilo4\">Curs 2006-07 &#8220;La m\u00e0gia&#8221; <a href=\"http:\/\/www.xtec.cat\/ceipalfes\/premis\/mostra07\/aigua.htm\"><img loading=\"lazy\" decoding=\"async\" src=\"http:\/\/www.xtec.cat\/ceipalfes\/imatges\/logo_lamostra007.gif\" alt=\"\" width=\"150\" height=\"45\" border=\"0\" hspace=\"15\" \/><\/a><\/span><\/td>\n<\/tr>\n<tr align=\"center\" valign=\"middle\">\n<td colspan=\"3\"><span class=\"Estilo4 Estilo6\">Dins del context de l&#8217;Animaci\u00f3 Lectora &#8211; Activitat conjunta a tota la Zer l&#8217;Eral &#8211; i com a complement del tema de la m\u00e0gia a l&#8217;Escola d&#8217;Alf\u00e9s ham volgut fer m\u00e0gia com la Tina Superbruixa. Aquestes s\u00f3n les nostres pelis.<\/span><\/td>\n<\/tr>\n<tr align=\"center\" valign=\"middle\">\n<td colspan=\"3\">\n<table border=\"0\" width=\"80%\" align=\"center\">\n<tbody>\n<tr>\n<td><img loading=\"lazy\" decoding=\"async\" src=\"http:\/\/www.xtec.cat\/ceipalfes\/alectora07\/videos\/imatges\/tina.jpg\" alt=\"\" width=\"100\" height=\"75\" hspace=\"2\" vspace=\"2\" \/><\/td>\n<td><img loading=\"lazy\" decoding=\"async\" src=\"http:\/\/www.xtec.cat\/ceipalfes\/alectora07\/videos\/imatges\/pau.jpg\" alt=\"\" width=\"100\" height=\"75\" hspace=\"2\" vspace=\"2\" \/><\/td>\n<td><img loading=\"lazy\" decoding=\"async\" src=\"http:\/\/www.xtec.cat\/ceipalfes\/alectora07\/videos\/imatges\/guillem.jpg\" alt=\"\" width=\"100\" height=\"75\" hspace=\"2\" vspace=\"2\" \/><\/td>\n<td><img loading=\"lazy\" decoding=\"async\" src=\"http:\/\/www.xtec.cat\/ceipalfes\/alectora07\/videos\/imatges\/arnau.jpg\" alt=\"\" width=\"100\" height=\"75\" hspace=\"2\" vspace=\"2\" \/><\/td>\n<td><img loading=\"lazy\" decoding=\"async\" src=\"http:\/\/www.xtec.cat\/ceipalfes\/alectora07\/videos\/imatges\/fadua.jpg\" alt=\"\" width=\"100\" height=\"75\" hspace=\"2\" vspace=\"2\" \/><\/td>\n<td><img loading=\"lazy\" decoding=\"async\" src=\"http:\/\/www.xtec.cat\/ceipalfes\/alectora07\/videos\/imatges\/sara.jpg\" alt=\"\" width=\"100\" height=\"75\" hspace=\"2\" vspace=\"2\" \/><\/td>\n<td><img loading=\"lazy\" decoding=\"async\" src=\"http:\/\/www.xtec.cat\/ceipalfes\/alectora07\/videos\/imatges\/georgina.jpg\" alt=\"\" width=\"100\" height=\"75\" hspace=\"2\" vspace=\"2\" \/><\/td>\n<\/tr>\n<tr>\n<td>\n<div align=\"center\"><a href=\"https:\/\/www.youtube.com\/watch?v=ENExlskR-Ts\"><img loading=\"lazy\" decoding=\"async\" src=\"http:\/\/www.xtec.cat\/ceipalfes\/imatges\/cinema.gif\" alt=\"\" width=\"70\" height=\"70\" border=\"0\" \/><\/a><\/div>\n<\/td>\n<td>\n<div align=\"center\"><a href=\"http:\/\/www.xtec.cat\/ceipalfes\/alectora07\/videos\/espases.htm\"><img loading=\"lazy\" decoding=\"async\" src=\"http:\/\/www.xtec.cat\/ceipalfes\/imatges\/cinema.gif\" alt=\"\" width=\"70\" height=\"70\" border=\"0\" \/><\/a><\/div>\n<\/td>\n<td>\n<div align=\"center\"><a href=\"https:\/\/www.youtube.com\/watch?v=ENExlskR-Ts\"><img loading=\"lazy\" decoding=\"async\" src=\"http:\/\/www.xtec.cat\/ceipalfes\/imatges\/cinema.gif\" alt=\"\" width=\"70\" height=\"70\" border=\"0\" \/><\/a><\/div>\n<\/td>\n<td>\n<div align=\"center\"><a href=\"https:\/\/www.youtube.com\/watch?v=ENExlskR-Ts\"><img loading=\"lazy\" decoding=\"async\" src=\"http:\/\/www.xtec.cat\/ceipalfes\/imatges\/cinema.gif\" alt=\"\" width=\"70\" height=\"70\" border=\"0\" \/><\/a><\/div>\n<\/td>\n<td>\n<div align=\"center\"><a href=\"https:\/\/www.youtube.com\/watch?v=ENExlskR-Ts\"><img loading=\"lazy\" decoding=\"async\" src=\"http:\/\/www.xtec.cat\/ceipalfes\/imatges\/cinema.gif\" alt=\"\" width=\"70\" height=\"70\" border=\"0\" \/><\/a><\/div>\n<\/td>\n<td>\n<div align=\"center\"><a href=\"https:\/\/www.youtube.com\/watch?v=ENExlskR-Ts\"><img loading=\"lazy\" decoding=\"async\" src=\"http:\/\/www.xtec.cat\/ceipalfes\/imatges\/cinema.gif\" alt=\"\" width=\"70\" height=\"70\" border=\"0\" \/><\/a><\/div>\n<\/td>\n<td>\n<div align=\"center\"><a href=\"https:\/\/www.youtube.com\/watch?v=ENExlskR-Ts\"><img loading=\"lazy\" decoding=\"async\" src=\"http:\/\/www.xtec.cat\/ceipalfes\/imatges\/cinema.gif\" alt=\"\" width=\"70\" height=\"70\" border=\"0\" \/><\/a><\/div>\n<\/td>\n<\/tr>\n<\/tbody>\n<\/table>\n<div align=\"center\"><\/div>\n<\/td>\n<\/tr>\n<tr align=\"center\" valign=\"middle\" bgcolor=\"#FFCC00\">\n<td colspan=\"3\"><span class=\"Estilo2\"><span class=\"Estilo1\">Qu\u00e8 bonics s\u00f3n els anuncis..! Curs 2005-06<\/span><\/span><\/td>\n<\/tr>\n<tr align=\"center\" valign=\"middle\">\n<td colspan=\"3\">\n<table border=\"0\" width=\"100%\">\n<tbody>\n<tr>\n<td width=\"12\">\n<div align=\"center\"><img loading=\"lazy\" decoding=\"async\" src=\"http:\/\/www.xtec.cat\/ceipalfes\/publi06\/publi1.jpg\" alt=\"\" width=\"121\" height=\"83\" \/><\/div>\n<\/td>\n<td width=\"12\">\n<div align=\"center\"><a href=\"https:\/\/www.youtube.com\/watch?v=0JRXjidXmcE\"><img loading=\"lazy\" decoding=\"async\" src=\"http:\/\/www.xtec.cat\/ceipalfes\/publi06\/cinema.gif\" alt=\"\" width=\"70\" height=\"70\" border=\"0\" \/><\/a><\/div>\n<\/td>\n<td width=\"12%\">\n<div align=\"center\"><img loading=\"lazy\" decoding=\"async\" src=\"http:\/\/www.xtec.cat\/ceipalfes\/publi06\/publi2.jpg\" alt=\"\" width=\"87\" height=\"81\" \/><\/div>\n<\/td>\n<td width=\"12\">\n<div align=\"center\"><a href=\"https:\/\/www.youtube.com\/watch?v=0JRXjidXmcE\"><img loading=\"lazy\" decoding=\"async\" src=\"http:\/\/www.xtec.cat\/ceipalfes\/publi06\/cinema.gif\" alt=\"\" width=\"70\" height=\"70\" border=\"0\" \/><\/a><\/div>\n<\/td>\n<td width=\"12\">\n<div align=\"center\"><img loading=\"lazy\" decoding=\"async\" src=\"http:\/\/www.xtec.cat\/ceipalfes\/publi06\/publi3.jpg\" alt=\"\" width=\"108\" height=\"82\" \/><\/div>\n<\/td>\n<td width=\"12%\">\n<div align=\"center\"><a href=\"https:\/\/www.youtube.com\/watch?v=0JRXjidXmcE\"><img loading=\"lazy\" decoding=\"async\" src=\"http:\/\/www.xtec.cat\/ceipalfes\/publi06\/cinema.gif\" alt=\"\" width=\"70\" height=\"70\" border=\"0\" \/><\/a><\/div>\n<\/td>\n<td width=\"18%\">\n<div align=\"center\"><img loading=\"lazy\" decoding=\"async\" src=\"http:\/\/www.xtec.cat\/ceipalfes\/publi06\/publi4.jpg\" alt=\"\" width=\"137\" height=\"88\" \/><\/div>\n<\/td>\n<td width=\"12%\">\n<div align=\"center\"><a href=\"http:\/\/www.xtec.cat\/ceipalfes\/publi06\/videollibre.htm\"><img loading=\"lazy\" decoding=\"async\" src=\"http:\/\/www.xtec.cat\/ceipalfes\/publi06\/cinema.gif\" alt=\"\" width=\"70\" height=\"70\" border=\"0\" \/><\/a><\/div>\n<\/td>\n<\/tr>\n<\/tbody>\n<\/table>\n<p class=\"Estilo2\">Un treball sobre la publicitat . Tres anuncis : dos de reals ( El llibre i la goma) i un de fictici (Memoryton)<br \/>\ni un Informatiu que incorpora els tres grns g\u00e8neres informatius: la not\u00edcia, el rep\u00f2rtatge i l&#8217;entrevista.<\/p>\n<\/td>\n<\/tr>\n<tr align=\"center\" valign=\"middle\" bgcolor=\"#FFCC00\">\n<td colspan=\"3\"><span class=\"Estilo2\"><strong>Curs 2004-05 <\/strong>Premi guanyador de fotografia pel treball <strong>&#8220;Alf\u00e9s 360&#8221;<\/strong> Un treball de fotografia de paisatge consistent en panor\u00e0miques de 360\u00ba<\/span><\/td>\n<\/tr>\n<tr align=\"center\" valign=\"middle\">\n<td colspan=\"3\"><a href=\"http:\/\/www.xtec.cat\/ceipalfes\/360\/index.htm\"><img loading=\"lazy\" decoding=\"async\" src=\"http:\/\/www.xtec.cat\/ceipalfes\/premis\/pan1.jpg\" alt=\"\" width=\"890\" height=\"100\" border=\"0\" \/><\/a><\/td>\n<\/tr>\n<tr align=\"center\" valign=\"middle\">\n<td width=\"49%\">\n<div align=\"right\"><span class=\"Estilo2\"><strong>Curs 2005-06. Menci\u00f3 especial a la<br \/>\nMostra pel Treball sobre els anuncis.<\/strong><\/span><\/div>\n<\/td>\n<td colspan=\"2\"><span class=\"Estilo2\"><strong><img loading=\"lazy\" decoding=\"async\" src=\"http:\/\/www.xtec.cat\/ceipalfes\/imatges\/mostramitjana.gif\" alt=\"\" width=\"400\" height=\"47\" border=\"1\" hspace=\"8\" \/><\/strong><\/span><\/td>\n<\/tr>\n<tr align=\"center\" valign=\"middle\">\n<td colspan=\"3\"><span class=\"Estilo2\"><img loading=\"lazy\" decoding=\"async\" src=\"http:\/\/www.xtec.cat\/ceipalfes\/premis\/foto2005-f-guan.jpg\" alt=\"\" width=\"219\" height=\"200\" border=\"1\" hspace=\"10\" \/><img loading=\"lazy\" decoding=\"async\" src=\"http:\/\/www.xtec.cat\/ceipalfes\/premis\/foto(892005guanya.jpg\" alt=\"\" width=\"82\" height=\"200\" border=\"1\" hspace=\"10\" \/><img loading=\"lazy\" decoding=\"async\" src=\"http:\/\/www.xtec.cat\/ceipalfes\/premis\/foto2005-guan.jpg\" alt=\"\" width=\"283\" height=\"200\" border=\"1\" hspace=\"10\" \/><\/span><\/td>\n<\/tr>\n<tr align=\"center\" valign=\"middle\" bgcolor=\"#FFCC00\">\n<td colspan=\"3\">\n<p class=\"Estilo2\"><strong>Curs 2003-04<\/strong> Premi guanyador de fotografia pel treball <strong>&#8220;Tint\u00edn i el misteri de la campana&#8221;<\/strong>. Un treball multim\u00e8dia fet com a celebraci\u00f3 del 75 aniversari del c\u00f2mic de Tint\u00edn. Els nens criden Tint\u00edn per resoldre el misteri de la desaparici\u00f3 de la campana de l&#8217;ermita del poble que segons la llegenda t\u00e9 el poder d&#8217;influir en el temps.<\/p>\n<\/td>\n<\/tr>\n<tr align=\"center\" valign=\"middle\">\n<td colspan=\"3\"><span class=\"Estilo2\"><a href=\"http:\/\/www.xtec.cat\/ceipalfes\/tintin\/porta.htm\"><img loading=\"lazy\" decoding=\"async\" src=\"http:\/\/www.xtec.cat\/ceipalfes\/premis\/tintin1.jpg\" alt=\"\" width=\"241\" height=\"176\" border=\"1\" hspace=\"10\" \/><\/a><a href=\"http:\/\/www.xtec.cat\/ceipalfes\/tintin\/porta.htm\"><img loading=\"lazy\" decoding=\"async\" src=\"http:\/\/www.xtec.cat\/ceipalfes\/premis\/tintin2.jpg\" alt=\"\" width=\"262\" height=\"174\" border=\"1\" hspace=\"10\" \/><\/a><a href=\"https:\/\/www.youtube.com\/watch?v=TIYpapfI7RA\"><img loading=\"lazy\" decoding=\"async\" src=\"http:\/\/www.xtec.cat\/ceipalfes\/premis\/tintin3.jpg\" alt=\"\" width=\"300\" height=\"179\" border=\"1\" hspace=\"10\" \/><\/a><\/span><\/td>\n<\/tr>\n<tr align=\"center\" valign=\"middle\">\n<td colspan=\"3\">\n<p class=\"Estilo2\"><img loading=\"lazy\" decoding=\"async\" src=\"http:\/\/www.xtec.cat\/ceipalfes\/premis\/foto2004gua-f.jpg\" alt=\"\" width=\"242\" height=\"178\" hspace=\"20\" \/><img loading=\"lazy\" decoding=\"async\" src=\"http:\/\/www.xtec.cat\/ceipalfes\/premis\/foto(6)2004guanya.jpg\" alt=\"\" width=\"90\" height=\"200\" hspace=\"20\" \/><img loading=\"lazy\" decoding=\"async\" src=\"http:\/\/www.xtec.cat\/ceipalfes\/premis\/foto2004gua.jpg\" alt=\"\" width=\"281\" height=\"177\" border=\"1\" \/><\/p>\n<p>&nbsp;<\/td>\n<\/tr>\n<tr align=\"center\" valign=\"middle\" bgcolor=\"#FFCC00\">\n<td colspan=\"3\"><span class=\"Estilo2\"><strong>Curs 2002-03<\/strong> Premi guanyador pel treball <strong>&#8220;Viatge al pa\u00eds dels contes&#8221;<\/strong> una personalitzaci\u00f3 d&#8217;un seguit de contes cl\u00e0ssics. Al lloc on hi havia el personatge del conte cada nen hi ha posat la seva foto en la mateixa postura que el personatge del conte. El resultat \u00e9s molt efectiu.<\/span><\/td>\n<\/tr>\n<tr align=\"center\" valign=\"middle\">\n<td colspan=\"3\">\n<p class=\"Estilo2\"><a href=\"https:\/\/www.youtube.com\/watch?v=5zFUXLy66I4\"><img loading=\"lazy\" decoding=\"async\" src=\"http:\/\/www.xtec.cat\/ceipalfes\/wcontes\/presentacio\/compocaputx.jpg\" alt=\"\" width=\"150\" height=\"162\" border=\"1\" hspace=\"10\" \/><\/a><a href=\"https:\/\/www.youtube.com\/watch?v=HDi3wc7aneA\"><img loading=\"lazy\" decoding=\"async\" src=\"http:\/\/www.xtec.cat\/ceipalfes\/wcontes\/presentacio\/compomargar.jpg\" alt=\"\" width=\"131\" height=\"163\" border=\"1\" hspace=\"10\" \/><\/a><a href=\"http:\/\/www.xtec.cat\/ceipalfes\/wcontes\/presentacio1.html\"><img loading=\"lazy\" decoding=\"async\" src=\"http:\/\/www.xtec.cat\/ceipalfes\/wcontes\/presentacio\/compoton.jpg\" alt=\"\" width=\"154\" height=\"164\" border=\"1\" hspace=\"10\" \/><\/a><a href=\"https:\/\/www.youtube.com\/watch?v=s1CxghgXyS0\"><img loading=\"lazy\" decoding=\"async\" src=\"http:\/\/www.xtec.cat\/ceipalfes\/wcontes\/presentacio\/compopont.jpg\" alt=\"\" width=\"141\" height=\"162\" border=\"1\" \/><\/a><\/p>\n<\/td>\n<\/tr>\n<tr align=\"center\" valign=\"middle\">\n<td colspan=\"3\"><span class=\"Estilo2\"><img loading=\"lazy\" decoding=\"async\" src=\"http:\/\/www.xtec.cat\/ceipalfes\/premis\/foto2003-gua.jpg\" alt=\"\" width=\"258\" height=\"202\" border=\"1\" hspace=\"15\" \/><img loading=\"lazy\" decoding=\"async\" src=\"http:\/\/www.xtec.cat\/ceipalfes\/premis\/foto(6)2003guanya.jpg\" alt=\"\" width=\"82\" height=\"200\" border=\"1\" hspace=\"15\" \/><img loading=\"lazy\" decoding=\"async\" src=\"http:\/\/www.xtec.cat\/ceipalfes\/premis\/foto2003-f-gua.jpg\" alt=\"\" width=\"243\" height=\"199\" border=\"1\" \/><\/span><\/td>\n<\/tr>\n<tr align=\"center\" valign=\"middle\">\n<td colspan=\"3\"><\/td>\n<\/tr>\n<tr align=\"center\" valign=\"middle\" bgcolor=\"#FFCC00\">\n<td colspan=\"3\">\n<p class=\"Estilo2\"><strong>Curs 2002-03<\/strong> Premi guanyador DE V\u00cdDEO pel trebal <strong>&#8220;El passatge de la por&#8221;<\/strong> , un viatge imaginari a partir d&#8217;un joc. Per tornar els nens han de passar un seguit de proves.<br \/>\nAquesta pel.l\u00edcula fou presentada i <strong>nominada al festival de Cinema infantil de Val\u00e8ncia.<\/strong><\/p>\n<\/td>\n<\/tr>\n<tr align=\"center\" valign=\"middle\">\n<td colspan=\"3\">\n<table border=\"0\" width=\"90%\">\n<tbody>\n<tr>\n<td width=\"2%\">\n<div align=\"center\"><img loading=\"lazy\" decoding=\"async\" src=\"http:\/\/www.xtec.cat\/ceipalfes\/premis\/09passatge-18.JPG\" alt=\"\" width=\"300\" height=\"220\" hspace=\"5\" vspace=\"5\" \/><\/div>\n<\/td>\n<td width=\"57%\">\n<div align=\"center\"><img loading=\"lazy\" decoding=\"async\" src=\"http:\/\/www.xtec.cat\/ceipalfes\/premis\/video03(Passatge).jpg\" alt=\"\" width=\"306\" height=\"218\" border=\"1\" hspace=\"5\" vspace=\"5\" \/><\/div>\n<\/td>\n<td width=\"41%\">\n<div align=\"center\"><a href=\"https:\/\/www.youtube.com\/watch?v=8clUckk__yg\"><img loading=\"lazy\" decoding=\"async\" src=\"http:\/\/www.xtec.cat\/ceipalfes\/premis\/cara-passatge.jpg\" alt=\"\" width=\"175\" height=\"223\" border=\"0\" hspace=\"5\" vspace=\"5\" \/><\/a><\/div>\n<\/td>\n<\/tr>\n<\/tbody>\n<\/table>\n<\/td>\n<\/tr>\n<tr align=\"center\" valign=\"middle\">\n<td colspan=\"3\"><\/td>\n<\/tr>\n<tr align=\"center\" valign=\"middle\" bgcolor=\"#FFCC00\">\n<td colspan=\"3\"><span class=\"Estilo2\"><strong>Curs 2001-02<\/strong> Premi guanyador de v\u00eddeo pel treball<strong> &#8220;El retorn dels fantasmes&#8221;<\/strong>. Una hist\u00f2ria inventada en la que uns fantasmes &#8211; que en una pel.l\u00edcula anterior havien vingut a fer maleses al cole &#8211; tornaven i segrestaven tots els nens. L&#8217;habilitat de dues nenes permet desfer l&#8217;encanteri i tot retorna a la normalitat. Tots els alumnes surten com a actors protagonistes de la historieta.<\/span><\/td>\n<\/tr>\n<tr align=\"center\" valign=\"middle\">\n<td colspan=\"3\">\n<p class=\"Estilo2\"><img loading=\"lazy\" decoding=\"async\" src=\"http:\/\/www.xtec.cat\/ceipalfes\/fotoconte\/fotocontefantasmes\/slides\/p_0001.jpg\" alt=\"\" width=\"172\" height=\"242\" \/><a href=\"https:\/\/www.youtube.com\/watch?v=siLX0aaPn2w\"><img loading=\"lazy\" decoding=\"async\" src=\"http:\/\/www.xtec.cat\/ceipalfes\/fotoconte\/titol.jpg\" alt=\"\" width=\"323\" height=\"131\" hspace=\"10\" \/><\/a><img loading=\"lazy\" decoding=\"async\" src=\"http:\/\/www.xtec.cat\/ceipalfes\/fotoconte\/fotocontefantasmes\/slides\/p_0014.jpg\" alt=\"\" width=\"165\" height=\"235\" \/><\/p>\n<p class=\"Estilo2\">\n<\/td>\n<\/tr>\n<tr align=\"center\" valign=\"middle\">\n<td colspan=\"3\"><span class=\"Estilo2\"><img loading=\"lazy\" decoding=\"async\" src=\"http:\/\/www.xtec.cat\/ceipalfes\/premis\/video2002-f-gua.jpg\" alt=\"\" width=\"280\" height=\"202\" hspace=\"30\" \/><img loading=\"lazy\" decoding=\"async\" src=\"http:\/\/www.xtec.cat\/ceipalfes\/premis\/video(8)2002guanya.jpg\" alt=\"\" width=\"87\" height=\"200\" border=\"1\" hspace=\"30\" \/><img loading=\"lazy\" decoding=\"async\" src=\"http:\/\/www.xtec.cat\/ceipalfes\/premis\/video2002-gua.jpg\" alt=\"\" width=\"289\" height=\"198\" border=\"1\" \/><\/span><\/td>\n<\/tr>\n<tr align=\"center\" valign=\"middle\">\n<td colspan=\"3\"><\/td>\n<\/tr>\n<tr align=\"center\" valign=\"middle\" bgcolor=\"#FFCC00\">\n<td colspan=\"3\"><span class=\"Estilo2\"><strong>Curs 2001-02 <\/strong>Premi Finalista de Fotografia pel treball <strong>&#8220;Els calendaris &#8220;<\/strong> i el <strong>&#8220;Fotoconte dels fantasmes&#8221;<\/strong>. En els calendaris es presentaven tres formats de calendaris il.lustrats amb dibuixos dels nens i fotos del cole. A les dates correspenents als aniversaris dels nens hi havia la seva foto a mode de recordatori. En el treball del Fotoconte es rerpodu\u00efen fotofgrafies de la filmaci\u00f3 del retorn dels fantasmes i es narrava la hst\u00f2ria tipus conte.<\/span><\/td>\n<\/tr>\n<tr align=\"center\" valign=\"middle\">\n<td colspan=\"3\"><span class=\"Estilo2\"><a href=\"http:\/\/www.xtec.cat\/ceipalfes\/fotoconte\/fotoconte.html\"><img loading=\"lazy\" decoding=\"async\" src=\"http:\/\/www.xtec.cat\/ceipalfes\/fotoconte\/tapadavan.jpg\" alt=\"\" width=\"110\" height=\"177\" border=\"1\" \/><\/a><img loading=\"lazy\" decoding=\"async\" src=\"http:\/\/www.xtec.cat\/ceipalfes\/premis\/foto2002-fina.jpg\" alt=\"\" width=\"222\" height=\"178\" border=\"1\" hspace=\"10\" \/><img loading=\"lazy\" decoding=\"async\" src=\"http:\/\/www.xtec.cat\/ceipalfes\/premis\/foto2002-fina-f.jpg\" alt=\"\" width=\"233\" height=\"177\" border=\"1\" hspace=\"10\" \/><a href=\"http:\/\/www.xtec.cat\/ceipalfes\/calendaris\/calendari1.html\"><img loading=\"lazy\" decoding=\"async\" src=\"http:\/\/www.xtec.cat\/ceipalfes\/calendaris\/imatges\/portada.jpg\" alt=\"\" width=\"127\" height=\"177\" border=\"0\" \/><\/a><\/span><\/td>\n<\/tr>\n<tr align=\"center\" valign=\"middle\">\n<td colspan=\"3\"><\/td>\n<\/tr>\n<tr align=\"center\" valign=\"middle\" bgcolor=\"#FFCC00\">\n<td colspan=\"3\"><span class=\"Estilo2\"><strong>Curs 1999 &#8211; 2000<\/strong>. Premi guanyador pel treball <strong>&#8220;Volums fotogr\u00e0fics&#8221;<\/strong>, un treball que combina les figures de volum elementals, els seus desenvolupaments i la fotografia.<\/span><\/td>\n<\/tr>\n<tr align=\"center\" valign=\"middle\">\n<td colspan=\"3\"><span class=\"Estilo2\"><a href=\"http:\/\/www.xtec.cat\/ceipalfes\/webgeo\/volums.html\"><img loading=\"lazy\" decoding=\"async\" src=\"http:\/\/www.xtec.cat\/ceipalfes\/webgeo\/cub2.GIF\" alt=\"\" width=\"181\" height=\"173\" border=\"0\" hspace=\"15\" \/><\/a><img loading=\"lazy\" decoding=\"async\" src=\"http:\/\/www.xtec.cat\/ceipalfes\/webgeo\/despriex.jpg\" alt=\"\" width=\"165\" height=\"194\" hspace=\"15\" \/><img loading=\"lazy\" decoding=\"async\" src=\"http:\/\/www.xtec.cat\/ceipalfes\/webgeo\/descon.jpg\" alt=\"\" width=\"237\" height=\"180\" hspace=\"15\" \/><a href=\"http:\/\/www.xtec.cat\/ceipalfes\/webgeo\/volums.html\"><img loading=\"lazy\" decoding=\"async\" src=\"http:\/\/www.xtec.cat\/ceipalfes\/webgeo\/18ex.jpg\" alt=\"\" width=\"226\" height=\"175\" border=\"0\" \/><\/a><\/span><\/td>\n<\/tr>\n<tr align=\"center\" valign=\"middle\">\n<td colspan=\"3\"><span class=\"Estilo2\"><img loading=\"lazy\" decoding=\"async\" src=\"http:\/\/www.xtec.cat\/ceipalfes\/premis\/foto2000-guany.jpg\" alt=\"\" width=\"292\" height=\"217\" border=\"1\" hspace=\"30\" \/><img loading=\"lazy\" decoding=\"async\" src=\"http:\/\/www.xtec.cat\/ceipalfes\/premis\/foto(3)2000guanya.jpg\" alt=\"\" width=\"97\" height=\"215\" border=\"1\" hspace=\"30\" \/><img loading=\"lazy\" decoding=\"async\" src=\"http:\/\/www.xtec.cat\/ceipalfes\/premis\/foto2000-f-guany.jpg\" alt=\"\" width=\"250\" height=\"222\" \/><\/span><\/td>\n<\/tr>\n<tr align=\"center\" valign=\"middle\" bgcolor=\"#FFCC00\">\n<td colspan=\"3\">\n<p class=\"Estilo2\"><strong>Curs 1998-99<\/strong>. Premi Guanyador de fotografia pel treball<strong> &#8220;Imatges impossibles&#8230; No amb l&#8217;ordinador&#8221;<\/strong> Un treball de composici\u00f3 d&#8217;imatges a l&#8217;ordinador. Composicions senzilles amb el Paint Shop Pro mesclant en diferents capes fotos, c\u00f2mics i nens amb un resultat molt efectista.<\/p>\n<\/td>\n<\/tr>\n<tr align=\"center\" valign=\"middle\" bgcolor=\"#FFFFFF\">\n<td colspan=\"3\"><span class=\"Estilo2\"><a href=\"http:\/\/www.xtec.cat\/ceipalfes\/composicions\/presen.html\"><img loading=\"lazy\" decoding=\"async\" src=\"http:\/\/www.xtec.cat\/ceipalfes\/composicions\/besones.JPG\" alt=\"\" width=\"204\" height=\"217\" border=\"0\" hspace=\"15\" \/><\/a><\/span><a href=\"http:\/\/www.xtec.cat\/ceipalfes\/composicions\/presen.html\"><img loading=\"lazy\" decoding=\"async\" src=\"http:\/\/www.xtec.cat\/ceipalfes\/composicions\/dibuixos.JPG\" alt=\"\" width=\"184\" height=\"216\" border=\"0\" hspace=\"10\" \/><\/a><a href=\"http:\/\/www.xtec.cat\/ceipalfes\/composicions\/presen.html\"><img loading=\"lazy\" decoding=\"async\" src=\"http:\/\/www.xtec.cat\/ceipalfes\/composicions\/lleida2.JPG\" alt=\"\" width=\"299\" height=\"221\" border=\"0\" hspace=\"10\" \/><\/a><\/td>\n<\/tr>\n<tr align=\"center\" valign=\"middle\">\n<td colspan=\"3\"><img loading=\"lazy\" decoding=\"async\" src=\"http:\/\/www.xtec.cat\/ceipalfes\/premis\/foto1999-guany.jpg\" alt=\"\" width=\"386\" height=\"234\" border=\"1\" hspace=\"30\" \/><img loading=\"lazy\" decoding=\"async\" src=\"http:\/\/www.xtec.cat\/ceipalfes\/premis\/foto(2)1999guanya.jpg\" alt=\"\" width=\"103\" height=\"235\" border=\"1\" hspace=\"30\" \/><img loading=\"lazy\" decoding=\"async\" src=\"http:\/\/www.xtec.cat\/ceipalfes\/premis\/foto1999-f-guany.jpg\" alt=\"\" width=\"168\" height=\"238\" border=\"1\" \/><\/td>\n<\/tr>\n<tr align=\"center\" valign=\"middle\">\n<td colspan=\"3\"><\/td>\n<\/tr>\n<tr align=\"center\" valign=\"middle\" bgcolor=\"#FFCC00\">\n<td colspan=\"3\"><span class=\"Estilo2\"><strong>Curs 97-98<\/strong>. Finalistes amb el treball <strong>&#8220;El tim\u00f3&#8221;<\/strong> un video que recull les caracter\u00edstiques d&#8217;aquesta planta tant t\u00edpica del nostre poble d&#8217;Alf\u00e9s .<\/span><\/td>\n<\/tr>\n<tr align=\"center\" valign=\"middle\">\n<td colspan=\"3\"><a href=\"http:\/\/www.xtec.cat\/ceipalfes\/timo\/timo.htm\"><img loading=\"lazy\" decoding=\"async\" src=\"http:\/\/www.xtec.cat\/ceipalfes\/timo\/timo1.jpg\" alt=\"\" width=\"142\" height=\"163\" border=\"0\" hspace=\"20\" \/><\/a><a href=\"http:\/\/www.xtec.cat\/ceipalfes\/timo\/timo.htm\"><img loading=\"lazy\" decoding=\"async\" src=\"http:\/\/www.xtec.cat\/ceipalfes\/timo\/timo2.jpg\" alt=\"\" width=\"120\" height=\"187\" border=\"0\" hspace=\"20\" \/><\/a><a href=\"http:\/\/www.xtec.cat\/ceipalfes\/timo\/timo.htm\"><img loading=\"lazy\" decoding=\"async\" src=\"http:\/\/www.xtec.cat\/ceipalfes\/timo\/timo3.jpg\" alt=\"\" width=\"110\" height=\"159\" border=\"0\" hspace=\"20\" \/><\/a><a href=\"http:\/\/www.xtec.cat\/ceipalfes\/timo\/timo.htm\"><img loading=\"lazy\" decoding=\"async\" src=\"http:\/\/www.xtec.cat\/ceipalfes\/timo\/timo4.jpg\" alt=\"\" width=\"117\" height=\"171\" border=\"0\" \/><\/a><\/td>\n<\/tr>\n<tr align=\"center\" valign=\"middle\">\n<td colspan=\"3\"><\/td>\n<\/tr>\n<tr align=\"center\" valign=\"middle\">\n<td colspan=\"3\"><span class=\"Estilo2\"><img loading=\"lazy\" decoding=\"async\" src=\"http:\/\/www.xtec.cat\/ceipalfes\/premis\/video1998-fina-f.jpg\" alt=\"\" width=\"262\" height=\"199\" border=\"1\" hspace=\"30\" \/><\/span><img loading=\"lazy\" decoding=\"async\" src=\"http:\/\/www.xtec.cat\/ceipalfes\/premis\/video(4)1998fina.jpg\" alt=\"\" width=\"80\" height=\"200\" border=\"1\" hspace=\"30\" \/><img loading=\"lazy\" decoding=\"async\" src=\"http:\/\/www.xtec.cat\/ceipalfes\/premis\/video1998-fina.jpg\" alt=\"\" width=\"268\" height=\"202\" border=\"1\" \/><\/td>\n<\/tr>\n<tr align=\"center\" valign=\"middle\">\n<td colspan=\"3\"><\/td>\n<\/tr>\n<tr align=\"center\" valign=\"middle\" bgcolor=\"#FFCC00\">\n<td colspan=\"3\"><span class=\"Estilo2\"><strong>Curs 1996-97<\/strong>. Finalistes amb el treball <strong>&#8220;Filastrofes&#8221;<\/strong> Un recull de poemes il.lustrats a l&#8217;entorn de la pau. Els poemes foren proposats per l&#8217;editorial Barcanova en el concurs &#8220;Antaviana&#8221;. S\u00f3n una traducci\u00f3 de Miquel Mart\u00ed i Pol.<\/span><\/td>\n<\/tr>\n<tr align=\"center\" valign=\"middle\">\n<td colspan=\"3\"><img loading=\"lazy\" decoding=\"async\" src=\"http:\/\/www.xtec.cat\/ceipalfes\/premis\/video1997-fina.jpg\" alt=\"\" width=\"277\" height=\"198\" border=\"1\" hspace=\"20\" \/> <img loading=\"lazy\" decoding=\"async\" src=\"http:\/\/www.xtec.cat\/ceipalfes\/premis\/video(3)1997fina.jpg\" alt=\"\" width=\"86\" height=\"200\" border=\"1\" hspace=\"20\" \/> <img loading=\"lazy\" decoding=\"async\" src=\"http:\/\/www.xtec.cat\/ceipalfes\/premis\/video1997-fina-f.jpg\" alt=\"\" width=\"139\" height=\"200\" border=\"1\" \/><\/td>\n<\/tr>\n<tr align=\"center\" valign=\"middle\">\n<td colspan=\"3\"><\/td>\n<\/tr>\n<\/tbody>\n<\/table>\n","protected":false},"excerpt":{"rendered":"<p>&nbsp; Curs 2009-10 Premi de video a la Mostra 2010 1 \u00a0Guia did\u00e0ctica 2 Guia Did\u00e0ctica Guia did\u00e0ctica Curs 2008-2009 La pel\u00b7l\u00edcula &#8220;L&#8217;escola dels Fantasmes&#8221; -es la tercera de la saga dels fantasmes. La vam duar a terme per donar compliment a una demnanda geralitzada dels alumnes. El treball ha obtingut un dels premis de [&hellip;]<\/p>\n","protected":false},"author":1,"featured_media":0,"parent":194,"menu_order":0,"comment_status":"closed","ping_status":"closed","template":"","meta":{"_bbp_topic_count":0,"_bbp_reply_count":0,"_bbp_total_topic_count":0,"_bbp_total_reply_count":0,"_bbp_voice_count":0,"_bbp_anonymous_reply_count":0,"_bbp_topic_count_hidden":0,"_bbp_reply_count_hidden":0,"_bbp_forum_subforum_count":0,"site-sidebar-layout":"default","site-content-layout":"","ast-site-content-layout":"","site-content-style":"default","site-sidebar-style":"default","ast-global-header-display":"","ast-banner-title-visibility":"","ast-main-header-display":"","ast-hfb-above-header-display":"","ast-hfb-below-header-display":"","ast-hfb-mobile-header-display":"","site-post-title":"","ast-breadcrumbs-content":"","ast-featured-img":"","footer-sml-layout":"","theme-transparent-header-meta":"","adv-header-id-meta":"","stick-header-meta":"","header-above-stick-meta":"","header-main-stick-meta":"","header-below-stick-meta":"","astra-migrate-meta-layouts":"default","ast-page-background-enabled":"default","ast-page-background-meta":{"desktop":{"background-color":"var(--ast-global-color-4)","background-image":"","background-repeat":"repeat","background-position":"center center","background-size":"auto","background-attachment":"scroll","background-type":"","background-media":"","overlay-type":"","overlay-color":"","overlay-opacity":"","overlay-gradient":""},"tablet":{"background-color":"","background-image":"","background-repeat":"repeat","background-position":"center center","background-size":"auto","background-attachment":"scroll","background-type":"","background-media":"","overlay-type":"","overlay-color":"","overlay-opacity":"","overlay-gradient":""},"mobile":{"background-color":"","background-image":"","background-repeat":"repeat","background-position":"center center","background-size":"auto","background-attachment":"scroll","background-type":"","background-media":"","overlay-type":"","overlay-color":"","overlay-opacity":"","overlay-gradient":""}},"ast-content-background-meta":{"desktop":{"background-color":"var(--ast-global-color-5)","background-image":"","background-repeat":"repeat","background-position":"center center","background-size":"auto","background-attachment":"scroll","background-type":"","background-media":"","overlay-type":"","overlay-color":"","overlay-opacity":"","overlay-gradient":""},"tablet":{"background-color":"var(--ast-global-color-5)","background-image":"","background-repeat":"repeat","background-position":"center center","background-size":"auto","background-attachment":"scroll","background-type":"","background-media":"","overlay-type":"","overlay-color":"","overlay-opacity":"","overlay-gradient":""},"mobile":{"background-color":"var(--ast-global-color-5)","background-image":"","background-repeat":"repeat","background-position":"center center","background-size":"auto","background-attachment":"scroll","background-type":"","background-media":"","overlay-type":"","overlay-color":"","overlay-opacity":"","overlay-gradient":""}},"footnotes":""},"class_list":["post-331","page","type-page","status-publish","hentry"],"post_mailing_queue_ids":[],"_links":{"self":[{"href":"https:\/\/agora.xtec.cat\/ceipalfes\/wp-json\/wp\/v2\/pages\/331","targetHints":{"allow":["GET"]}}],"collection":[{"href":"https:\/\/agora.xtec.cat\/ceipalfes\/wp-json\/wp\/v2\/pages"}],"about":[{"href":"https:\/\/agora.xtec.cat\/ceipalfes\/wp-json\/wp\/v2\/types\/page"}],"author":[{"embeddable":true,"href":"https:\/\/agora.xtec.cat\/ceipalfes\/wp-json\/wp\/v2\/users\/1"}],"replies":[{"embeddable":true,"href":"https:\/\/agora.xtec.cat\/ceipalfes\/wp-json\/wp\/v2\/comments?post=331"}],"version-history":[{"count":5,"href":"https:\/\/agora.xtec.cat\/ceipalfes\/wp-json\/wp\/v2\/pages\/331\/revisions"}],"predecessor-version":[{"id":6577,"href":"https:\/\/agora.xtec.cat\/ceipalfes\/wp-json\/wp\/v2\/pages\/331\/revisions\/6577"}],"up":[{"embeddable":true,"href":"https:\/\/agora.xtec.cat\/ceipalfes\/wp-json\/wp\/v2\/pages\/194"}],"wp:attachment":[{"href":"https:\/\/agora.xtec.cat\/ceipalfes\/wp-json\/wp\/v2\/media?parent=331"}],"curies":[{"name":"wp","href":"https:\/\/api.w.org\/{rel}","templated":true}]}}