{"id":1227,"date":"2016-09-25T19:52:34","date_gmt":"2016-09-25T18:52:34","guid":{"rendered":"http:\/\/agora.xtec.cat\/ceipalfes\/?page_id=1227"},"modified":"2020-11-02T18:13:13","modified_gmt":"2020-11-02T17:13:13","slug":"les-pelis-de-lescola-dalfes","status":"publish","type":"page","link":"https:\/\/agora.xtec.cat\/ceipalfes\/les-pelis-de-lescola-dalfes\/","title":{"rendered":"Les pelis de l&#8217;Escola d&#8217;Alf\u00e9s"},"content":{"rendered":"<table style=\"border-collapse: collapse; width: 70.6104%; height: 293px;\" border=\"1\">\n<tbody>\n<tr>\n<td style=\"width: 100%; background-color: #46c24a;\">\n<h2>L&#8217;OCELL ESTEL\u00b7LAR<\/h2>\n<\/td>\n<\/tr>\n<tr>\n<td style=\"width: 100%; background-color: #f5f7f5;\"><strong><span style=\"font-size: 14pt;\">Curs\u00a0 2019 &#8211; 2020<\/span><\/strong><br \/>\n<span style=\"font-size: 12pt;\"><strong><br \/>\nEl tema de la peli neix del treball\u00a0 sobre l&#8217; Univers que la ZER l&#8217;Eral\u00a0 tenia plantejat<br \/>\ncom a tasca multidisciplinar del curs.<br \/>\n<\/strong><\/span><span style=\"font-size: 12pt;\"><strong>El repte ha estat\u00a0 &#8220;com&#8221;\u00a0 tractar\u00a0 els Sistema Solar en una\u00a0 hist\u00f2ria\u00a0 on els nens<br \/>\nfossin protagonistes .<br \/>\n<\/strong><\/span><span style=\"font-size: 12pt;\"><strong>L&#8217;Ocell Estel\u00b7lar\u00a0 n&#8217;\u00e9s el resultat.<br \/>\nEls alumnes de l&#8217;escola s\u00f3n segrestats per una nau espacial <\/strong><strong>procedent del futur.<br \/>\n<\/strong><\/span><span style=\"font-size: 12pt;\"><strong>Els nens viuen un seguit d&#8217;aventures i alhora aprenen com s\u00f3n els planetes del<br \/>\nSistema Solar.<br \/>\nUna combinaci\u00f3 d&#8217;aventura i did\u00e0ctica<br \/>\n<\/strong><\/span>&nbsp;<\/p>\n<p><span style=\"font-size: 12pt;\"><strong><iframe loading=\"lazy\" src=\"\/\/www.youtube.com\/embed\/D25_e53yft0\" width=\"712\" height=\"400\"><\/iframe><br \/>\n<\/strong><\/span><\/p>\n<p><strong><span style=\"font-size: 14pt;\">Versi\u00f3 curta:<\/span><\/strong><\/p>\n<p><iframe loading=\"lazy\" src=\"\/\/www.youtube.com\/embed\/EulhOwXS5rI\" width=\"560\" height=\"314\"><\/iframe><\/td>\n<\/tr>\n<tr>\n<td style=\"width: 100%; background-color: #46c24a;\">\n<h2>LES AVENTURES DE SIMBAT<\/h2>\n<\/td>\n<\/tr>\n<tr>\n<td style=\"width: 100%; background-color: #fcfcfc;\"><strong><span style=\"font-size: 14pt;\"><br \/>\nCurs 2018-19<br \/>\n<span style=\"font-size: 12pt;\"><br \/>\nLa peli neix\u00a0 a partir del treball\u00a0 sobre &#8220;Les mil i una nit&#8221;\u00a0 \u00a0que\u00a0 hem triat a la ZER com a tema multidisciplinar.\u00a0 <\/span><br \/>\n<span style=\"font-size: 12pt;\">Els treballs de pl\u00e0stica, les redaccions dels alumnes grans i les il\u00b7lustracions del llibre de lectura\u00a0 han estat la base del v\u00eddeo<\/span>.<\/span><\/strong><iframe loading=\"lazy\" src=\"\/\/www.youtube.com\/embed\/iumX6O7IbU8\" width=\"712\" height=\"400\"><\/iframe><\/td>\n<\/tr>\n<tr style=\"height: 32px;\">\n<td style=\"width: 100%; height: 32px; background-color: #46c24a;\">\n<h2>TEMPUS<\/h2>\n<\/td>\n<\/tr>\n<tr style=\"height: 32px;\">\n<td style=\"width: 100%; height: 32px;\"><span style=\"font-size: 14pt;\"><strong>Curs 2016-17<\/strong><\/span><\/p>\n<p><strong><span style=\"font-size: 12pt;\">Aquest curs s\u00ed que hi ha pel\u00edcula. \u00a0 Una producci\u00f3 que ja va comen\u00e7ar el curs anterior 15-16 \u00a0i que ha culminat enguany.<br \/>\nUna aventura que ens porta a viatjar en el temps: TEMPUS.<br \/>\n<\/span><\/strong><\/p>\n<p><span style=\"font-size: 12pt;\"><strong>Sinopsi: \u00a0 Unes alumnes de l&#8217;escola fent neteja troben un joc \u00a0amagat en un armari. Un cartell avisa que es tracta d&#8217;un joc perill\u00f3s. \u00a0Malgrat tot \u00a0els nens \u00a0hi volen jugar En comen\u00e7ar tots els nens i mestres desapareixen i les jugadores hauran de fer un viatge per la hist\u00f2ria \u00a0per tal de rescatar els seus companys i mestres \u00a0responent les preguntes que els planteja el joc. \u00a0 Ho aconseguiran ?? \u00a0 Haur\u00e0s de mirar la peli per saber el que passa \u00a0i com ho fan per viatjar per la hist\u00f2ria.<\/strong>. \u00a0<\/span><\/td>\n<\/tr>\n<tr style=\"height: 32px;\">\n<td style=\"width: 100%; height: 32px;\"><iframe loading=\"lazy\" src=\"https:\/\/www.youtube.com\/embed\/47LqVsTqE8E\" width=\"854\" height=\"480\" frameborder=\"0\"><\/iframe><\/td>\n<\/tr>\n<tr style=\"height: 32px;\">\n<td style=\"width: 100%; height: 32px; background-color: #46c24a;\">\n<h2>FANTASMES DE COLORS<\/h2>\n<\/td>\n<\/tr>\n<tr style=\"height: 32px;\">\n<td style=\"width: 100%; height: 32px;\">\n<h4>Curs 2014-15 .<\/h4>\n<h5>Sinopsi: \u00a0Una colla de fantasmes de colors cauen des de l&#8217;arc de Sant Mart\u00ed \u00a0\u00a0al bosquet de la vora de l&#8217;escola.<br \/>\nEls nens \u00a0els acullen a l&#8217;escola i es fan amics. \u00a0El fantasma negre -el dolent \u00a0\u00a0de la peli- \u00a0descobreix on s\u00f3n i decideix anar-los a segrestar.<br \/>\nDespr\u00e9s del segrest els nens han de rescatar els seus nous amics &#8230;\u00a0Se&#8217;n sortiran ? \u00a0 \u00a0 Descobreix l&#8217;aventura dels teus amics de l&#8217;escola d&#8217;Alf\u00e9s<\/h5>\n<h5><span style=\"color: #0000ff;\">Premis i reconeixements:<br \/>\n&#8211; Finalista en el FIT-CAT \u00a0de Roda de Ber\u00e0 2015<\/span><br \/>\n<span style=\"color: #0000ff;\">&#8211; Finalista en el festival de \u00a0Cinema Jove de Val\u00e8ncia 2015<\/span><\/h5>\n<\/td>\n<\/tr>\n<tr style=\"height: 32px;\">\n<td style=\"width: 100%; height: 32px;\"><iframe loading=\"lazy\" src=\"https:\/\/www.youtube.com\/embed\/TuBVhfeCdBA\" width=\"854\" height=\"480\" frameborder=\"0\"><\/iframe><\/td>\n<\/tr>\n<tr style=\"height: 32px;\">\n<td style=\"width: 100%; height: 32px; background-color: #46c24a;\">\n<h2>REBEL\u00b7LI\u00d3 A L&#8217;ESCOLA.<\/h2>\n<\/td>\n<\/tr>\n<tr style=\"height: 32px;\">\n<td style=\"width: 100%; height: 32px;\">\u00a0Curs \u00a013-14.<\/p>\n<h5>Els materials \u00a0escolars (llapis, regles, gomes, bolis, retoladors&#8230;) \u00a0 cansats dels maltractes dels nens decideixen \u00a0rebelar-se. \u00a0 \u00a0S&#8217;escapen d&#8217;amagat dels nens \u00a0i van a la pla\u00e7a de l&#8217;ajuntament a fer una manifestaci\u00f3.<br \/>\nEls alumnes \u00a0descobreixen que no tenen res \u00a0per treballar en el moment en que han de fer un control. \u00a0 \u00a0Qu\u00e8 faran els nens i nenes ?<br \/>\nMira i apr\u00e9s d&#8217;aquesta bonica aventura.<\/h5>\n<h5><span style=\"color: #0000ff;\">Premis i reconeixements:<br \/>\n&#8211; Finalista en el FIT-CAT \u00a0de Roda de Ber\u00e0 2015<\/span><br \/>\n<span style=\"color: #0000ff;\">&#8211; Finalista en el festival de \u00a0Cinema Jove de Val\u00e8ncia 2015<\/span><\/h5>\n<\/td>\n<\/tr>\n<tr style=\"height: 32px;\">\n<td style=\"width: 100%; height: 32px;\">\u00a0<iframe loading=\"lazy\" src=\"https:\/\/www.youtube.com\/embed\/KEuqz1BiX9A\" width=\"854\" height=\"480\" frameborder=\"0\"><\/iframe><\/td>\n<\/tr>\n<tr style=\"height: 32px;\">\n<td style=\"width: 100%; height: 32px; background-color: #46c24a;\">\n<h2>ELS CONTES OBLIDATS<\/h2>\n<\/td>\n<\/tr>\n<tr style=\"height: 32px;\">\n<td style=\"width: 100%; height: 32px;\">\n<h4>\u00a0Curs \u00a02011 &#8211; 12.<\/h4>\n<h5>Els contes de l&#8217;escola, cansats de que ning\u00fa els llegeixin decideixen sortir dels contes \u00a0i ocupar el lloc dels nens.<br \/>\nUn dia al sortir de l&#8217;escola \u00a0 un estrany fenomen \u00a0fa sortir els personatges dels contes de tot el m\u00f3n.<br \/>\nAl tornar l&#8217;endem\u00e0 es troben les aules ocupades, \u00a0els ordinadors ocupats \u00a0i tamb\u00e9 tots els jocs&#8230; \u00a0 els nens no saben que fer.<br \/>\nArreu del m\u00f3n es produeixen desastres: el dr\u00e0cules mosseguen, el gegant del Pi destrossa &#8230;. \u00a0 Els nens s&#8217;adonen que la \u00fanica forma de fer tornar els personatges al contes \u00e9s llegir per tal que tornin a viure a la imaginaci\u00f3 dels lectors, on han de ser &#8230; \u00a0 \u00a0Se&#8217;n sortiran ?<\/h5>\n<h5><\/h5>\n<h5><span style=\"color: #0000ff;\">Premis i reconeixements:<\/span><br \/>\n1er <a href=\"http:\/\/www.premiscacescola.cat\/historia\/X-premis\">Premi de El CAC a l&#8217;Escola<br \/>\n<\/a><span style=\"color: #0000ff;\">1er Premi de la Llanterna Digital (Lleida)<\/span><br \/>\n<span style=\"color: #0000ff;\"> Accessit al 1r. premi al Festival de Cinema Jove de Val\u00e8ncia<\/span><br \/>\n<span style=\"color: #0000ff;\"> Finalista al \u00a0FIT-CAT de Roda de Ber\u00e0<\/span><br \/>\n<a href=\"http:\/\/www.premiscacescola.cat\/Portals\/0\/ArxiusAnteriors\/X\/1r_Premi_Alfes_Els_contes_oblidats.pdf\">Guia did\u00e0ctica<\/a><\/h5>\n<\/td>\n<\/tr>\n<tr style=\"height: 32px;\">\n<td style=\"width: 100%; height: 32px;\"><iframe loading=\"lazy\" src=\"https:\/\/www.youtube.com\/embed\/hSxNAZILRlM\" width=\"854\" height=\"480\" frameborder=\"0\"><\/iframe><\/td>\n<\/tr>\n<tr style=\"height: 32px;\">\n<td style=\"width: 100%; height: 32px; background-color: #46c24a;\">\n<h2>EL TRESOR DE LA CAMPANA<\/h2>\n<\/td>\n<\/tr>\n<tr style=\"height: 32px;\">\n<td style=\"width: 100%; height: 32px;\">\n<h4>Curs 2009-10<\/h4>\n<h5>Diu una llegenda que l&#8217;ermita del poble d&#8217;alf\u00e9s tenia el poder de \u00a0desfer les tempestes \u00a0i per aquesta ra\u00f3 el rei la volia comprar. \u00a0El rei va oferir tant d&#8217;or com cab\u00e9s a la campana &#8230; \u00a0Uns lladres roben l&#8217;or de la campana \u00a0i \u00a0el rei els condemna &#8230; \u00a0Tal dia com avui feia \u00a0500 anys que van passar els fets . \u00a0A l&#8217;escola \u00a0els ordinadors s&#8217;han espatllat i a les pantalles surten missatges misteriosos &#8230; \u00a0 Els nens descobreixen que els lladres s&#8217;estan posant en contacte amb ells &#8230; \u00a0Els mestres per\u00f2 no ho poden veure. \u00a0 Hauran d&#8217;iniciar la recerca del tresor amagat per lliberar les \u00e0nimes dels lladres&#8230; \u00a0 Quina aventura !! \u00a0 Se&#8217;n sortiran? \u00a0On hauran d&#8217;anar els nens i nens de l&#8217;escola ??<\/h5>\n<p>&nbsp;<\/p>\n<h5><span style=\"color: #0000ff;\">Premis i reconeixements:<\/span><br \/>\n<span style=\"color: #0000ff;\"> <strong>Premi de video a la Mostra 2010 Departament Ensenyament<\/strong><\/span><br \/>\n<span style=\"color: #0000ff;\"> Finalista en el Festival INQUIET de Picassent (Val\u00e8ncia)<\/span><br \/>\n<span style=\"color: #0000ff;\"> Finalista en el festival FIT-CAT \u00a0de Roda de Ber\u00e0<\/span><\/h5>\n<\/td>\n<\/tr>\n<tr style=\"height: 32px;\">\n<td style=\"width: 100%; height: 32px;\"><iframe loading=\"lazy\" src=\"https:\/\/www.youtube.com\/embed\/5aPHV9njMSk\" width=\"640\" height=\"360\" frameborder=\"0\"><\/iframe><\/td>\n<\/tr>\n<tr style=\"height: 32px;\">\n<td style=\"width: 100%; height: 32px;\"><iframe loading=\"lazy\" src=\"https:\/\/www.youtube.com\/embed\/8HFzyw5fZUE\" width=\"640\" height=\"360\" frameborder=\"0\"><\/iframe><\/td>\n<\/tr>\n<tr style=\"height: 32px;\">\n<td style=\"width: 100%; height: 32px; background-color: #46c24a;\">\n<h2>\u00a0L&#8217;ESCOLA DELS FANTASMES<\/h2>\n<\/td>\n<\/tr>\n<tr style=\"height: 32px;\">\n<td style=\"width: 100%; height: 32px;\">\n<h4>\u00a0Curs 2008- 09<\/h4>\n<h5>Ha passat molt temps des que \u00a0els fantasmes van visitar l&#8217;escola.<br \/>\nUn dia \u00a0els nens \u00a0tot jugant al pati troben la caixa dels fantasmes enterrats \u00a0uns anys enrera. \u00a0Un r\u00e8tol de la caixa avisa que no es pot obrir. \u00a0 \u00a0La curiositat d&#8217;un nens fa que \u00a0obri la caixa i s&#8217;escapin els fantasmes \u00a0que \u00a0persegueixen els nens fins fer-los fora de l&#8217;escola. \u00a0 Com s&#8217;ho faran per tornar ? \u00a0&#8230; \u00a0 Potser caldr\u00e0 fer de ca\u00e7a-fantasmes!! \u00a0 \u00a0Si ho voleu saber haureu de veure aquesta deliciosa aventura.<\/h5>\n<h5><\/h5>\n<h5><span style=\"color: #0000ff;\">Premis i reconeixements: <\/span><br \/>\n<span style=\"color: #0000ff;\"><strong>Premi de v\u00eddeo de la Mostra O9 del Departament d&#8217;Ensenyament<\/strong>\u00a0<\/span><br \/>\n<span style=\"color: #0000ff;\"><span class=\"Estilo6\">Primer premi <\/span>Ferstival Inquiet &#8211; Secci\u00f3 Inquieta &#8211; Prim\u00e0ria &#8211; Picassant (Val\u00e8ncia)<\/span><br \/>\n<span style=\"color: #0000ff;\"><span class=\"Estilo1\"><span class=\"Estilo6\">Finalista <\/span>del <\/span><span class=\"Estilo3\">festival FIC-CATde RODA DE BER\u00c0<\/span><span class=\"Estilo1\"><strong class=\"Estilo3\">.<br \/>\n<\/strong><\/span>2008-2009 Festival de Cinema Jove de Val\u00e8ncia.<span class=\"Estilo6\"> Premi del p\u00fablic, premi Cuadernos de Pedagogia a la millor tasca docent \u00e0udio-visual i Accessit al primer premi.<\/span><\/span><\/h5>\n<\/td>\n<\/tr>\n<tr style=\"height: 32px;\">\n<td style=\"width: 100%; height: 32px;\"><iframe loading=\"lazy\" src=\"https:\/\/www.youtube.com\/embed\/FbPv--R7PXY\" width=\"854\" height=\"480\" frameborder=\"0\"><\/iframe><\/td>\n<\/tr>\n<tr style=\"height: 83px;\">\n<td style=\"width: 100%; height: 83px; background-color: #46c24a;\">\n<h2>M\u00c0GIA<\/h2>\n<\/td>\n<\/tr>\n<tr style=\"height: 465px;\">\n<td style=\"width: 100%; height: 465px;\">\n<table style=\"height: 406px;\" width=\"1358\">\n<tbody>\n<tr>\n<td style=\"width: 1355.56px;\">\n<h4 style=\"text-align: left;\">Curs \u00a02006-07<\/h4>\n<h5>El tema l&#8217;animaci\u00f3 lectora del curs 06-07 \u00e9s la m\u00e0gia. \u00a0Llegim el llibre \u00a0de \u00a0La Tina Superbruixa. \u00a0 Ens plantegem fer m\u00e0gia a l&#8217;escola. \u00a0 Ho fem fent servir els trucatgs de la imatge. \u00a0 Tots els nens presenten el seu treball sobre la m\u00e0gia. \u00a0Cadascun amb un truc diferent.<br \/>\nVols veure \u00a0quins trucs van fer servir ?? \u00a0 Haur\u00e0s de mirar aquest recull.<\/h5>\n<h5>\u00a0<span style=\"color: #0000ff;\">Premis i reconeixements:<\/span><\/h5>\n<h5><span style=\"color: #0000ff;\"><span class=\"Estilo7\">PRIMER PREMI <\/span>del festival de la LLANTERNA DIGITAL.<\/span><br \/>\n<span style=\"color: #0000ff;\"> <span class=\"Estilo3\"><strong>Primer premi<\/strong><\/span> en el festival de cinema Jove de Val\u00e8ncia<\/span><br \/>\n<span style=\"color: #0000ff;\">en la categoria de centres d&#8217;educaci\u00f3 infantil i prim\u00e0ria.<\/span><br \/>\n<span style=\"color: #0000ff;\"> 1er premi Premi Inform\u00e0tica Ciutat de Lleida.<\/span><\/h5>\n<table style=\"height: 191px;\" border=\"0\" width=\"492\" cellspacing=\"0\" cellpadding=\"0\">\n<tbody>\n<tr>\n<th colspan=\"2\" align=\"left\">\n<h5>Tercer premi \u00a0 \u00a0del CAC<\/h5>\n<\/th>\n<\/tr>\n<tr>\n<td valign=\"top\" width=\"20%\">\n<h5><span class=\"tituloCampo2\">Autor\/s:<\/span><\/h5>\n<\/td>\n<td>\n<h5>CEIP d&#8217;Alf\u00e9s (Alf\u00e9s)<\/h5>\n<\/td>\n<\/tr>\n<tr>\n<td>\n<h5><span class=\"tituloCampo2\">T\u00edtol:<\/span><\/h5>\n<\/td>\n<td>\n<h5><a class=\"enlace2\">La m\u00e0gia de la imatge<\/a><\/h5>\n<\/td>\n<\/tr>\n<tr>\n<td>\n<h5><span class=\"tituloCampo2\">Resum:<\/span><\/h5>\n<\/td>\n<td>\n<h5>\u00a0<a href=\"http:\/\/www.premiscacescola.cat\/Portals\/0\/ArxiusAnteriors\/IV\/CEIP_d_Alfes_Resum.pdf\" target=\"_blank\" rel=\"noopener noreferrer\">Treball presentat<\/a>\u00a0 \u00a0 \u00a0\u00a0\u00a0<a href=\"http:\/\/www.premiscacescola.cat\/Portals\/0\/ArxiusAnteriors\/IV\/1_-_Ceip_d_alfes.avi\" target=\"_blank\" rel=\"noopener noreferrer\">V\u00eddeo 1<\/a>\u00a0 \u00a0<a href=\"http:\/\/www.premiscacescola.cat\/Portals\/0\/ArxiusAnteriors\/IV\/2_-_Ceip_d_alfes.avi\" target=\"_blank\" rel=\"noopener noreferrer\">V\u00eddeo 2<\/a>\u00a0 \u00a0 \u00a0 \u00a0<a href=\"http:\/\/www.premiscacescola.cat\/Portals\/0\/ArxiusAnteriors\/IV\/3_-_Ceip_d_alfes.avi\" target=\"_blank\" rel=\"noopener noreferrer\">V\u00eddeo 3<\/a><\/h5>\n<\/td>\n<\/tr>\n<\/tbody>\n<\/table>\n<\/td>\n<\/tr>\n<\/tbody>\n<\/table>\n<\/td>\n<\/tr>\n<tr style=\"height: 500px;\">\n<td style=\"width: 100%; height: 500px;\"><iframe loading=\"lazy\" src=\"https:\/\/www.youtube.com\/embed\/CFuNL03c6WU\" width=\"854\" height=\"480\" frameborder=\"0\"><\/iframe><\/td>\n<\/tr>\n<tr style=\"height: 83px;\">\n<td style=\"width: 100%; height: 83px; background-color: #46c24a;\">\n<h2>MEMORITON. \u00a0 Un treball \u00a0de publicitat.Qu\u00e8 bonics s\u00f3n els anuncis..!<\/h2>\n<\/td>\n<\/tr>\n<tr style=\"height: 32px;\">\n<td style=\"width: 100%; height: 32px;\">\n<h4>Curs 2005-06<\/h4>\n<h5>A l&#8217;escola hem inventat un nou producte: \u00a0es diu Memoryton \u00a0i t\u00e9 unes propietats tant fant\u00e0stiques que \u00a0es converteix en un producte imprescindible per a grans i petits. \u00a0 Hom vol prendre Memoryton.<br \/>\nEl treball inclou \u00a0 un informatiu on s&#8217;expliquen les conseq\u00fc\u00e8ncies d&#8217;aquesta medicina \u00a0 que generra depend\u00e8ncia. \u00a0 La \u00a0gent es revolta \u00a0quan \u00a0s&#8217;acaba el subministre per que ning\u00fa vol tornar a la tonteria original.<br \/>\nInclou tamb\u00e9 algun spot publicitari del producte.<\/h5>\n<p>&nbsp;<\/p>\n<h5><span style=\"color: #0000ff;\">Premis i reconeixements:<\/span><br \/>\n<span style=\"color: #0000ff;\">1 premi \u00a0del CAC (Consell Audiovisual de Catalunya)<\/span><br \/>\n<span style=\"color: #0000ff;\"><strong>Menci\u00f3 Especial del concurs Imatge Ciutat de Lleida<\/strong><\/span><\/h5>\n<\/td>\n<\/tr>\n<tr style=\"height: 32px;\">\n<td style=\"width: 100%; height: 32px;\"><iframe loading=\"lazy\" src=\"https:\/\/www.youtube.com\/embed\/0JRXjidXmcE\" width=\"854\" height=\"480\" frameborder=\"0\"><\/iframe><\/td>\n<\/tr>\n<tr style=\"height: 32px;\">\n<td style=\"width: 100%; height: 32px;\"><\/td>\n<\/tr>\n<tr style=\"height: 32px;\">\n<td style=\"width: 100%; height: 32px;\"><\/td>\n<\/tr>\n<tr style=\"height: 32px;\">\n<td style=\"width: 100%; height: 32px;\"><\/td>\n<\/tr>\n<tr style=\"height: 32px;\">\n<td style=\"width: 100%; height: 32px;\"><\/td>\n<\/tr>\n<tr style=\"height: 32px;\">\n<td style=\"width: 100%; height: 32px;\"><\/td>\n<\/tr>\n<\/tbody>\n<\/table>\n<p>&nbsp;<\/p>\n","protected":false},"excerpt":{"rendered":"<p>L&#8217;OCELL ESTEL\u00b7LAR Curs\u00a0 2019 &#8211; 2020 El tema de la peli neix del treball\u00a0 sobre l&#8217; Univers que la ZER l&#8217;Eral\u00a0 tenia plantejat com a tasca multidisciplinar del curs. El repte ha estat\u00a0 &#8220;com&#8221;\u00a0 tractar\u00a0 els Sistema Solar en una\u00a0 hist\u00f2ria\u00a0 on els nens fossin protagonistes . L&#8217;Ocell Estel\u00b7lar\u00a0 n&#8217;\u00e9s el resultat. Els alumnes de [&hellip;]<\/p>\n","protected":false},"author":1,"featured_media":0,"parent":0,"menu_order":0,"comment_status":"closed","ping_status":"closed","template":"","meta":{"_bbp_topic_count":0,"_bbp_reply_count":0,"_bbp_total_topic_count":0,"_bbp_total_reply_count":0,"_bbp_voice_count":0,"_bbp_anonymous_reply_count":0,"_bbp_topic_count_hidden":0,"_bbp_reply_count_hidden":0,"_bbp_forum_subforum_count":0,"site-sidebar-layout":"default","site-content-layout":"","ast-site-content-layout":"","site-content-style":"default","site-sidebar-style":"default","ast-global-header-display":"","ast-banner-title-visibility":"","ast-main-header-display":"","ast-hfb-above-header-display":"","ast-hfb-below-header-display":"","ast-hfb-mobile-header-display":"","site-post-title":"","ast-breadcrumbs-content":"","ast-featured-img":"","footer-sml-layout":"","theme-transparent-header-meta":"","adv-header-id-meta":"","stick-header-meta":"","header-above-stick-meta":"","header-main-stick-meta":"","header-below-stick-meta":"","astra-migrate-meta-layouts":"default","ast-page-background-enabled":"default","ast-page-background-meta":{"desktop":{"background-color":"var(--ast-global-color-4)","background-image":"","background-repeat":"repeat","background-position":"center center","background-size":"auto","background-attachment":"scroll","background-type":"","background-media":"","overlay-type":"","overlay-color":"","overlay-opacity":"","overlay-gradient":""},"tablet":{"background-color":"","background-image":"","background-repeat":"repeat","background-position":"center center","background-size":"auto","background-attachment":"scroll","background-type":"","background-media":"","overlay-type":"","overlay-color":"","overlay-opacity":"","overlay-gradient":""},"mobile":{"background-color":"","background-image":"","background-repeat":"repeat","background-position":"center center","background-size":"auto","background-attachment":"scroll","background-type":"","background-media":"","overlay-type":"","overlay-color":"","overlay-opacity":"","overlay-gradient":""}},"ast-content-background-meta":{"desktop":{"background-color":"var(--ast-global-color-5)","background-image":"","background-repeat":"repeat","background-position":"center center","background-size":"auto","background-attachment":"scroll","background-type":"","background-media":"","overlay-type":"","overlay-color":"","overlay-opacity":"","overlay-gradient":""},"tablet":{"background-color":"var(--ast-global-color-5)","background-image":"","background-repeat":"repeat","background-position":"center center","background-size":"auto","background-attachment":"scroll","background-type":"","background-media":"","overlay-type":"","overlay-color":"","overlay-opacity":"","overlay-gradient":""},"mobile":{"background-color":"var(--ast-global-color-5)","background-image":"","background-repeat":"repeat","background-position":"center center","background-size":"auto","background-attachment":"scroll","background-type":"","background-media":"","overlay-type":"","overlay-color":"","overlay-opacity":"","overlay-gradient":""}},"footnotes":""},"class_list":["post-1227","page","type-page","status-publish","hentry"],"post_mailing_queue_ids":[],"_links":{"self":[{"href":"https:\/\/agora.xtec.cat\/ceipalfes\/wp-json\/wp\/v2\/pages\/1227","targetHints":{"allow":["GET"]}}],"collection":[{"href":"https:\/\/agora.xtec.cat\/ceipalfes\/wp-json\/wp\/v2\/pages"}],"about":[{"href":"https:\/\/agora.xtec.cat\/ceipalfes\/wp-json\/wp\/v2\/types\/page"}],"author":[{"embeddable":true,"href":"https:\/\/agora.xtec.cat\/ceipalfes\/wp-json\/wp\/v2\/users\/1"}],"replies":[{"embeddable":true,"href":"https:\/\/agora.xtec.cat\/ceipalfes\/wp-json\/wp\/v2\/comments?post=1227"}],"version-history":[{"count":5,"href":"https:\/\/agora.xtec.cat\/ceipalfes\/wp-json\/wp\/v2\/pages\/1227\/revisions"}],"predecessor-version":[{"id":6250,"href":"https:\/\/agora.xtec.cat\/ceipalfes\/wp-json\/wp\/v2\/pages\/1227\/revisions\/6250"}],"wp:attachment":[{"href":"https:\/\/agora.xtec.cat\/ceipalfes\/wp-json\/wp\/v2\/media?parent=1227"}],"curies":[{"name":"wp","href":"https:\/\/api.w.org\/{rel}","templated":true}]}}