{"id":73,"date":"2014-09-18T14:01:51","date_gmt":"2014-09-18T14:01:51","guid":{"rendered":"http:\/\/agora.xtec.cat\/ceipalbirka\/?page_id=73"},"modified":"2026-04-24T09:32:12","modified_gmt":"2026-04-24T07:32:12","slug":"menjador-escolar","status":"publish","type":"page","link":"https:\/\/agora.xtec.cat\/ceipalbirka\/serveis\/menjador-escolar\/","title":{"rendered":"Menjador escolar"},"content":{"rendered":"<h5>Personal del menjador<\/h5>\n<p>Cuinera: Merc\u00e8 Mart\u00ednez<br \/>\nCoordinadora menjador: Merc\u00e8 Abad<br \/>\nMonitores: Milva Vilalta, Llu\u00efsa Tarr\u00f3s, Nati Sola i Tresa Motll\u00f3.<\/p>\n<p>Les q\u00fcestions sobre Menjador escolar han d\u2019anar dirigides a la Sra. Merc\u00e8 Abad.<\/p>\n<h5>Men\u00fas:<\/h5>\n<ul>\n<li style=\"list-style-type: none;\">\n<ul>\n<li><a href=\"https:\/\/drive.google.com\/file\/d\/1GUzyK0EOUEbIh5dvN7dkrlacCD3xdX2D\/view?usp=drive_link\">Men\u00fa setembre<\/a><\/li>\n<li><a href=\"https:\/\/drive.google.com\/file\/d\/19qbXbntjFG0YurGUeXI76EXWsE_ZbLZX\/view?usp=drive_link\">Men\u00fa octubre<\/a><\/li>\n<li><a href=\"https:\/\/drive.google.com\/file\/d\/15BwNqZWW_h4AYWE6yyk-UuoG5a93e39B\/view?usp=drive_link\">Men\u00fa novembre<\/a><\/li>\n<li><a href=\"https:\/\/drive.google.com\/file\/d\/1VIUFIHmbbURXxbe2teS2Sp3h46pCF4Fm\/view?usp=drive_link\">Men\u00fa desembre<\/a><\/li>\n<\/ul>\n<ul>\n<li><a href=\"https:\/\/drive.google.com\/file\/d\/1zsxhk3bpfgky39bTtr9mad4aTOJcHeus\/view?usp=drive_link\">Men\u00fa gener<\/a><\/li>\n<li><a href=\"https:\/\/drive.google.com\/file\/d\/1LiLf1y4aAtiTWRdsOMvm3jhfe9m4_Wmm\/view?usp=drive_link\">Men\u00fa febrer<\/a><\/li>\n<li><a href=\"https:\/\/drive.google.com\/file\/d\/1iO2K5ncHgQEBzUwF5ro_T-o88SODvGYS\/view?usp=drive_link\">Men\u00fa mar\u00e7<\/a><\/li>\n<li><a href=\"https:\/\/drive.google.com\/file\/d\/1WV16RaQN_2Cm4XL6Cn2zlxC40a3q7Rne\/view?usp=drive_link\">Men\u00fa abril<\/a><\/li>\n<li><a href=\"https:\/\/drive.google.com\/file\/d\/1RAoQGSSSL1qHttDRi7Ymy-7orQrCXQ-J\/view?usp=sharing\">Men\u00fa maig<\/a><\/li>\n<li>Men\u00fa juny<\/li>\n<\/ul>\n<\/li>\n<\/ul>\n<h5>Documents menjador<\/h5>\n<ul style=\"list-style-type: circle;\">\n<li><a href=\"https:\/\/drive.google.com\/file\/d\/1V-J19kwN3Ay8u9BuxrwVj3y6oDBE5P6S\/view?usp=drive_link\">Pla de funcionament del menjador 2025-26<\/a><\/li>\n<\/ul>\n<h5><\/h5>\n<h5>Ajuts: <em><span class=\"style_1\">Convocat\u00f2ria del Consell Comarcal dels\u00a0<\/span><span class=\"style_2\">ajuts individuals<\/span><span class=\"style_1\">\u00a0<\/span><span class=\"style_2\">de menjador escolar pel curs 2025\/2026.<\/span><\/em><\/h5>\n<p>La sol\u00b7licitud en paper la podeu trobar a la secretaria del centre.<\/p>\n<p>A continuaci\u00f3 us fem un breu resum d\u2019aquestes bases per al vostre coneixement:<\/p>\n<ul>\n<li>Les sol\u00b7licituds s\u2019han de\u00a0<strong><u>presentar al Consell Comarcal de les Garrigues<\/u><\/strong>.<\/li>\n<li><strong><u>Documentaci\u00f3 obligat\u00f2ria <\/u><\/strong>que cal adjuntar a la sol\u00b7licitud i altres aspectes tamb\u00e9 obligatoris :<\/li>\n<\/ul>\n<ol>\n<li>Volant de conviv\u00e8ncia actual (que cal demanar a l\u2019ajuntament corresponent).<\/li>\n<li>Fotoc\u00f2pia dels NIE\/NIF de tots els membres computables de la unitat familiar (o llibre de\u00a0 fam\u00edlia o certificat de naixement, si algun membre computable de la unitat familiar no disposa de NIE\/NIF).<\/li>\n<li>Fer constar en el model de sol\u00b7licitud el n\u00fam. RALC\/IDALU de l\u2019alumne.<\/li>\n<li>Que tots els membres computables de la unitat familiar majors d\u2019edat signin la sol\u00b7licitud.<\/li>\n<li>Especificar, en la mateixa sol\u00b7licitud, si es vol rebre notificacions electr\u00f2niques.<\/li>\n<\/ol>\n<ul>\n<li>A part de tots aquests aspectes obligatoris,\u00a0<strong><u>si es perceben ingressos no contributius<\/u><\/strong>, tamb\u00e9 caldr\u00e0 adjuntar el\/els document\/s que acrediti\/n el\/els esmentat\/s ingr\u00e9s\/sos.<\/li>\n<li>Si \u00e9s el cas, tamb\u00e9 ser\u00e0 necess\u00e0ria adjuntar la\u00a0<strong><u>documentaci\u00f3 complement\u00e0ria <\/u><\/strong>que es relaciona en el mateix model de sol\u00b7licitud.<\/li>\n<\/ul>\n<p>Es consideren membres computables de la unitat familiar, a efectes d\u2019aquest\u00a0ajut:<\/p>\n<p>&#8211;\u00a0\u00a0\u00a0\u00a0\u00a0\u00a0\u00a0\u00a0\u00a0\u00a0Els progenitors (o el\/la tutor\/a o persones encarregades de la guarda i protecci\u00f3 del menor)<\/p>\n<p>&#8211;\u00a0\u00a0\u00a0\u00a0\u00a0\u00a0\u00a0\u00a0\u00a0\u00a0El sol\u00b7licitant<\/p>\n<p>&#8211;\u00a0\u00a0\u00a0\u00a0\u00a0\u00a0\u00a0\u00a0\u00a0\u00a0Els germans solters menors de 25 anys que convisquin en el domicili familiar a 31 de desembre de 2021<\/p>\n<p>&#8211;\u00a0\u00a0\u00a0\u00a0\u00a0\u00a0\u00a0\u00a0\u00a0\u00a0Els germans majors de 25 anys amb discapacitat f\u00edsica, ps\u00edquica o sensorial que con convisquin en el domicili familiar a 31 de desembre de 2021<\/p>\n<p>&#8211;\u00a0\u00a0\u00a0\u00a0\u00a0\u00a0\u00a0\u00a0\u00a0\u00a0Els ascendents dels pares que resideixin en el mateix domicili que els anteriors.<\/p>\n","protected":false},"excerpt":{"rendered":"<p>Personal del menjador<br \/>\nCuinera: Merc\u00e8 Mart\u00ednez<br \/>\nCoordinadora menjador: Merc\u00e8 Abad<br \/>\nMonitores: Milva Vilalta, Llu\u00efsa Tarr\u00f3s, Nati Sola i Tresa Motll\u00f3.<br \/>\nLes q\u00fcestions sobre Menjador escolar han d\u2019anar dirigides a la Sra. Merc\u00e8 Abad.<br \/>\nMen\u00fas:<\/p>\n<ul>\n<li style=\"list-style-type: none;\">\n<ul>\n<li><a href=\"https:\/\/drive.google.com\/file\/d\/1GUzyK0EOUEbIh5dvN7dkrlacCD3xdX2D\/view?usp=drive_link\">Men\u00fa setembre<\/a><\/li>\n<li><a href=\"https:\/\/drive.google.com\/file\/d\/19qbXbntjFG0YurGUeXI76EXWsE_ZbLZX\/view?usp=drive_link\">Men\u00fa octubre<\/a><\/li>\n<li><a href=\"https:\/\/drive.google.com\/file\/d\/15BwNqZWW_h4AYWE6yyk-UuoG5a93e39B\/view?usp=drive_link\">Men\u00fa novembre<\/a><\/li>\n<li><a href=\"https:\/\/drive.google.com\/file\/d\/1VIUFIHmbbURXxbe2teS2Sp3h46pCF4Fm\/view?usp=drive_link\">Men\u00fa desembre<\/a><\/li>\n<\/ul>\n<ul>\n<li><a href=\"https:\/\/drive.google.com\/file\/d\/1zsxhk3bpfgky39bTtr9mad4aTOJcHeus\/view?usp=drive_link\">Men\u00fa gener<\/a><\/li>\n<li><a href=\"https:\/\/drive.google.com\/file\/d\/1LiLf1y4aAtiTWRdsOMvm3jhfe9m4_Wmm\/view?usp=drive_link\">Men\u00fa febrer<\/a><\/li>\n<li><a href=\"https:\/\/drive.google.com\/file\/d\/1iO2K5ncHgQEBzUwF5ro_T-o88SODvGYS\/view?usp=drive_link\">Men\u00fa mar\u00e7<\/a><\/li>\n<li><a&hellip;  <a href=\"https:\/\/agora.xtec.cat\/ceipalbirka\/serveis\/menjador-escolar\/\" title=\"Read Menjador escolar\">Llegeix m\u00e9s\u00bb<\/a><br \/>\n","protected":false},"author":2,"featured_media":0,"parent":66,"menu_order":30,"comment_status":"closed","ping_status":"closed","template":"page-templates\/side-menu.php","meta":{"_bbp_topic_count":0,"_bbp_reply_count":0,"_bbp_total_topic_count":0,"_bbp_total_reply_count":0,"_bbp_voice_count":0,"_bbp_anonymous_reply_count":0,"_bbp_topic_count_hidden":0,"_bbp_reply_count_hidden":0,"_bbp_forum_subforum_count":0,"footnotes":""},"class_list":["post-73","page","type-page","status-publish","hentry"],"post_mailing_queue_ids":[],"_links":{"self":[{"href":"https:\/\/agora.xtec.cat\/ceipalbirka\/wp-json\/wp\/v2\/pages\/73","targetHints":{"allow":["GET"]}}],"collection":[{"href":"https:\/\/agora.xtec.cat\/ceipalbirka\/wp-json\/wp\/v2\/pages"}],"about":[{"href":"https:\/\/agora.xtec.cat\/ceipalbirka\/wp-json\/wp\/v2\/types\/page"}],"author":[{"embeddable":true,"href":"https:\/\/agora.xtec.cat\/ceipalbirka\/wp-json\/wp\/v2\/users\/2"}],"replies":[{"embeddable":true,"href":"https:\/\/agora.xtec.cat\/ceipalbirka\/wp-json\/wp\/v2\/comments?post=73"}],"version-history":[{"count":8,"href":"https:\/\/agora.xtec.cat\/ceipalbirka\/wp-json\/wp\/v2\/pages\/73\/revisions"}],"predecessor-version":[{"id":11659,"href":"https:\/\/agora.xtec.cat\/ceipalbirka\/wp-json\/wp\/v2\/pages\/73\/revisions\/11659"}],"up":[{"embeddable":true,"href":"https:\/\/agora.xtec.cat\/ceipalbirka\/wp-json\/wp\/v2\/pages\/66"}],"wp:attachment":[{"href":"https:\/\/agora.xtec.cat\/ceipalbirka\/wp-json\/wp\/v2\/media?parent=73"}],"curies":[{"name":"wp","href":"https:\/\/api.w.org\/{rel}","templated":true}]}}