{"id":28,"date":"2014-09-18T12:29:35","date_gmt":"2014-09-18T12:29:35","guid":{"rendered":"http:\/\/agora.xtec.cat\/ceipalbirka\/?page_id=28"},"modified":"2025-10-06T16:12:34","modified_gmt":"2025-10-06T14:12:34","slug":"consell-escolar","status":"publish","type":"page","link":"https:\/\/agora.xtec.cat\/ceipalbirka\/lescola\/consell-escolar\/","title":{"rendered":"Consell escolar 2024\/25"},"content":{"rendered":"<p>Actualment el <strong>C<\/strong><strong>onsell Escolar<\/strong> est\u00e0 format per:<\/p>\n<p>Equip Directiu: Nel.la Armengol, Norma Pons i Maribel Navas.<\/p>\n<p>Sector Mestres: Marc Garcia, Marta Vall\u00e9s, Norma Pons, Maria Balcells i \u00c0ngels Sala.<\/p>\n<p>Sector Pares\/mares: Aida Teixid\u00f3, Ruben Perell\u00f3, Anna Balcells, Anna Bar\u00f3 i Montse Torrelles (AFA).<\/p>\n<p>Representant Ajuntament : Ana\u00efs Egea<\/p>\n<p>Pers. Adm. i Serveis: M. Rosa Bold\u00fa<\/p>\n<p>&#8211; Les persones del consell escolar s\u00f3n elegides per un per\u00edode de quatre anys i es renoven per meitats cada dos anys.<br \/>\n\u2013 Les eleccions per a la constituci\u00f3 o renovaci\u00f3 de membres del consell escolar, les convoca el director o directora del centre.<br \/>\n\u2013 Les vacants del consell escolar s\u2019han d\u2019ocupar pel procediment establert a les normes d\u2019organitzaci\u00f3 i funcionament del centre.<br \/>\n\u2013 La condici\u00f3 de membre del consell escolar es perd quan es deixa el c\u00e0rrec que comporta ser-ne membre, quan es deixa de complir algun dels requisits per ser elegible o quan l\u2019\u00f2rgan que l\u2019ha designat en revoca la designaci\u00f3.<br \/>\n\u2013 Transcorregut el termini de dos anys de la darrera renovaci\u00f3, la direcci\u00f3 convocar\u00e0 eleccions per a la renovaci\u00f3 parcial dels membres del consell escolar del centre, en la meitat que en cada cas correspongui, d\u2019acord amb la regulaci\u00f3.<br \/>\n\u2013 El consell escolar es reunir\u00e0, com a m\u00ednim, a l\u2019inici de curs i far\u00e0 una reuni\u00f3 cada trimestre i una al final de curs.<\/p>\n<p>&nbsp;<\/p>\n<p><strong>ELECCIONS AL CONSELL ESCOLAR &#8211; OCTUBRE 2025<\/strong><\/p>\n<p>El proper <strong>dilluns dia 27 d&#8217;octubre <\/strong>\u00a0inicia el proc\u00e9s bianual de\u00a0<strong>renovaci\u00f3 de membres del Consell Escolar. <\/strong>Aquest any toca renovar 2 <strong>\u00a0membre dels sector de pares\u00a0<\/strong>i per aquest motiu us encoratgem a formar-hi part.<\/p>\n<p><u>Calendari del proc\u00e9s electoral<\/u><\/p>\n<ul>\n<li style=\"list-style-type: none;\">\n<ul>\n<li style=\"list-style-type: none;\">\n<ul>&#8211; Inici del proc\u00e9s: a partir del 27 d&#8217;octubre de 2025.<\/ul>\n<\/li>\n<li style=\"list-style-type: none;\"><span style=\"font-family: inherit; font-size: 1em;\">\u00a0 \u00a0 &#8211; Constituci\u00f3 de les meses electorals: abans del 10 de novembre de 2025.<\/span><\/li>\n<li style=\"list-style-type: none;\">\n<ul>&#8211; Votacions: entre el 17 i el 21 de novembre de 2025, ambd\u00f3s inclosos.<\/ul>\n<\/li>\n<li style=\"list-style-type: none;\">\u00a0 \u00a0 &#8211; Constituci\u00f3 del consell escolar i presa de possessi\u00f3 dels membres: fins al 19 de desembre de 2025.\u200b\u200b<\/li>\n<\/ul>\n<\/li>\n<\/ul>\n<p>Qui vulgui presentar candidatura ho pot fer presentant el<strong>\u00a0<a href=\"https:\/\/drive.google.com\/file\/d\/1Rhp0bJ6QKdnxXYLTdl6VS6Ikhnn8BJTh\/view?usp=drive_link\">Document per presentar candidatura<\/a><\/strong> a la direcci\u00f3 del centre.<\/p>\n<p>&nbsp;<\/p>\n","protected":false},"excerpt":{"rendered":"<p>Actualment el Consell Escolar est\u00e0 format per:<br \/>\nEquip Directiu: Nel.la Armengol, Norma Pons i Maribel Navas.<br \/>\nSector Mestres: Marc Garcia, Marta Vall\u00e9s, Norma Pons, Maria Balcells i \u00c0ngels Sala.<br \/>\nSector Pares\/mares: Aida Teixid\u00f3, Ruben Perell\u00f3, Anna Balcells, Anna Bar\u00f3 i Montse Torrelles (AFA).<br \/>\nRepresentant Ajuntament : Ana\u00efs Egea<br \/>\nPers. Adm.&hellip;  <a href=\"https:\/\/agora.xtec.cat\/ceipalbirka\/lescola\/consell-escolar\/\" title=\"Read Consell escolar 2024\/25\">Llegeix m\u00e9s\u00bb<\/a><\/p>\n","protected":false},"author":2,"featured_media":0,"parent":22,"menu_order":70,"comment_status":"closed","ping_status":"closed","template":"page-templates\/side-menu.php","meta":{"_bbp_topic_count":0,"_bbp_reply_count":0,"_bbp_total_topic_count":0,"_bbp_total_reply_count":0,"_bbp_voice_count":0,"_bbp_anonymous_reply_count":0,"_bbp_topic_count_hidden":0,"_bbp_reply_count_hidden":0,"_bbp_forum_subforum_count":0,"footnotes":""},"class_list":["post-28","page","type-page","status-publish","hentry"],"post_mailing_queue_ids":[],"_links":{"self":[{"href":"https:\/\/agora.xtec.cat\/ceipalbirka\/wp-json\/wp\/v2\/pages\/28","targetHints":{"allow":["GET"]}}],"collection":[{"href":"https:\/\/agora.xtec.cat\/ceipalbirka\/wp-json\/wp\/v2\/pages"}],"about":[{"href":"https:\/\/agora.xtec.cat\/ceipalbirka\/wp-json\/wp\/v2\/types\/page"}],"author":[{"embeddable":true,"href":"https:\/\/agora.xtec.cat\/ceipalbirka\/wp-json\/wp\/v2\/users\/2"}],"replies":[{"embeddable":true,"href":"https:\/\/agora.xtec.cat\/ceipalbirka\/wp-json\/wp\/v2\/comments?post=28"}],"version-history":[{"count":7,"href":"https:\/\/agora.xtec.cat\/ceipalbirka\/wp-json\/wp\/v2\/pages\/28\/revisions"}],"predecessor-version":[{"id":11156,"href":"https:\/\/agora.xtec.cat\/ceipalbirka\/wp-json\/wp\/v2\/pages\/28\/revisions\/11156"}],"up":[{"embeddable":true,"href":"https:\/\/agora.xtec.cat\/ceipalbirka\/wp-json\/wp\/v2\/pages\/22"}],"wp:attachment":[{"href":"https:\/\/agora.xtec.cat\/ceipalbirka\/wp-json\/wp\/v2\/media?parent=28"}],"curies":[{"name":"wp","href":"https:\/\/api.w.org\/{rel}","templated":true}]}}