{"id":4520,"date":"2014-02-19T13:16:42","date_gmt":"2014-02-19T12:16:42","guid":{"rendered":"http:\/\/blocs.xtec.cat\/ceiptorrojaimiret\/?page_id=4520"},"modified":"2020-01-14T12:10:45","modified_gmt":"2020-01-14T11:10:45","slug":"revista-lestel","status":"publish","type":"page","link":"https:\/\/agora.xtec.cat\/ceip-torrojaimiret\/revista-lestel\/","title":{"rendered":"Actes 50 aniversari 1965-2015"},"content":{"rendered":"<p><strong>LIP DUB 50 ANIVERSARI<br \/>\n<\/strong><\/p>\n<div class=\"ast-oembed-container \" style=\"height: 100%;\"><iframe loading=\"lazy\" title=\"Lipdub 50 anys, Escola Torroja i Miret. Vila-Seca, Tarragona\" width=\"500\" height=\"281\" src=\"https:\/\/www.youtube.com\/embed\/yriZPaxX_j4?feature=oembed\" frameborder=\"0\" allow=\"accelerometer; autoplay; clipboard-write; encrypted-media; gyroscope; picture-in-picture; web-share\" referrerpolicy=\"strict-origin-when-cross-origin\" allowfullscreen><\/iframe><\/div>\n<p><strong>Veus de la mem\u00f2ria: Jose Antonio Molet<\/strong><\/p>\n<div class=\"ast-oembed-container \" style=\"height: 100%;\"><iframe loading=\"lazy\" title=\"Mi pel\u00edcula7\" width=\"500\" height=\"281\" src=\"https:\/\/www.youtube.com\/embed\/wY9nBzpPpRs?feature=oembed\" frameborder=\"0\" allow=\"accelerometer; autoplay; clipboard-write; encrypted-media; gyroscope; picture-in-picture; web-share\" referrerpolicy=\"strict-origin-when-cross-origin\" allowfullscreen><\/iframe><\/div>\n<p><strong>La nostra escola al M\u00e9s Vila-seca<br \/>\n<\/strong><br \/>\nA les p\u00e0gines 13 i 14 del diari podeu trobar articles dedicats a la nostra escola.<\/p>\n<div data-configid=\"1395796\/31019942\" style=\"width: 500px; height: 320px;\" class=\"issuuembed\"><\/div>\n<p><script type=\"text\/javascript\" src=\"\/\/e.issuu.com\/embed.js\" async=\"true\"><\/script><\/p>\n<p><strong>REVISTA: L&#8217;ESTEL<br \/>\n<\/strong><br \/>\nLa nostra escola es complau a oferir-vos la edici\u00f3 digital d\u2019enguany de la nostra revista\u00a0<em><a href=\"http:\/\/www.flipsnack.com\/AFF8C6AD75E\/fdum69ku\" target=\"_blank\" rel=\"noopener noreferrer\">L\u2019Estel<\/a>.<\/em>\u00a0Desitgem d\u2019aquesta manera poder arribar a tothom, a la vegada que col\u00b7laborar amb el medi ambient<em>.<\/em><\/p>\n<figure id=\"attachment_5001\" aria-describedby=\"caption-attachment-5001\" style=\"width: 211px\" class=\"wp-caption aligncenter\"><a href=\"http:\/\/www.flipsnack.com\/AFF8C6AD75E\/fu84c264\" target=\"_blank\" rel=\"noopener noreferrer\"><img loading=\"lazy\" decoding=\"async\" class=\"size-medium wp-image-5001\" src=\"http:\/\/blocs.xtec.cat\/ceiptorrojaimiret\/files\/2014\/02\/revista-13-14-211x300.jpg\" alt=\"Clica en la imatge per visualitzar-la!\" width=\"211\" height=\"300\" \/><\/a><figcaption id=\"caption-attachment-5001\" class=\"wp-caption-text\">Clica en la imatge per visualitzar-la!<\/figcaption><\/figure>\n<p>&nbsp;<\/p>\n<figure id=\"attachment_4315\" aria-describedby=\"caption-attachment-4315\" style=\"width: 212px\" class=\"wp-caption aligncenter\"><a href=\"http:\/\/www.flipsnack.com\/AFF8C6AD75E\/fdum69ku\" target=\"_blank\" rel=\"noopener noreferrer\"><img loading=\"lazy\" decoding=\"async\" class=\"size-medium wp-image-4315\" src=\"http:\/\/blocs.xtec.cat\/ceiptorrojaimiret\/files\/2012\/06\/estel-48-212x300.jpg\" alt=\"Clica en la imatge per visualitzar-la!\" width=\"212\" height=\"300\" \/><\/a><figcaption id=\"caption-attachment-4315\" class=\"wp-caption-text\">Clica en la imatge per visualitzar-la!<\/figcaption><\/figure>\n<p>&nbsp;<\/p>\n<figure id=\"attachment_2122\" aria-describedby=\"caption-attachment-2122\" style=\"width: 213px\" class=\"wp-caption aligncenter\"><a href=\"http:\/\/www.flipsnack.com\/5877DACF8D6\/fzkf4pn1\" target=\"_blank\" rel=\"noopener noreferrer\"><img loading=\"lazy\" decoding=\"async\" class=\"size-medium wp-image-2122\" src=\"http:\/\/blocs.xtec.cat\/ceiptorrojaimiret\/files\/2012\/06\/estel-213x300.jpg\" alt=\"Clica en la imatge per visualitzar-la!\" width=\"213\" height=\"300\" \/><\/a><figcaption id=\"caption-attachment-2122\" class=\"wp-caption-text\">Clica en la imatge per visualitzar-la!<\/figcaption><\/figure>\n<p style=\"text-align: center;\">\n","protected":false},"excerpt":{"rendered":"<p>LIP DUB 50 ANIVERSARI Veus de la mem\u00f2ria: Jose Antonio Molet La nostra escola al M\u00e9s Vila-seca A les p\u00e0gines 13 i 14 del diari podeu trobar articles dedicats a la nostra escola. REVISTA: L&#8217;ESTEL La nostra escola es complau a oferir-vos la edici\u00f3 digital d\u2019enguany de la nostra revista\u00a0L\u2019Estel.\u00a0Desitgem d\u2019aquesta manera poder arribar a [&hellip;]<\/p>\n","protected":false},"author":1,"featured_media":0,"parent":0,"menu_order":0,"comment_status":"open","ping_status":"open","template":"","meta":{"_bbp_topic_count":0,"_bbp_reply_count":0,"_bbp_total_topic_count":0,"_bbp_total_reply_count":0,"_bbp_voice_count":0,"_bbp_anonymous_reply_count":0,"_bbp_topic_count_hidden":0,"_bbp_reply_count_hidden":0,"_bbp_forum_subforum_count":0,"site-sidebar-layout":"default","site-content-layout":"","ast-site-content-layout":"","site-content-style":"default","site-sidebar-style":"default","ast-global-header-display":"","ast-banner-title-visibility":"","ast-main-header-display":"","ast-hfb-above-header-display":"","ast-hfb-below-header-display":"","ast-hfb-mobile-header-display":"","site-post-title":"","ast-breadcrumbs-content":"","ast-featured-img":"","footer-sml-layout":"","theme-transparent-header-meta":"","adv-header-id-meta":"","stick-header-meta":"","header-above-stick-meta":"","header-main-stick-meta":"","header-below-stick-meta":"","astra-migrate-meta-layouts":"default","ast-page-background-enabled":"default","ast-page-background-meta":{"desktop":{"background-color":"var(--ast-global-color-4)","background-image":"","background-repeat":"repeat","background-position":"center center","background-size":"auto","background-attachment":"scroll","background-type":"","background-media":"","overlay-type":"","overlay-color":"","overlay-opacity":"","overlay-gradient":""},"tablet":{"background-color":"","background-image":"","background-repeat":"repeat","background-position":"center center","background-size":"auto","background-attachment":"scroll","background-type":"","background-media":"","overlay-type":"","overlay-color":"","overlay-opacity":"","overlay-gradient":""},"mobile":{"background-color":"","background-image":"","background-repeat":"repeat","background-position":"center center","background-size":"auto","background-attachment":"scroll","background-type":"","background-media":"","overlay-type":"","overlay-color":"","overlay-opacity":"","overlay-gradient":""}},"ast-content-background-meta":{"desktop":{"background-color":"var(--ast-global-color-5)","background-image":"","background-repeat":"repeat","background-position":"center center","background-size":"auto","background-attachment":"scroll","background-type":"","background-media":"","overlay-type":"","overlay-color":"","overlay-opacity":"","overlay-gradient":""},"tablet":{"background-color":"var(--ast-global-color-5)","background-image":"","background-repeat":"repeat","background-position":"center center","background-size":"auto","background-attachment":"scroll","background-type":"","background-media":"","overlay-type":"","overlay-color":"","overlay-opacity":"","overlay-gradient":""},"mobile":{"background-color":"var(--ast-global-color-5)","background-image":"","background-repeat":"repeat","background-position":"center center","background-size":"auto","background-attachment":"scroll","background-type":"","background-media":"","overlay-type":"","overlay-color":"","overlay-opacity":"","overlay-gradient":""}},"footnotes":""},"class_list":["post-4520","page","type-page","status-publish","hentry"],"post_mailing_queue_ids":[],"_links":{"self":[{"href":"https:\/\/agora.xtec.cat\/ceip-torrojaimiret\/wp-json\/wp\/v2\/pages\/4520","targetHints":{"allow":["GET"]}}],"collection":[{"href":"https:\/\/agora.xtec.cat\/ceip-torrojaimiret\/wp-json\/wp\/v2\/pages"}],"about":[{"href":"https:\/\/agora.xtec.cat\/ceip-torrojaimiret\/wp-json\/wp\/v2\/types\/page"}],"author":[{"embeddable":true,"href":"https:\/\/agora.xtec.cat\/ceip-torrojaimiret\/wp-json\/wp\/v2\/users\/1"}],"replies":[{"embeddable":true,"href":"https:\/\/agora.xtec.cat\/ceip-torrojaimiret\/wp-json\/wp\/v2\/comments?post=4520"}],"version-history":[{"count":1,"href":"https:\/\/agora.xtec.cat\/ceip-torrojaimiret\/wp-json\/wp\/v2\/pages\/4520\/revisions"}],"predecessor-version":[{"id":12044,"href":"https:\/\/agora.xtec.cat\/ceip-torrojaimiret\/wp-json\/wp\/v2\/pages\/4520\/revisions\/12044"}],"wp:attachment":[{"href":"https:\/\/agora.xtec.cat\/ceip-torrojaimiret\/wp-json\/wp\/v2\/media?parent=4520"}],"curies":[{"name":"wp","href":"https:\/\/api.w.org\/{rel}","templated":true}]}}