{"id":32,"date":"2014-09-18T12:31:33","date_gmt":"2014-09-18T11:31:33","guid":{"rendered":"http:\/\/agora.xtec.cat\/ceip-torrojaimiret\/?page_id=32"},"modified":"2025-10-09T13:28:13","modified_gmt":"2025-10-09T11:28:13","slug":"calendari-del-curs","status":"publish","type":"page","link":"https:\/\/agora.xtec.cat\/ceip-torrojaimiret\/lescola\/calendari-del-curs\/","title":{"rendered":"Calendari del curs 2025-26"},"content":{"rendered":"<p><span style=\"font-family: inherit; font-size: 1em;\"><img loading=\"lazy\" decoding=\"async\" class=\" wp-image-21025 alignright\" src=\"https:\/\/agora.xtec.cat\/ceip-torrojaimiret\/wp-content\/uploads\/usu1688\/2025\/10\/calendari-25-26-228x300.jpg\" alt=\"\" width=\"269\" height=\"354\" srcset=\"https:\/\/agora.xtec.cat\/ceip-torrojaimiret\/wp-content\/uploads\/usu1688\/2025\/10\/calendari-25-26-228x300.jpg 228w, https:\/\/agora.xtec.cat\/ceip-torrojaimiret\/wp-content\/uploads\/usu1688\/2025\/10\/calendari-25-26.jpg 615w\" sizes=\"auto, (max-width: 269px) 100vw, 269px\" \/><\/span><\/p>\n<p><span style=\"font-family: inherit; font-size: 1em;\">Benvolguts pares i mares,<\/span><\/p>\n<p style=\"text-align: justify;\">D\u2019acord amb el calendari oficial, us comuniquem que <strong>les classes del proper curs comen\u00e7aran el dia 8<\/strong><strong>\u00a0de setembre<\/strong> en jornada intensiva seguint els seg\u00fcents horaris per a tot l\u2019alumnat de l\u2019escola:<br \/>\n&#8211; Mat\u00ed: 9 a 13:00 hores \/ Tarda: 15 a 16:30 hores.<br \/>\n&#8211; Alumnes de P-3: Cal informar-se al setembre de l\u2019horari d\u2019entrada progressiva.<\/p>\n<p style=\"text-align: justify;\">El servei de <strong>menjador s\u2019iniciar\u00e0 el dia 8 de setembre<\/strong>.<\/p>\n<p style=\"text-align: justify;\">Cal recordar que els canvis en l&#8217;opci\u00f3 de religi\u00f3, s&#8217;han de fer fins al 8 de setembre de 2025, dia que comen\u00e7a el curs. No s&#8217;admetran canvis despr\u00e9s d&#8217;aquesta data.<\/p>\n<p style=\"text-align: justify;\">Aprofitem per informar-vos del calendari escolar oficial a Vila-seca del curs vinent perqu\u00e8 pugueu planificar el calendari familiar:<br \/>\n&#8211; <strong>Vacances del 1r trimestre:<\/strong> del 20 de desembre del 2025 al 7 de gener del 2026, ambd\u00f3s inclosos.<br \/>\n&#8211; <strong>Vacances del 2n trimestre:<\/strong> del 28 de mar\u00e7 al 6 d&#8217;abril del 2026, ambd\u00f3s inclosos.<br \/>\n&#8211; <strong>Vacances d\u2019estiu:<\/strong> A partir del 20 de juny del 2026.<br \/>\n&#8211;<strong> Dies festius:<\/strong> 11 de setembre, 8 de desembre del 2025 i 1 de maig del 2026.<br \/>\n&#8211; Els <strong>dies de lliure disposici\u00f3<\/strong> escollits pel Consell Escolar Municipal de Vila-seca seran els dies: 31 d&#8217;octubre i 5 de desembre del 2025, 16 i 17 de febrer del 2026 i 29 i 30 d&#8217;abril.<br \/>\n&#8211; Els dies 19 de desembre i a partir del 8 de juny hi haur\u00e0 <strong>horari intensiu de 9 a 13 hores<\/strong>.<\/p>\n<p style=\"text-align: justify;\">En refer\u00e8ncia als pagaments que es fan a trav\u00e9s del Banc de Sabadell, l&#8217;entitat ens ha informat que cobraran una comissi\u00f3 de 2 euros per cada ingr\u00e9s a finestreta. Per tal d&#8217;estalviar aquesta comissi\u00f3 el banc ofereix la possibilitat de realitzar transfer\u00e8ncies des d&#8217;altres entitats o b\u00e9 des del mateix banc, obrint un compte als infants, sense comissi\u00f3. Tamb\u00e9, hi ha un codi amb el qual podeu ingressar pel caixer sense que us cobrin la comissi\u00f3. Donat que el compte de l&#8217;escola est\u00e0 en aquesta entitat i que caldr\u00e0 fer ingressos al llarg del curs, cal que cada fam\u00edlia s&#8217;informi i decideixi l&#8217;opci\u00f3 m\u00e9s adient en el seu cas.<\/p>\n<p style=\"text-align: justify;\">Us agra\u00efm la col\u00b7laboraci\u00f3 durant tot aquest curs.<\/p>\n<p style=\"text-align: justify;\">L\u2019Equip Directiu<\/p>\n","protected":false},"excerpt":{"rendered":"<p>Benvolguts pares i mares, D\u2019acord amb el calendari oficial, us comuniquem que les classes del proper curs comen\u00e7aran el dia 8\u00a0de setembre en jornada intensiva seguint els seg\u00fcents horaris per a tot l\u2019alumnat de l\u2019escola: &#8211; Mat\u00ed: 9 a 13:00 hores \/ Tarda: 15 a 16:30 hores. &#8211; Alumnes de P-3: Cal informar-se al setembre [&hellip;]<\/p>\n","protected":false},"author":1,"featured_media":0,"parent":22,"menu_order":5,"comment_status":"closed","ping_status":"closed","template":"","meta":{"_bbp_topic_count":0,"_bbp_reply_count":0,"_bbp_total_topic_count":0,"_bbp_total_reply_count":0,"_bbp_voice_count":0,"_bbp_anonymous_reply_count":0,"_bbp_topic_count_hidden":0,"_bbp_reply_count_hidden":0,"_bbp_forum_subforum_count":0,"site-sidebar-layout":"default","site-content-layout":"","ast-site-content-layout":"default","site-content-style":"default","site-sidebar-style":"default","ast-global-header-display":"","ast-banner-title-visibility":"","ast-main-header-display":"","ast-hfb-above-header-display":"","ast-hfb-below-header-display":"","ast-hfb-mobile-header-display":"","site-post-title":"","ast-breadcrumbs-content":"","ast-featured-img":"","footer-sml-layout":"","theme-transparent-header-meta":"default","adv-header-id-meta":"","stick-header-meta":"","header-above-stick-meta":"","header-main-stick-meta":"","header-below-stick-meta":"","astra-migrate-meta-layouts":"set","ast-page-background-enabled":"default","ast-page-background-meta":{"desktop":{"background-color":"var(--ast-global-color-4)","background-image":"","background-repeat":"repeat","background-position":"center center","background-size":"auto","background-attachment":"scroll","background-type":"","background-media":"","overlay-type":"","overlay-color":"","overlay-opacity":"","overlay-gradient":""},"tablet":{"background-color":"","background-image":"","background-repeat":"repeat","background-position":"center center","background-size":"auto","background-attachment":"scroll","background-type":"","background-media":"","overlay-type":"","overlay-color":"","overlay-opacity":"","overlay-gradient":""},"mobile":{"background-color":"","background-image":"","background-repeat":"repeat","background-position":"center center","background-size":"auto","background-attachment":"scroll","background-type":"","background-media":"","overlay-type":"","overlay-color":"","overlay-opacity":"","overlay-gradient":""}},"ast-content-background-meta":{"desktop":{"background-color":"var(--ast-global-color-5)","background-image":"","background-repeat":"repeat","background-position":"center center","background-size":"auto","background-attachment":"scroll","background-type":"","background-media":"","overlay-type":"","overlay-color":"","overlay-opacity":"","overlay-gradient":""},"tablet":{"background-color":"var(--ast-global-color-5)","background-image":"","background-repeat":"repeat","background-position":"center center","background-size":"auto","background-attachment":"scroll","background-type":"","background-media":"","overlay-type":"","overlay-color":"","overlay-opacity":"","overlay-gradient":""},"mobile":{"background-color":"var(--ast-global-color-5)","background-image":"","background-repeat":"repeat","background-position":"center center","background-size":"auto","background-attachment":"scroll","background-type":"","background-media":"","overlay-type":"","overlay-color":"","overlay-opacity":"","overlay-gradient":""}},"footnotes":""},"class_list":["post-32","page","type-page","status-publish","hentry"],"post_mailing_queue_ids":[],"_links":{"self":[{"href":"https:\/\/agora.xtec.cat\/ceip-torrojaimiret\/wp-json\/wp\/v2\/pages\/32","targetHints":{"allow":["GET"]}}],"collection":[{"href":"https:\/\/agora.xtec.cat\/ceip-torrojaimiret\/wp-json\/wp\/v2\/pages"}],"about":[{"href":"https:\/\/agora.xtec.cat\/ceip-torrojaimiret\/wp-json\/wp\/v2\/types\/page"}],"author":[{"embeddable":true,"href":"https:\/\/agora.xtec.cat\/ceip-torrojaimiret\/wp-json\/wp\/v2\/users\/1"}],"replies":[{"embeddable":true,"href":"https:\/\/agora.xtec.cat\/ceip-torrojaimiret\/wp-json\/wp\/v2\/comments?post=32"}],"version-history":[{"count":7,"href":"https:\/\/agora.xtec.cat\/ceip-torrojaimiret\/wp-json\/wp\/v2\/pages\/32\/revisions"}],"predecessor-version":[{"id":21026,"href":"https:\/\/agora.xtec.cat\/ceip-torrojaimiret\/wp-json\/wp\/v2\/pages\/32\/revisions\/21026"}],"up":[{"embeddable":true,"href":"https:\/\/agora.xtec.cat\/ceip-torrojaimiret\/wp-json\/wp\/v2\/pages\/22"}],"wp:attachment":[{"href":"https:\/\/agora.xtec.cat\/ceip-torrojaimiret\/wp-json\/wp\/v2\/media?parent=32"}],"curies":[{"name":"wp","href":"https:\/\/api.w.org\/{rel}","templated":true}]}}