{"id":26,"date":"2014-09-18T12:24:32","date_gmt":"2014-09-18T11:24:32","guid":{"rendered":"http:\/\/agora.xtec.cat\/ceip-torrojaimiret\/?page_id=26"},"modified":"2019-12-17T21:15:14","modified_gmt":"2019-12-17T20:15:14","slug":"historia","status":"publish","type":"page","link":"https:\/\/agora.xtec.cat\/ceip-torrojaimiret\/lescola\/historia\/","title":{"rendered":"Hist\u00f2ria"},"content":{"rendered":"<div class=\"entry-content\">\n<p style=\"text-align: justify;\">L\u2019Escola Torroja i Miret \u00e9s va crear al municipi de Vila-seca a l\u2019any 1965. Porta el nom d\u2019Antoni Torroja i Miret en mem\u00f2ria d\u2019aquest il\u00b7lustre doctor, fill predilecte del poble, que va arribar a ser rector de la Universitat de Barcelona.<\/p>\n<p style=\"text-align: justify;\">L\u2019escola gaudeix d\u2019una bona orientaci\u00f3 amb molta llum durant tot el dia, aules de grans dimensions amb molt espai per desenvolupar activitats variades, distribuci\u00f3 de les aules en edificis diferents per ubicar diferents espais de treball i diversitat d\u2019oferta formativa. En aquest sentit es pot assenyalar: aules d\u2019idiomes, psicomotricitat, aula de m\u00fasica, suport, biblioteca, audiovisuals, ludoteca, inform\u00e0tica, menjador, aula d\u2019acollida, aula de ci\u00e8ncies, un laboratori-museu, gimn\u00e0s\u2026<a href=\"http:\/\/bloctorrojaimiret.files.wordpress.com\/2011\/10\/img_0024.jpg\"><br \/>\n<\/a><a href=\"http:\/\/bloctorrojaimiret.files.wordpress.com\/2011\/10\/img_0024.jpg\"><br \/>\n<\/a>Actualment l\u2019Escola col\u00b7labora amb diferents projectes socials i culturals del poble. Alguns d\u2019aquestos projectes m\u00e9s significatius s\u00f3n els de participaci\u00f3 al Pla d\u2019Entorn, els de col\u00b7laboraci\u00f3 amb la Biblioteca Municipal a trav\u00e9s de l\u2019estimulaci\u00f3 de la lectura o amb el Conservatori amb la promoci\u00f3 de la m\u00fasica.<\/p>\n<p style=\"text-align: justify;\">En tots aquests anys l\u2019Escola ha estat guardonada amb diversos premis, Baldiri Reixach, premi d\u2019innovaci\u00f3 educativa del Departament d\u2019Educaci\u00f3, els premi Sambori de l\u2019\u00d2mnium Cultural\u2026 i ha experimentat noves metodologies que despr\u00e9s s\u2019han implantat en altres escoles. Actualment s\u2019apliquen Projectes d\u2019Innovaci\u00f3 per fomentar valors de conviv\u00e8ncia i de coeducaci\u00f3, el treball per projectes, el Pla experimental de lleng\u00fces estrangeres (angl\u00e8s), un pla d\u2019immersi\u00f3 ling\u00fc\u00edstica (catal\u00e0), el programa d\u2019Escola Verda, el programa SI (Salut Integral) i altres programes de Noves Tecnologies (\u00fas de monitors t\u00e0ctils i pissarres digitals a les aules) com projectes innovadors que destaquen pel seu inter\u00e8s pedag\u00f2gic en el panorama educatiu. Tamb\u00e9 es porten a terme moltes activitats de col\u00b7laboraci\u00f3 familiar com el Projecte Vincles d\u2019Educaci\u00f3 Emocional, pares-mares d\u2019enlla\u00e7\u2026 A m\u00e9s, l\u2019escola participa, des de fa bastants anys, en el Pla Educatiu d\u2019Entorn de Vila-seca que col\u00b7labora amb l\u2019Ajuntament i altres entitats municipals com la Biblioteca, el Conservatori \u2026<\/p>\n<\/div>\n","protected":false},"excerpt":{"rendered":"<p>L\u2019Escola Torroja i Miret \u00e9s va crear al municipi de Vila-seca a l\u2019any 1965. Porta el nom d\u2019Antoni Torroja i Miret en mem\u00f2ria d\u2019aquest il\u00b7lustre doctor, fill predilecte del poble, que va arribar a ser rector de la Universitat de Barcelona. L\u2019escola gaudeix d\u2019una bona orientaci\u00f3 amb molta llum durant tot el dia, aules de [&hellip;]<\/p>\n","protected":false},"author":1,"featured_media":0,"parent":22,"menu_order":2,"comment_status":"closed","ping_status":"closed","template":"page-templates\/side-menu.php","meta":{"_bbp_topic_count":0,"_bbp_reply_count":0,"_bbp_total_topic_count":0,"_bbp_total_reply_count":0,"_bbp_voice_count":0,"_bbp_anonymous_reply_count":0,"_bbp_topic_count_hidden":0,"_bbp_reply_count_hidden":0,"_bbp_forum_subforum_count":0,"site-sidebar-layout":"default","site-content-layout":"","ast-site-content-layout":"","site-content-style":"default","site-sidebar-style":"default","ast-global-header-display":"","ast-banner-title-visibility":"","ast-main-header-display":"","ast-hfb-above-header-display":"","ast-hfb-below-header-display":"","ast-hfb-mobile-header-display":"","site-post-title":"","ast-breadcrumbs-content":"","ast-featured-img":"","footer-sml-layout":"","theme-transparent-header-meta":"","adv-header-id-meta":"","stick-header-meta":"","header-above-stick-meta":"","header-main-stick-meta":"","header-below-stick-meta":"","astra-migrate-meta-layouts":"default","ast-page-background-enabled":"default","ast-page-background-meta":{"desktop":{"background-color":"var(--ast-global-color-4)","background-image":"","background-repeat":"repeat","background-position":"center center","background-size":"auto","background-attachment":"scroll","background-type":"","background-media":"","overlay-type":"","overlay-color":"","overlay-opacity":"","overlay-gradient":""},"tablet":{"background-color":"","background-image":"","background-repeat":"repeat","background-position":"center center","background-size":"auto","background-attachment":"scroll","background-type":"","background-media":"","overlay-type":"","overlay-color":"","overlay-opacity":"","overlay-gradient":""},"mobile":{"background-color":"","background-image":"","background-repeat":"repeat","background-position":"center center","background-size":"auto","background-attachment":"scroll","background-type":"","background-media":"","overlay-type":"","overlay-color":"","overlay-opacity":"","overlay-gradient":""}},"ast-content-background-meta":{"desktop":{"background-color":"var(--ast-global-color-5)","background-image":"","background-repeat":"repeat","background-position":"center center","background-size":"auto","background-attachment":"scroll","background-type":"","background-media":"","overlay-type":"","overlay-color":"","overlay-opacity":"","overlay-gradient":""},"tablet":{"background-color":"var(--ast-global-color-5)","background-image":"","background-repeat":"repeat","background-position":"center center","background-size":"auto","background-attachment":"scroll","background-type":"","background-media":"","overlay-type":"","overlay-color":"","overlay-opacity":"","overlay-gradient":""},"mobile":{"background-color":"var(--ast-global-color-5)","background-image":"","background-repeat":"repeat","background-position":"center center","background-size":"auto","background-attachment":"scroll","background-type":"","background-media":"","overlay-type":"","overlay-color":"","overlay-opacity":"","overlay-gradient":""}},"footnotes":""},"class_list":["post-26","page","type-page","status-publish","hentry"],"post_mailing_queue_ids":[],"_links":{"self":[{"href":"https:\/\/agora.xtec.cat\/ceip-torrojaimiret\/wp-json\/wp\/v2\/pages\/26","targetHints":{"allow":["GET"]}}],"collection":[{"href":"https:\/\/agora.xtec.cat\/ceip-torrojaimiret\/wp-json\/wp\/v2\/pages"}],"about":[{"href":"https:\/\/agora.xtec.cat\/ceip-torrojaimiret\/wp-json\/wp\/v2\/types\/page"}],"author":[{"embeddable":true,"href":"https:\/\/agora.xtec.cat\/ceip-torrojaimiret\/wp-json\/wp\/v2\/users\/1"}],"replies":[{"embeddable":true,"href":"https:\/\/agora.xtec.cat\/ceip-torrojaimiret\/wp-json\/wp\/v2\/comments?post=26"}],"version-history":[{"count":3,"href":"https:\/\/agora.xtec.cat\/ceip-torrojaimiret\/wp-json\/wp\/v2\/pages\/26\/revisions"}],"predecessor-version":[{"id":11919,"href":"https:\/\/agora.xtec.cat\/ceip-torrojaimiret\/wp-json\/wp\/v2\/pages\/26\/revisions\/11919"}],"up":[{"embeddable":true,"href":"https:\/\/agora.xtec.cat\/ceip-torrojaimiret\/wp-json\/wp\/v2\/pages\/22"}],"wp:attachment":[{"href":"https:\/\/agora.xtec.cat\/ceip-torrojaimiret\/wp-json\/wp\/v2\/media?parent=26"}],"curies":[{"name":"wp","href":"https:\/\/api.w.org\/{rel}","templated":true}]}}