{"id":220,"date":"2011-10-02T14:13:32","date_gmt":"2011-10-02T13:13:32","guid":{"rendered":"http:\/\/ciclemitjatorrojaimiret.wordpress.com\/?page_id=15"},"modified":"2011-10-02T14:13:32","modified_gmt":"2011-10-02T13:13:32","slug":"lequip-docent","status":"publish","type":"page","link":"https:\/\/agora.xtec.cat\/ceip-torrojaimiret\/lequip-docent\/","title":{"rendered":"L&#039;equip docent"},"content":{"rendered":"<p style=\"text-align: left;\">A continuaci\u00f3, us presentem a l&#8217;<strong>equip de mestres<\/strong> de l&#8217;Escola Antoni Torroja i Miret:<\/p>\n<p><strong>Equip directiu<\/strong><\/p>\n<ul>\n<li>Directora: Carme Negrillo Falc\u00f3<\/li>\n<li>Cap d&#8217;estudis: Rosa M\u00aa \u00c1lvarez Salt\u00f3<\/li>\n<li>Secretaria: Vanessa Galera Gonz\u00e1lez<\/li>\n<\/ul>\n<p><strong>>Tutores d&#8217;Educaci\u00f3 Infantil<\/strong><\/p>\n<ul>\n<li>P-3. A. Carmina Torres Sanz<\/li>\n<li>P-3. B. Conchi Baill\u00f3 Monpean<\/li>\n<li>P-4. A. Vanessa Galera Gonz\u00e1lez<\/li>\n<li>P-4. B. Charo Calabuig Peir\u00f3<\/li>\n<li>P-5. A. Mar L\u00f3pez Ribera<\/li>\n<li>P-5. B. Diana Laguarta Rodr\u00edguez<\/li>\n<li>Suport a Ed. Infantil: Bea Rodr\u00edguez Lores i Lidia Guerrero Manch\u00f3n<\/li>\n<li>T\u00e8cnica d\u2019Educaci\u00f3 Infantil: Arantxa Navarro Ram\u00f3n<\/li>\n<li>Especialista d&#8217;angl\u00e8s:  Violant Alsina Mata i Lourdes Sevilla Arriazu<\/li>\n<li>Especialista m\u00fasica: N\u00faria Borrut Rovira<\/li>\n<\/ul>\n<p style=\"text-align: left;\"><strong>Tutors\/es d&#8217;Educaci\u00f3 Prim\u00e0ria<\/strong><\/p>\n<ul>\n<li>1r. A. Rosa \u00c1lvarez Salt\u00f3 i Gea Su\u00e1rez Llamas<\/li>\n<li>1r. B. Yolanda Farell Escud\u00e9<\/li>\n<li>2n. A. Ester Garcia Punsola<\/li>\n<li>2n. B. Jordina Moreso Mart\u00ed I Mateu Vives Carri\u00f3<\/li>\n<li>3r. A. Karolina Karlsen L\u00f3pez<\/li>\n<li>3r. B. Isabel Garc\u00eda Egea<\/li>\n<li>4t. A. Alicia P\u00e1ez Lafont<\/li>\n<li>4t. B. Olga Sillu\u00e9 Cuchi<\/li>\n<li>4t. C. Montse Llorens Espinosa i Lorena Chabuch Zahinos<\/li>\n<li>5\u00e8. A. Gen\u00eds Aiximeno Curt\u00f3<\/li>\n<li>5\u00e8. B. N\u00faria G\u00f3mez Garc\u00eda<\/li>\n<li>6\u00e8. A. Marien Isern Capdevila<\/li>\n<li>6\u00e8. B. Elisabeth C\u00e1lix Tom\u00e1s<\/li>\n<p><\/strong><\/p>\n<\/ul>\n<p style=\"text-align: left;\"><strong>Especialistes<\/strong><\/p>\n<li>Educaci\u00f3 Especial\/Pedagogia Terap\u00e8utica: Roser Pallerola Planes \/ Carme Negrillo Falc\u00f3 \/ Diego de Alba Soriano<\/li>\n<li>Suport Escolar Personalitzat: Ra\u00fal Ca\u00f1ete Santos\/ N\u00faria Borrut Rovira\/ Diego de Alba Soriano\/ Sandra Cuadrat Gim\u00e9nez\n<li>M\u00fasica: N\u00faria Borrut Rovira<\/li>\n<li>Religi\u00f3 Cat\u00f2lica:\u00a0 Bea Rodr\u00edguez Lores<\/li>\n<li>Educaci\u00f3 F\u00edsica:\u00a0 Ra\u00fal Ca\u00f1ete Santos<\/li>\n<li>Angl\u00e8s: Violant Alsina Mata \/ Gemma Querol Dom\u00e8nech \/ Lourdes Sevilla Arriazu<\/li>\n<li>Auxiliar de Pl\u00e0stica: Antonieta Veciana Guinovart<\/li>\n<li>T\u00e8cnica d&#8217;Educaci\u00f3 Especial: Vanessa Fern\u00e1ndez Heredia\n<ul>\n       <strong> Coordinadors\/es:<\/strong><\/p>\n<li>Educaci\u00f3 Infantil: Mar L\u00f3pez Ribera<\/li>\n<li>Cicle Inicial: Roser Pallerola Planes<\/li>\n<li>Cicle Mitj\u00e0: Isabel Garc\u00eda Egea<\/li>\n<li>Cicle Superior: Elisabeth C\u00e0lix Tom\u00e1s<\/li>\n<li>Riscos Laborals: Isabel Garc\u00eda Egea<\/li>\n<li>Ling\u00fc\u00edstica i Cohesi\u00f3 Social: Al\u00edcia P\u00e1ez Lafont<\/li>\n<li>Noves Tecnologies: Charo Calabuig Peir\u00f3<\/li>\n<li>Programa SI: Elena Parra Nova<\/li>\n<li>PELE: Violant Alsina Mata<\/li>\n<li>Escola Verda: Carmina Torres Sanz<\/li>\n<\/ul>\n<p>         <strong>Personal del centre:<\/strong><\/p>\n<li>Auxiliar administrativa: Esperanza Navarrete L\u00f3pez<\/li>\n<li>Conserge: Manel Segovia Ur\u00e9ndez<\/li>\n<li>    <strong>Professionals col\u00b7laboradors:<\/strong>\n<li>Inspectora: Olga Fern\u00e1ndez L\u00f3pez<\/li>\n<li>Psicopedagoga: Pilar Masd\u00e9u<\/li>\n<li>Logopeda CREDA: Neus Puig<\/li>\n<li>Assessora LIC: Immaculada Grasset <\/li>\n<li>Treballadora Social:Neus Trillas<\/li>\n<li>Educador dels Serveis Socials de l&#8217;Ajuntament: Ginesta Paredes<\/li>\n<li>T\u00e8cniques Regidoria Ensenyament de l&#8217;Ajuntament: Montserrat Sendra \/ Sara Cochs i Maria Llevat<\/li>\n","protected":false},"excerpt":{"rendered":"<p>A continuaci\u00f3, us presentem a l&#8217;equip de mestres de l&#8217;Escola Antoni Torroja i Miret: Equip directiu Directora: Carme Negrillo Falc\u00f3 Cap d&#8217;estudis: Rosa M\u00aa \u00c1lvarez Salt\u00f3 Secretaria: Vanessa Galera Gonz\u00e1lez >Tutores d&#8217;Educaci\u00f3 Infantil P-3. A. Carmina Torres Sanz P-3. B. Conchi Baill\u00f3 Monpean P-4. A. Vanessa Galera Gonz\u00e1lez P-4. B. Charo Calabuig Peir\u00f3 P-5. A. [&hellip;]<\/p>\n","protected":false},"author":1,"featured_media":0,"parent":0,"menu_order":0,"comment_status":"closed","ping_status":"closed","template":"","meta":{"_bbp_topic_count":0,"_bbp_reply_count":0,"_bbp_total_topic_count":0,"_bbp_total_reply_count":0,"_bbp_voice_count":0,"_bbp_anonymous_reply_count":0,"_bbp_topic_count_hidden":0,"_bbp_reply_count_hidden":0,"_bbp_forum_subforum_count":0,"site-sidebar-layout":"default","site-content-layout":"","ast-site-content-layout":"","site-content-style":"default","site-sidebar-style":"default","ast-global-header-display":"","ast-banner-title-visibility":"","ast-main-header-display":"","ast-hfb-above-header-display":"","ast-hfb-below-header-display":"","ast-hfb-mobile-header-display":"","site-post-title":"","ast-breadcrumbs-content":"","ast-featured-img":"","footer-sml-layout":"","theme-transparent-header-meta":"","adv-header-id-meta":"","stick-header-meta":"","header-above-stick-meta":"","header-main-stick-meta":"","header-below-stick-meta":"","astra-migrate-meta-layouts":"default","ast-page-background-enabled":"default","ast-page-background-meta":{"desktop":{"background-color":"var(--ast-global-color-4)","background-image":"","background-repeat":"repeat","background-position":"center center","background-size":"auto","background-attachment":"scroll","background-type":"","background-media":"","overlay-type":"","overlay-color":"","overlay-opacity":"","overlay-gradient":""},"tablet":{"background-color":"","background-image":"","background-repeat":"repeat","background-position":"center center","background-size":"auto","background-attachment":"scroll","background-type":"","background-media":"","overlay-type":"","overlay-color":"","overlay-opacity":"","overlay-gradient":""},"mobile":{"background-color":"","background-image":"","background-repeat":"repeat","background-position":"center center","background-size":"auto","background-attachment":"scroll","background-type":"","background-media":"","overlay-type":"","overlay-color":"","overlay-opacity":"","overlay-gradient":""}},"ast-content-background-meta":{"desktop":{"background-color":"var(--ast-global-color-5)","background-image":"","background-repeat":"repeat","background-position":"center center","background-size":"auto","background-attachment":"scroll","background-type":"","background-media":"","overlay-type":"","overlay-color":"","overlay-opacity":"","overlay-gradient":""},"tablet":{"background-color":"var(--ast-global-color-5)","background-image":"","background-repeat":"repeat","background-position":"center center","background-size":"auto","background-attachment":"scroll","background-type":"","background-media":"","overlay-type":"","overlay-color":"","overlay-opacity":"","overlay-gradient":""},"mobile":{"background-color":"var(--ast-global-color-5)","background-image":"","background-repeat":"repeat","background-position":"center center","background-size":"auto","background-attachment":"scroll","background-type":"","background-media":"","overlay-type":"","overlay-color":"","overlay-opacity":"","overlay-gradient":""}},"footnotes":""},"class_list":["post-220","page","type-page","status-publish","hentry"],"post_mailing_queue_ids":[],"_links":{"self":[{"href":"https:\/\/agora.xtec.cat\/ceip-torrojaimiret\/wp-json\/wp\/v2\/pages\/220","targetHints":{"allow":["GET"]}}],"collection":[{"href":"https:\/\/agora.xtec.cat\/ceip-torrojaimiret\/wp-json\/wp\/v2\/pages"}],"about":[{"href":"https:\/\/agora.xtec.cat\/ceip-torrojaimiret\/wp-json\/wp\/v2\/types\/page"}],"author":[{"embeddable":true,"href":"https:\/\/agora.xtec.cat\/ceip-torrojaimiret\/wp-json\/wp\/v2\/users\/1"}],"replies":[{"embeddable":true,"href":"https:\/\/agora.xtec.cat\/ceip-torrojaimiret\/wp-json\/wp\/v2\/comments?post=220"}],"version-history":[{"count":0,"href":"https:\/\/agora.xtec.cat\/ceip-torrojaimiret\/wp-json\/wp\/v2\/pages\/220\/revisions"}],"wp:attachment":[{"href":"https:\/\/agora.xtec.cat\/ceip-torrojaimiret\/wp-json\/wp\/v2\/media?parent=220"}],"curies":[{"name":"wp","href":"https:\/\/api.w.org\/{rel}","templated":true}]}}