{"id":1253,"date":"2012-03-26T15:52:32","date_gmt":"2012-03-26T14:52:32","guid":{"rendered":"http:\/\/blocs.xtec.cat\/ceiptorrojaimiret\/?page_id=1253"},"modified":"2020-03-12T16:07:55","modified_gmt":"2020-03-12T15:07:55","slug":"projecte-educatiu-2","status":"publish","type":"page","link":"https:\/\/agora.xtec.cat\/ceip-torrojaimiret\/projecte-educatiu-2\/","title":{"rendered":"Projecte Educatiu"},"content":{"rendered":"<p style=\"text-align: justify;\">Volem aconseguir un alt rendiment en totes les \u00e0rees i compet\u00e8ncies del curr\u00edculum. L\u2019aprenentatge sempre es fa des d\u2019una perspectiva vivencial i paidoc\u00e8ntrica. Tenim programes innovadors que desenvolupen l\u2019esfor\u00e7, la responsabilitat, el treball cooperatiu i l\u2019autonomia de l\u2019alumnat. L\u2019alfabetitzaci\u00f3 musical, l\u2019aprenentatge actiu de lleng\u00fces i el treball per projectes en s\u00f3n alguns exemples. Tamb\u00e9 l\u2019adquisici\u00f3 de compet\u00e8ncies en noves tecnologies (pissarres digitals, grups redu\u00efts d\u2019inform\u00e0tica, blocs&#8230;) s\u00f3n una altra prioritat. Altres valors personals i socials com el respecte, la coeducaci\u00f3, la toler\u00e0ncia, la determinaci\u00f3 i l\u2019excel\u00b7l\u00e8ncia s\u00f3n elements b\u00e0sics del nostre Projecte Educatiu i es van assolint amb la diversitat d\u2019oferta formativa del centre.<\/p>\n<p style=\"text-align: justify;\"><strong>Trets d\u2019identitat: <\/strong><\/p>\n<p style=\"text-align: justify;\">Quins valors prioritzem?<\/p>\n<p style=\"text-align: justify;\">Despr\u00e9s de l\u2019an\u00e0lisi del context i de la previsi\u00f3 de criteris educatius s\u2019han establert i acordat per part dels diferents sectors de la Comunitat Educativa els seg\u00fcents trets d\u2019identitat de la nostra escola:<\/p>\n<p style=\"text-align: justify;\">\u00b7 M\u00e0xim assoliment de les compet\u00e8ncies b\u00e0siques per part de tot l\u2019alumnat, especialment destacant les compet\u00e8ncies ling\u00fc\u00edstiques, digitals i de tractament de la informaci\u00f3, fomentant la cultura de l\u2019esfor\u00e7 i la motivaci\u00f3.<\/p>\n<p style=\"text-align: justify;\">\u00b7 Igualtat d\u2019oportunitats per a tot l\u2019alumnat, que pugui assolir el m\u00e0xim desenvolupament i puguin assolir el major rendiment per tots els objectius educatius.<\/p>\n<p style=\"text-align: justify;\">\u00b7 Pluralisme que contempli la no exclusi\u00f3 de ning\u00fa degut a la seva proced\u00e8ncia, g\u00e8nere, religi\u00f3, situaci\u00f3 econ\u00f2mica&#8230; i per tant asseguri el respecte de tothom. Aquest valor vol subratllar la import\u00e0ncia de la inclusi\u00f3 i m\u00e0xim respecte de qualsevol alumne\/a. Es vol ensenyar a veure la diversitat com una oportunitat i difer\u00e8ncia positiva, mai com una font de desigualtats en l\u2019assumpci\u00f3 de drets i en l\u2019assoliment de drets. A m\u00e9s cal garantir una inclusi\u00f3 de qualitat amb els recursos adients per atendre les necessitats m\u00e9s espec\u00edfiques.<\/p>\n<p style=\"text-align: justify;\">\u00b7 Aprendre a ser i aprendre a aprendre com a valors importants en la construcci\u00f3 de la identitat de cada alumne\/a, aportant estrat\u00e8gies per reflexionar i aprendre de manera aut\u00f2noma.<\/p>\n<p style=\"text-align: justify;\">\u00b7 Cultura catalana que permeti el descobriment dels valors i tradicions propis del context catal\u00e0 i municipi de Vila-seca i es valori l\u2019\u00fas de la llengua catalana.<\/p>\n<p style=\"text-align: justify;\">\u00b7 Pluriling\u00fcisme que fomenti l\u2019increment del coneixement i l\u2019\u00fas de diferents lleng\u00fces per a interactuar en un context ling\u00fc\u00edstic i cultural complex, i proporcionar a l\u2019alumnat els instruments de comunicaci\u00f3 i aprenentatge.<\/p>\n<p style=\"text-align: justify;\">\u00b7 \u00das responsable de noves tecnologies i el foment de l\u2019aprenentatge compet\u00e8ncies digitals que desplegui la compet\u00e8ncia de l\u2019alumnat, la integraci\u00f3 curricular, la inclusi\u00f3 digital i la innovaci\u00f3 metodol\u00f2gica i organitzativa.<\/p>\n<p style=\"text-align: justify;\">\u00b7 Foment de l\u2019aprenentatge en valors i d\u2019una conviv\u00e8ncia positiva, basada en els drets i deures universals i en principis democr\u00e0tics i c\u00edvics. Aquests valors es concretaran en el desenvolupament de les compet\u00e8ncies d\u2019iniciativa i autonomia personal, social i ciutadana. Els h\u00e0bits i f\u00f3rmules de bones relacions entre els membres de la Comunitat Educativa han de ser referents de la conviv\u00e8ncia.<\/p>\n<p style=\"text-align: justify;\">\u00b7 Respecte i cura de l\u2019entorn i del medi ambient, potenciant uns h\u00e0bits sostenibles i unes bones pr\u00e0ctiques de relaci\u00f3 amb el medi. Aquests valors es concreten a trav\u00e9s de l\u2019enfocament de treball de l\u2019\u00e0rea de descoberta de l\u2019entorn i del Projecte d\u2019Escola Verda.<\/p>\n<p style=\"text-align: justify;\">\u00b7 Innovaci\u00f3 i excel\u00b7l\u00e8ncia professional que es vagi adequant a les necessitats de la societat i als aven\u00e7os socials, psicopedag\u00f2gics, tecnol\u00f2gics&#8230; per part dels professionals del centre.<\/p>\n<p style=\"text-align: justify;\">\u00b7 Participaci\u00f3 i comprom\u00eds que fomenti les vies i espais de col\u00b7laboraci\u00f3 de tots els membres de la Comunitat Educativa en el desenvolupament del Projecte. Cada membre t\u00e9 un rol important en l\u2019assoliment dels valors descrits en aquest Projecte Educatiu.<\/p>\n<p style=\"text-align: justify;\">\u00b7 Treball en xarxa amb altres centres educatius i institucions socials per tal d\u2019intercanviar estrat\u00e8gies, recursos, pr\u00e0ctiques i poder cr\u00e9ixer com a comunitat d\u2019aprenentatge.<\/p>\n<p style=\"text-align: justify;\">\u00c1 m\u00e9s cal afegir els trets b\u00e0sics d\u2019escola del Sistema Escolar Catal\u00e0:<\/p>\n<p style=\"text-align: justify;\">\u2022 Car\u00e0cter propi:<br \/>\n\u2022 Escola p\u00fablica, catalana, inclusiva, laica i respectuosa amb la pluralitat.<br \/>\n\u2022 Es regeix pels principis de qualitat pedag\u00f2gica, direcci\u00f3 responsable, dedicaci\u00f3 i professionalitat, avaluaci\u00f3, retiment de comptes, implicaci\u00f3 de les fam\u00edlies, equitat, excel\u00b7l\u00e8ncia i respecte a les idees i les creences de l\u2019alumnat i dels pares.<\/p>\n<p style=\"text-align: justify;\">\u2022 Respectu\u00f3s amb els principis rectors de la LEC.<\/p>\n","protected":false},"excerpt":{"rendered":"<p>Volem aconseguir un alt rendiment en totes les \u00e0rees i compet\u00e8ncies del curr\u00edculum. L\u2019aprenentatge sempre es fa des d\u2019una perspectiva vivencial i paidoc\u00e8ntrica. Tenim programes innovadors que desenvolupen l\u2019esfor\u00e7, la responsabilitat, el treball cooperatiu i l\u2019autonomia de l\u2019alumnat. L\u2019alfabetitzaci\u00f3 musical, l\u2019aprenentatge actiu de lleng\u00fces i el treball per projectes en s\u00f3n alguns exemples. Tamb\u00e9 l\u2019adquisici\u00f3 [&hellip;]<\/p>\n","protected":false},"author":1,"featured_media":0,"parent":0,"menu_order":0,"comment_status":"open","ping_status":"open","template":"page-templates\/side-menu.php","meta":{"_bbp_topic_count":0,"_bbp_reply_count":0,"_bbp_total_topic_count":0,"_bbp_total_reply_count":0,"_bbp_voice_count":0,"_bbp_anonymous_reply_count":0,"_bbp_topic_count_hidden":0,"_bbp_reply_count_hidden":0,"_bbp_forum_subforum_count":0,"site-sidebar-layout":"default","site-content-layout":"","ast-site-content-layout":"","site-content-style":"default","site-sidebar-style":"default","ast-global-header-display":"","ast-banner-title-visibility":"","ast-main-header-display":"","ast-hfb-above-header-display":"","ast-hfb-below-header-display":"","ast-hfb-mobile-header-display":"","site-post-title":"","ast-breadcrumbs-content":"","ast-featured-img":"","footer-sml-layout":"","theme-transparent-header-meta":"","adv-header-id-meta":"","stick-header-meta":"","header-above-stick-meta":"","header-main-stick-meta":"","header-below-stick-meta":"","astra-migrate-meta-layouts":"default","ast-page-background-enabled":"default","ast-page-background-meta":{"desktop":{"background-color":"var(--ast-global-color-4)","background-image":"","background-repeat":"repeat","background-position":"center center","background-size":"auto","background-attachment":"scroll","background-type":"","background-media":"","overlay-type":"","overlay-color":"","overlay-opacity":"","overlay-gradient":""},"tablet":{"background-color":"","background-image":"","background-repeat":"repeat","background-position":"center center","background-size":"auto","background-attachment":"scroll","background-type":"","background-media":"","overlay-type":"","overlay-color":"","overlay-opacity":"","overlay-gradient":""},"mobile":{"background-color":"","background-image":"","background-repeat":"repeat","background-position":"center center","background-size":"auto","background-attachment":"scroll","background-type":"","background-media":"","overlay-type":"","overlay-color":"","overlay-opacity":"","overlay-gradient":""}},"ast-content-background-meta":{"desktop":{"background-color":"var(--ast-global-color-5)","background-image":"","background-repeat":"repeat","background-position":"center center","background-size":"auto","background-attachment":"scroll","background-type":"","background-media":"","overlay-type":"","overlay-color":"","overlay-opacity":"","overlay-gradient":""},"tablet":{"background-color":"var(--ast-global-color-5)","background-image":"","background-repeat":"repeat","background-position":"center center","background-size":"auto","background-attachment":"scroll","background-type":"","background-media":"","overlay-type":"","overlay-color":"","overlay-opacity":"","overlay-gradient":""},"mobile":{"background-color":"var(--ast-global-color-5)","background-image":"","background-repeat":"repeat","background-position":"center center","background-size":"auto","background-attachment":"scroll","background-type":"","background-media":"","overlay-type":"","overlay-color":"","overlay-opacity":"","overlay-gradient":""}},"footnotes":""},"class_list":["post-1253","page","type-page","status-publish","hentry"],"post_mailing_queue_ids":[],"_links":{"self":[{"href":"https:\/\/agora.xtec.cat\/ceip-torrojaimiret\/wp-json\/wp\/v2\/pages\/1253","targetHints":{"allow":["GET"]}}],"collection":[{"href":"https:\/\/agora.xtec.cat\/ceip-torrojaimiret\/wp-json\/wp\/v2\/pages"}],"about":[{"href":"https:\/\/agora.xtec.cat\/ceip-torrojaimiret\/wp-json\/wp\/v2\/types\/page"}],"author":[{"embeddable":true,"href":"https:\/\/agora.xtec.cat\/ceip-torrojaimiret\/wp-json\/wp\/v2\/users\/1"}],"replies":[{"embeddable":true,"href":"https:\/\/agora.xtec.cat\/ceip-torrojaimiret\/wp-json\/wp\/v2\/comments?post=1253"}],"version-history":[{"count":3,"href":"https:\/\/agora.xtec.cat\/ceip-torrojaimiret\/wp-json\/wp\/v2\/pages\/1253\/revisions"}],"predecessor-version":[{"id":11805,"href":"https:\/\/agora.xtec.cat\/ceip-torrojaimiret\/wp-json\/wp\/v2\/pages\/1253\/revisions\/11805"}],"wp:attachment":[{"href":"https:\/\/agora.xtec.cat\/ceip-torrojaimiret\/wp-json\/wp\/v2\/media?parent=1253"}],"curies":[{"name":"wp","href":"https:\/\/api.w.org\/{rel}","templated":true}]}}