{"id":11270,"date":"2019-03-01T11:00:00","date_gmt":"2019-03-01T10:00:00","guid":{"rendered":"http:\/\/agora.xtec.cat\/ceip-torrojaimiret\/?page_id=11270"},"modified":"2025-11-25T15:59:57","modified_gmt":"2025-11-25T14:59:57","slug":"espais-per-aprendre","status":"publish","type":"page","link":"https:\/\/agora.xtec.cat\/ceip-torrojaimiret\/projecte-educatiu-2\/metodologies\/espais-per-aprendre\/","title":{"rendered":"b) Ambients per aprendre"},"content":{"rendered":"<p style=\"text-align: justify;\">\u00c9s important proposar situacions d\u2019aprenentatge no basades en la simple transmissi\u00f3 de coneixements. Per aix\u00f2, organitzem la nostra tasca d\u2019acompanyament en diferents moments, espais i situacions d\u2019aprenentatge en les que els infants participen, creen, investiguen, comparteixen i esdevenen els veritables protagonistes dels seus aprenentatges.<\/p>\n<p style=\"text-align: justify;\">Els infants tenen necessitat d\u2019entendre el m\u00f3n que els envolta, per aix\u00f2 a la nostra escola vetllem per tal que:<\/p>\n<p style=\"text-align: justify;\">&#8211; Els infants es sentin segurs, apreciats i respectats<\/p>\n<p style=\"text-align: justify;\">&#8211; Puguin posar en pr\u00e0ctica totes aquelles capacitats que ja tenen , per experimentar, descobrir i entendre el mon que els envolta.<\/p>\n<p style=\"text-align: justify;\">&#8211; Trobin moments per compartir amb els iguals, en diferents situacions i espais.<\/p>\n<p style=\"text-align: justify;\">&#8211; Situacions de treball amb els seus grups de refer\u00e8ncia, que afavoreix el desenvolupament de la seva personalitat i alhora el sentit de pertinen\u00e7a al grup, mentre es van assolint les capacitats b\u00e0siques, proposades al curr\u00edculum del Departament d\u2019Educaci\u00f3.<\/p>\n<p style=\"text-align: justify;\">&#8211; Espair segurs, organitzats i pensats per tal que els infants puguin desenvolupar i transformar les seves experi\u00e8ncies en aprenentatges \u00fatils i significatius.<\/p>\n<p style=\"text-align: justify;\">Alguns dels espais que tenim a l&#8217;escola s\u00f3n joc simb\u00f2lic, art, llum, dramatitzaci\u00f3, construccions, lectura, lleure&#8230;<\/p>\n<p>&nbsp;<\/p>\n<p><a href=\"https:\/\/agora.xtec.cat\/ceip-torrojaimiret\/wp-content\/uploads\/usu1688\/2025\/11\/IMG-20251125-WA0005.jpg\"><img loading=\"lazy\" decoding=\"async\" class=\"alignleft wp-image-21148 size-medium\" src=\"https:\/\/agora.xtec.cat\/ceip-torrojaimiret\/wp-content\/uploads\/usu1688\/2025\/11\/IMG-20251125-WA0005-225x300.jpg\" alt=\"\" width=\"225\" height=\"300\" srcset=\"https:\/\/agora.xtec.cat\/ceip-torrojaimiret\/wp-content\/uploads\/usu1688\/2025\/11\/IMG-20251125-WA0005-225x300.jpg 225w, https:\/\/agora.xtec.cat\/ceip-torrojaimiret\/wp-content\/uploads\/usu1688\/2025\/11\/IMG-20251125-WA0005-768x1024.jpg 768w, https:\/\/agora.xtec.cat\/ceip-torrojaimiret\/wp-content\/uploads\/usu1688\/2025\/11\/IMG-20251125-WA0005-1152x1536.jpg 1152w, https:\/\/agora.xtec.cat\/ceip-torrojaimiret\/wp-content\/uploads\/usu1688\/2025\/11\/IMG-20251125-WA0005.jpg 1536w\" sizes=\"auto, (max-width: 225px) 100vw, 225px\" \/><\/a> <a href=\"https:\/\/agora.xtec.cat\/ceip-torrojaimiret\/wp-content\/uploads\/usu1688\/2025\/11\/IMG-20251125-WA0006.jpg\"><img loading=\"lazy\" decoding=\"async\" class=\"alignleft wp-image-21149 size-medium\" src=\"https:\/\/agora.xtec.cat\/ceip-torrojaimiret\/wp-content\/uploads\/usu1688\/2025\/11\/IMG-20251125-WA0006-225x300.jpg\" alt=\"\" width=\"225\" height=\"300\" srcset=\"https:\/\/agora.xtec.cat\/ceip-torrojaimiret\/wp-content\/uploads\/usu1688\/2025\/11\/IMG-20251125-WA0006-225x300.jpg 225w, https:\/\/agora.xtec.cat\/ceip-torrojaimiret\/wp-content\/uploads\/usu1688\/2025\/11\/IMG-20251125-WA0006-768x1024.jpg 768w, https:\/\/agora.xtec.cat\/ceip-torrojaimiret\/wp-content\/uploads\/usu1688\/2025\/11\/IMG-20251125-WA0006-1152x1536.jpg 1152w, https:\/\/agora.xtec.cat\/ceip-torrojaimiret\/wp-content\/uploads\/usu1688\/2025\/11\/IMG-20251125-WA0006.jpg 1536w\" sizes=\"auto, (max-width: 225px) 100vw, 225px\" \/><\/a> <a href=\"https:\/\/agora.xtec.cat\/ceip-torrojaimiret\/wp-content\/uploads\/usu1688\/2025\/11\/IMG-20251125-WA0008.jpg\"><img loading=\"lazy\" decoding=\"async\" class=\"alignleft wp-image-21150 size-medium\" src=\"https:\/\/agora.xtec.cat\/ceip-torrojaimiret\/wp-content\/uploads\/usu1688\/2025\/11\/IMG-20251125-WA0008-169x300.jpg\" alt=\"\" width=\"169\" height=\"300\" srcset=\"https:\/\/agora.xtec.cat\/ceip-torrojaimiret\/wp-content\/uploads\/usu1688\/2025\/11\/IMG-20251125-WA0008-169x300.jpg 169w, https:\/\/agora.xtec.cat\/ceip-torrojaimiret\/wp-content\/uploads\/usu1688\/2025\/11\/IMG-20251125-WA0008-576x1024.jpg 576w, https:\/\/agora.xtec.cat\/ceip-torrojaimiret\/wp-content\/uploads\/usu1688\/2025\/11\/IMG-20251125-WA0008-768x1365.jpg 768w, https:\/\/agora.xtec.cat\/ceip-torrojaimiret\/wp-content\/uploads\/usu1688\/2025\/11\/IMG-20251125-WA0008-864x1536.jpg 864w, https:\/\/agora.xtec.cat\/ceip-torrojaimiret\/wp-content\/uploads\/usu1688\/2025\/11\/IMG-20251125-WA0008.jpg 1152w\" sizes=\"auto, (max-width: 169px) 100vw, 169px\" \/><\/a><\/p>\n<p>&nbsp;<\/p>\n<p>&nbsp;<\/p>\n<p>&nbsp;<\/p>\n<p>&nbsp;<\/p>\n<p>&nbsp;<\/p>\n<p>&nbsp;<\/p>\n<p>&nbsp;<\/p>\n<p><a href=\"https:\/\/agora.xtec.cat\/ceip-torrojaimiret\/wp-content\/uploads\/usu1688\/2025\/11\/IMG-20251125-WA0009-e1764082664788.jpg\"><img loading=\"lazy\" decoding=\"async\" class=\"alignleft wp-image-21151 size-medium\" src=\"https:\/\/agora.xtec.cat\/ceip-torrojaimiret\/wp-content\/uploads\/usu1688\/2025\/11\/IMG-20251125-WA0009-e1764082664788-300x225.jpg\" alt=\"\" width=\"300\" height=\"225\" srcset=\"https:\/\/agora.xtec.cat\/ceip-torrojaimiret\/wp-content\/uploads\/usu1688\/2025\/11\/IMG-20251125-WA0009-e1764082664788-300x225.jpg 300w, https:\/\/agora.xtec.cat\/ceip-torrojaimiret\/wp-content\/uploads\/usu1688\/2025\/11\/IMG-20251125-WA0009-e1764082664788-1024x768.jpg 1024w, https:\/\/agora.xtec.cat\/ceip-torrojaimiret\/wp-content\/uploads\/usu1688\/2025\/11\/IMG-20251125-WA0009-e1764082664788-768x576.jpg 768w, https:\/\/agora.xtec.cat\/ceip-torrojaimiret\/wp-content\/uploads\/usu1688\/2025\/11\/IMG-20251125-WA0009-e1764082664788-1536x1152.jpg 1536w, https:\/\/agora.xtec.cat\/ceip-torrojaimiret\/wp-content\/uploads\/usu1688\/2025\/11\/IMG-20251125-WA0009-e1764082664788.jpg 2048w\" sizes=\"auto, (max-width: 300px) 100vw, 300px\" \/><\/a> <a href=\"https:\/\/agora.xtec.cat\/ceip-torrojaimiret\/wp-content\/uploads\/usu1688\/2025\/11\/IMG-20251125-WA0010.jpg\"><img loading=\"lazy\" decoding=\"async\" class=\"alignleft wp-image-21152 size-medium\" src=\"https:\/\/agora.xtec.cat\/ceip-torrojaimiret\/wp-content\/uploads\/usu1688\/2025\/11\/IMG-20251125-WA0010-300x225.jpg\" alt=\"\" width=\"300\" height=\"225\" srcset=\"https:\/\/agora.xtec.cat\/ceip-torrojaimiret\/wp-content\/uploads\/usu1688\/2025\/11\/IMG-20251125-WA0010-300x225.jpg 300w, https:\/\/agora.xtec.cat\/ceip-torrojaimiret\/wp-content\/uploads\/usu1688\/2025\/11\/IMG-20251125-WA0010-1024x768.jpg 1024w, https:\/\/agora.xtec.cat\/ceip-torrojaimiret\/wp-content\/uploads\/usu1688\/2025\/11\/IMG-20251125-WA0010-768x576.jpg 768w, https:\/\/agora.xtec.cat\/ceip-torrojaimiret\/wp-content\/uploads\/usu1688\/2025\/11\/IMG-20251125-WA0010-1536x1152.jpg 1536w, https:\/\/agora.xtec.cat\/ceip-torrojaimiret\/wp-content\/uploads\/usu1688\/2025\/11\/IMG-20251125-WA0010.jpg 2048w\" sizes=\"auto, (max-width: 300px) 100vw, 300px\" \/><\/a><\/p>\n<p>&nbsp;<\/p>\n<p>&nbsp;<\/p>\n<p>&nbsp;<\/p>\n<p>&nbsp;<\/p>\n<p>&nbsp;<\/p>\n<p>&nbsp;<\/p>\n<p><a href=\"https:\/\/agora.xtec.cat\/ceip-torrojaimiret\/wp-content\/uploads\/usu1688\/2025\/11\/IMG-20251125-WA0011.jpg\"><img loading=\"lazy\" decoding=\"async\" class=\"alignleft wp-image-21153 size-medium\" src=\"https:\/\/agora.xtec.cat\/ceip-torrojaimiret\/wp-content\/uploads\/usu1688\/2025\/11\/IMG-20251125-WA0011-300x225.jpg\" alt=\"\" width=\"300\" height=\"225\" srcset=\"https:\/\/agora.xtec.cat\/ceip-torrojaimiret\/wp-content\/uploads\/usu1688\/2025\/11\/IMG-20251125-WA0011-300x225.jpg 300w, https:\/\/agora.xtec.cat\/ceip-torrojaimiret\/wp-content\/uploads\/usu1688\/2025\/11\/IMG-20251125-WA0011-1024x768.jpg 1024w, https:\/\/agora.xtec.cat\/ceip-torrojaimiret\/wp-content\/uploads\/usu1688\/2025\/11\/IMG-20251125-WA0011-768x576.jpg 768w, https:\/\/agora.xtec.cat\/ceip-torrojaimiret\/wp-content\/uploads\/usu1688\/2025\/11\/IMG-20251125-WA0011-1536x1152.jpg 1536w, https:\/\/agora.xtec.cat\/ceip-torrojaimiret\/wp-content\/uploads\/usu1688\/2025\/11\/IMG-20251125-WA0011.jpg 2048w\" sizes=\"auto, (max-width: 300px) 100vw, 300px\" \/><\/a> <a href=\"https:\/\/agora.xtec.cat\/ceip-torrojaimiret\/wp-content\/uploads\/usu1688\/2025\/11\/IMG-20251125-WA0012-e1764082649566.jpg\"><img loading=\"lazy\" decoding=\"async\" class=\"alignleft wp-image-21154 size-medium\" src=\"https:\/\/agora.xtec.cat\/ceip-torrojaimiret\/wp-content\/uploads\/usu1688\/2025\/11\/IMG-20251125-WA0012-e1764082649566-300x225.jpg\" alt=\"\" width=\"300\" height=\"225\" srcset=\"https:\/\/agora.xtec.cat\/ceip-torrojaimiret\/wp-content\/uploads\/usu1688\/2025\/11\/IMG-20251125-WA0012-e1764082649566-300x225.jpg 300w, https:\/\/agora.xtec.cat\/ceip-torrojaimiret\/wp-content\/uploads\/usu1688\/2025\/11\/IMG-20251125-WA0012-e1764082649566-1024x768.jpg 1024w, https:\/\/agora.xtec.cat\/ceip-torrojaimiret\/wp-content\/uploads\/usu1688\/2025\/11\/IMG-20251125-WA0012-e1764082649566-768x576.jpg 768w, https:\/\/agora.xtec.cat\/ceip-torrojaimiret\/wp-content\/uploads\/usu1688\/2025\/11\/IMG-20251125-WA0012-e1764082649566-1536x1152.jpg 1536w, https:\/\/agora.xtec.cat\/ceip-torrojaimiret\/wp-content\/uploads\/usu1688\/2025\/11\/IMG-20251125-WA0012-e1764082649566.jpg 2048w\" sizes=\"auto, (max-width: 300px) 100vw, 300px\" \/><\/a><\/p>\n<p>&nbsp;<\/p>\n<p>&nbsp;<\/p>\n<p>&nbsp;<\/p>\n<p>&nbsp;<\/p>\n<p>&nbsp;<\/p>\n","protected":false},"excerpt":{"rendered":"<p>\u00c9s important proposar situacions d\u2019aprenentatge no basades en la simple transmissi\u00f3 de coneixements. Per aix\u00f2, organitzem la nostra tasca d\u2019acompanyament en diferents moments, espais i situacions d\u2019aprenentatge en les que els infants participen, creen, investiguen, comparteixen i esdevenen els veritables protagonistes dels seus aprenentatges. Els infants tenen necessitat d\u2019entendre el m\u00f3n que els envolta, per [&hellip;]<\/p>\n","protected":false},"author":37,"featured_media":0,"parent":8812,"menu_order":2,"comment_status":"closed","ping_status":"closed","template":"","meta":{"_bbp_topic_count":0,"_bbp_reply_count":0,"_bbp_total_topic_count":0,"_bbp_total_reply_count":0,"_bbp_voice_count":0,"_bbp_anonymous_reply_count":0,"_bbp_topic_count_hidden":0,"_bbp_reply_count_hidden":0,"_bbp_forum_subforum_count":0,"site-sidebar-layout":"default","site-content-layout":"","ast-site-content-layout":"default","site-content-style":"default","site-sidebar-style":"default","ast-global-header-display":"","ast-banner-title-visibility":"","ast-main-header-display":"","ast-hfb-above-header-display":"","ast-hfb-below-header-display":"","ast-hfb-mobile-header-display":"","site-post-title":"","ast-breadcrumbs-content":"","ast-featured-img":"","footer-sml-layout":"","theme-transparent-header-meta":"default","adv-header-id-meta":"","stick-header-meta":"","header-above-stick-meta":"","header-main-stick-meta":"","header-below-stick-meta":"","astra-migrate-meta-layouts":"set","ast-page-background-enabled":"default","ast-page-background-meta":{"desktop":{"background-color":"var(--ast-global-color-4)","background-image":"","background-repeat":"repeat","background-position":"center center","background-size":"auto","background-attachment":"scroll","background-type":"","background-media":"","overlay-type":"","overlay-color":"","overlay-opacity":"","overlay-gradient":""},"tablet":{"background-color":"","background-image":"","background-repeat":"repeat","background-position":"center center","background-size":"auto","background-attachment":"scroll","background-type":"","background-media":"","overlay-type":"","overlay-color":"","overlay-opacity":"","overlay-gradient":""},"mobile":{"background-color":"","background-image":"","background-repeat":"repeat","background-position":"center center","background-size":"auto","background-attachment":"scroll","background-type":"","background-media":"","overlay-type":"","overlay-color":"","overlay-opacity":"","overlay-gradient":""}},"ast-content-background-meta":{"desktop":{"background-color":"var(--ast-global-color-5)","background-image":"","background-repeat":"repeat","background-position":"center center","background-size":"auto","background-attachment":"scroll","background-type":"","background-media":"","overlay-type":"","overlay-color":"","overlay-opacity":"","overlay-gradient":""},"tablet":{"background-color":"var(--ast-global-color-5)","background-image":"","background-repeat":"repeat","background-position":"center center","background-size":"auto","background-attachment":"scroll","background-type":"","background-media":"","overlay-type":"","overlay-color":"","overlay-opacity":"","overlay-gradient":""},"mobile":{"background-color":"var(--ast-global-color-5)","background-image":"","background-repeat":"repeat","background-position":"center center","background-size":"auto","background-attachment":"scroll","background-type":"","background-media":"","overlay-type":"","overlay-color":"","overlay-opacity":"","overlay-gradient":""}},"footnotes":""},"class_list":["post-11270","page","type-page","status-publish","hentry"],"post_mailing_queue_ids":[],"_links":{"self":[{"href":"https:\/\/agora.xtec.cat\/ceip-torrojaimiret\/wp-json\/wp\/v2\/pages\/11270","targetHints":{"allow":["GET"]}}],"collection":[{"href":"https:\/\/agora.xtec.cat\/ceip-torrojaimiret\/wp-json\/wp\/v2\/pages"}],"about":[{"href":"https:\/\/agora.xtec.cat\/ceip-torrojaimiret\/wp-json\/wp\/v2\/types\/page"}],"author":[{"embeddable":true,"href":"https:\/\/agora.xtec.cat\/ceip-torrojaimiret\/wp-json\/wp\/v2\/users\/37"}],"replies":[{"embeddable":true,"href":"https:\/\/agora.xtec.cat\/ceip-torrojaimiret\/wp-json\/wp\/v2\/comments?post=11270"}],"version-history":[{"count":6,"href":"https:\/\/agora.xtec.cat\/ceip-torrojaimiret\/wp-json\/wp\/v2\/pages\/11270\/revisions"}],"predecessor-version":[{"id":21156,"href":"https:\/\/agora.xtec.cat\/ceip-torrojaimiret\/wp-json\/wp\/v2\/pages\/11270\/revisions\/21156"}],"up":[{"embeddable":true,"href":"https:\/\/agora.xtec.cat\/ceip-torrojaimiret\/wp-json\/wp\/v2\/pages\/8812"}],"wp:attachment":[{"href":"https:\/\/agora.xtec.cat\/ceip-torrojaimiret\/wp-json\/wp\/v2\/media?parent=11270"}],"curies":[{"name":"wp","href":"https:\/\/api.w.org\/{rel}","templated":true}]}}