{"id":84,"date":"2014-09-18T14:11:31","date_gmt":"2014-09-18T13:11:31","guid":{"rendered":"http:\/\/agora.xtec.cat\/ceip-torre-llauder-mataro\/?page_id=84"},"modified":"2023-09-04T10:05:58","modified_gmt":"2023-09-04T08:05:58","slug":"activitats-extraescolars","status":"publish","type":"page","link":"https:\/\/agora.xtec.cat\/ceip-torre-llauder-mataro\/serveis\/activitats-extraescolars\/","title":{"rendered":"Activitats extraescolars"},"content":{"rendered":"<p>L&#8217;<strong>AMPA<\/strong>\u00a0gestiona diverses activitats culturals, esportives i l\u00fadiques fora de l&#8217;horari escolar (esports, tallers&#8230;), a tav\u00e9s de l&#8217;associaci\u00f3 <strong>Enlleura&#8217;t<\/strong>.<\/p>\n<p><strong>Activitats que s&#8217;ofereixen:<\/strong><\/p>\n<p style=\"text-align: center;\"><a href=\"https:\/\/agora.xtec.cat\/ceip-torre-llauder-mataro\/wp-content\/uploads\/usu1425\/2021\/01\/extraescolars-3.jpg\"><img loading=\"lazy\" decoding=\"async\" class=\"alignnone wp-image-4098\" src=\"https:\/\/agora.xtec.cat\/ceip-torre-llauder-mataro\/wp-content\/uploads\/usu1425\/2021\/01\/extraescolars-3.jpg\" alt=\"\" width=\"708\" height=\"366\" srcset=\"https:\/\/agora.xtec.cat\/ceip-torre-llauder-mataro\/wp-content\/uploads\/usu1425\/2021\/01\/extraescolars-3.jpg 1007w, https:\/\/agora.xtec.cat\/ceip-torre-llauder-mataro\/wp-content\/uploads\/usu1425\/2021\/01\/extraescolars-3-300x155.jpg 300w, https:\/\/agora.xtec.cat\/ceip-torre-llauder-mataro\/wp-content\/uploads\/usu1425\/2021\/01\/extraescolars-3-768x397.jpg 768w\" sizes=\"auto, (max-width: 708px) 100vw, 708px\" \/><\/a><\/p>\n<p><strong>Informaci\u00f3 General:<\/strong><\/p>\n<ul>\n<li>Inscripci\u00f3 del\u00a0<strong>14 al 29 de setembre<\/strong><\/li>\n<li><strong>Inici<\/strong> de les activitats: <strong>5\u00a0d&#8217;octubre<\/strong>.<\/li>\n<li><strong>Horari<\/strong> de les activitats: de 17.00 a 18.30h.<\/li>\n<\/ul>\n<p><strong>PREUS PER ALUMNE\/A:<\/strong><\/p>\n<table style=\"height: 193px; width: 406px;\" width=\"513\">\n<tbody>\n<tr>\n<td style=\"width: 175px; text-align: center;\"><strong>DIES D&#8217;ACTIVITAT<\/strong><\/td>\n<td style=\"width: 223px; text-align: center;\"><strong>COST MENSUAL<\/strong><\/td>\n<\/tr>\n<tr>\n<td style=\"width: 175px; text-align: center;\">1<\/td>\n<td style=\"width: 223px; text-align: center;\">18 \u20ac \/ MES<\/td>\n<\/tr>\n<tr>\n<td style=\"width: 175px; text-align: center;\">2<\/td>\n<td style=\"width: 223px; text-align: center;\">27 \u20ac \/ MES<\/td>\n<\/tr>\n<tr>\n<td style=\"width: 175px; text-align: center;\">3<\/td>\n<td style=\"width: 223px; text-align: center;\">36 \u20ac \/ MES<\/td>\n<\/tr>\n<tr>\n<td style=\"width: 175px; text-align: center;\">4<\/td>\n<td style=\"width: 223px; text-align: center;\">44 \u20ac \/ MES<\/td>\n<\/tr>\n<tr>\n<td style=\"width: 175px; text-align: center;\">5<\/td>\n<td style=\"width: 223px; text-align: center;\">52 \u20ac \/ MES<\/td>\n<\/tr>\n<\/tbody>\n<\/table>\n<p><strong>Podeu demanar m\u00e9s informaci\u00f3 al LUIS L\u00d3PEZ:<\/strong><\/p>\n<ul>\n<li>A la web: <a href=\"http:\/\/escolatorre.enlleurat.org\/\" target=\"_blank\" rel=\"noopener noreferrer\">http:\/\/escolatorre.enlleurat.org\/<\/a><\/li>\n<li>Al correu electr\u00f2nic: torrellauder@enlleurat.org<\/li>\n<li>Al tel\u00e8fon: 664 893 508 (amb servei de WhatsApp)<\/li>\n<\/ul>\n<p>&nbsp;<\/p>\n<p><strong>Activitats Extraescolars:<\/strong><\/p>\n<p>L&#8217;<strong>Associaci\u00f3 de Lleure i Cultura Enlleura&#8217;t<\/strong> ofereix una gesti\u00f3 <strong>sense \u00e0nim de lucre<\/strong>, amb una visi\u00f3 <strong>educativa, integradora i l\u00fadica<\/strong>, desenvolupada per <strong>professionals qualificats<\/strong>. Els <strong>objectius<\/strong> de les activitats extraescolars s\u00f3n els seg\u00fcents:<\/p>\n<ul>\n<li>Oferir activitats d&#8217;oci que complementin l&#8217;ensenyament lectiu i que siguin atractives, tant per als pares com per als infants.<\/li>\n<li>Promoure la pr\u00e0ctica esportiva com a forma d&#8217;oci saludable en el temps de lleure.<\/li>\n<li>Potenciar l&#8217;educaci\u00f3 en valors mitjan\u00e7ant el lleure.<\/li>\n<li>Ser realistes amb el moment de crisi econ\u00f2mica i reduir al m\u00ednim el cost de l&#8217;activitat. Projecte sense \u00e0nim de lucre.<\/li>\n<li>Facilitar a les fam\u00edlies la compaginaci\u00f3 de la vida familiar i laboral.<\/li>\n<\/ul>\n<p>&nbsp;<\/p>\n","protected":false},"excerpt":{"rendered":"<p>L&#8217;AMPA\u00a0gestiona diverses activitats culturals, esportives i l\u00fadiques fora de l&#8217;horari escolar (esports, tallers&#8230;), a tav\u00e9s de l&#8217;associaci\u00f3 Enlleura&#8217;t.<br \/>\nActivitats que s&#8217;ofereixen:<br \/>\n<a href=\"https:\/\/agora.xtec.cat\/ceip-torre-llauder-mataro\/wp-content\/uploads\/usu1425\/2021\/01\/extraescolars-3.jpg\"><\/a><br \/>\nInformaci\u00f3 General:<\/p>\n<ul>\n<li>Inscripci\u00f3 del\u00a014 al 29 de setembre<\/li>\n<li>Inici de les activitats: 5\u00a0d&#8217;octubre.<\/li>\n<li>Horari de les activitats: de 17.00 a 18.30h.<\/li>\n<\/ul>\n<p>PREUS PER ALUMNE\/A:<\/p>\n<p>DIES D&#8217;ACTIVITAT<br \/>\nCOST MENSUAL<\/p>\n<p>1<br \/>\n18 \u20ac \/ MES<\/p>\n<p>2<br \/>\n27&hellip;  <a href=\"https:\/\/agora.xtec.cat\/ceip-torre-llauder-mataro\/serveis\/activitats-extraescolars\/\" title=\"Read Activitats extraescolars\">Llegeix m\u00e9s\u00bb<\/a><\/p>\n","protected":false},"author":1,"featured_media":0,"parent":66,"menu_order":60,"comment_status":"closed","ping_status":"closed","template":"page-templates\/side-menu.php","meta":{"_bbp_topic_count":0,"_bbp_reply_count":0,"_bbp_total_topic_count":0,"_bbp_total_reply_count":0,"_bbp_voice_count":0,"_bbp_anonymous_reply_count":0,"_bbp_topic_count_hidden":0,"_bbp_reply_count_hidden":0,"_bbp_forum_subforum_count":0,"footnotes":""},"class_list":["post-84","page","type-page","status-publish","hentry"],"post_mailing_queue_ids":[],"_links":{"self":[{"href":"https:\/\/agora.xtec.cat\/ceip-torre-llauder-mataro\/wp-json\/wp\/v2\/pages\/84","targetHints":{"allow":["GET"]}}],"collection":[{"href":"https:\/\/agora.xtec.cat\/ceip-torre-llauder-mataro\/wp-json\/wp\/v2\/pages"}],"about":[{"href":"https:\/\/agora.xtec.cat\/ceip-torre-llauder-mataro\/wp-json\/wp\/v2\/types\/page"}],"author":[{"embeddable":true,"href":"https:\/\/agora.xtec.cat\/ceip-torre-llauder-mataro\/wp-json\/wp\/v2\/users\/1"}],"replies":[{"embeddable":true,"href":"https:\/\/agora.xtec.cat\/ceip-torre-llauder-mataro\/wp-json\/wp\/v2\/comments?post=84"}],"version-history":[{"count":6,"href":"https:\/\/agora.xtec.cat\/ceip-torre-llauder-mataro\/wp-json\/wp\/v2\/pages\/84\/revisions"}],"predecessor-version":[{"id":6135,"href":"https:\/\/agora.xtec.cat\/ceip-torre-llauder-mataro\/wp-json\/wp\/v2\/pages\/84\/revisions\/6135"}],"up":[{"embeddable":true,"href":"https:\/\/agora.xtec.cat\/ceip-torre-llauder-mataro\/wp-json\/wp\/v2\/pages\/66"}],"wp:attachment":[{"href":"https:\/\/agora.xtec.cat\/ceip-torre-llauder-mataro\/wp-json\/wp\/v2\/media?parent=84"}],"curies":[{"name":"wp","href":"https:\/\/api.w.org\/{rel}","templated":true}]}}