{"id":64,"date":"2014-09-18T12:39:08","date_gmt":"2014-09-18T11:39:08","guid":{"rendered":"http:\/\/agora.xtec.cat\/ceip-torre-llauder-mataro\/?page_id=64"},"modified":"2024-10-14T15:29:40","modified_gmt":"2024-10-14T13:29:40","slug":"projecte-educatiu","status":"publish","type":"page","link":"https:\/\/agora.xtec.cat\/ceip-torre-llauder-mataro\/projecte-educatiu\/","title":{"rendered":"Documents de centre"},"content":{"rendered":"<p>D&#8217;acord amb la\u00a0<a href=\"http:\/\/www20.gencat.cat\/portal\/site\/portaljuridic\/menuitem.d15a4e5dfb99396dc366ec10b0c0e1a0\/?vgnextoid=b85297b5a87d6210VgnVCM1000000b0c1e0aRCRD&amp;vgnextchannel=b85297b5a87d6210VgnVCM1000000b0c1e0aRCRD&amp;vgnextfmt=default&amp;action=fitxa&amp;portalId=1&amp;documentId=480169&amp;newLang=ca_ES#fragment-1182442\" target=\"_blank\" rel=\"noopener noreferrer\">Llei d&#8217;Educaci\u00f3 de Catalunya<\/a>, el projecte educatiu incorpora el car\u00e0cter propi del centre i cont\u00e9 els elements seg\u00fcents:<\/p>\n<ul>\n<li>Criteris d&#8217;ordenaci\u00f3 pedag\u00f2gica, prioritats i plantejaments educatius, procediments d&#8217;inclusi\u00f3 i altres actuacions que caracteritzen el centre.<\/li>\n<li>Indicadors de progr\u00e9s.<\/li>\n<li>Concreci\u00f3 i desenvolupament del curr\u00edculum.<\/li>\n<li>Criteris que defineixen l&#8217;estructura organitzativa.<\/li>\n<li>Projecte ling\u00fc\u00edstic.<\/li>\n<\/ul>\n<p>Aquest projecte educatiu queda recollit en els seg\u00fcents documents:<\/p>\n<table style=\"border-collapse: collapse; width: 100%; height: 719px;\">\n<tbody>\n<tr style=\"height: 306px;\">\n<td style=\"width: 25%; text-align: center; height: 306px;\">\n<h5>PROJECTE EDUCATIU DE CENTRE:<\/h5>\n<p><a style=\"color: #2795b6; font-size: 16px;\" href=\"https:\/\/drive.google.com\/file\/d\/1qHlmPD6sKJ61egr0ZcDjUNZP2nGQ_pk7\/view?usp=sharing\">PEC<\/a><\/p>\n<p><a style=\"font-family: inherit; font-size: 16px;\" href=\"https:\/\/drive.google.com\/file\/d\/1HzN4SM8p9fvWKcyORV1WXfyVoNJYUsF_\/view?usp=sharing\">Objectius del PEC<\/a><\/td>\n<td style=\"width: 25%; text-align: center; height: 306px;\">\n<h5>NORMES D&#8217;ORGANITZACI\u00d3 I FUNCIONAMENT<\/h5>\n<h3><a style=\"color: #2795b6; font-size: 16px; font-weight: 400;\" href=\"https:\/\/drive.google.com\/file\/d\/1YwGbiCpgRKQrh1sKgPlS7uiAoxtROjtk\/view?usp=sharing\">NOFC<\/a><\/h3>\n<\/td>\n<td style=\"width: 25%; text-align: center; height: 306px;\"><a style=\"color: #2795b6; font-size: 16px;\" href=\"https:\/\/drive.google.com\/file\/d\/1x0d5QSScXuqX_0Q9gEIYXygU3R45Z6al\/view?usp=sharing\">Annex 1 Pla d&#8217;evacuaci\u00f3 d&#8217;incendis<\/a><\/p>\n<p><a style=\"color: #2795b6; font-size: 16px;\" href=\"https:\/\/drive.google.com\/file\/d\/1vhbTkzICRdOu4wkdP8EIvQFiWGlj3BNY\/view?usp=sharing\">Annex 2 Plans i projectes de centre<\/a><\/p>\n<p><a style=\"color: #2795b6; font-size: 16px;\" href=\"https:\/\/drive.google.com\/file\/d\/1FZJQihyUKAFyyKaMQ_p6bG9VUJ2tsHK0\/view?usp=sharing\">Annex 3 Protocol de retard i abs\u00e8ncies<\/a><\/td>\n<td style=\"width: 25%; text-align: center; height: 306px;\">&nbsp;<\/p>\n<h3><a href=\"https:\/\/drive.google.com\/drive\/folders\/1puk_MnnYAKZ_-nDUhoFBupRoUwb_9n_m?usp=sharing\">PRESSUPOST ECON\u00d2MIC<\/a><\/h3>\n<\/td>\n<\/tr>\n<tr style=\"height: 40px;\">\n<td style=\"width: 25%; text-align: center; height: 40px;\"><\/td>\n<td style=\"width: 25%; text-align: center; height: 40px;\"><\/td>\n<td style=\"width: 25%; text-align: center; height: 40px;\"><\/td>\n<td style=\"width: 25%; text-align: center; height: 40px;\"><\/td>\n<\/tr>\n<tr style=\"height: 294px;\">\n<td style=\"width: 25%; text-align: center; height: 294px;\">\n<p style=\"font-family: 'Helvetica Neue', Helvetica, Helvetica, Arial, sans-serif; font-size: 16px;\"><a style=\"color: #2795b6;\" href=\"http:\/\/agora.xtec.cat\/ceip-torre-llauder-mataro\/wp-content\/uploads\/usu1425\/2014\/09\/ADDENDES-P3.pdf\" target=\"_blank\" rel=\"noopener noreferrer\">ADDENDES P3<\/a><\/p>\n<p style=\"font-family: 'Helvetica Neue', Helvetica, Helvetica, Arial, sans-serif; font-size: 16px;\"><a href=\"http:\/\/agora.xtec.cat\/ceip-torre-llauder-mataro\/wp-content\/uploads\/usu1425\/2014\/09\/ADDENDES-P4.pdf\" target=\"_blank\" rel=\"noopener noreferrer\">ADDENDES P4<\/a><\/p>\n<p style=\"font-family: 'Helvetica Neue', Helvetica, Helvetica, Arial, sans-serif; font-size: 16px;\"><a href=\"http:\/\/agora.xtec.cat\/ceip-torre-llauder-mataro\/wp-content\/uploads\/usu1425\/2014\/09\/ADDENDES-P5.pdf\" target=\"_blank\" rel=\"noopener noreferrer\">ADDENDES P5<\/a><\/p>\n<p style=\"font-family: 'Helvetica Neue', Helvetica, Helvetica, Arial, sans-serif; font-size: 16px;\"><a href=\"http:\/\/agora.xtec.cat\/ceip-torre-llauder-mataro\/wp-content\/uploads\/usu1425\/2014\/09\/ADDENDES-Cicle-Inicial.pdf\" target=\"_blank\" rel=\"noopener noreferrer\">ADDENDES Cicle Inicial<\/a><\/p>\n<p style=\"font-family: 'Helvetica Neue', Helvetica, Helvetica, Arial, sans-serif; font-size: 16px;\"><a href=\"http:\/\/agora.xtec.cat\/ceip-torre-llauder-mataro\/wp-content\/uploads\/usu1425\/2014\/09\/ADDENDES-Cicle-Mitj\u00e0.pdf\" target=\"_blank\" rel=\"noopener noreferrer\">ADDENDES Cicle Mitj\u00e0<\/a><\/p>\n<p style=\"font-family: 'Helvetica Neue', Helvetica, Helvetica, Arial, sans-serif; font-size: 16px;\"><a href=\"http:\/\/agora.xtec.cat\/ceip-torre-llauder-mataro\/wp-content\/uploads\/usu1425\/2014\/09\/ADDENDES-Cicle-Superior.pdf\" target=\"_blank\" rel=\"noopener noreferrer\">ADDENDES Cicle Superior<\/a><\/p>\n<\/td>\n<td style=\"width: 25%; text-align: center; height: 294px;\">\n<h3>PROJECTE DIGITAL DE CENTRE<\/h3>\n<p><a style=\"color: #2795b6; font-size: 16px;\" href=\"https:\/\/agora.xtec.cat\/ceip-torre-llauder-mataro\/wp-content\/uploads\/usu1425\/2019\/11\/PLA-TAC-TORRE-LLAUDER-nova-versi\u00f3.pdf\" target=\"_blank\" rel=\"noopener noreferrer\">PLA TAC DE CENTRE<\/a><\/td>\n<td style=\"width: 25%; text-align: center; height: 294px;\"><a style=\"color: #2795b6; font-size: 16px;\" href=\"https:\/\/agora.xtec.cat\/ceip-torre-llauder-mataro\/wp-content\/uploads\/usu1425\/2020\/05\/Projecte-de-CONVIV\u00c8NCIA.pdf\">Projecte de CONVIV\u00c8NCIA<\/a><\/td>\n<td style=\"width: 25%; text-align: center; height: 294px;\">\n<h3><a href=\"https:\/\/docs.google.com\/spreadsheets\/d\/1Y8dHzGvy0bGulnEjp9LXeidNaNYpS5mEA96Weyz330A\/edit?usp=sharing\">CRITERIS D&#8217;AVALUACI\u00d3<\/a><\/h3>\n<\/td>\n<\/tr>\n<tr style=\"height: 79px;\">\n<td style=\"width: 25%; text-align: center; height: 79px;\"><a style=\"color: #2795b6; font-size: 16px;\" href=\"https:\/\/drive.google.com\/file\/d\/1mlfyOmzewdnoAyKwdkpgDvf6ShSg82KK\/view?usp=sharing\">PLA D&#8217;ORGANITZACI\u00d3 DE CENTRE B\u00c0SIC en el marc de la pand\u00e8mia COVID-19<\/a><\/td>\n<td style=\"width: 25%; text-align: center; height: 79px;\"><strong>ACORDS DE CONSELL ESCOLAR<\/strong><\/td>\n<td style=\"width: 25%; text-align: center; height: 79px;\"><a href=\"https:\/\/drive.google.com\/file\/d\/1l2rn4S5u03C7OqPBkpJBpAb3P1OOqFMc\/view?usp=sharing\"><strong>DESPESES LLIBRES DE TEXT I MATERIAL ESCOLAR CURS 23-24<\/strong><\/a><\/td>\n<td style=\"width: 25%; text-align: center; height: 79px;\"><a href=\"https:\/\/drive.google.com\/file\/d\/1KrW1JAVK492tCsBfGTY6ptrO1d8syWED\/view?usp=sharing\">CRITERIS D&#8217;AVALUACI\u00d3 DE LA COMPET\u00c8NCIA DIGITAL<\/a><\/td>\n<\/tr>\n<\/tbody>\n<\/table>\n<p>&nbsp;<\/p>\n<p>&nbsp;<\/p>\n<p>&nbsp;<\/p>\n<p>&nbsp;<\/p>\n<p>&nbsp;<\/p>\n","protected":false},"excerpt":{"rendered":"<p>D&#8217;acord amb la\u00a0<a href=\"http:\/\/www20.gencat.cat\/portal\/site\/portaljuridic\/menuitem.d15a4e5dfb99396dc366ec10b0c0e1a0\/?vgnextoid=b85297b5a87d6210VgnVCM1000000b0c1e0aRCRD&amp;vgnextchannel=b85297b5a87d6210VgnVCM1000000b0c1e0aRCRD&amp;vgnextfmt=default&amp;action=fitxa&amp;portalId=1&amp;documentId=480169&amp;newLang=ca_ES#fragment-1182442\" target=\"_blank\" rel=\"noopener noreferrer\">Llei d&#8217;Educaci\u00f3 de Catalunya<\/a>, el projecte educatiu incorpora el car\u00e0cter propi del centre i cont\u00e9 els elements seg\u00fcents:<\/p>\n<ul>\n<li>Criteris d&#8217;ordenaci\u00f3 pedag\u00f2gica, prioritats i plantejaments educatius, procediments d&#8217;inclusi\u00f3 i altres actuacions que caracteritzen el centre.<\/li>\n<li>Indicadors de progr\u00e9s.<\/li>\n<li>Concreci\u00f3 i desenvolupament del curr\u00edculum.<\/li>\n<li>Criteris&hellip;  <a href=\"https:\/\/agora.xtec.cat\/ceip-torre-llauder-mataro\/projecte-educatiu\/\" title=\"Read Documents de centre\">Llegeix m\u00e9s\u00bb<\/a><br \/>\n","protected":false},"author":1,"featured_media":0,"parent":0,"menu_order":0,"comment_status":"closed","ping_status":"closed","template":"page-templates\/side-menu.php","meta":{"_bbp_topic_count":0,"_bbp_reply_count":0,"_bbp_total_topic_count":0,"_bbp_total_reply_count":0,"_bbp_voice_count":0,"_bbp_anonymous_reply_count":0,"_bbp_topic_count_hidden":0,"_bbp_reply_count_hidden":0,"_bbp_forum_subforum_count":0,"footnotes":""},"class_list":["post-64","page","type-page","status-publish","hentry"],"post_mailing_queue_ids":[],"_links":{"self":[{"href":"https:\/\/agora.xtec.cat\/ceip-torre-llauder-mataro\/wp-json\/wp\/v2\/pages\/64","targetHints":{"allow":["GET"]}}],"collection":[{"href":"https:\/\/agora.xtec.cat\/ceip-torre-llauder-mataro\/wp-json\/wp\/v2\/pages"}],"about":[{"href":"https:\/\/agora.xtec.cat\/ceip-torre-llauder-mataro\/wp-json\/wp\/v2\/types\/page"}],"author":[{"embeddable":true,"href":"https:\/\/agora.xtec.cat\/ceip-torre-llauder-mataro\/wp-json\/wp\/v2\/users\/1"}],"replies":[{"embeddable":true,"href":"https:\/\/agora.xtec.cat\/ceip-torre-llauder-mataro\/wp-json\/wp\/v2\/comments?post=64"}],"version-history":[{"count":9,"href":"https:\/\/agora.xtec.cat\/ceip-torre-llauder-mataro\/wp-json\/wp\/v2\/pages\/64\/revisions"}],"predecessor-version":[{"id":6766,"href":"https:\/\/agora.xtec.cat\/ceip-torre-llauder-mataro\/wp-json\/wp\/v2\/pages\/64\/revisions\/6766"}],"wp:attachment":[{"href":"https:\/\/agora.xtec.cat\/ceip-torre-llauder-mataro\/wp-json\/wp\/v2\/media?parent=64"}],"curies":[{"name":"wp","href":"https:\/\/api.w.org\/{rel}","templated":true}]}}