{"id":28,"date":"2014-09-18T12:29:35","date_gmt":"2014-09-18T11:29:35","guid":{"rendered":"http:\/\/agora.xtec.cat\/ceip-torre-llauder-mataro\/?page_id=28"},"modified":"2025-02-28T13:03:40","modified_gmt":"2025-02-28T12:03:40","slug":"consell-escolar","status":"publish","type":"page","link":"https:\/\/agora.xtec.cat\/ceip-torre-llauder-mataro\/lescola\/consell-escolar\/","title":{"rendered":"Consell escolar"},"content":{"rendered":"<h4 id=\"FW_bloc_951ef9be-5613-11e4-9770-000c29cdf219_9\" class=\"FW_ancora\">Qu\u00e8 \u00e9s\u00a0el consell escolar?<\/h4>\n<p>El consell escolar \u00e9s l&#8217;\u00f2rgan de participaci\u00f3\u00a0dels diferents sectors de la comunitat educativa en el govern dels centres.<\/p>\n<div class=\"FW_sArticleFoto\">\n<div class=\"FW_sEditPro\">\n<p>El formen els representants de tota la comunitat educativa, \u00e9s a dir, direcci\u00f3, professors, alumnes, fam\u00edlies, personal d&#8217;administraci\u00f3 i serveis, representant de l&#8217;administraci\u00f3 local i altres persones que el mateix consell consideri necess\u00e0ries.<\/p>\n<p>Depenent de si el centre \u00e9s p\u00fablic o privat concertat, la composici\u00f3 del consell escolar tamb\u00e9 pot variar.<\/p>\n<p>Les mares i els pares dels alumnes matriculats en un centre educatiu, per mitj\u00e0 dels representants escollits en les eleccions, formen part del consell escolar del centre.<\/p>\n<p>La funci\u00f3 principal del consell escolar \u00e9s participar en la presa de decisions en relaci\u00f3 amb aquells temes importants per al funcionament i l&#8217;organitzaci\u00f3 del centre: el projecte educatiu, la programaci\u00f3 general, la gesti\u00f3 econ\u00f2mica, etc.<\/p>\n<h4 id=\"FW_bloc_951ef9be-5613-11e4-9770-000c29cdf219_9\" class=\"FW_ancora\">Quins s\u00f3n els membres del consell escolar de la nostra escola?<\/h4>\n<\/div>\n<\/div>\n<p>Actualment, el Consell Escolar del nostre centre est\u00e0 format pels seg\u00fcents membres:<\/p>\n<p>&nbsp;<\/p>\n<p>&nbsp;<\/p>\n<table style=\"border-collapse: collapse; width: 45.2722%;\">\n<tbody>\n<tr>\n<td style=\"width: 24.2837%;\">PRESIDENT<\/p>\n<p>SECRET\u00c0RIA<\/p>\n<p>CAP D&#8217;ESTUDIS<\/td>\n<td style=\"width: 20.9885%;\">SUSANA TERUEL CATAL\u00c1N<\/p>\n<p>MIRIAM NOGUEIRA L\u00d3PEZ<\/p>\n<p>DAVINIA MOREO CATAS\u00daS<\/td>\n<\/tr>\n<tr>\n<td style=\"width: 24.2837%;\">SECTOR FAMIL\u00cdES<\/td>\n<td style=\"width: 20.9885%;\">EMMANUEL COCQUEEL<\/p>\n<p>TONI CUEVAS<\/p>\n<p>M\u00d3NICA OSSORIO PARDO<\/p>\n<p>VER\u00d3NICA P\u00c8REZ S\u00c1NCHEZ<\/p>\n<p>XAVIER DOM\u00c8NECH<\/td>\n<\/tr>\n<tr>\n<td style=\"width: 24.2837%;\">SECTOR MESTRES<\/td>\n<td style=\"width: 20.9885%;\">EMA ECHERRI MART\u00cdNEZ<\/p>\n<p>XAVI VINAGRE<\/p>\n<p>MERC\u00c8 ROMERO<\/p>\n<p>MIRIAM BERROCAL<\/p>\n<p>NEREA BITRIAN<\/p>\n<p>ASUN MART\u00cdN<\/td>\n<\/tr>\n<tr>\n<td style=\"width: 24.2837%;\">REPRESENTANT DE L&#8217;AFA<\/td>\n<td style=\"width: 20.9885%;\">SONIA CARRASCO CABEZA<\/td>\n<\/tr>\n<tr>\n<td style=\"width: 24.2837%;\">REPRESENTANT DE L&#8217;AJUNTAMENT<\/td>\n<td style=\"width: 20.9885%;\">CORAL POLVILLO ALOM\u00c0<\/td>\n<\/tr>\n<tr>\n<td style=\"width: 24.2837%;\">ADMINISTRACI\u00d3 I SERVEIS<\/td>\n<td style=\"width: 20.9885%;\">JUAN DURAN<\/p>\n<p>ROC\u00cdO MART\u00cdNEZ<\/td>\n<\/tr>\n<\/tbody>\n<\/table>\n<p>&nbsp;<\/p>\n<p><em><strong>Referent de Coeducaci\u00f3<\/strong><\/em><\/p>\n<p>Que impulsa mesures educatives de centre que fomentin la igualtat real i efectiva entre homes i dones.<\/p>\n<ul style=\"list-style-type: disc;\">\n<li><strong>Asun Mart\u00edn Goez<\/strong><\/li>\n<\/ul>\n<h4 id=\"FW_bloc_951ef9be-5613-11e4-9770-000c29cdf219_9\" class=\"FW_ancora\">Acords del Consell Escolar<\/h4>\n<ul style=\"list-style-type: circle;\">\n<li>\n<h5><strong><a href=\"https:\/\/agora.xtec.cat\/ceip-torre-llauder-mataro\/wp-content\/uploads\/usu1425\/2019\/11\/Acords-Consell-curs-2016-17.pdf\">Acords Consell curs 2016-17<\/a><\/strong><\/h5>\n<\/li>\n<li>\n<h5><strong><a href=\"https:\/\/agora.xtec.cat\/ceip-torre-llauder-mataro\/wp-content\/uploads\/usu1425\/2019\/11\/Acords-Consell-curs-2017-18.pdf\">Acords Consell curs 2017-18<\/a><\/strong><\/h5>\n<\/li>\n<li>\n<h5><strong><a href=\"https:\/\/agora.xtec.cat\/ceip-torre-llauder-mataro\/wp-content\/uploads\/usu1425\/2019\/11\/Acords-Consell-curs-2018-19.pdf\">Acords Consell curs 2018-19<\/a><\/strong><\/h5>\n<\/li>\n<li>\n<h5><strong><a href=\"https:\/\/agora.xtec.cat\/ceip-torre-llauder-mataro\/wp-content\/uploads\/usu1425\/2019\/12\/Acords-Consell-curs-2019-20.pdf\">Acords Consell curs 2019-20<\/a><\/strong><\/h5>\n<ul style=\"list-style-type: circle;\">\n<li>\n<h5><strong><a href=\"https:\/\/docs.google.com\/document\/d\/1H-97NDx8wa8Oapt-3Vu4bZuZXVOVnZWb\/edit?usp=sharing&amp;ouid=104619180854254459358&amp;rtpof=true&amp;sd=true\">DESPESES DE LLIBRES DE TEXT I MATERIAL 2023-24<\/a><\/strong><\/h5>\n<\/li>\n<li>\n<h5><strong><a href=\"https:\/\/agora.xtec.cat\/ceip-torre-llauder-mataro\/wp-content\/uploads\/usu1425\/2019\/11\/Pressupost-2019.pdf\">PRESSUPOST 2019<\/a><\/strong><\/h5>\n<\/li>\n<li>\n<h5><a href=\"https:\/\/agora.xtec.cat\/ceip-torre-llauder-mataro\/wp-content\/uploads\/usu1425\/2019\/11\/Dades-del-pressupost-7.pdf\">PRESSUPOST MENJADOR 2019<\/a><\/h5>\n<\/li>\n<\/ul>\n<\/li>\n<li>Acords Consell curs 2021-22<\/li>\n<li>Acords Consell curs 2022-23<\/li>\n<li>Acords Consell curs 2023-24<\/li>\n<li><strong><a href=\"https:\/\/agora.xtec.cat\/ceip-torre-llauder-mataro\/wp-content\/uploads\/usu1425\/2025\/02\/Acords-Consell-curs-2024-25.pdf\">Acords Consell curs 2024-25<\/a><\/strong><\/li>\n<li>\u00a0 \u00a0 \u00a0<strong> \u00a0<a href=\"https:\/\/agora.xtec.cat\/ceip-torre-llauder-mataro\/wp-content\/uploads\/usu1425\/2025\/02\/Dades-del-pressupost-General-2025-SUBRATLLAT.pdf\">PRESSUPOST 2025 General<\/a><\/strong><\/li>\n<li><strong>\u00a0 \u00a0 \u00a0 \u00a0<a href=\"https:\/\/agora.xtec.cat\/ceip-torre-llauder-mataro\/wp-content\/uploads\/usu1425\/2025\/02\/Dades-del-pressupost-Menjador-2025-SUBRATLLAT.pdf\">PRESSUPOST 2025 Menjador<\/a><\/strong><\/li>\n<\/ul>\n<h3>VOLS SER MEMBRE DEL CONSELL ESCOLAR?<\/h3>\n<h4 id=\"FW_bloc_951ef9be-5613-11e4-9770-000c29cdf219_9\" class=\"FW_ancora\">Com s&#8217;escullen els membres del consell escolar?<\/h4>\n<p>Els representants del consell escolar s\u00f3n escollits per un per\u00edode de quatre anys, per\u00f2 cada dos anys es convoquen eleccions per renovar la meitat dels seus membres.<\/p>\n<p>Les eleccions per a la renovaci\u00f3 del consell escolar les convoca el director del centre p\u00fablic o la persona titular del centre privat concertat.<\/p>\n<p>Les <strong>vacants<\/strong> del consell escolar s&#8217;ocupen segons els resultats de les eleccions. Si un membre deixa el consell, passar\u00e0 a ocupar el seu lloc la seg\u00fcent candidatura m\u00e9s votada en les darreres eleccions. Si no hi ha m\u00e9s candidats per cobrir la pla\u00e7a, queda vacant fins a la propera renovaci\u00f3 del consell escolar.<\/p>\n<p>En les eleccions, les fam\u00edlies hi podeu participar de dues maneres diferents:<\/p>\n<ul>\n<li>Presentant-vos com a candidats per representar els pares i mares al consell escolar.<\/li>\n<li>Participant el dia que el centre convoqui les eleccions votant els candidats que considereu m\u00e9s representatius.<\/li>\n<\/ul>\n<div class=\"FW_sPregunta FW_sImpacte\">\n<h4 id=\"FW_bloc_951ef9be-5613-11e4-9770-000c29cdf219_9\" class=\"FW_ancora\">Per qu\u00e8 \u00e9s important que les fam\u00edlies participeu en el consell escolar?<\/h4>\n<div class=\"FW_sArticleFoto\">\n<div class=\"FW_sEditPro\">\n<p>Els professionals dels centres i les fam\u00edlies compartim un objectiu: l&#8217;\u00e8xit educatiu dels fills. Les decisions que es prenen al consell escolar s\u00f3n decisives per al funcionament i la millora del centre i, per tant, tamb\u00e9 per a l&#8217;\u00e8xit educatiu de tots els alumnes. \u00c9s per aquest motiu que la participaci\u00f3 i implicaci\u00f3 dels pares en les eleccions al consell escolar \u00e9s tan important.<\/p>\n<p>Quan les fam\u00edlies participeu en les eleccions, doneu suport al vostre candidat i delegueu en la seva veu i representaci\u00f3. Aix\u00ed feu arribar les seves opinions i aportacions. \u00c9s important que participeu en les eleccions al consell escolar perqu\u00e8:<\/p>\n<ul>\n<li>Sou els responsables de la formaci\u00f3 dels vostres fills i \u00e9s important tenir uns bons representants al consell escolar que us informin i facin arribar la vostra veu.<\/li>\n<li>Les fam\u00edlies i els docents compartim un mateix objectiu. Per aix\u00f2 hem de ser capa\u00e7os de decidir, entre tots, a qu\u00e8 ens comprometem per aconseguir-ho.<\/li>\n<li>\u00c9s una manera de valorar l&#8217;escola. Aix\u00ed contribu\u00efu que el vostre fill tamb\u00e9 la valori i es prengui seriosament els seus estudis.<\/li>\n<li>L&#8217;\u00e8xit educatiu del vostre fill tamb\u00e9 dep\u00e8n del funcionament i el clima de centre. Implicar-vos en el seguiment i l&#8217;avaluaci\u00f3 d&#8217;aquest funcionament \u00e9s implicar-vos en l&#8217;\u00e8xit del vostre fill.<\/li>\n<li>\u00c9s la manera de fer arribar la vostra veu en temes que us poden preocupar, com activitats extraescolars o quina \u00e9s l&#8217;alimentaci\u00f3 que han de rebre en el menjador escolar.<\/li>\n<li>\u00c9s important tenir una escola oberta a l&#8217;entorn, que col\u00b7labori amb els altres centres i les diferents entitats i que entre tots pugueu fer del vostre barri un entorn m\u00e9s educatiu i cohesionat. El consell escolar decideix quines han de ser aquestes relacions.<\/li>\n<\/ul>\n<\/div>\n<\/div>\n<div class=\"FW_clear FW_hrBlanc\"><\/div>\n<\/div>\n<div class=\"FW_sTitolFons\"><\/div>\n<div class=\"FW_sPregunta FW_sImpacte\">\n<h4 id=\"FW_bloc_951ef9be-5613-11e4-9770-000c29cdf219_10\" class=\"FW_ancora\">Qu\u00e8 vol dir ser representant dels pares i mares al consell escolar?<\/h4>\n<div class=\"FW_sArticleFoto\">\n<div class=\"FW_sEditPro\">\n<p>Els consells escolars de centre permeten la participaci\u00f3 de les fam\u00edlies en el govern dels centres.<\/p>\n<p>Les mares i pares representants al consell opinen, aproven, avaluen i elaboren propostes per a la millora del funcionament del centre educatiu.<\/p>\n<p>La seva participaci\u00f3 en el consell escolar vol dir, tamb\u00e9, fer una tasca de representaci\u00f3. Aix\u00f2 significa que, com a membres del consell, la seva participaci\u00f3 no \u00e9s a t\u00edtol individual sin\u00f3 en representaci\u00f3 de totes les fam\u00edlies, donant veu a les seves peticions, preocupacions i iniciatives.<\/p>\n<p>Per aquest motiu han d&#8217;informar la resta de mares i pares o tutors legals sobre tots els assumptes que es tracten en el consell, per\u00f2 tamb\u00e9 han de recollir les propostes i opinions de la resta de fam\u00edlies i portar-les al consell escolar.<\/p>\n<\/div>\n<\/div>\n<div class=\"FW_clear FW_hrBlanc\"><\/div>\n<\/div>\n<div class=\"FW_sTitolFons\"><\/div>\n<div class=\"FW_sPregunta FW_sImpacte\">\n<h4 id=\"FW_bloc_951ef9be-5613-11e4-9770-000c29cdf219_11\" class=\"FW_ancora\">Orientacions per a representants dels pares i mares en el consell escolar<\/h4>\n<div class=\"FW_sArticleFoto\">\n<div class=\"FW_sEditPro\">\n<p><strong>Abans de les reunions<\/strong><\/p>\n<p>Els pares i mares membres del consell escolar, com a representants de totes les fam\u00edlies del centre, han de preparar pr\u00e8viament les reunions per fer una bona tasca representativa. Per aquest motiu, abans de les reunions cal:<\/p>\n<ul>\n<li>Compartir els temes a tractar en el consell escolar amb la resta de les fam\u00edlies per representar millor els seus interessos.<\/li>\n<li>Assistir a les reunions del consell escolar amb propostes concretes parlades en les reunions de l&#8217;AMPA, de juntes de pares i mares&#8230;<\/li>\n<li>Buscar canals i estrat\u00e8gies de comunicaci\u00f3 perqu\u00e8 totes les fam\u00edlies puguin fer aportacions i sentin que s\u00f3n escoltades:\n<ul>\n<li>Recollir propostes del conjunt de pares i mares utilitzant una b\u00fastia a l&#8217;entrada del centre o una adre\u00e7a de correu electr\u00f2nic&#8230;<\/li>\n<li>Passar enquestes, q\u00fcestionaris, etc., en format paper o en l\u00ednia sobre els temes que es tractaran a la reuni\u00f3 del consell escolar o altres que puguin ser d&#8217;inter\u00e8s de les fam\u00edlies.<\/li>\n<\/ul>\n<\/li>\n<\/ul>\n<p>&nbsp;<\/p>\n<p><strong>Durant les reunions<\/strong><\/p>\n<p>Per tal d&#8217;aconseguir que les reunions siguin espais de reflexi\u00f3 i treball conjunt cal:<\/p>\n<ul>\n<li>Tractar, entre tots, que el clima de la reuni\u00f3 sigui dialogant i participatiu, on s&#8217;escoltin totes les opinions i s&#8217;arribi a acords amb el m\u00e0xim consens possible.<\/li>\n<li>Justificar i raonar molt b\u00e9 les decisions preses amb el conjunt de les fam\u00edlies. D&#8217;aquesta manera \u00e9s m\u00e9s f\u00e0cil que siguin acceptades per tothom.<\/li>\n<\/ul>\n<p>&nbsp;<\/p>\n<p><strong>Despr\u00e9s de les reunions<\/strong><\/p>\n<p>Un cop finalitzada la reuni\u00f3 del consell escolar, els representants de les fam\u00edlies han de tenir en compte que cal:<\/p>\n<ul>\n<li>Fer arribar tota la informaci\u00f3 a la resta de les fam\u00edlies sobre els temes tractats i acordats al consell escolar.<\/li>\n<li>Fer reunions despr\u00e9s de cada consell perqu\u00e8 els representants informin l&#8217;AMPA i la resta de fam\u00edlies.<\/li>\n<li>Fer servir diversos canals de comunicaci\u00f3 per informar les fam\u00edlies que no poden assistir a la reuni\u00f3 informativa (web, e-mail, circular, revista, tel\u00e8fon&#8230;).<\/li>\n<\/ul>\n<p>&nbsp;<\/p>\n<p><strong><a href=\"http:\/\/familiaiescola.gencat.cat\/ca\/recomanacions\/recomanacions\/eleccions_als_consells_escolars\/\">Consulteu la recomanaci\u00f3 &#8220;Eleccions als consells escolars&#8221;<\/a><\/strong><\/p>\n<\/div>\n<\/div>\n<\/div>\n<p>&nbsp;<\/p>\n","protected":false},"excerpt":{"rendered":"<p>Qu\u00e8 \u00e9s\u00a0el consell escolar?<br \/>\nEl consell escolar \u00e9s l&#8217;\u00f2rgan de participaci\u00f3\u00a0dels diferents sectors de la comunitat educativa en el govern dels centres.<\/p>\n<p>El formen els representants de tota la comunitat educativa, \u00e9s a dir, direcci\u00f3, professors, alumnes, fam\u00edlies, personal d&#8217;administraci\u00f3 i serveis, representant de l&#8217;administraci\u00f3 local i&hellip;  <a href=\"https:\/\/agora.xtec.cat\/ceip-torre-llauder-mataro\/lescola\/consell-escolar\/\" title=\"Read Consell escolar\">Llegeix m\u00e9s\u00bb<\/a><\/p>\n","protected":false},"author":1,"featured_media":0,"parent":22,"menu_order":30,"comment_status":"closed","ping_status":"closed","template":"page-templates\/side-menu.php","meta":{"_bbp_topic_count":0,"_bbp_reply_count":0,"_bbp_total_topic_count":0,"_bbp_total_reply_count":0,"_bbp_voice_count":0,"_bbp_anonymous_reply_count":0,"_bbp_topic_count_hidden":0,"_bbp_reply_count_hidden":0,"_bbp_forum_subforum_count":0,"footnotes":""},"class_list":["post-28","page","type-page","status-publish","hentry"],"post_mailing_queue_ids":[],"_links":{"self":[{"href":"https:\/\/agora.xtec.cat\/ceip-torre-llauder-mataro\/wp-json\/wp\/v2\/pages\/28","targetHints":{"allow":["GET"]}}],"collection":[{"href":"https:\/\/agora.xtec.cat\/ceip-torre-llauder-mataro\/wp-json\/wp\/v2\/pages"}],"about":[{"href":"https:\/\/agora.xtec.cat\/ceip-torre-llauder-mataro\/wp-json\/wp\/v2\/types\/page"}],"author":[{"embeddable":true,"href":"https:\/\/agora.xtec.cat\/ceip-torre-llauder-mataro\/wp-json\/wp\/v2\/users\/1"}],"replies":[{"embeddable":true,"href":"https:\/\/agora.xtec.cat\/ceip-torre-llauder-mataro\/wp-json\/wp\/v2\/comments?post=28"}],"version-history":[{"count":10,"href":"https:\/\/agora.xtec.cat\/ceip-torre-llauder-mataro\/wp-json\/wp\/v2\/pages\/28\/revisions"}],"predecessor-version":[{"id":6966,"href":"https:\/\/agora.xtec.cat\/ceip-torre-llauder-mataro\/wp-json\/wp\/v2\/pages\/28\/revisions\/6966"}],"up":[{"embeddable":true,"href":"https:\/\/agora.xtec.cat\/ceip-torre-llauder-mataro\/wp-json\/wp\/v2\/pages\/22"}],"wp:attachment":[{"href":"https:\/\/agora.xtec.cat\/ceip-torre-llauder-mataro\/wp-json\/wp\/v2\/media?parent=28"}],"curies":[{"name":"wp","href":"https:\/\/api.w.org\/{rel}","templated":true}]}}